{"id":2638,"date":"2020-04-25T10:47:52","date_gmt":"2020-04-25T08:47:52","guid":{"rendered":"http:\/\/hotelsantvicenc.com\/?page_id=2638"},"modified":"2025-02-01T12:10:54","modified_gmt":"2025-02-01T10:10:54","slug":"leisure-a-la-carte","status":"publish","type":"page","link":"https:\/\/hotelsantvicenc.com\/en\/leisure-a-la-carte\/","title":{"rendered":"Leisure \u00e0 la carte"},"content":{"rendered":"<p>[et_pb_section fb_built=&#8221;1&#8243; _builder_version=&#8221;4.16&#8243; min_height=&#8221;840px&#8221; custom_margin=&#8221;||24px|||&#8221; custom_margin_tablet=&#8221;&#8221; custom_margin_phone=&#8221;-50px||&#8221; custom_margin_last_edited=&#8221;on|desktop&#8221; custom_padding=&#8221;16px||0px|||&#8221; global_colors_info=&#8221;{}&#8221;][et_pb_row _builder_version=&#8221;4.27.4&#8243; custom_margin=&#8221;|auto|0px|auto|false|false&#8221; custom_padding=&#8221;6px||0px|||&#8221; border_width_bottom=&#8221;1px&#8221; border_color_bottom=&#8221;#b7b7b7&#8243; global_colors_info=&#8221;{}&#8221;][et_pb_column type=&#8221;4_4&#8243; _builder_version=&#8221;4.16&#8243; custom_padding=&#8221;|||&#8221; global_colors_info=&#8221;{}&#8221; custom_padding__hover=&#8221;|||&#8221;][et_pb_post_title meta=&#8221;off&#8221; featured_image=&#8221;off&#8221; _builder_version=&#8221;4.16&#8243; title_font=&#8221;Montserrat|300|||||||&#8221; title_text_color=&#8221;#59adbb&#8221; title_font_size=&#8221;48px&#8221; global_colors_info=&#8221;{}&#8221;][\/et_pb_post_title][\/et_pb_column][\/et_pb_row][et_pb_row column_structure=&#8221;3_5,2_5&#8243; _builder_version=&#8221;4.27.4&#8243; custom_margin=&#8221;|auto|0px|auto|false|false&#8221; global_colors_info=&#8221;{}&#8221;][et_pb_column type=&#8221;3_5&#8243; _builder_version=&#8221;4.16&#8243; custom_padding=&#8221;|||&#8221; global_colors_info=&#8221;{}&#8221; custom_padding__hover=&#8221;|||&#8221;][et_pb_image src=&#8221;https:\/\/hotelsantvicenc.com\/wp-content\/uploads\/2019\/06\/tempslliure.jpg&#8221; _builder_version=&#8221;4.16&#8243; z_index_tablet=&#8221;500&#8243; box_shadow_horizontal_tablet=&#8221;0px&#8221; box_shadow_vertical_tablet=&#8221;0px&#8221; box_shadow_blur_tablet=&#8221;40px&#8221; box_shadow_spread_tablet=&#8221;0px&#8221; global_colors_info=&#8221;{}&#8221;][\/et_pb_image][\/et_pb_column][et_pb_column type=&#8221;2_5&#8243; _builder_version=&#8221;4.16&#8243; custom_padding=&#8221;|||&#8221; global_colors_info=&#8221;{}&#8221; custom_padding__hover=&#8221;|||&#8221;][et_pb_text _builder_version=&#8221;4.16&#8243; text_font=&#8221;Satisfy||||||||&#8221; text_text_color=&#8221;#948878&#8243; text_font_size=&#8221;29px&#8221; text_line_height=&#8221;1.4em&#8221; custom_padding=&#8221;15px||15px&#8221; border_color_top=&#8221;#00bfce&#8221; border_width_bottom=&#8221;1px&#8221; border_color_bottom=&#8221;#00bfce&#8221; text_text_align=&#8221;left&#8221; global_colors_info=&#8221;{}&#8221;]<\/p>\n<p>The best 20 activities in the area.<\/p>\n<p>[\/et_pb_text][et_pb_text _builder_version=&#8221;4.16&#8243; text_font=&#8221;||||||||&#8221; text_font_size=&#8221;15px&#8221; text_line_height=&#8221;1.9em&#8221; header_font=&#8221;||||||||&#8221; header_2_font=&#8221;Montserrat|300|||||||&#8221; header_2_text_color=&#8221;#59adbb&#8221; global_colors_info=&#8221;{}&#8221;]<\/p>\n<p><strong>To increase your enjoyment of our stay here at the Balneari Sant vicen\u00e7 we would like to recommend the best attractions of our area. We will share with you some of the best kept secrets of the Alt Urgell, the Cerdanya and the principality of Andorra. Here are 20 suggestions for activities you can enjoy while you are here. Reserve them directly or let our team at reception deal with this for<\/strong><\/p>\n<p>[\/et_pb_text][\/et_pb_column][\/et_pb_row][et_pb_row column_structure=&#8221;1_2,1_2&#8243; _builder_version=&#8221;4.27.4&#8243; min_height=&#8221;1063px&#8221; custom_margin=&#8221;|auto|-27px|auto||&#8221; custom_padding=&#8221;||33px|||&#8221; global_colors_info=&#8221;{}&#8221;][et_pb_column type=&#8221;1_2&#8243; _builder_version=&#8221;4.16&#8243; custom_padding=&#8221;|||&#8221; global_colors_info=&#8221;{}&#8221; custom_padding__hover=&#8221;|||&#8221;][et_pb_accordion icon_color=&#8221;#59adbb&#8221; _builder_version=&#8221;4.16&#8243; global_colors_info=&#8221;{}&#8221;][et_pb_accordion_item title=&#8221;1. Discover the Barid\u00e0 countryside&#8221; open=&#8221;on&#8221; open_toggle_text_color=&#8221;#59adbb&#8221; closed_toggle_background_color=&#8221;#dbeff3&#8243; _builder_version=&#8221;4.16&#8243; global_colors_info=&#8221;{}&#8221; toggle_text_color=&#8221;#59adbb&#8221; toggle_font=&#8221;Montserrat|||on|||||&#8221;]<\/p>\n<p>From the ruins of the castel of Aristot there are fabulous views over the Barida countyside. Barida is the name of our local region. While there you can enjoy exploring the narrow streets of this little village and visit the Romanic 12th century church.<\/p>\n<p>&nbsp;<\/p>\n<p>[\/et_pb_accordion_item][et_pb_accordion_item title=&#8221;2. Ars\u00e8guel and the accordions&#8221; open_toggle_text_color=&#8221;#59adbb&#8221; closed_toggle_background_color=&#8221;#dbeff3&#8243; _builder_version=&#8221;4.16&#8243; global_colors_info=&#8221;{}&#8221; toggle_text_color=&#8221;#59adbb&#8221; toggle_font=&#8221;Montserrat|||on|||||&#8221; open=&#8221;off&#8221;]<\/p>\n<p>From the main road you have a beautiful vieuw of this little village, with the peaks of the Cad\u00ed as a backdrop. In the village itself take a walk throgh the medieval streets and visit the accordion museum, located the thanks to the annual gathering of accordionists thet tekes place every July.<\/p>\n<p><strong>RECOMMENDATION:<\/strong>\u00a0 If you like beer, don\u00b4t leave Ars\u00e8guel without tasting the craft beer El Gall Negre, made by master brewer trained in Munich, made with water that comes directly from the Cad\u00ed Mountain and grafted with the authenticity of de Barid\u00e0.<\/p>\n<p>[\/et_pb_accordion_item][et_pb_accordion_item title=&#8221;3. The only Romanesque cathedral in Catalonia&#8221; open_toggle_text_color=&#8221;#59adbb&#8221; closed_toggle_background_color=&#8221;#dbeff3&#8243; _builder_version=&#8221;4.16&#8243; global_colors_info=&#8221;{}&#8221; toggle_text_color=&#8221;#59adbb&#8221; toggle_font=&#8221;Montserrat|||on|||||&#8221; open=&#8221;off&#8221;]<\/p>\n<p><a href=\"http:\/\/www.turismeseu.com\/rutas.asp?tipo=Centro\">http:\/\/laseumedieval.com\/en\/<\/a><\/p>\n<p>Right in the historic centre of La Seu d&#8217;Urgell is the iconic cathedral Santa Maria d&#8217;Urgell. It was built in the 12th century and is the only remaining Romanic cathedral in all Catalunya. The highly decorated cloisters on the south side of the cathedral, are a marvel.<\/p>\n<p>At the Diocesan Museum there is a valuable collection of local religious art.<\/p>\n<p>Strolling around the arcaded streets there is so much to discover. On Carrer dels Canonges there is a building which was the residence of the family of the Papa Luna (Antipope Benedict XIII) and in the main street there are old measures for grain which are the only ones still existing in Catalunya.<\/p>\n<p>&nbsp;<\/p>\n<p>[\/et_pb_accordion_item][et_pb_accordion_item title=&#8221;4. Traditional markets&#8221; open_toggle_text_color=&#8221;#59adbb&#8221; closed_toggle_background_color=&#8221;#dbeff3&#8243; _builder_version=&#8221;4.16&#8243; global_colors_info=&#8221;{}&#8221; toggle_text_color=&#8221;#59adbb&#8221; toggle_font=&#8221;Montserrat|||on|||||&#8221; open=&#8221;off&#8221;]<\/p>\n<p>The street markets held every Tuesday and Saturday in the historic town centre of La Seu d&#8217;Urgell are great places to wander around, chatting with your friends.<\/p>\n<p><strong>Other local markets:<\/strong> Mondays Martinet, Thursdays Bellver, Sundays Puigcerd\u00e0 and Organy\u00e0.<\/p>\n<p>&nbsp;<\/p>\n<p>&nbsp;<\/p>\n<p>[\/et_pb_accordion_item][et_pb_accordion_item title=&#8221;5. Water sports &#8221; open_toggle_text_color=&#8221;#59adbb&#8221; closed_toggle_background_color=&#8221;#dbeff3&#8243; _builder_version=&#8221;4.16&#8243; global_colors_info=&#8221;{}&#8221; toggle_text_color=&#8221;#59adbb&#8221; toggle_font=&#8221;Montserrat|||on|||||&#8221; open=&#8221;off&#8221;]<\/p>\n<p><a class=\"external-link\" href=\"http:\/\/www.parcolimpic.com\/\" target=\"_blank\" rel=\"noopener noreferrer\">http:\/\/raftingparc.cat\/en\/<\/a><\/p>\n<p>Let the element of water give you a strong and powerful experience at the Segre Olympic Park in La Seu d&#8217;Urgell where you can try rafting, river-boarding and kayaking.<\/p>\n<p>&nbsp;<\/p>\n<p>[\/et_pb_accordion_item][et_pb_accordion_item title=&#8221;6. On horseback through the Barid\u00e0&#8221; open_toggle_text_color=&#8221;#59adbb&#8221; closed_toggle_background_color=&#8221;#dbeff3&#8243; _builder_version=&#8221;4.16&#8243; global_colors_info=&#8221;{}&#8221; toggle_text_color=&#8221;#59adbb&#8221; toggle_font=&#8221;Montserrat|||on|||||&#8221; open=&#8221;off&#8221;]<\/p>\n<p><a class=\"external-link\" href=\"http:\/\/www.lacerdanya4potes.com\/\" target=\"_blank\" rel=\"noopener noreferrer\">www.cavallsbarida.com\u00a0<\/a><\/p>\n<p><span>Marc Gir\u00f3, a guide with a degree in physical activities in the natural environment, horse riding and hiking, will discover the most beautiful corners of Cad\u00ed-Moixer\u00f3 with his horseback excursions. Do you dare?<\/span><\/p>\n<p>[\/et_pb_accordion_item][et_pb_accordion_item title=&#8221;7. Traditional mountain meal&#8221; open_toggle_text_color=&#8221;#59adbb&#8221; closed_toggle_background_color=&#8221;#dbeff3&#8243; _builder_version=&#8221;4.16&#8243; global_colors_info=&#8221;{}&#8221; toggle_text_color=&#8221;#59adbb&#8221; toggle_font=&#8221;Montserrat|||on|||||&#8221; open=&#8221;off&#8221;]<\/p>\n<p><a class=\"external-link\" href=\"http:\/\/www.turismeruralbescaran.com\/\" target=\"_blank\" rel=\"noopener noreferrer\">www.turismeruralbescaran.com<\/a><\/p>\n<p>Discover the flavours of traditional mountain cookery in the Restaurant La Canal at Bescaran where they serve best local produce.<\/p>\n<p>[\/et_pb_accordion_item][et_pb_accordion_item title=&#8221;8. Trekking to Prat de Cad\u00ed&#8221; open_toggle_text_color=&#8221;#59adbb&#8221; closed_toggle_background_color=&#8221;#dbeff3&#8243; _builder_version=&#8221;4.16&#8243; global_colors_info=&#8221;{}&#8221; toggle_text_color=&#8221;#59adbb&#8221; toggle_font=&#8221;Montserrat|||on|||||&#8221; open=&#8221;off&#8221;]<\/p>\n<p>Take a walk of under two hours around the village of Estana. There is a marked footpath and the views are some of the best of the Cadi mountain range.<\/p>\n<p>[\/et_pb_accordion_item][et_pb_accordion_item title=&#8221;9. Snow shoes&#8221; open_toggle_text_color=&#8221;#59adbb&#8221; closed_toggle_background_color=&#8221;#dbeff3&#8243; _builder_version=&#8221;4.16&#8243; global_colors_info=&#8221;{}&#8221; toggle_text_color=&#8221;#59adbb&#8221; toggle_font=&#8221;Montserrat|||on|||||&#8221; open=&#8221;off&#8221;]<\/p>\n<p>(winter activity)<br \/> <a class=\"external-link\" href=\"http:\/\/www.aransaski.com\/\" target=\"_blank\" rel=\"noopener noreferrer\">www.<\/a><a class=\"external-link\" href=\"http:\/\/www.parcaventura.com\/\">aransaesqui.cat\/en\/activities\/<\/a><\/p>\n<p><span>Rent snowshoes and enjoy a spectacular mountain trail.<\/span><\/p>\n<p>&nbsp;<\/p>\n<p>[\/et_pb_accordion_item][et_pb_accordion_item title=&#8221;10. Nordic and downhill skiing&#8221; open_toggle_text_color=&#8221;#59adbb&#8221; closed_toggle_background_color=&#8221;#dbeff3&#8243; _builder_version=&#8221;4.16&#8243; global_colors_info=&#8221;{}&#8221; toggle_text_color=&#8221;#59adbb&#8221; toggle_font=&#8221;Montserrat|||on|||||&#8221; open=&#8221;off&#8221;]<\/p>\n<p>(activitat d&#8217;hivern)<br \/> <a class=\"external-link\" href=\"http:\/\/www.cerdanyavirtual.com\/estacions-esqui-cerdanya.htm\" target=\"_blank\" rel=\"noopener noreferrer\">www.cerdanyavirtual.com\/estacions-esqui-cerdanya.htm<\/a>\u00a0\/\u00a0<a class=\"external-link\" href=\"http:\/\/www.skiandorra.ad\/\" target=\"_blank\" rel=\"noopener noreferrer\">www.skiandorra.ad<\/a><\/p>\n<p>Enjoy a day skiing in the resorts of Alt Urgell, La Cerdanya, Andorra or South France.<\/p>\n<pre class=\"tw-data-text tw-text-large tw-ta\" data-placeholder=\"Traducci\u00f3\" id=\"tw-target-text\" dir=\"ltr\"><\/pre>\n<p>[\/et_pb_accordion_item][\/et_pb_accordion][\/et_pb_column][et_pb_column type=&#8221;1_2&#8243; _builder_version=&#8221;4.16&#8243; custom_padding=&#8221;|||&#8221; global_colors_info=&#8221;{}&#8221; custom_padding__hover=&#8221;|||&#8221;][et_pb_accordion icon_color=&#8221;#59adbb&#8221; _builder_version=&#8221;4.27.4&#8243; toggle_font=&#8221;||||||||&#8221; hover_enabled=&#8221;0&#8243; global_colors_info=&#8221;{}&#8221; sticky_enabled=&#8221;0&#8243;][et_pb_accordion_item title=&#8221;11. Our favorite artisan cheese&#8221; open=&#8221;on&#8221; open_toggle_text_color=&#8221;#59adbb&#8221; closed_toggle_background_color=&#8221;#dbeff3&#8243; _builder_version=&#8221;4.16&#8243; global_colors_info=&#8221;{}&#8221; toggle_text_color=&#8221;#59adbb&#8221; toggle_font=&#8221;Montserrat|||on|||||&#8221;]<\/p>\n<p class=\"tw-data-text tw-text-large tw-ta\" data-placeholder=\"Traducci\u00f3\" id=\"tw-target-text\" dir=\"ltr\"><span lang=\"en\">It&#8217;s called<strong> BARID\u00c0<\/strong> and you&#8217;ll find it in Bar. <strong>Francesc Buscall\u00e0<\/strong> makes it with the raw milk of the 130 alpine goats that he himself takes care of. Because goats feed on the natural pastures that surround the village, the texture and taste of the cheese varies throughout the year as does the type of vegetation. In spring it is mild, in summer cured and in autumn and winter more powerful. <\/span><\/p>\n<p class=\"tw-data-text tw-text-large tw-ta\" data-placeholder=\"Traducci\u00f3\" dir=\"ltr\"><strong><span lang=\"en\">Contact Francesc if you want to visit his workshop 973 384060 <\/span><\/strong><\/p>\n<p class=\"tw-data-text tw-text-large tw-ta\" data-placeholder=\"Traducci\u00f3\" dir=\"ltr\"><strong><span lang=\"en\">Discover other cheese shops in the region at www.turismeseu.com<\/span><\/strong><\/p>\n<p>[\/et_pb_accordion_item][et_pb_accordion_item title=&#8221;12. Majestic Cad\u00ed Mountain &#8221; open_toggle_text_color=&#8221;#59adbb&#8221; closed_toggle_background_color=&#8221;#dbeff3&#8243; _builder_version=&#8221;4.16&#8243; global_colors_info=&#8221;{}&#8221; toggle_text_color=&#8221;#59adbb&#8221; toggle_font=&#8221;Montserrat|||on|||||&#8221; open=&#8221;off&#8221;]<\/p>\n<p>We highly recommend this fantastic excursion to do a 3 and a half hour walk from the town of Montella to Prat Aguilo on the north side of Cadi (2463m) amidst stunning scenery and mountain meadows.<\/p>\n<p>\u00a0You also have the option to go there in a 4&#215;4 vehicle on forest tracks from Montella (15km) Be sure to stay and eat at the Shelter.<\/p>\n<p>[\/et_pb_accordion_item][et_pb_accordion_item title=&#8221;13. Martinet and the secret bunkers&#8221; open_toggle_text_color=&#8221;#59adbb&#8221; closed_toggle_background_color=&#8221;#dbeff3&#8243; _builder_version=&#8221;4.16&#8243; global_colors_info=&#8221;{}&#8221; toggle_text_color=&#8221;#59adbb&#8221; toggle_font=&#8221;Montserrat|||on|||||&#8221; open=&#8221;off&#8221;]<\/p>\n<p><a class=\"external-link\" href=\"http:\/\/www.bunquersmartinet.net\/\" target=\"_blank\" rel=\"noopener noreferrer\">www.bunquersmartinet.net<\/a><\/p>\n<p>During the forties, in the Pyrenees, an impressive line of defence bunkers were built that have long been wrapped in military secrecy. It was a well-kept secret and then later forgotten. Now in the Park of Bunkers of Martinet and Montella, the public can visit some of these reinforced concrete fortifications &#8211; veritable fortresses of the twentieth century which are now ready and prepared for viewing in the context of very different cultural and touristic times.<\/p>\n<p>&nbsp;<\/p>\n<p>[\/et_pb_accordion_item][et_pb_accordion_item title=&#8221;14. The best mountain guide&#8221; open_toggle_text_color=&#8221;#59adbb&#8221; closed_toggle_background_color=&#8221;#dbeff3&#8243; _builder_version=&#8221;4.27.4&#8243; hover_enabled=&#8221;0&#8243; global_colors_info=&#8221;{}&#8221; toggle_text_color=&#8221;#59adbb&#8221; toggle_font=&#8221;Montserrat|||on|||||&#8221; open=&#8221;off&#8221; sticky_enabled=&#8221;0&#8243;]<\/p>\n<p class=\"tw-data-text tw-text-large tw-ta\" data-placeholder=\"Traducci\u00f3\" id=\"tw-target-text\" dir=\"ltr\"><span lang=\"en\">Albert de Gr\u00e0cia is a meteorologist and mountain guide of reference in the Lleida Pyrenees. If you hire him, he will not disappoint you, he will discover the most beautiful places in the region, you will learn a little geology and you will refine the technique of Nordic walking. An activity 100% recommended if you want to know the Barid\u00e0 from the hand of a great connoisseur of our territory.<\/span><\/p>\n<p class=\"tw-data-text tw-text-large tw-ta\" data-placeholder=\"Traducci\u00f3\" dir=\"ltr\"><span lang=\"en\"><strong>Our favorite outing:<\/strong> Nordic walk from Ansovell to the Boscalt. Find out!<\/span><\/p>\n<p>&nbsp;<\/p>\n<p><a href=\"https:\/\/www.meteopirineuscatalans.com\">www.meteopirineuscatalans.com<\/a><\/p>\n<p>&nbsp;<\/p>\n<p>[\/et_pb_accordion_item][et_pb_accordion_item title=&#8221;15. Picnic on a lake&#8221; open_toggle_text_color=&#8221;#59adbb&#8221; closed_toggle_background_color=&#8221;#dbeff3&#8243; _builder_version=&#8221;4.16&#8243; global_colors_info=&#8221;{}&#8221; toggle_text_color=&#8221;#59adbb&#8221; toggle_font=&#8221;Montserrat|||on|||||&#8221; open=&#8221;off&#8221;]<\/p>\n<p><em>(spring, summer, automme activity)\u00a0<\/em><\/p>\n<p><em><\/em><\/p>\n<p><strong>Two simple trips with 30min walks you can do with the family:<\/strong><\/p>\n<ul>\n<li>\u00a0Pera Lakes (altitude:2.320 m., Distance from the hotel: 39 km.)<\/li>\n<li>\u00a0Meranges lake (altitude: 2,250 m., Distance from the hotel: 46 km.)<\/li>\n<\/ul>\n<p>We can prepare you a picnic to eat on the shores of the lake.<\/p>\n<p>[\/et_pb_accordion_item][et_pb_accordion_item title=&#8221;16. Stately Puigcerd\u00e0 &#8221; open_toggle_text_color=&#8221;#59adbb&#8221; closed_toggle_background_color=&#8221;#dbeff3&#8243; _builder_version=&#8221;4.16&#8243; global_colors_info=&#8221;{}&#8221; toggle_text_color=&#8221;#59adbb&#8221; toggle_font=&#8221;Montserrat|||on|||||&#8221; open=&#8221;off&#8221;]<\/p>\n<p><a class=\"external-link\" href=\"http:\/\/www.puigcerda.cat\/\" target=\"_blank\" rel=\"noopener noreferrer\">www.puigcerda.cat<\/a><\/p>\n<p>You can park easily at the train station and take the elevator up to the lively commercial centre of the town. Take a walk around the lake area where wealthy families in the second half of the nineteenth century built their spectacular summer homes.<\/p>\n<p>&nbsp;<\/p>\n<p>&nbsp;<\/p>\n<p>[\/et_pb_accordion_item][et_pb_accordion_item title=&#8221;17. Dinners in the snow&#8221; open_toggle_text_color=&#8221;#59adbb&#8221; closed_toggle_background_color=&#8221;#dbeff3&#8243; _builder_version=&#8221;4.16&#8243; global_colors_info=&#8221;{}&#8221; toggle_text_color=&#8221;#59adbb&#8221; toggle_font=&#8221;Montserrat|||on|||||&#8221; open=&#8221;off&#8221;]<\/p>\n<p>(winter activity)<\/p>\n<p><a class=\"external-link\" href=\"http:\/\/www.andorra.ad\/ca-ES\/propostes\/Pagines\/fondue_cheese_art_arcalis.aspx\" target=\"_blank\" rel=\"noopener noreferrer\">www.andorra.ad\/ca-ES\/propostes\/Pagines\/fondue_cheese_art_arcalis.aspx<\/a><\/p>\n<p>Experience a night in the snow going up the ski slopes of Arinsal in Andorra with rackets or skis (if you prefer you can go up in a special motorized vehicle) and eat fondue at the Cheese&#8217;s Art Restaurant.<\/p>\n<p>[\/et_pb_accordion_item][et_pb_accordion_item title=&#8221;18. Museum Casa Rull&#8221; open_toggle_text_color=&#8221;#59adbb&#8221; closed_toggle_background_color=&#8221;#dbeff3&#8243; _builder_version=&#8221;4.16&#8243; global_colors_info=&#8221;{}&#8221; toggle_text_color=&#8221;#59adbb&#8221; toggle_font=&#8221;Montserrat|||on|||||&#8221; open=&#8221;off&#8221;]<\/p>\n<p><a class=\"external-link\" href=\"http:\/\/www.andorra.ad\/ca-ES\/recursos\/Pagines\/Museu_Casa_Rull.aspx\" target=\"_blank\" rel=\"noopener noreferrer\">www.andorra.ad\/ca-ES\/recursos\/Pagines\/Museu_Casa_Rull.aspx\u00a0<\/a><\/p>\n<p>Imagine visiting Andorra in the late nineteenth and early twentieth centuries and experiencing how you would have lived at that time, when the cultivation of the land and the farm were the economic base of rural Andorran society. Casa Rull was one of the most important houses in the parish of La Massana. Under its roof lived heirs and heiresses, lords and ladies, butlers and maids.<\/p>\n<p>[\/et_pb_accordion_item][et_pb_accordion_item title=&#8221;19. The yellow train&#8221; open_toggle_text_color=&#8221;#59adbb&#8221; closed_toggle_background_color=&#8221;#dbeff3&#8243; _builder_version=&#8221;4.16&#8243; global_colors_info=&#8221;{}&#8221; toggle_text_color=&#8221;#59adbb&#8221; toggle_font=&#8221;Montserrat|||on|||||&#8221; open=&#8221;off&#8221;]<\/p>\n<p><a class=\"external-link\" href=\"http:\/\/www.ter-sncf.com\/languedoc\" target=\"_blank\" rel=\"noopener noreferrer\">www.ter-sncf.com\/languedoc<\/a><\/p>\n<p>For almost 90 years the Yellow Train has been the true symbol of the Catalan region in France. It links the towns of La Tour de Carol (1231 mts) and Villefranche de Conflent (724 mts). The whole journey (63km) lasts 3 hours but you can also just do half of the route.<\/p>\n<p>[\/et_pb_accordion_item][et_pb_accordion_item title=&#8221;20. Fly in a balloon through La Cerdanya&#8221; open_toggle_text_color=&#8221;#59adbb&#8221; closed_toggle_background_color=&#8221;#dbeff3&#8243; _builder_version=&#8221;4.16&#8243; global_colors_info=&#8221;{}&#8221; toggle_text_color=&#8221;#59adbb&#8221; toggle_font=&#8221;Montserrat|||on|||||&#8221; open=&#8221;off&#8221;]<\/p>\n<p><a class=\"external-link\" href=\"http:\/\/www.globubolg.com\/\" target=\"_blank\" rel=\"noopener noreferrer\">www.globubolg.com<\/a><\/p>\n<p>Look out from the air at the beauty of our countryside and enjoy spectacular views of the majestic mountains surrounding the valley<\/p>\n<p>[\/et_pb_accordion_item][\/et_pb_accordion][\/et_pb_column][\/et_pb_row][\/et_pb_section][et_pb_section fb_built=&#8221;1&#8243; _builder_version=&#8221;4.27.4&#8243; background_color=&#8221;#9b9b9b&#8221; background_enable_color=&#8221;off&#8221; min_height=&#8221;365.4px&#8221; custom_margin=&#8221;125px||||false|false&#8221; custom_padding=&#8221;10px||46px||false|false&#8221; z_index_tablet=&#8221;500&#8243; box_shadow_horizontal_tablet=&#8221;0px&#8221; box_shadow_vertical_tablet=&#8221;0px&#8221; box_shadow_blur_tablet=&#8221;40px&#8221; box_shadow_spread_tablet=&#8221;0px&#8221; global_module=&#8221;2719&#8243; saved_tabs=&#8221;all&#8221; global_colors_info=&#8221;{}&#8221;][et_pb_row custom_padding_last_edited=&#8221;on|phone&#8221; _builder_version=&#8221;4.27.4&#8243; custom_margin=&#8221;|auto|0px|auto|false|false&#8221; custom_padding=&#8221;0px|157px||166px|false|false&#8221; custom_padding_tablet=&#8221;&#8221; custom_padding_phone=&#8221;|0px||0px&#8221; global_colors_info=&#8221;{}&#8221;][et_pb_column type=&#8221;4_4&#8243; _builder_version=&#8221;4.16&#8243; global_colors_info=&#8221;{}&#8221; custom_padding__hover=&#8221;|||&#8221;][et_pb_text _builder_version=&#8221;4.27.4&#8243; text_font=&#8221;Satisfy||||||||&#8221; text_text_color=&#8221;#939393&#8243; text_font_size=&#8221;30px&#8221; text_orientation=&#8221;center&#8221; custom_margin=&#8221;||-3px|||&#8221; custom_padding=&#8221;||37px|||&#8221; text_text_align=&#8221;center&#8221; global_colors_info=&#8221;{}&#8221;]<\/p>\n<p>Do you want to receive news of our special offers?<\/p>\n<p>[\/et_pb_text][et_pb_contact_form email=&#8221;reserves@hotelsantvicenc.com&#8221; custom_message=&#8221;Contacte de www.hotelsantvicenc.com||et_pb_line_break_holder||&#8212;&#8212;&#8212;&#8212;&#8212;&#8212;&#8212;&#8212;&#8212;&#8212;&#8212;&#8212;&#8212;&#8212;&#8212;&#8212;&#8212;&#8212;&#8212;&#8212;-||et_pb_line_break_holder||||et_pb_line_break_holder||NOM: %%Name%%||et_pb_line_break_holder||ADRE\u00c7A ELECTR\u00d2NICA: %%Email%%||et_pb_line_break_holder||POL\u00cdTICA DE PRIVACITAT: %%Filed_4%%||et_pb_line_break_holder||_________________________________||et_pb_line_break_holder||||et_pb_line_break_holder||&#8221; use_redirect=&#8221;on&#8221; redirect_url=&#8221;https:\/\/hotelsantvicenc.com\/&#8221; success_message=&#8221;Thanks&#8221; submit_button_text=&#8221;I subscribe&#8221; _builder_version=&#8221;4.16&#8243; form_field_background_color=&#8221;#ffffff&#8221; form_field_text_color=&#8221;#000000&#8243; custom_button=&#8221;on&#8221; button_text_size=&#8221;16px&#8221; button_text_color=&#8221;#7f7f7f&#8221; button_bg_color=&#8221;#e5e5e5&#8243; button_border_width=&#8221;0px&#8221; z_index_tablet=&#8221;500&#8243; title_text_shadow_horizontal_length_tablet=&#8221;0px&#8221; title_text_shadow_vertical_length_tablet=&#8221;0px&#8221; title_text_shadow_blur_strength_tablet=&#8221;1px&#8221; captcha_text_shadow_horizontal_length_tablet=&#8221;0px&#8221; captcha_text_shadow_vertical_length_tablet=&#8221;0px&#8221; captcha_text_shadow_blur_strength_tablet=&#8221;1px&#8221; form_field_text_shadow_horizontal_length_tablet=&#8221;0px&#8221; form_field_text_shadow_vertical_length_tablet=&#8221;0px&#8221; form_field_text_shadow_blur_strength_tablet=&#8221;1px&#8221; border_width_bottom=&#8221;1px&#8221; border_width_bottom_tablet=&#8221;1px&#8221; border_width_bottom_phone=&#8221;1px&#8221; button_text_shadow_horizontal_length_tablet=&#8221;0px&#8221; button_text_shadow_vertical_length_tablet=&#8221;0px&#8221; button_text_shadow_blur_strength_tablet=&#8221;1px&#8221; box_shadow_horizontal_tablet=&#8221;0px&#8221; box_shadow_vertical_tablet=&#8221;0px&#8221; box_shadow_blur_tablet=&#8221;40px&#8221; box_shadow_spread_tablet=&#8221;0px&#8221; box_shadow_horizontal_button_tablet=&#8221;0px&#8221; box_shadow_vertical_button_tablet=&#8221;0px&#8221; box_shadow_blur_button_tablet=&#8221;40px&#8221; box_shadow_spread_button_tablet=&#8221;0px&#8221; text_shadow_horizontal_length_tablet=&#8221;0px&#8221; text_shadow_vertical_length_tablet=&#8221;0px&#8221; text_shadow_blur_strength_tablet=&#8221;1px&#8221; global_colors_info=&#8221;{}&#8221;][et_pb_contact_field field_id=&#8221;Name&#8221; field_title=&#8221;Name&#8221; _builder_version=&#8221;4.16&#8243; global_colors_info=&#8221;{}&#8221; button_text_size__hover_enabled=&#8221;off&#8221; button_one_text_size__hover_enabled=&#8221;off&#8221; button_two_text_size__hover_enabled=&#8221;off&#8221; button_text_color__hover_enabled=&#8221;off&#8221; button_one_text_color__hover_enabled=&#8221;off&#8221; button_two_text_color__hover_enabled=&#8221;off&#8221; button_border_width__hover_enabled=&#8221;off&#8221; button_one_border_width__hover_enabled=&#8221;off&#8221; button_two_border_width__hover_enabled=&#8221;off&#8221; button_border_color__hover_enabled=&#8221;off&#8221; button_one_border_color__hover_enabled=&#8221;off&#8221; button_two_border_color__hover_enabled=&#8221;off&#8221; button_border_radius__hover_enabled=&#8221;off&#8221; button_one_border_radius__hover_enabled=&#8221;off&#8221; button_two_border_radius__hover_enabled=&#8221;off&#8221; button_letter_spacing__hover_enabled=&#8221;off&#8221; button_one_letter_spacing__hover_enabled=&#8221;off&#8221; button_two_letter_spacing__hover_enabled=&#8221;off&#8221; button_bg_color__hover_enabled=&#8221;off&#8221; button_one_bg_color__hover_enabled=&#8221;off&#8221; button_two_bg_color__hover_enabled=&#8221;off&#8221;][\/et_pb_contact_field][et_pb_contact_field field_id=&#8221;Email&#8221; field_title=&#8221;Email&#8221; field_type=&#8221;email&#8221; _builder_version=&#8221;4.16&#8243; global_colors_info=&#8221;{}&#8221; button_text_size__hover_enabled=&#8221;off&#8221; button_one_text_size__hover_enabled=&#8221;off&#8221; button_two_text_size__hover_enabled=&#8221;off&#8221; button_text_color__hover_enabled=&#8221;off&#8221; button_one_text_color__hover_enabled=&#8221;off&#8221; button_two_text_color__hover_enabled=&#8221;off&#8221; button_border_width__hover_enabled=&#8221;off&#8221; button_one_border_width__hover_enabled=&#8221;off&#8221; button_two_border_width__hover_enabled=&#8221;off&#8221; button_border_color__hover_enabled=&#8221;off&#8221; button_one_border_color__hover_enabled=&#8221;off&#8221; button_two_border_color__hover_enabled=&#8221;off&#8221; button_border_radius__hover_enabled=&#8221;off&#8221; button_one_border_radius__hover_enabled=&#8221;off&#8221; button_two_border_radius__hover_enabled=&#8221;off&#8221; button_letter_spacing__hover_enabled=&#8221;off&#8221; button_one_letter_spacing__hover_enabled=&#8221;off&#8221; button_two_letter_spacing__hover_enabled=&#8221;off&#8221; button_bg_color__hover_enabled=&#8221;off&#8221; button_one_bg_color__hover_enabled=&#8221;off&#8221; button_two_bg_color__hover_enabled=&#8221;off&#8221;][\/et_pb_contact_field][et_pb_contact_field field_id=&#8221;Filed_4&#8243; field_title=&#8221;.&#8221; field_type=&#8221;checkbox&#8221; checkbox_options=&#8221;%91{%22value%22:%22I accept the privacy policy%22,%22checked%22:0,%22dragID%22:-1,%22link_url%22:%22https:\/\/hotelsantvicenc.com\/avis-legal\/%22,%22link_text%22:%22%22}%93&#8243; fullwidth_field=&#8221;on&#8221; _builder_version=&#8221;4.16&#8243; form_field_font=&#8221;||||||||&#8221; global_colors_info=&#8221;{}&#8221;][\/et_pb_contact_field][\/et_pb_contact_form][\/et_pb_column][\/et_pb_row][\/et_pb_section]<\/p>\n","protected":false},"excerpt":{"rendered":"<p>The best 20 activities in the area.To increase your enjoyment of our stay here at the Balneari Sant vicen\u00e7 we would like to recommend the best attractions of our area. We will share with you some of the best kept secrets of the Alt Urgell, the Cerdanya and the principality of Andorra. Here are 20 [&hellip;]<\/p>\n","protected":false},"author":1,"featured_media":0,"parent":0,"menu_order":0,"comment_status":"closed","ping_status":"closed","template":"","meta":{"_et_pb_use_builder":"on","_et_pb_old_content":"<p>[et_pb_section fb_built=\"1\" _builder_version=\"3.23.3\" min_height=\"840px\" custom_margin=\"||24px|||\" custom_margin_phone=\"-50px||\" custom_margin_last_edited=\"on|desktop\" custom_padding=\"16px||0px|||\"][et_pb_row custom_padding=\"6px||0px|||\" _builder_version=\"3.23.3\" border_width_bottom=\"1px\" border_color_bottom=\"#b7b7b7\"][et_pb_column type=\"4_4\" _builder_version=\"3.0.47\"][et_pb_post_title meta=\"off\" featured_image=\"off\" _builder_version=\"3.23.3\" title_font=\"Montserrat|300|||||||\" title_text_color=\"#59adbb\" title_font_size=\"48px\"][\/et_pb_post_title][\/et_pb_column][\/et_pb_row][et_pb_row _builder_version=\"3.23.3\"][et_pb_column type=\"3_5\" _builder_version=\"3.0.47\"][et_pb_image src=\"http:\/\/hotelsantvicenc.com\/wp-content\/uploads\/2019\/06\/tempslliure.jpg\" _builder_version=\"3.23.3\" z_index_tablet=\"500\" box_shadow_horizontal_tablet=\"0px\" box_shadow_vertical_tablet=\"0px\" box_shadow_blur_tablet=\"40px\" box_shadow_spread_tablet=\"0px\"][\/et_pb_image][\/et_pb_column][et_pb_column type=\"2_5\" _builder_version=\"3.0.47\"][et_pb_text _builder_version=\"3.23.3\" text_font=\"Satisfy||||||||\" text_text_align=\"left\" text_text_color=\"#948878\" text_font_size=\"29px\" text_line_height=\"1.4em\" border_color_top=\"#00bfce\" border_width_bottom=\"1px\" border_color_bottom=\"#00bfce\" custom_padding=\"15px||15px\"]<\/p><p>Les 20 propostes m\u00e9s atractives\u00a0 \u00a0 \u00a0 \u00a0 \u00a0 \u00a0 \u00a0per fer fora de l'hotel.<\/p><p>[\/et_pb_text][et_pb_text _builder_version=\"3.23.3\" text_font=\"||||||||\" text_font_size=\"15px\" text_line_height=\"1.9em\" header_font=\"||||||||\" header_2_font=\"Montserrat|300|||||||\" header_2_text_color=\"#59adbb\"]<\/p><p>Volem complementar la vostra estada a l'hotel-balneari Sant Vicen\u00e7 amb els millors atractius de l'entorn. Per aquest motiu us volem descobrir els secrets m\u00e9s ben guardats de l'Alt Urgell, La Cerdanya i el Principal d'Andorra amb 20 propostes d'activitats. Reserveu-les directament o permeteu que el nostre equip de recepci\u00f3 s\u2019ocupi de tot.<\/p><p>[\/et_pb_text][\/et_pb_column][\/et_pb_row][et_pb_row custom_padding=\"||33px|||\" custom_margin=\"|auto|-27px|auto||\" _builder_version=\"3.23.3\" min_height=\"1063px\"][et_pb_column type=\"1_2\" _builder_version=\"3.0.47\"][et_pb_accordion icon_color=\"#59adbb\" _builder_version=\"3.23.3\"][et_pb_accordion_item title=\"1. Descoberta del paisatge Barid\u00e0\" open=\"on\" open_toggle_text_color=\"#59adbb\" closed_toggle_background_color=\"#dbeff3\" _builder_version=\"3.23.3\" title_text_shadow_horizontal_length=\"0em\" title_text_shadow_vertical_length=\"0em\" title_text_shadow_blur_strength=\"0em\" closed_title_text_shadow_horizontal_length=\"0em\" closed_title_text_shadow_vertical_length=\"0em\" closed_title_text_shadow_blur_strength=\"0em\" toggle_text_color=\"#59adbb\" toggle_font=\"Montserrat|||on|||||\"]Des del mirador ubicat a les runes del castell d'Aristot, admireu el paisatge del Barid\u00e0, la nostra subcomarca. A continuaci\u00f3, aprofiteu per rec\u00f3rrer el laberint de carrers estrets del petit poble i visiteu la seva esgl\u00e9sia rom\u00e0nica del s. XII.[\/et_pb_accordion_item][et_pb_accordion_item title=\"2. Ars\u00e8guel i els acordions\" open=\"off\" open_toggle_text_color=\"#59adbb\" closed_toggle_background_color=\"#dbeff3\" _builder_version=\"3.23.3\" title_text_shadow_horizontal_length=\"0em\" title_text_shadow_vertical_length=\"0em\" title_text_shadow_blur_strength=\"0em\" closed_title_text_shadow_horizontal_length=\"0em\" closed_title_text_shadow_vertical_length=\"0em\" closed_title_text_shadow_blur_strength=\"0em\" toggle_text_color=\"#59adbb\" toggle_font=\"Montserrat|||on|||||\"]<\/p><p>Contempleu la preciosa vista del poblet des de la carretera nacional amb el Cad\u00ed com a tel\u00f3 de fons. Al poble, passegeu pels carrers medievals i visiteu el museu de l'acordi\u00f3, fruit de la popular Trobada d'acordionistes que es celebra cada mes de juliol.<\/p><p><strong>RECOMANACI\u00d3:<\/strong>\u00a0 Si us agrada la cervesa no marxeu d'Ars\u00e8guel sense tastar la cervesa artesana El Gall Negre, elaborada per un mestre cerveser local format a Munich, elaborada amb l'aigua que baixa directament del Cad\u00ed i empeltada de l'autenticitat del Barid\u00e0.<\/p><p>[\/et_pb_accordion_item][et_pb_accordion_item title=\"3. La Seu d'Urgell hist\u00f2rica\" open=\"off\" open_toggle_text_color=\"#59adbb\" closed_toggle_background_color=\"#dbeff3\" _builder_version=\"3.23.3\" title_text_shadow_horizontal_length=\"0em\" title_text_shadow_vertical_length=\"0em\" title_text_shadow_blur_strength=\"0em\" closed_title_text_shadow_horizontal_length=\"0em\" closed_title_text_shadow_vertical_length=\"0em\" closed_title_text_shadow_blur_strength=\"0em\" toggle_text_color=\"#59adbb\" toggle_font=\"Montserrat|||on|||||\"]<\/p><p><a href=\"http:\/\/www.turismeseu.com\">www.turismeseu.com<\/a><\/p><p>La Catedral de Santa Maria d\u2019Urgell, ubicada al centre hist\u00f2ric, \u00e9s l'edifici m\u00e9s emblem\u00e0tic de la ciutat. Constru\u00efda el s. XII \u00e9s la \u00fanica catedral rom\u00e0nica que es conserva a Catalunya. Meravelleu-vos amb el seu claustre, adossat a la fa\u00e7ana sud del temple i fixeu-vos en els capitells, decorats amb una gran varietat de motius.<\/p><p>Al Museu Dioces\u00e0 descobrireu una valuosa col\u00b7lecci\u00f3 d'art religi\u00f3s, procedent de tot el bisbat.<\/p><p>Passegeu pels carrers porticats i descobriu, al carrer dels Canonges, l'edifici que fou residencia de la fam\u00edlia del Papa Luna i al carrer Major, les mesures de la bladeria, dues mesures de gra, gaireb\u00e9 les \u00faniques que es conserven a Catalunya<\/p><p>[\/et_pb_accordion_item][et_pb_accordion_item title=\"4. Mercats tradicionals\" open=\"off\" open_toggle_text_color=\"#59adbb\" closed_toggle_background_color=\"#dbeff3\" _builder_version=\"3.23.3\" title_text_shadow_horizontal_length=\"0em\" title_text_shadow_vertical_length=\"0em\" title_text_shadow_blur_strength=\"0em\" closed_title_text_shadow_horizontal_length=\"0em\" closed_title_text_shadow_vertical_length=\"0em\" closed_title_text_shadow_blur_strength=\"0em\" toggle_text_color=\"#59adbb\" toggle_font=\"Montserrat|||on|||||\"]<\/p><p>Tafanegeu per les parades del Mercat tradicional que es celebra tots els dimarts i dissabtes al centre hist\u00f2ric de La Seu d'Urgell.<\/p><p><strong>Altres mercats locals;<\/strong> dilluns Martinet, dijous Bellver i diumenge Puigcerd\u00e0 i Organy\u00e0.<\/p><p>[\/et_pb_accordion_item][et_pb_accordion_item title=\"5. Esports d'aigua\" open=\"off\" open_toggle_text_color=\"#59adbb\" closed_toggle_background_color=\"#dbeff3\" _builder_version=\"3.23.3\" title_text_shadow_horizontal_length=\"0em\" title_text_shadow_vertical_length=\"0em\" title_text_shadow_blur_strength=\"0em\" closed_title_text_shadow_horizontal_length=\"0em\" closed_title_text_shadow_vertical_length=\"0em\" closed_title_text_shadow_blur_strength=\"0em\" toggle_text_color=\"#59adbb\" toggle_font=\"Montserrat|||on|||||\"]<\/p><p><a class=\"external-link\" href=\"http:\/\/www.parcolimpic.com\/\" target=\"_blank\" rel=\"noopener noreferrer\">www.parcolimpic.com<\/a><\/p><p>Deixeu-vos temptar per l'aigua i atreviu-vos a viure una experi\u00e8ncia rica en sensacions i fortes emocions al Parc Ol\u00edmpic del Segre de La Seu d'Urgell on podreu practicar rafting, hydrospeed i pirag\u00fc\u00edsme.<\/p><p>[\/et_pb_accordion_item][et_pb_accordion_item title=\"6. A cavall pel Barid\u00e0\" open=\"off\" open_toggle_text_color=\"#59adbb\" closed_toggle_background_color=\"#dbeff3\" _builder_version=\"3.23.3\" title_text_shadow_horizontal_length=\"0em\" title_text_shadow_vertical_length=\"0em\" title_text_shadow_blur_strength=\"0em\" closed_title_text_shadow_horizontal_length=\"0em\" closed_title_text_shadow_vertical_length=\"0em\" closed_title_text_shadow_blur_strength=\"0em\" toggle_text_color=\"#59adbb\" toggle_font=\"Montserrat|||on|||||\"]<\/p><p><a class=\"external-link\" href=\"http:\/\/www.lacerdanya4potes.com\/\" target=\"_blank\" rel=\"noopener noreferrer\">www.cavallsbarida.com\u00a0<\/a><br \/><br \/>En Marc Gir\u00f3, guia titulat en activitats f\u00edsico-esportives al medi natural, equitaci\u00f3 i senderisme us descobrir\u00e0 els racons m\u00e9s bonics del Cad\u00ed- Moixer\u00f3 amb les seves excursions a cavall. Us hi atreviu?<\/p><p>[\/et_pb_accordion_item][et_pb_accordion_item title=\"7. Dinar de muntanya\" open=\"off\" open_toggle_text_color=\"#59adbb\" closed_toggle_background_color=\"#dbeff3\" _builder_version=\"3.23.3\" title_text_shadow_horizontal_length=\"0em\" title_text_shadow_vertical_length=\"0em\" title_text_shadow_blur_strength=\"0em\" closed_title_text_shadow_horizontal_length=\"0em\" closed_title_text_shadow_vertical_length=\"0em\" closed_title_text_shadow_blur_strength=\"0em\" toggle_text_color=\"#59adbb\" toggle_font=\"Montserrat|||on|||||\"]<\/p><p><a class=\"external-link\" href=\"http:\/\/www.turismeruralbescaran.com\/\" target=\"_blank\" rel=\"noopener noreferrer\">www.turismeruralbescaran.com<\/a><br \/><br \/>Descobriu els sabors del m\u00f3n rural assaborint un \u00e0pat tradicional de muntanya amb els millors productes aut\u00f2ctons al Restaurant \u201cLa Canal\u201d de Bescaran.<\/p><p>[\/et_pb_accordion_item][et_pb_accordion_item title=\"8. Trekking a Prat de Cad\u00ed\" open=\"off\" open_toggle_text_color=\"#59adbb\" closed_toggle_background_color=\"#dbeff3\" _builder_version=\"3.23.3\" title_text_shadow_horizontal_length=\"0em\" title_text_shadow_vertical_length=\"0em\" title_text_shadow_blur_strength=\"0em\" closed_title_text_shadow_horizontal_length=\"0em\" closed_title_text_shadow_vertical_length=\"0em\" closed_title_text_shadow_blur_strength=\"0em\" toggle_text_color=\"#59adbb\" toggle_font=\"Montserrat|||on|||||\"]<\/p><p>Desplaceu-vos en cotxe fins a Estana i animeu-vos a fer una caminada d'una hora i quaranta minuts per un sender senyalitzat. La vostra recompensa despr\u00e9s de l'esfor\u00e7 seran les millors vistes del Cad\u00ed.<\/p><p>[\/et_pb_accordion_item][et_pb_accordion_item title=\"9. Raquetes de neu\" open=\"off\" open_toggle_text_color=\"#59adbb\" closed_toggle_background_color=\"#dbeff3\" _builder_version=\"3.23.3\" title_text_shadow_horizontal_length=\"0em\" title_text_shadow_vertical_length=\"0em\" title_text_shadow_blur_strength=\"0em\" closed_title_text_shadow_horizontal_length=\"0em\" closed_title_text_shadow_vertical_length=\"0em\" closed_title_text_shadow_blur_strength=\"0em\" toggle_text_color=\"#59adbb\" toggle_font=\"Montserrat|||on|||||\"]<\/p><p>(activitat d'hivern)<br \/><a class=\"external-link\" href=\"http:\/\/www.aransaski.com\/\" target=\"_blank\" rel=\"noopener noreferrer\">www.aransaski.com<\/a>\u00a0\/\u00a0<a class=\"external-link\" href=\"http:\/\/www.lles.net\/\" target=\"_blank\" rel=\"noopener noreferrer\">www.lles.net<\/a>\u00a0\/<a class=\"external-link\" href=\"http:\/\/www.parcaventura.com\/\">\u00a0parcaventura.com<\/a><br \/><br \/>Llogueu unes raquetes de neu i atreviu-vos a fer un circuit per alguna estaci\u00f3 hivernal ve\u00efna.<\/p><p>[\/et_pb_accordion_item][et_pb_accordion_item title=\"10. Esqu\u00ed n\u00f2rdic i alp\u00ed\" open=\"off\" open_toggle_text_color=\"#59adbb\" closed_toggle_background_color=\"#dbeff3\" _builder_version=\"3.23.3\" title_text_shadow_horizontal_length=\"0em\" title_text_shadow_vertical_length=\"0em\" title_text_shadow_blur_strength=\"0em\" closed_title_text_shadow_horizontal_length=\"0em\" closed_title_text_shadow_vertical_length=\"0em\" closed_title_text_shadow_blur_strength=\"0em\" toggle_text_color=\"#59adbb\" toggle_font=\"Montserrat|||on|||||\"]<\/p><p>(activitat d'hivern)<br \/><a class=\"external-link\" href=\"http:\/\/www.cerdanyavirtual.com\/estacions-esqui-cerdanya.htm\" target=\"_blank\" rel=\"noopener noreferrer\">www.cerdanyavirtual.com\/estacions-esqui-cerdanya.htm<\/a>\u00a0\/\u00a0<a class=\"external-link\" href=\"http:\/\/www.skiandorra.ad\/\" target=\"_blank\" rel=\"noopener noreferrer\">www.skiandorra.ad<\/a><br \/><br \/>Gaudiu d'una jornada d'esqu\u00ed a les estacions de l'Alt Urgell, La Cerdanya, Andorra o el Sud de Fran\u00e7a.<\/p><p>[\/et_pb_accordion_item][\/et_pb_accordion][\/et_pb_column][et_pb_column type=\"1_2\" _builder_version=\"3.0.47\"][et_pb_accordion icon_color=\"#59adbb\" _builder_version=\"3.23.3\" toggle_font=\"||||||||\"][et_pb_accordion_item title=\"11. el nostre formatge artes\u00e0 preferit\" open=\"on\" open_toggle_text_color=\"#59adbb\" closed_toggle_background_color=\"#dbeff3\" _builder_version=\"3.23.3\" title_text_shadow_horizontal_length=\"0em\" title_text_shadow_vertical_length=\"0em\" title_text_shadow_blur_strength=\"0em\" closed_title_text_shadow_horizontal_length=\"0em\" closed_title_text_shadow_vertical_length=\"0em\" closed_title_text_shadow_blur_strength=\"0em\" toggle_text_color=\"#59adbb\" toggle_font=\"Montserrat|||on|||||\"]<\/p><p><strong>\u00c9s diu BARID\u00c0 i el trobareu a Bar<\/strong>.<\/p><p>En Francesc Buscall\u00e0 l'elabora amb la llet crua de les 130 cabres alpines que ell mateix cuida. Com que les cabres s'alimenten de les pastures naturals que envolten el poble, la textura i el gust del formatge varia al llarg de l'any com ho fa el tipus de vegetaci\u00f3. A la primavera \u00e9s suau, a l'estiu curat i a la tardor i hivern m\u00e9s potent.<\/p><p><em>Contacteu al Francesc si voleu visitar el seu obrador<strong> 973 384060<\/strong><\/em><\/p><p>\u00a0<\/p><p>Descobriu altres formatgeries de la comarca a <a class=\"external-link\" href=\"http:\/\/www.turismeseu.com\" target=\"_blank\" rel=\"noopener noreferrer\">\u00a0www.turismeseu.com<\/a><\/p><p>[\/et_pb_accordion_item][et_pb_accordion_item title=\"12. Cad\u00ed majestu\u00f3s \" open=\"off\" open_toggle_text_color=\"#59adbb\" closed_toggle_background_color=\"#dbeff3\" _builder_version=\"3.23.3\" title_text_shadow_horizontal_length=\"0em\" title_text_shadow_vertical_length=\"0em\" title_text_shadow_blur_strength=\"0em\" closed_title_text_shadow_horizontal_length=\"0em\" closed_title_text_shadow_vertical_length=\"0em\" closed_title_text_shadow_blur_strength=\"0em\" toggle_text_color=\"#59adbb\" toggle_font=\"Montserrat|||on|||||\"]<\/p><p>Us recomanem aquesta fant\u00e0stica excursi\u00f3 de 3:30 hores a peu des del poble de Montell\u00e0 fins a Prat d'Aguil\u00f3, a la vessant nord del Cad\u00ed (2463m), al bell mig d'impressionants paisatges i prats de muntanya.<\/p><p>Tamb\u00e9 teniu l'opci\u00f3 d'accedir-hi amb un vehicle alt o 4x4 per pista forestal des de Montell\u00e0 (15km.) i quedar-vos a dinar al refugi.<\/p><p>[\/et_pb_accordion_item][et_pb_accordion_item title=\"13. Martinet i els b\u00fanquers secrets\" open=\"off\" open_toggle_text_color=\"#59adbb\" closed_toggle_background_color=\"#dbeff3\" _builder_version=\"3.23.3\" title_text_shadow_horizontal_length=\"0em\" title_text_shadow_vertical_length=\"0em\" title_text_shadow_blur_strength=\"0em\" closed_title_text_shadow_horizontal_length=\"0em\" closed_title_text_shadow_vertical_length=\"0em\" closed_title_text_shadow_blur_strength=\"0em\" toggle_text_color=\"#59adbb\" toggle_font=\"Montserrat|||on|||||\"]<\/p><p><a class=\"external-link\" href=\"http:\/\/www.bunquersmartinet.net\/\" target=\"_blank\" rel=\"noopener noreferrer\">www.bunquersmartinet.net<\/a><br \/><br \/>Durant els anys quaranta als Pirineus es va construir una impressionant l\u00ednia de defensa que durant molt temps ha estat envoltada pel secret militar. Un secret molt ben guardat i despr\u00e9s oblidat. Ara el Parc dels B\u00fanquers de Martinet i Montell\u00e0, posa a l'abast del p\u00fablic algunes d'aquestes fortificacions de ciment armat -veritables fortaleses del segle XX- adequades i preparades per ser visitades en el marc d'una proposta tur\u00ecstica i cultural diferent.<\/p><p>[\/et_pb_accordion_item][et_pb_accordion_item title=\"14. EL MILLOR guia de muntANYA \" open=\"off\" open_toggle_text_color=\"#59adbb\" closed_toggle_background_color=\"#dbeff3\" _builder_version=\"3.23.3\" title_text_shadow_horizontal_length=\"0em\" title_text_shadow_vertical_length=\"0em\" title_text_shadow_blur_strength=\"0em\" closed_title_text_shadow_horizontal_length=\"0em\" closed_title_text_shadow_vertical_length=\"0em\" closed_title_text_shadow_blur_strength=\"0em\" toggle_text_color=\"#59adbb\" toggle_font=\"Montserrat|||on|||||\"]<\/p><p>L'Albert de Gr\u00e0cia \u00e9s meteor\u00f2leg i guia de muntanya de refer\u00e8ncia al Pirineu lleidat\u00e0. Si el contracteu, no us decebr\u00e0, us descobrir\u00e0 els indrets m\u00e9s bells de la regi\u00f3, aprendreu una mica de geologia i depurareu la t\u00e8cnica de la marxa n\u00f2rdica.<\/p><p>Una activitat 100% recomanable si voleu con\u00e8ixer el Barid\u00e0 de la m\u00e0 d'un gran coneixedor del nostre territori.<\/p><p><strong>La nostra sortida preferida<\/strong>: N\u00f2rdic walk d'Ansovell al Boscalt. Informeu-vos!<\/p><p><a href=\"WWW.meteopirineuscatalans.com\">WWW.meteopirineuscatalans.com<\/a><\/p><p>\u00a0<\/p><p>[\/et_pb_accordion_item][et_pb_accordion_item title=\"15. Picnic al llac\" open=\"off\" open_toggle_text_color=\"#59adbb\" closed_toggle_background_color=\"#dbeff3\" _builder_version=\"3.23.3\" title_text_shadow_horizontal_length=\"0em\" title_text_shadow_vertical_length=\"0em\" title_text_shadow_blur_strength=\"0em\" closed_title_text_shadow_horizontal_length=\"0em\" closed_title_text_shadow_vertical_length=\"0em\" closed_title_text_shadow_blur_strength=\"0em\" toggle_text_color=\"#59adbb\" toggle_font=\"Montserrat|||on|||||\"]<\/p><p><em>(activitat de primavera, estiu i tardor)\u00a0<\/em><\/p><p><span style=\"text-decoration: underline;\">Dues excursions senzilles de 30m a peu que podreu fer amb la fam\u00edlia.\u00a0<\/span><\/p><p><strong>Llacs de la Pera<\/strong> (altitud: 2,320 m., dist\u00e0ncia des de l'hotel: 39 km.)<\/p><p><strong>Llacs de Meranges<\/strong> (altitud: 2,250 m., dist\u00e0ncia des de l'hotel: 46 km.)<\/p><p><em>Demaneu-nos el picnic i gaudiu vora el llac d'un dia perfecte!<\/em><\/p><p>[\/et_pb_accordion_item][et_pb_accordion_item title=\"16. Puigcerd\u00e0 senyorial\" open=\"off\" open_toggle_text_color=\"#59adbb\" closed_toggle_background_color=\"#dbeff3\" _builder_version=\"3.23.3\" title_text_shadow_horizontal_length=\"0em\" title_text_shadow_vertical_length=\"0em\" title_text_shadow_blur_strength=\"0em\" closed_title_text_shadow_horizontal_length=\"0em\" closed_title_text_shadow_vertical_length=\"0em\" closed_title_text_shadow_blur_strength=\"0em\" toggle_text_color=\"#59adbb\" toggle_font=\"Montserrat|||on|||||\"]<\/p><p><a class=\"external-link\" href=\"http:\/\/www.puigcerda.cat\/\" target=\"_blank\" rel=\"noopener noreferrer\">www.puigcerda.cat<\/a><br \/><br \/>Aparqueu facilment vora l\u2019estaci\u00f3 de tren i preneu l\u2019ascensor que us deixar\u00e0 a l\u2019animat centre comercial del poble. Feu un passeig per la zona de l\u2019estany on algunes fam\u00edlies benestants\u00a0 de la segona meitat del segle XIX hi constru\u00efren espectaculars torres d\u2019estiueig.<\/p><p>[\/et_pb_accordion_item][et_pb_accordion_item title=\"17. Sopars de neu\" open=\"off\" open_toggle_text_color=\"#59adbb\" closed_toggle_background_color=\"#dbeff3\" _builder_version=\"3.23.3\" title_text_shadow_horizontal_length=\"0em\" title_text_shadow_vertical_length=\"0em\" title_text_shadow_blur_strength=\"0em\" closed_title_text_shadow_horizontal_length=\"0em\" closed_title_text_shadow_vertical_length=\"0em\" closed_title_text_shadow_blur_strength=\"0em\" toggle_text_color=\"#59adbb\" toggle_font=\"Montserrat|||on|||||\"]<\/p><p>(activitat d'hivern)<\/p><p><a class=\"external-link\" href=\"http:\/\/www.andorra.ad\/ca-ES\/propostes\/Pagines\/fondue_cheese_art_arcalis.aspx\" target=\"_blank\" rel=\"noopener noreferrer\">www.andorra.ad\/ca-ES\/propostes\/Pagines\/fondue_cheese_art_arcalis.aspx<\/a><\/p><p>Experimenteu una nit a la neu tot pujant a les pistes d'esqu\u00ed d'Arinsal al Principat d'Andorra amb raquetes o esqu\u00eds de fons (si ho preferiu us hi pujaran amb vehicle especial motoritzat) i gaudiu d'una fondue al restaurant Cheese'art..<\/p><p>[\/et_pb_accordion_item][et_pb_accordion_item title=\"18. El Museu Casa Rull\" open=\"off\" open_toggle_text_color=\"#59adbb\" closed_toggle_background_color=\"#dbeff3\" _builder_version=\"3.23.3\" title_text_shadow_horizontal_length=\"0em\" title_text_shadow_vertical_length=\"0em\" title_text_shadow_blur_strength=\"0em\" closed_title_text_shadow_horizontal_length=\"0em\" closed_title_text_shadow_vertical_length=\"0em\" closed_title_text_shadow_blur_strength=\"0em\" toggle_text_color=\"#59adbb\" toggle_font=\"Montserrat|||on|||||\"]<\/p><p><a class=\"external-link\" href=\"http:\/\/www.andorra.ad\/ca-ES\/recursos\/Pagines\/Museu_Casa_Rull.aspx\" target=\"_blank\" rel=\"noopener noreferrer\">www.andorra.ad\/ca-ES\/recursos\/Pagines\/Museu_Casa_Rull.aspx\u00a0<\/a><br \/><br \/>Traslladeu-vos a l'Andorra del s. XIX i principi del s. XX i apropeu-vos a la manera de viure d'aquella \u00e8poca, en qu\u00e8 el conreu de la terra i l'explotaci\u00f3 ramadera eren la base econ\u00f2mica de la societat rural andorrana. La Casa Rull va ser una de les cases m\u00e9s importants de la parr\u00f2quia de la Massana. Sota el seu sostre hi van viure hereus i pubilles, cabalers i cabaleres, mossos i criades.<\/p><p>[\/et_pb_accordion_item][et_pb_accordion_item title=\"19. El tren groc\" open=\"off\" open_toggle_text_color=\"#59adbb\" closed_toggle_background_color=\"#dbeff3\" _builder_version=\"3.23.3\" title_text_shadow_horizontal_length=\"0em\" title_text_shadow_vertical_length=\"0em\" title_text_shadow_blur_strength=\"0em\" closed_title_text_shadow_horizontal_length=\"0em\" closed_title_text_shadow_vertical_length=\"0em\" closed_title_text_shadow_blur_strength=\"0em\" toggle_text_color=\"#59adbb\" toggle_font=\"Montserrat|||on|||||\"]<\/p><p><a class=\"external-link\" href=\"http:\/\/www.ter-sncf.com\/languedoc\" target=\"_blank\" rel=\"noopener noreferrer\">www.ter-sncf.com\/languedoc<\/a><\/p><p>El tren groc, es des de fa gaireb\u00e9 ja 90 anys, un veritable s\u00edmbol de la regi\u00f3 catalana a Fran\u00e7a. Uneix les poblacions de La Tour de Carol (1231 mts.) amb Villefranche de Conflent (724 mts.). El trajecte sencer (63km.) t\u00e9 una durada de 3 hores per\u00f2 podeu rec\u00f3rrer nom\u00e9s la meitat de l'itinerari.<\/p><p>[\/et_pb_accordion_item][et_pb_accordion_item title=\"20. Vol en globus\" open=\"off\" open_toggle_text_color=\"#59adbb\" closed_toggle_background_color=\"#dbeff3\" _builder_version=\"3.23.3\" title_text_shadow_horizontal_length=\"0em\" title_text_shadow_vertical_length=\"0em\" title_text_shadow_blur_strength=\"0em\" closed_title_text_shadow_horizontal_length=\"0em\" closed_title_text_shadow_vertical_length=\"0em\" closed_title_text_shadow_blur_strength=\"0em\" toggle_text_color=\"#59adbb\" toggle_font=\"Montserrat|||on|||||\"]<\/p><p><a class=\"external-link\" href=\"http:\/\/www.globubolg.com\/\" target=\"_blank\" rel=\"noopener noreferrer\">www.globubolg.com<\/a><br \/><br \/>Contempleu des de l'aire la bellesa de la nostra geografia i gaudiu d'unes vistes espectaculars de les majestuoses muntanyes que envolten la vall.<\/p><p>[\/et_pb_accordion_item][\/et_pb_accordion][\/et_pb_column][\/et_pb_row][\/et_pb_section]<\/p>","_et_gb_content_width":"","_mc_calendar":[],"_joinchat":[],"footnotes":""},"class_list":["post-2638","page","type-page","status-publish","hentry"],"yoast_head":"<!-- This site is optimized with the Yoast SEO plugin v25.3 - https:\/\/yoast.com\/wordpress\/plugins\/seo\/ -->\n<title>Leisure \u00e0 la carte - Hotel Sant Vicen\u00e7<\/title>\n<meta name=\"robots\" content=\"index, follow, max-snippet:-1, max-image-preview:large, max-video-preview:-1\" \/>\n<link rel=\"canonical\" href=\"https:\/\/hotelsantvicenc.com\/en\/leisure-a-la-carte\/\" \/>\n<meta property=\"og:locale\" content=\"en_US\" \/>\n<meta property=\"og:type\" content=\"article\" \/>\n<meta property=\"og:title\" content=\"Leisure \u00e0 la carte - Hotel Sant Vicen\u00e7\" \/>\n<meta property=\"og:description\" content=\"The best 20 activities in the area.To increase your enjoyment of our stay here at the Balneari Sant vicen\u00e7 we would like to recommend the best attractions of our area. We will share with you some of the best kept secrets of the Alt Urgell, the Cerdanya and the principality of Andorra. Here are 20 [&hellip;]\" \/>\n<meta property=\"og:url\" content=\"https:\/\/hotelsantvicenc.com\/en\/leisure-a-la-carte\/\" \/>\n<meta property=\"og:site_name\" content=\"Hotel Sant Vicen\u00e7\" \/>\n<meta property=\"article:modified_time\" content=\"2025-02-01T10:10:54+00:00\" \/>\n<meta name=\"twitter:card\" content=\"summary_large_image\" \/>\n<meta name=\"twitter:label1\" content=\"Est. reading time\" \/>\n\t<meta name=\"twitter:data1\" content=\"16 minutes\" \/>\n<script type=\"application\/ld+json\" class=\"yoast-schema-graph\">{\"@context\":\"https:\/\/schema.org\",\"@graph\":[{\"@type\":\"WebPage\",\"@id\":\"https:\/\/hotelsantvicenc.com\/en\/leisure-a-la-carte\/\",\"url\":\"https:\/\/hotelsantvicenc.com\/en\/leisure-a-la-carte\/\",\"name\":\"Leisure \u00e0 la carte - Hotel Sant Vicen\u00e7\",\"isPartOf\":{\"@id\":\"https:\/\/hotelsantvicenc.com\/en\/#website\"},\"datePublished\":\"2020-04-25T08:47:52+00:00\",\"dateModified\":\"2025-02-01T10:10:54+00:00\",\"breadcrumb\":{\"@id\":\"https:\/\/hotelsantvicenc.com\/en\/leisure-a-la-carte\/#breadcrumb\"},\"inLanguage\":\"en-US\",\"potentialAction\":[{\"@type\":\"ReadAction\",\"target\":[\"https:\/\/hotelsantvicenc.com\/en\/leisure-a-la-carte\/\"]}]},{\"@type\":\"BreadcrumbList\",\"@id\":\"https:\/\/hotelsantvicenc.com\/en\/leisure-a-la-carte\/#breadcrumb\",\"itemListElement\":[{\"@type\":\"ListItem\",\"position\":1,\"name\":\"Inici\",\"item\":\"https:\/\/hotelsantvicenc.com\/en\/\"},{\"@type\":\"ListItem\",\"position\":2,\"name\":\"Leisure \u00e0 la carte\"}]},{\"@type\":\"WebSite\",\"@id\":\"https:\/\/hotelsantvicenc.com\/en\/#website\",\"url\":\"https:\/\/hotelsantvicenc.com\/en\/\",\"name\":\"Hotel Balneari Sant Vicen\u00e7\",\"description\":\"HOTEL-BALNEARI\",\"publisher\":{\"@id\":\"https:\/\/hotelsantvicenc.com\/en\/#organization\"},\"potentialAction\":[{\"@type\":\"SearchAction\",\"target\":{\"@type\":\"EntryPoint\",\"urlTemplate\":\"https:\/\/hotelsantvicenc.com\/en\/?s={search_term_string}\"},\"query-input\":{\"@type\":\"PropertyValueSpecification\",\"valueRequired\":true,\"valueName\":\"search_term_string\"}}],\"inLanguage\":\"en-US\"},{\"@type\":\"Organization\",\"@id\":\"https:\/\/hotelsantvicenc.com\/en\/#organization\",\"name\":\"ELS BANYS DE SANT VICEN\u00c7 SL\",\"url\":\"https:\/\/hotelsantvicenc.com\/en\/\",\"logo\":{\"@type\":\"ImageObject\",\"inLanguage\":\"en-US\",\"@id\":\"https:\/\/hotelsantvicenc.com\/en\/#\/schema\/logo\/image\/\",\"url\":\"https:\/\/hotelsantvicenc.com\/wp-content\/uploads\/2023\/07\/WhatsApp-Image-2020-07-14-at-5.04.21-PM.jpeg\",\"contentUrl\":\"https:\/\/hotelsantvicenc.com\/wp-content\/uploads\/2023\/07\/WhatsApp-Image-2020-07-14-at-5.04.21-PM.jpeg\",\"width\":472,\"height\":472,\"caption\":\"ELS BANYS DE SANT VICEN\u00c7 SL\"},\"image\":{\"@id\":\"https:\/\/hotelsantvicenc.com\/en\/#\/schema\/logo\/image\/\"},\"sameAs\":[\"https:\/\/www.instagram.com\/balnearisantvicenc\/\"]}]}<\/script>\n<!-- \/ Yoast SEO plugin. -->","yoast_head_json":{"title":"Leisure \u00e0 la carte - Hotel Sant Vicen\u00e7","robots":{"index":"index","follow":"follow","max-snippet":"max-snippet:-1","max-image-preview":"max-image-preview:large","max-video-preview":"max-video-preview:-1"},"canonical":"https:\/\/hotelsantvicenc.com\/en\/leisure-a-la-carte\/","og_locale":"en_US","og_type":"article","og_title":"Leisure \u00e0 la carte - Hotel Sant Vicen\u00e7","og_description":"The best 20 activities in the area.To increase your enjoyment of our stay here at the Balneari Sant vicen\u00e7 we would like to recommend the best attractions of our area. We will share with you some of the best kept secrets of the Alt Urgell, the Cerdanya and the principality of Andorra. Here are 20 [&hellip;]","og_url":"https:\/\/hotelsantvicenc.com\/en\/leisure-a-la-carte\/","og_site_name":"Hotel Sant Vicen\u00e7","article_modified_time":"2025-02-01T10:10:54+00:00","twitter_card":"summary_large_image","twitter_misc":{"Est. reading time":"16 minutes"},"schema":{"@context":"https:\/\/schema.org","@graph":[{"@type":"WebPage","@id":"https:\/\/hotelsantvicenc.com\/en\/leisure-a-la-carte\/","url":"https:\/\/hotelsantvicenc.com\/en\/leisure-a-la-carte\/","name":"Leisure \u00e0 la carte - Hotel Sant Vicen\u00e7","isPartOf":{"@id":"https:\/\/hotelsantvicenc.com\/en\/#website"},"datePublished":"2020-04-25T08:47:52+00:00","dateModified":"2025-02-01T10:10:54+00:00","breadcrumb":{"@id":"https:\/\/hotelsantvicenc.com\/en\/leisure-a-la-carte\/#breadcrumb"},"inLanguage":"en-US","potentialAction":[{"@type":"ReadAction","target":["https:\/\/hotelsantvicenc.com\/en\/leisure-a-la-carte\/"]}]},{"@type":"BreadcrumbList","@id":"https:\/\/hotelsantvicenc.com\/en\/leisure-a-la-carte\/#breadcrumb","itemListElement":[{"@type":"ListItem","position":1,"name":"Inici","item":"https:\/\/hotelsantvicenc.com\/en\/"},{"@type":"ListItem","position":2,"name":"Leisure \u00e0 la carte"}]},{"@type":"WebSite","@id":"https:\/\/hotelsantvicenc.com\/en\/#website","url":"https:\/\/hotelsantvicenc.com\/en\/","name":"Hotel Balneari Sant Vicen\u00e7","description":"HOTEL-BALNEARI","publisher":{"@id":"https:\/\/hotelsantvicenc.com\/en\/#organization"},"potentialAction":[{"@type":"SearchAction","target":{"@type":"EntryPoint","urlTemplate":"https:\/\/hotelsantvicenc.com\/en\/?s={search_term_string}"},"query-input":{"@type":"PropertyValueSpecification","valueRequired":true,"valueName":"search_term_string"}}],"inLanguage":"en-US"},{"@type":"Organization","@id":"https:\/\/hotelsantvicenc.com\/en\/#organization","name":"ELS BANYS DE SANT VICEN\u00c7 SL","url":"https:\/\/hotelsantvicenc.com\/en\/","logo":{"@type":"ImageObject","inLanguage":"en-US","@id":"https:\/\/hotelsantvicenc.com\/en\/#\/schema\/logo\/image\/","url":"https:\/\/hotelsantvicenc.com\/wp-content\/uploads\/2023\/07\/WhatsApp-Image-2020-07-14-at-5.04.21-PM.jpeg","contentUrl":"https:\/\/hotelsantvicenc.com\/wp-content\/uploads\/2023\/07\/WhatsApp-Image-2020-07-14-at-5.04.21-PM.jpeg","width":472,"height":472,"caption":"ELS BANYS DE SANT VICEN\u00c7 SL"},"image":{"@id":"https:\/\/hotelsantvicenc.com\/en\/#\/schema\/logo\/image\/"},"sameAs":["https:\/\/www.instagram.com\/balnearisantvicenc\/"]}]}},"_links":{"self":[{"href":"https:\/\/hotelsantvicenc.com\/en\/wp-json\/wp\/v2\/pages\/2638","targetHints":{"allow":["GET"]}}],"collection":[{"href":"https:\/\/hotelsantvicenc.com\/en\/wp-json\/wp\/v2\/pages"}],"about":[{"href":"https:\/\/hotelsantvicenc.com\/en\/wp-json\/wp\/v2\/types\/page"}],"author":[{"embeddable":true,"href":"https:\/\/hotelsantvicenc.com\/en\/wp-json\/wp\/v2\/users\/1"}],"replies":[{"embeddable":true,"href":"https:\/\/hotelsantvicenc.com\/en\/wp-json\/wp\/v2\/comments?post=2638"}],"version-history":[{"count":17,"href":"https:\/\/hotelsantvicenc.com\/en\/wp-json\/wp\/v2\/pages\/2638\/revisions"}],"predecessor-version":[{"id":15733,"href":"https:\/\/hotelsantvicenc.com\/en\/wp-json\/wp\/v2\/pages\/2638\/revisions\/15733"}],"wp:attachment":[{"href":"https:\/\/hotelsantvicenc.com\/en\/wp-json\/wp\/v2\/media?parent=2638"}],"curies":[{"name":"wp","href":"https:\/\/api.w.org\/{rel}","templated":true}]}}