{"id":11763,"date":"2023-08-04T20:47:20","date_gmt":"2023-08-04T18:47:20","guid":{"rendered":"https:\/\/hotelsantvicenc.com\/?page_id=11763"},"modified":"2026-02-02T18:37:18","modified_gmt":"2026-02-02T16:37:18","slug":"sala-lesglesia","status":"publish","type":"page","link":"https:\/\/hotelsantvicenc.com\/es\/sala-lesglesia\/","title":{"rendered":"CELEBRACIONES PRIVADAS"},"content":{"rendered":"<p>[et_pb_section fb_built=\u00bb1&#8243; _builder_version=\u00bb4.16&#8243; custom_margin_tablet=\u00bb\u00bb custom_margin_phone=\u00bb-50px|||\u00bb custom_margin_last_edited=\u00bbon|phone\u00bb custom_padding=\u00bb16px||5px|||\u00bb global_colors_info=\u00bb{}\u00bb][et_pb_row _builder_version=\u00bb4.27.4&#8243; custom_margin=\u00bb|auto|0px|auto|false|false\u00bb custom_padding=\u00bb6px||0px|||\u00bb border_width_bottom=\u00bb1px\u00bb border_color_bottom=\u00bb#b7b7b7&#8243; global_colors_info=\u00bb{}\u00bb][et_pb_column type=\u00bb4_4&#8243; _builder_version=\u00bb4.16&#8243; custom_padding=\u00bb|||\u00bb global_colors_info=\u00bb{}\u00bb custom_padding__hover=\u00bb|||\u00bb][et_pb_post_title meta=\u00bboff\u00bb featured_image=\u00bboff\u00bb _builder_version=\u00bb4.16&#8243; title_font=\u00bbMontserrat|300|||||||\u00bb title_text_color=\u00bb#59adbb\u00bb title_font_size=\u00bb48px\u00bb title_font_size_tablet=\u00bb\u00bb title_font_size_phone=\u00bb36px\u00bb title_font_size_last_edited=\u00bbon|desktop\u00bb global_colors_info=\u00bb{}\u00bb][\/et_pb_post_title][\/et_pb_column][\/et_pb_row][et_pb_row column_structure=\u00bb1_2,1_2&#8243; _builder_version=\u00bb4.27.4&#8243; custom_margin=\u00bb|auto|0px|auto|false|false\u00bb custom_padding=\u00bb||3px|||\u00bb global_colors_info=\u00bb{}\u00bb][et_pb_column type=\u00bb1_2&#8243; _builder_version=\u00bb4.16&#8243; custom_padding=\u00bb|||\u00bb global_colors_info=\u00bb{}\u00bb custom_padding__hover=\u00bb|||\u00bb][et_pb_text _builder_version=\u00bb4.27.4&#8243; text_font=\u00bbSatisfy||||||||\u00bb text_text_color=\u00bb#948878&#8243; text_font_size=\u00bb28px\u00bb text_orientation=\u00bbcenter\u00bb custom_padding=\u00bb15px||15px\u00bb border_width_top=\u00bb1px\u00bb border_color_top=\u00bb#00bfce\u00bb border_width_bottom=\u00bb1px\u00bb border_color_bottom=\u00bb#00bfce\u00bb text_text_align=\u00bbcenter\u00bb global_colors_info=\u00bb{}\u00bb]<\/p>\n<p style=\"text-align: left;\">Un espacio donde reunirse o celebrar en peque\u00f1o comit\u00e9.<\/p>\n<p>[\/et_pb_text][et_pb_text _builder_version=\u00bb4.27.4&#8243; global_colors_info=\u00bb{}\u00bb]<\/p>\n<p>Hemos convertido la antigua igl\u00e9sia del Balneario en una sala para atender peque\u00f1os grupos de 14 a 20 personas.<\/p>\n<p>Cumplea\u00f1os, despedidas, comidas familiares, bodas \u00edntimas, presentaciones de libros, reuniones de empresa&#8230;<\/p>\n<p>\u00a1Explicadnos que deseais organitzar! Nos encantar\u00e1 ayudaros a convertir vuestro evento en una ocasi\u00f3n para recordar.<\/p>\n<p>[\/et_pb_text][\/et_pb_column][et_pb_column type=\u00bb1_2&#8243; _builder_version=\u00bb4.16&#8243; custom_padding=\u00bb|||\u00bb global_colors_info=\u00bb{}\u00bb custom_padding__hover=\u00bb|||\u00bb][et_pb_gallery gallery_ids=\u00bb11585&#8243; fullwidth=\u00bbon\u00bb _builder_version=\u00bb4.16&#8243; animation_style=\u00bbslide\u00bb animation_direction=\u00bbright\u00bb animation_intensity_slide=\u00bb4%\u00bb border_width_all=\u00bb1px\u00bb border_color_all=\u00bb#e0e0e0&#8243; global_colors_info=\u00bb{}\u00bb][\/et_pb_gallery][\/et_pb_column][\/et_pb_row][\/et_pb_section][et_pb_section fb_built=\u00bb1&#8243; _builder_version=\u00bb4.16&#8243; min_height=\u00bb840px\u00bb custom_padding=\u00bb16px||0px|||\u00bb global_colors_info=\u00bb{}\u00bb][et_pb_row column_structure=\u00bb1_2,1_2&#8243; _builder_version=\u00bb4.27.4&#8243; custom_margin=\u00bb|auto|0px|auto|false|false\u00bb z_index_tablet=\u00bb500&#8243; border_width_bottom=\u00bb1px\u00bb border_color_bottom=\u00bb#948878&#8243; border_width_bottom_tablet=\u00bb1px\u00bb border_width_bottom_phone=\u00bb1px\u00bb box_shadow_horizontal_tablet=\u00bb0px\u00bb box_shadow_vertical_tablet=\u00bb0px\u00bb box_shadow_blur_tablet=\u00bb40px\u00bb box_shadow_spread_tablet=\u00bb0px\u00bb global_colors_info=\u00bb{}\u00bb][et_pb_column type=\u00bb1_2&#8243; _builder_version=\u00bb4.16&#8243; custom_padding=\u00bb|||\u00bb global_colors_info=\u00bb{}\u00bb custom_padding__hover=\u00bb|||\u00bb][et_pb_text _builder_version=\u00bb4.27.4&#8243; text_font=\u00bb||||||||\u00bb text_text_color=\u00bb#828282&#8243; header_font=\u00bb||||||||\u00bb header_2_font=\u00bbMontserrat|300|||||||\u00bb header_2_text_color=\u00bb#59adbb\u00bb header_3_font=\u00bbMontserrat|300|||||||\u00bb header_3_font_size=\u00bb17px\u00bb header_3_line_height=\u00bb1.3em\u00bb header_4_font=\u00bb||||||||\u00bb header_4_font_size=\u00bb26px\u00bb global_colors_info=\u00bb{}\u00bb content__hover_enabled=\u00bbon|desktop\u00bb content__hover=\u00bb<\/p>\n<h2 style=%22text-align: justify;%22>Reunions<\/h2>\n<p style=%22text-align: justify;%22><strong><\/strong><\/p>\n<p style=%22text-align: justify;%22><strong>Tot \u00e9s q\u00fcesti\u00f3 de perspectiva i reunir-se en un balneari pot ajudar a desenvolupar la inspiraci\u00f3&#8230;. No trobeu?<\/strong><\/p>\n<p style=%22text-align: justify;%22>Oferim competitives tarifes de lloguer de sala per mig dia o dia sencer que inclouen l&#8217;equipament necessari d&#8217;audio, v\u00eddeo i wifi.<\/p>\n<p style=%22text-align: justify;%22>Si necessiteu un descans, us portarem un delici\u00f3s aperitiu de la cuina que us ajudar\u00e0 a acabar-ho de veure tot clar.<\/p>\n<p style=%22text-align: justify;%22>Reunions fins a 20 persones.<\/p>\n<h4 style=%22text-align: justify;%22><span style=%22color: #000000;%22>Preus<\/span><\/h4>\n<h4 style=%22text-align: justify;%22><span style=%22color: #000000;%22>28\u20ac per persona mig dia.<\/span><\/h4>\n<h4 style=%22text-align: justify;%22><span style=%22color: #000000;%22>38\u20ac per persona dia sencer.<\/span><\/h4>\n<p style=%22text-align: justify;%22>Les tarifes inclouen:<\/p>\n<p style=%22text-align: justify;%22>Aigua, paper per anotacions, llapis, caf\u00e8 i te o infusions.<\/p>\n<p style=%22text-align: justify;%22>No incl\u00f2s en el preu coffe break que compr\u00e8n:<\/p>\n<p style=%22text-align: justify;%22>\u00ab]<\/p>\n<h2 style=\"text-align: justify;\">Reuniones<\/h2>\n<p style=\"text-align: justify;\">Ofrecemos tarifas de alquiler de sala para medio d\u00eda o d\u00eda completo que con el\u00a0 equipo necesario de audio, v\u00eddeo y wifi.<\/p>\n<p style=\"text-align: justify;\">Capacidad m\u00e1xima: 20 personas.<\/p>\n<blockquote>\n<p style=\"text-align: justify;\"><strong>Precios<\/strong><\/p>\n<p style=\"text-align: justify;\"><strong>100\u20ac<\/strong> alquiler sala medio d\u00eda<\/p>\n<p style=\"text-align: justify;\"><strong>150\u20ac<\/strong> alquiler sala d\u00eda completo<\/p>\n<p style=\"text-align: justify;\"><em>Tarifa de 1 a 10 personas. A partir de 10 personas, <strong>5\u20ac<\/strong> per persona.<\/em><\/p>\n<\/blockquote>\n<blockquote><\/blockquote>\n<p style=\"text-align: justify;\"><strong>\u00bfQu\u00e9 incluye la tarifa?<\/strong> Papel para anotaciones, lapiz y auto-servicio de agua, caf\u00e9, t\u00e9 o infusiones.<\/p>\n<p style=\"text-align: justify;\"><strong>\u00bfNecesitareis un descanso?<\/strong> Os podemos ofrecer una pausa caf\u00e8 o os podeis reservar mesa en nuestro restaurante.<\/p>\n<p style=\"text-align: justify;\"><span style=\"text-decoration: underline;\">Precio pausa caf\u00e9:<\/span> Desde <strong>18<\/strong><strong>\u20ac<\/strong>\/persona<\/p>\n<p style=\"text-align: justify;\"><span style=\"text-decoration: underline;\">Precio men\u00fa restaurante<\/span>: Desde <strong>34\u20ac<\/strong>\/persona.\u00a0<\/p>\n<p style=\"text-align: justify;\">Explicadnos los detalles y os enviaremos un presupuesto detallado\u00a0 \u21d2 \u00a0<a href=\"mailto:reserves@hotelsantvicenc.com\">reserves@hotelsantvicenc.com<\/a><\/p>\n<p style=\"text-align: justify;\">[\/et_pb_text][\/et_pb_column][et_pb_column type=\u00bb1_2&#8243; _builder_version=\u00bb4.16&#8243; custom_padding=\u00bb|||\u00bb global_colors_info=\u00bb{}\u00bb custom_padding__hover=\u00bb|||\u00bb][et_pb_text _builder_version=\u00bb4.27.4&#8243; text_font=\u00bb||||||||\u00bb text_text_color=\u00bb#828282&#8243; header_font=\u00bb||||||||\u00bb header_2_font=\u00bbMontserrat|300|||||||\u00bb header_2_text_color=\u00bb#59adbb\u00bb header_3_font=\u00bbMontserrat|300|||||||\u00bb header_3_font_size=\u00bb17px\u00bb header_3_line_height=\u00bb1.3em\u00bb header_4_font=\u00bb||||||||\u00bb header_4_font_size=\u00bb26px\u00bb hover_enabled=\u00bb0&#8243; global_colors_info=\u00bb{}\u00bb sticky_enabled=\u00bb0&#8243;]<\/p>\n<h2>Celebraciones privadas<\/h2>\n<p><span>Ofrecemos el uso exclusivo de un espacio privado para vuestra comida familiar, de amigos o empresa.<\/span><\/p>\n<p><span>Capacidad m\u00e1xima: 20 personas<\/span><\/p>\n<blockquote>\n<p><strong>Precios<\/strong><\/p>\n<p><span>Desde <strong>50\u20ac<\/strong> por persona. <\/span><\/p>\n<p><span>No incluye bebidas ni caf\u00e9s.<\/span><\/p>\n<p><span><em>M\u00ednimo comensales 12 personas.<\/em><\/span><\/p>\n<p><em><\/em><\/p>\n<\/blockquote>\n<p><strong>\u00bfC\u00f3mo es el men\u00fa? <\/strong>Se compone<span> de un aperitivo individual, un entrante, un plato principal y unos postres o tarta de celebraci\u00f3n.\u00a0<\/span><\/p>\n<p><strong>\u00bfAlg\u00fan servicio adicional?<\/strong> Piscina termal o pasar la noche en el balneario?<\/p>\n<p><span style=\"text-decoration: underline;\">Acceso piscina termal interior<\/span> : <strong>10\u20ac<\/strong>\/persona (incluye toalla)<\/p>\n<p><span style=\"text-decoration: underline;\">Acceso piscina termal exterior<\/span> : (solo verano) <strong>10\u20ac<\/strong>\/persona (no incluye toalla)<\/p>\n<p><span style=\"text-decoration: underline;\">Habitaci\u00f3n doble<\/span>\u00a0: (precio temp baja ) desde <strong>148\u20ac <\/strong>habitaci\u00f3n con desayuno.<\/p>\n<p>Contactadnos y os ayudaremos a convertir vuestra celebraci\u00f3n en una ocasi\u00f3n para recordar \u21d2 <a href=\"mailto:reserves@hotelsantvicenc.com\">reserves@hotelsantvicenc.com<\/a><\/p>\n<p>&nbsp;<\/p>\n<p>[\/et_pb_text][\/et_pb_column][\/et_pb_row][et_pb_row _builder_version=\u00bb4.27.4&#8243; custom_margin=\u00bb||0px||false|false\u00bb custom_padding=\u00bb62px||62px||false|false\u00bb global_colors_info=\u00bb{}\u00bb][et_pb_column type=\u00bb4_4&#8243; _builder_version=\u00bb4.16&#8243; custom_padding=\u00bb|||\u00bb global_colors_info=\u00bb{}\u00bb custom_padding__hover=\u00bb|||\u00bb][et_pb_image src=\u00bbhttps:\/\/hotelsantvicenc.com\/wp-content\/uploads\/2024\/02\/PDR.jpg\u00bb align=\u00bbcenter\u00bb _builder_version=\u00bb4.16&#8243; width=\u00bb52%\u00bb max_width=\u00bb50%\u00bb global_colors_info=\u00bb{}\u00bb]<\/p>\n<p>[\/et_pb_image][\/et_pb_column][\/et_pb_row][\/et_pb_section]<\/p>\n","protected":false},"excerpt":{"rendered":"<p>Un espacio donde reunirse o celebrar en peque\u00f1o comit\u00e9.Hemos convertido la antigua igl\u00e9sia del Balneario en una sala para atender peque\u00f1os grupos de 14 a 20 personas. Cumplea\u00f1os, despedidas, comidas familiares, bodas \u00edntimas, presentaciones de libros, reuniones de empresa&#8230; \u00a1Explicadnos que deseais organitzar! Nos encantar\u00e1 ayudaros a convertir vuestro evento en una ocasi\u00f3n para recordar.Reuniones [&hellip;]<\/p>\n","protected":false},"author":1,"featured_media":0,"parent":0,"menu_order":0,"comment_status":"closed","ping_status":"closed","template":"","meta":{"_et_pb_use_builder":"on","_et_pb_old_content":"","_et_gb_content_width":"","_mc_calendar":[],"_joinchat":[],"footnotes":""},"class_list":["post-11763","page","type-page","status-publish","hentry"],"yoast_head":"<!-- This site is optimized with the Yoast SEO plugin v25.3 - https:\/\/yoast.com\/wordpress\/plugins\/seo\/ -->\n<title>CELEBRACIONES PRIVADAS - Hotel Sant Vicen\u00e7<\/title>\n<meta name=\"robots\" content=\"index, follow, max-snippet:-1, max-image-preview:large, max-video-preview:-1\" \/>\n<link rel=\"canonical\" href=\"https:\/\/hotelsantvicenc.com\/es\/sala-lesglesia\/\" \/>\n<meta property=\"og:locale\" content=\"es_ES\" \/>\n<meta property=\"og:type\" content=\"article\" \/>\n<meta property=\"og:title\" content=\"CELEBRACIONES PRIVADAS - Hotel Sant Vicen\u00e7\" \/>\n<meta property=\"og:description\" content=\"Un espacio donde reunirse o celebrar en peque\u00f1o comit\u00e9.Hemos convertido la antigua igl\u00e9sia del Balneario en una sala para atender peque\u00f1os grupos de 14 a 20 personas. Cumplea\u00f1os, despedidas, comidas familiares, bodas \u00edntimas, presentaciones de libros, reuniones de empresa... \u00a1Explicadnos que deseais organitzar! Nos encantar\u00e1 ayudaros a convertir vuestro evento en una ocasi\u00f3n para recordar.Reuniones [&hellip;]\" \/>\n<meta property=\"og:url\" content=\"https:\/\/hotelsantvicenc.com\/es\/sala-lesglesia\/\" \/>\n<meta property=\"og:site_name\" content=\"Hotel Sant Vicen\u00e7\" \/>\n<meta property=\"article:modified_time\" content=\"2026-02-02T16:37:18+00:00\" \/>\n<meta name=\"twitter:card\" content=\"summary_large_image\" \/>\n<meta name=\"twitter:label1\" content=\"Tiempo de lectura\" \/>\n\t<meta name=\"twitter:data1\" content=\"4 minutos\" \/>\n<script type=\"application\/ld+json\" class=\"yoast-schema-graph\">{\"@context\":\"https:\/\/schema.org\",\"@graph\":[{\"@type\":\"WebPage\",\"@id\":\"https:\/\/hotelsantvicenc.com\/es\/sala-lesglesia\/\",\"url\":\"https:\/\/hotelsantvicenc.com\/es\/sala-lesglesia\/\",\"name\":\"CELEBRACIONES PRIVADAS - Hotel Sant Vicen\u00e7\",\"isPartOf\":{\"@id\":\"https:\/\/hotelsantvicenc.com\/es\/#website\"},\"datePublished\":\"2023-08-04T18:47:20+00:00\",\"dateModified\":\"2026-02-02T16:37:18+00:00\",\"breadcrumb\":{\"@id\":\"https:\/\/hotelsantvicenc.com\/es\/sala-lesglesia\/#breadcrumb\"},\"inLanguage\":\"es\",\"potentialAction\":[{\"@type\":\"ReadAction\",\"target\":[\"https:\/\/hotelsantvicenc.com\/es\/sala-lesglesia\/\"]}]},{\"@type\":\"BreadcrumbList\",\"@id\":\"https:\/\/hotelsantvicenc.com\/es\/sala-lesglesia\/#breadcrumb\",\"itemListElement\":[{\"@type\":\"ListItem\",\"position\":1,\"name\":\"Inici\",\"item\":\"https:\/\/hotelsantvicenc.com\/es\/\"},{\"@type\":\"ListItem\",\"position\":2,\"name\":\"CELEBRACIONES PRIVADAS\"}]},{\"@type\":\"WebSite\",\"@id\":\"https:\/\/hotelsantvicenc.com\/es\/#website\",\"url\":\"https:\/\/hotelsantvicenc.com\/es\/\",\"name\":\"Hotel Balneari Sant Vicen\u00e7\",\"description\":\"HOTEL-BALNEARI\",\"publisher\":{\"@id\":\"https:\/\/hotelsantvicenc.com\/es\/#organization\"},\"potentialAction\":[{\"@type\":\"SearchAction\",\"target\":{\"@type\":\"EntryPoint\",\"urlTemplate\":\"https:\/\/hotelsantvicenc.com\/es\/?s={search_term_string}\"},\"query-input\":{\"@type\":\"PropertyValueSpecification\",\"valueRequired\":true,\"valueName\":\"search_term_string\"}}],\"inLanguage\":\"es\"},{\"@type\":\"Organization\",\"@id\":\"https:\/\/hotelsantvicenc.com\/es\/#organization\",\"name\":\"ELS BANYS DE SANT VICEN\u00c7 SL\",\"url\":\"https:\/\/hotelsantvicenc.com\/es\/\",\"logo\":{\"@type\":\"ImageObject\",\"inLanguage\":\"es\",\"@id\":\"https:\/\/hotelsantvicenc.com\/es\/#\/schema\/logo\/image\/\",\"url\":\"https:\/\/hotelsantvicenc.com\/wp-content\/uploads\/2023\/07\/WhatsApp-Image-2020-07-14-at-5.04.21-PM.jpeg\",\"contentUrl\":\"https:\/\/hotelsantvicenc.com\/wp-content\/uploads\/2023\/07\/WhatsApp-Image-2020-07-14-at-5.04.21-PM.jpeg\",\"width\":472,\"height\":472,\"caption\":\"ELS BANYS DE SANT VICEN\u00c7 SL\"},\"image\":{\"@id\":\"https:\/\/hotelsantvicenc.com\/es\/#\/schema\/logo\/image\/\"},\"sameAs\":[\"https:\/\/www.instagram.com\/balnearisantvicenc\/\"]}]}<\/script>\n<!-- \/ Yoast SEO plugin. -->","yoast_head_json":{"title":"CELEBRACIONES PRIVADAS - Hotel Sant Vicen\u00e7","robots":{"index":"index","follow":"follow","max-snippet":"max-snippet:-1","max-image-preview":"max-image-preview:large","max-video-preview":"max-video-preview:-1"},"canonical":"https:\/\/hotelsantvicenc.com\/es\/sala-lesglesia\/","og_locale":"es_ES","og_type":"article","og_title":"CELEBRACIONES PRIVADAS - Hotel Sant Vicen\u00e7","og_description":"Un espacio donde reunirse o celebrar en peque\u00f1o comit\u00e9.Hemos convertido la antigua igl\u00e9sia del Balneario en una sala para atender peque\u00f1os grupos de 14 a 20 personas. Cumplea\u00f1os, despedidas, comidas familiares, bodas \u00edntimas, presentaciones de libros, reuniones de empresa... \u00a1Explicadnos que deseais organitzar! Nos encantar\u00e1 ayudaros a convertir vuestro evento en una ocasi\u00f3n para recordar.Reuniones [&hellip;]","og_url":"https:\/\/hotelsantvicenc.com\/es\/sala-lesglesia\/","og_site_name":"Hotel Sant Vicen\u00e7","article_modified_time":"2026-02-02T16:37:18+00:00","twitter_card":"summary_large_image","twitter_misc":{"Tiempo de lectura":"4 minutos"},"schema":{"@context":"https:\/\/schema.org","@graph":[{"@type":"WebPage","@id":"https:\/\/hotelsantvicenc.com\/es\/sala-lesglesia\/","url":"https:\/\/hotelsantvicenc.com\/es\/sala-lesglesia\/","name":"CELEBRACIONES PRIVADAS - Hotel Sant Vicen\u00e7","isPartOf":{"@id":"https:\/\/hotelsantvicenc.com\/es\/#website"},"datePublished":"2023-08-04T18:47:20+00:00","dateModified":"2026-02-02T16:37:18+00:00","breadcrumb":{"@id":"https:\/\/hotelsantvicenc.com\/es\/sala-lesglesia\/#breadcrumb"},"inLanguage":"es","potentialAction":[{"@type":"ReadAction","target":["https:\/\/hotelsantvicenc.com\/es\/sala-lesglesia\/"]}]},{"@type":"BreadcrumbList","@id":"https:\/\/hotelsantvicenc.com\/es\/sala-lesglesia\/#breadcrumb","itemListElement":[{"@type":"ListItem","position":1,"name":"Inici","item":"https:\/\/hotelsantvicenc.com\/es\/"},{"@type":"ListItem","position":2,"name":"CELEBRACIONES PRIVADAS"}]},{"@type":"WebSite","@id":"https:\/\/hotelsantvicenc.com\/es\/#website","url":"https:\/\/hotelsantvicenc.com\/es\/","name":"Hotel Balneari Sant Vicen\u00e7","description":"HOTEL-BALNEARI","publisher":{"@id":"https:\/\/hotelsantvicenc.com\/es\/#organization"},"potentialAction":[{"@type":"SearchAction","target":{"@type":"EntryPoint","urlTemplate":"https:\/\/hotelsantvicenc.com\/es\/?s={search_term_string}"},"query-input":{"@type":"PropertyValueSpecification","valueRequired":true,"valueName":"search_term_string"}}],"inLanguage":"es"},{"@type":"Organization","@id":"https:\/\/hotelsantvicenc.com\/es\/#organization","name":"ELS BANYS DE SANT VICEN\u00c7 SL","url":"https:\/\/hotelsantvicenc.com\/es\/","logo":{"@type":"ImageObject","inLanguage":"es","@id":"https:\/\/hotelsantvicenc.com\/es\/#\/schema\/logo\/image\/","url":"https:\/\/hotelsantvicenc.com\/wp-content\/uploads\/2023\/07\/WhatsApp-Image-2020-07-14-at-5.04.21-PM.jpeg","contentUrl":"https:\/\/hotelsantvicenc.com\/wp-content\/uploads\/2023\/07\/WhatsApp-Image-2020-07-14-at-5.04.21-PM.jpeg","width":472,"height":472,"caption":"ELS BANYS DE SANT VICEN\u00c7 SL"},"image":{"@id":"https:\/\/hotelsantvicenc.com\/es\/#\/schema\/logo\/image\/"},"sameAs":["https:\/\/www.instagram.com\/balnearisantvicenc\/"]}]}},"_links":{"self":[{"href":"https:\/\/hotelsantvicenc.com\/es\/wp-json\/wp\/v2\/pages\/11763","targetHints":{"allow":["GET"]}}],"collection":[{"href":"https:\/\/hotelsantvicenc.com\/es\/wp-json\/wp\/v2\/pages"}],"about":[{"href":"https:\/\/hotelsantvicenc.com\/es\/wp-json\/wp\/v2\/types\/page"}],"author":[{"embeddable":true,"href":"https:\/\/hotelsantvicenc.com\/es\/wp-json\/wp\/v2\/users\/1"}],"replies":[{"embeddable":true,"href":"https:\/\/hotelsantvicenc.com\/es\/wp-json\/wp\/v2\/comments?post=11763"}],"version-history":[{"count":12,"href":"https:\/\/hotelsantvicenc.com\/es\/wp-json\/wp\/v2\/pages\/11763\/revisions"}],"predecessor-version":[{"id":17050,"href":"https:\/\/hotelsantvicenc.com\/es\/wp-json\/wp\/v2\/pages\/11763\/revisions\/17050"}],"wp:attachment":[{"href":"https:\/\/hotelsantvicenc.com\/es\/wp-json\/wp\/v2\/media?parent=11763"}],"curies":[{"name":"wp","href":"https:\/\/api.w.org\/{rel}","templated":true}]}}