{"id":13579,"date":"2024-02-01T19:12:09","date_gmt":"2024-02-01T17:12:09","guid":{"rendered":"https:\/\/hotelsantvicenc.com\/esmorzars\/"},"modified":"2025-01-25T17:25:17","modified_gmt":"2025-01-25T15:25:17","slug":"esmorzars","status":"publish","type":"page","link":"https:\/\/hotelsantvicenc.com\/es\/esmorzars\/","title":{"rendered":"DESAYUNO"},"content":{"rendered":"<p>[et_pb_section fb_built=\u00bb1&#8243; _builder_version=\u00bb4.16&#8243; custom_margin_tablet=\u00bb\u00bb custom_margin_phone=\u00bb-50px|||\u00bb custom_margin_last_edited=\u00bbon|phone\u00bb custom_padding=\u00bb16px||5px|||\u00bb global_colors_info=\u00bb{}\u00bb][et_pb_row _builder_version=\u00bb4.27.4&#8243; custom_padding=\u00bb6px||0px|||\u00bb hover_enabled=\u00bb0&#8243; border_width_bottom=\u00bb1px\u00bb border_color_bottom=\u00bb#b7b7b7&#8243; global_colors_info=\u00bb{}\u00bb custom_margin=\u00bb|auto|0px|auto|false|false\u00bb sticky_enabled=\u00bb0&#8243;][et_pb_column type=\u00bb4_4&#8243; _builder_version=\u00bb4.16&#8243; custom_padding=\u00bb|||\u00bb global_colors_info=\u00bb{}\u00bb custom_padding__hover=\u00bb|||\u00bb][et_pb_post_title meta=\u00bboff\u00bb featured_image=\u00bboff\u00bb _builder_version=\u00bb4.16&#8243; title_font=\u00bbMontserrat|300|||||||\u00bb title_text_color=\u00bb#59adbb\u00bb title_font_size=\u00bb48px\u00bb title_font_size_tablet=\u00bb\u00bb title_font_size_phone=\u00bb36px\u00bb title_font_size_last_edited=\u00bbon|desktop\u00bb global_colors_info=\u00bb{}\u00bb][\/et_pb_post_title][\/et_pb_column][\/et_pb_row][et_pb_row _builder_version=\u00bb4.27.4&#8243; custom_padding=\u00bb||3px|||\u00bb hover_enabled=\u00bb0&#8243; global_colors_info=\u00bb{}\u00bb column_structure=\u00bb1_2,1_2&#8243; custom_margin=\u00bb|auto|0px|auto|false|false\u00bb sticky_enabled=\u00bb0&#8243;][et_pb_column type=\u00bb1_2&#8243; _builder_version=\u00bb4.16&#8243; custom_padding=\u00bb|||\u00bb global_colors_info=\u00bb{}\u00bb custom_padding__hover=\u00bb|||\u00bb][et_pb_text _builder_version=\u00bb4.16&#8243; text_font=\u00bbSatisfy||||||||\u00bb text_text_color=\u00bb#948878&#8243; text_font_size=\u00bb28px\u00bb text_orientation=\u00bbcenter\u00bb custom_padding=\u00bb15px||15px\u00bb border_width_top=\u00bb1px\u00bb border_color_top=\u00bb#00bfce\u00bb border_width_bottom=\u00bb1px\u00bb border_color_bottom=\u00bb#00bfce\u00bb text_text_align=\u00bbcenter\u00bb global_colors_info=\u00bb{}\u00bb]<\/p>\n<p style=\"text-align: left;\">El primer peque\u00f1o placer del d\u00eda<\/p>\n<p>[\/et_pb_text][et_pb_text _builder_version=\u00bb4.16&#8243; global_colors_info=\u00bb{}\u00bb]<\/p>\n<p style=\"text-align: justify;\"><span class=\"Y2IQFc\" lang=\"es\">Nada mejor que empezar el d\u00eda con un buen desayuno tipo buffet donde podreis elegir entre una selecci\u00f3n de productos dulces y salados. <\/span><\/p>\n<p style=\"text-align: justify;\"><span class=\"Y2IQFc\" lang=\"es\">Servimos el desayuno en el sal\u00f3n-comedor del balneario, el mismo espacio donde servimos comidas y cenas. <\/span><\/p>\n<p style=\"text-align: justify;\"><span class=\"Y2IQFc\" lang=\"es\">Todos los clientes alojados lo tienen incluido en la estancia y tambi\u00e9n est\u00e1 disponible para los clientes no alojados que lo deseen.<\/span><\/p>\n<p style=\"text-align: justify;\"><span class=\"Y2IQFc\" lang=\"ca\"><\/span><\/p>\n<p style=\"text-align: justify;\"><em><span style=\"color: #59adbb;\">Horario:\u00a0<\/span><\/em><em style=\"font-size: 14px;\"><span style=\"color: #59adbb;\">De 8:30h a 10:30h<\/span><\/em><\/p>\n<p>[\/et_pb_text][\/et_pb_column][et_pb_column type=\u00bb1_2&#8243; _builder_version=\u00bb4.16&#8243; custom_padding=\u00bb|||\u00bb global_colors_info=\u00bb{}\u00bb custom_padding__hover=\u00bb|||\u00bb][et_pb_gallery gallery_ids=\u00bb12902,12898,13049,13052&#8243; fullwidth=\u00bbon\u00bb _builder_version=\u00bb4.16&#8243; title_font=\u00bb||||||||\u00bb pagination_font=\u00bb||||||||\u00bb animation_style=\u00bbslide\u00bb animation_direction=\u00bbright\u00bb animation_intensity_slide=\u00bb4%\u00bb auto=\u00bbon\u00bb auto_speed=\u00bb4000&#8243; border_width_all=\u00bb1px\u00bb border_color_all=\u00bb#e0e0e0&#8243; global_colors_info=\u00bb{}\u00bb][\/et_pb_gallery][\/et_pb_column][\/et_pb_row][\/et_pb_section][et_pb_section fb_built=\u00bb1&#8243; _builder_version=\u00bb4.16&#8243; min_height=\u00bb840px\u00bb custom_padding=\u00bb16px||0px|||\u00bb global_colors_info=\u00bb{}\u00bb][et_pb_row _builder_version=\u00bb4.27.4&#8243; hover_enabled=\u00bb0&#8243; border_radii=\u00bbon|1px|1px|1px|1px\u00bb border_color_all=\u00bb#574200&#8243; global_colors_info=\u00bb{}\u00bb custom_margin=\u00bb|auto|0px|auto|false|false\u00bb sticky_enabled=\u00bb0&#8243;][et_pb_column type=\u00bb4_4&#8243; _builder_version=\u00bb4.16&#8243; custom_padding=\u00bb|||\u00bb global_colors_info=\u00bb{}\u00bb custom_padding__hover=\u00bb|||\u00bb][et_pb_text _builder_version=\u00bb4.16&#8243; text_font=\u00bbSatisfy||||||||\u00bb text_text_color=\u00bb#948878&#8243; text_font_size=\u00bb28px\u00bb text_orientation=\u00bbcenter\u00bb custom_padding=\u00bb15px||15px\u00bb border_width_top=\u00bb1px\u00bb border_color_top=\u00bb#00bfce\u00bb border_width_bottom=\u00bb1px\u00bb border_color_bottom=\u00bb#00bfce\u00bb text_text_align=\u00bbcenter\u00bb global_colors_info=\u00bb{}\u00bb]<\/p>\n<p style=\"text-align: left;\">Desayuno buffet<\/p>\n<p>[\/et_pb_text][et_pb_text _builder_version=\u00bb4.16&#8243; border_color_all=\u00bb#7a5c52&#8243; global_colors_info=\u00bb{}\u00bb]<\/p>\n<p>Nuestro servicio de buffet\u00a0os ofrece briocheria reci\u00e9n hecha, diferentes tipos de pan para tostar o untar con tomate, mantequilla Cad\u00ed elaborada en la Seu, mermeladas, embutidos i quesos locales, fruta fresca, zumos y bebidas calientes.<\/p>\n<p>[\/et_pb_text][\/et_pb_column][\/et_pb_row][et_pb_row _builder_version=\u00bb4.27.4&#8243; hover_enabled=\u00bb0&#8243; border_radii=\u00bbon|1px|1px|1px|1px\u00bb border_color_all=\u00bb#574200&#8243; global_colors_info=\u00bb{}\u00bb custom_margin=\u00bb|auto|0px|auto|false|false\u00bb sticky_enabled=\u00bb0&#8243;][et_pb_column type=\u00bb4_4&#8243; _builder_version=\u00bb4.16&#8243; custom_padding=\u00bb|||\u00bb global_colors_info=\u00bb{}\u00bb custom_padding__hover=\u00bb|||\u00bb][et_pb_text _builder_version=\u00bb4.16&#8243; text_font=\u00bbSatisfy||||||||\u00bb text_text_color=\u00bb#948878&#8243; text_font_size=\u00bb28px\u00bb text_orientation=\u00bbcenter\u00bb custom_padding=\u00bb15px||15px\u00bb border_width_top=\u00bb1px\u00bb border_color_top=\u00bb#00bfce\u00bb border_width_bottom=\u00bb1px\u00bb border_color_bottom=\u00bb#00bfce\u00bb text_text_align=\u00bbcenter\u00bb global_colors_info=\u00bb{}\u00bb]<\/p>\n<p style=\"text-align: left;\">Restricciones alimentarias<\/p>\n<p>[\/et_pb_text][et_pb_text _builder_version=\u00bb4.16&#8243; border_color_all=\u00bb#7a5c52&#8243; global_colors_info=\u00bb{}\u00bb]<\/p>\n<p>Si teneis alguna restricci\u00f3n aliment\u00e1ria, <strong>comunicadlo\u00a0en el momento de formalizar la reserva de habitaci\u00f3n.<\/strong>\u00a0As\u00ed dispondremos de tiempo para preparar los productos espec\u00edficos que necesiteis.<\/p>\n<p>[\/et_pb_text][\/et_pb_column][\/et_pb_row][et_pb_row _builder_version=\u00bb4.27.4&#8243; hover_enabled=\u00bb0&#8243; border_radii=\u00bbon|1px|1px|1px|1px\u00bb border_color_all=\u00bb#574200&#8243; global_colors_info=\u00bb{}\u00bb custom_margin=\u00bb|auto|0px|auto|false|false\u00bb sticky_enabled=\u00bb0&#8243;][et_pb_column type=\u00bb4_4&#8243; _builder_version=\u00bb4.16&#8243; custom_padding=\u00bb|||\u00bb global_colors_info=\u00bb{}\u00bb custom_padding__hover=\u00bb|||\u00bb][et_pb_text _builder_version=\u00bb4.16&#8243; text_font=\u00bbSatisfy||||||||\u00bb text_text_color=\u00bb#948878&#8243; text_font_size=\u00bb28px\u00bb text_orientation=\u00bbcenter\u00bb custom_padding=\u00bb15px||15px\u00bb border_width_top=\u00bb1px\u00bb border_color_top=\u00bb#00bfce\u00bb border_width_bottom=\u00bb1px\u00bb border_color_bottom=\u00bb#00bfce\u00bb text_text_align=\u00bbcenter\u00bb global_colors_info=\u00bb{}\u00bb]<\/p>\n<p style=\"text-align: left;\">Un consejo \u00fatil<\/p>\n<p>[\/et_pb_text][et_pb_text _builder_version=\u00bb4.16&#8243; border_color_all=\u00bb#7a5c52&#8243; global_colors_info=\u00bb{}\u00bb]<\/p>\n<p>Si teneis tratamientos reservados por la ma\u00f1ana,<strong> bajad a desayunar en albornoz<\/strong>, os resultar\u00e1 m\u00e1s c\u00f3modo no tener que volver\u00a0a la habitaci\u00f3n a cambiaros.<\/p>\n<p>[\/et_pb_text][\/et_pb_column][\/et_pb_row][\/et_pb_section]<\/p>\n","protected":false},"excerpt":{"rendered":"<p>El primer peque\u00f1o placer del d\u00eda Nada mejor que empezar el d\u00eda con un buen desayuno tipo buffet donde podreis elegir entre una selecci\u00f3n de productos dulces y salados. Servimos el desayuno en el sal\u00f3n-comedor del balneario, el mismo espacio donde servimos comidas y cenas. Todos los clientes alojados lo tienen incluido en la estancia [&hellip;]<\/p>\n","protected":false},"author":1,"featured_media":0,"parent":0,"menu_order":0,"comment_status":"closed","ping_status":"closed","template":"","meta":{"_et_pb_use_builder":"on","_et_pb_old_content":"","_et_gb_content_width":"","_mc_calendar":[],"_joinchat":[],"footnotes":""},"class_list":["post-13579","page","type-page","status-publish","hentry"],"yoast_head":"<!-- This site is optimized with the Yoast SEO plugin v25.3 - https:\/\/yoast.com\/wordpress\/plugins\/seo\/ -->\n<title>DESAYUNO - Hotel Sant Vicen\u00e7<\/title>\n<meta name=\"robots\" content=\"index, follow, max-snippet:-1, max-image-preview:large, max-video-preview:-1\" \/>\n<link rel=\"canonical\" href=\"https:\/\/hotelsantvicenc.com\/es\/esmorzars\/\" \/>\n<meta property=\"og:locale\" content=\"es_ES\" \/>\n<meta property=\"og:type\" content=\"article\" \/>\n<meta property=\"og:title\" content=\"DESAYUNO - Hotel Sant Vicen\u00e7\" \/>\n<meta property=\"og:description\" content=\"El primer peque\u00f1o placer del d\u00eda Nada mejor que empezar el d\u00eda con un buen desayuno tipo buffet donde podreis elegir entre una selecci\u00f3n de productos dulces y salados. Servimos el desayuno en el sal\u00f3n-comedor del balneario, el mismo espacio donde servimos comidas y cenas. Todos los clientes alojados lo tienen incluido en la estancia [&hellip;]\" \/>\n<meta property=\"og:url\" content=\"https:\/\/hotelsantvicenc.com\/es\/esmorzars\/\" \/>\n<meta property=\"og:site_name\" content=\"Hotel Sant Vicen\u00e7\" \/>\n<meta property=\"article:modified_time\" content=\"2025-01-25T15:25:17+00:00\" \/>\n<meta name=\"twitter:card\" content=\"summary_large_image\" \/>\n<meta name=\"twitter:label1\" content=\"Tiempo de lectura\" \/>\n\t<meta name=\"twitter:data1\" content=\"3 minutos\" \/>\n<script type=\"application\/ld+json\" class=\"yoast-schema-graph\">{\"@context\":\"https:\/\/schema.org\",\"@graph\":[{\"@type\":\"WebPage\",\"@id\":\"https:\/\/hotelsantvicenc.com\/es\/esmorzars\/\",\"url\":\"https:\/\/hotelsantvicenc.com\/es\/esmorzars\/\",\"name\":\"DESAYUNO - Hotel Sant Vicen\u00e7\",\"isPartOf\":{\"@id\":\"https:\/\/hotelsantvicenc.com\/es\/#website\"},\"datePublished\":\"2024-02-01T17:12:09+00:00\",\"dateModified\":\"2025-01-25T15:25:17+00:00\",\"breadcrumb\":{\"@id\":\"https:\/\/hotelsantvicenc.com\/es\/esmorzars\/#breadcrumb\"},\"inLanguage\":\"es\",\"potentialAction\":[{\"@type\":\"ReadAction\",\"target\":[\"https:\/\/hotelsantvicenc.com\/es\/esmorzars\/\"]}]},{\"@type\":\"BreadcrumbList\",\"@id\":\"https:\/\/hotelsantvicenc.com\/es\/esmorzars\/#breadcrumb\",\"itemListElement\":[{\"@type\":\"ListItem\",\"position\":1,\"name\":\"Inici\",\"item\":\"https:\/\/hotelsantvicenc.com\/es\/\"},{\"@type\":\"ListItem\",\"position\":2,\"name\":\"DESAYUNO\"}]},{\"@type\":\"WebSite\",\"@id\":\"https:\/\/hotelsantvicenc.com\/es\/#website\",\"url\":\"https:\/\/hotelsantvicenc.com\/es\/\",\"name\":\"Hotel Balneari Sant Vicen\u00e7\",\"description\":\"HOTEL-BALNEARI\",\"publisher\":{\"@id\":\"https:\/\/hotelsantvicenc.com\/es\/#organization\"},\"potentialAction\":[{\"@type\":\"SearchAction\",\"target\":{\"@type\":\"EntryPoint\",\"urlTemplate\":\"https:\/\/hotelsantvicenc.com\/es\/?s={search_term_string}\"},\"query-input\":{\"@type\":\"PropertyValueSpecification\",\"valueRequired\":true,\"valueName\":\"search_term_string\"}}],\"inLanguage\":\"es\"},{\"@type\":\"Organization\",\"@id\":\"https:\/\/hotelsantvicenc.com\/es\/#organization\",\"name\":\"ELS BANYS DE SANT VICEN\u00c7 SL\",\"url\":\"https:\/\/hotelsantvicenc.com\/es\/\",\"logo\":{\"@type\":\"ImageObject\",\"inLanguage\":\"es\",\"@id\":\"https:\/\/hotelsantvicenc.com\/es\/#\/schema\/logo\/image\/\",\"url\":\"https:\/\/hotelsantvicenc.com\/wp-content\/uploads\/2023\/07\/WhatsApp-Image-2020-07-14-at-5.04.21-PM.jpeg\",\"contentUrl\":\"https:\/\/hotelsantvicenc.com\/wp-content\/uploads\/2023\/07\/WhatsApp-Image-2020-07-14-at-5.04.21-PM.jpeg\",\"width\":472,\"height\":472,\"caption\":\"ELS BANYS DE SANT VICEN\u00c7 SL\"},\"image\":{\"@id\":\"https:\/\/hotelsantvicenc.com\/es\/#\/schema\/logo\/image\/\"},\"sameAs\":[\"https:\/\/www.instagram.com\/balnearisantvicenc\/\"]}]}<\/script>\n<!-- \/ Yoast SEO plugin. -->","yoast_head_json":{"title":"DESAYUNO - Hotel Sant Vicen\u00e7","robots":{"index":"index","follow":"follow","max-snippet":"max-snippet:-1","max-image-preview":"max-image-preview:large","max-video-preview":"max-video-preview:-1"},"canonical":"https:\/\/hotelsantvicenc.com\/es\/esmorzars\/","og_locale":"es_ES","og_type":"article","og_title":"DESAYUNO - Hotel Sant Vicen\u00e7","og_description":"El primer peque\u00f1o placer del d\u00eda Nada mejor que empezar el d\u00eda con un buen desayuno tipo buffet donde podreis elegir entre una selecci\u00f3n de productos dulces y salados. Servimos el desayuno en el sal\u00f3n-comedor del balneario, el mismo espacio donde servimos comidas y cenas. Todos los clientes alojados lo tienen incluido en la estancia [&hellip;]","og_url":"https:\/\/hotelsantvicenc.com\/es\/esmorzars\/","og_site_name":"Hotel Sant Vicen\u00e7","article_modified_time":"2025-01-25T15:25:17+00:00","twitter_card":"summary_large_image","twitter_misc":{"Tiempo de lectura":"3 minutos"},"schema":{"@context":"https:\/\/schema.org","@graph":[{"@type":"WebPage","@id":"https:\/\/hotelsantvicenc.com\/es\/esmorzars\/","url":"https:\/\/hotelsantvicenc.com\/es\/esmorzars\/","name":"DESAYUNO - Hotel Sant Vicen\u00e7","isPartOf":{"@id":"https:\/\/hotelsantvicenc.com\/es\/#website"},"datePublished":"2024-02-01T17:12:09+00:00","dateModified":"2025-01-25T15:25:17+00:00","breadcrumb":{"@id":"https:\/\/hotelsantvicenc.com\/es\/esmorzars\/#breadcrumb"},"inLanguage":"es","potentialAction":[{"@type":"ReadAction","target":["https:\/\/hotelsantvicenc.com\/es\/esmorzars\/"]}]},{"@type":"BreadcrumbList","@id":"https:\/\/hotelsantvicenc.com\/es\/esmorzars\/#breadcrumb","itemListElement":[{"@type":"ListItem","position":1,"name":"Inici","item":"https:\/\/hotelsantvicenc.com\/es\/"},{"@type":"ListItem","position":2,"name":"DESAYUNO"}]},{"@type":"WebSite","@id":"https:\/\/hotelsantvicenc.com\/es\/#website","url":"https:\/\/hotelsantvicenc.com\/es\/","name":"Hotel Balneari Sant Vicen\u00e7","description":"HOTEL-BALNEARI","publisher":{"@id":"https:\/\/hotelsantvicenc.com\/es\/#organization"},"potentialAction":[{"@type":"SearchAction","target":{"@type":"EntryPoint","urlTemplate":"https:\/\/hotelsantvicenc.com\/es\/?s={search_term_string}"},"query-input":{"@type":"PropertyValueSpecification","valueRequired":true,"valueName":"search_term_string"}}],"inLanguage":"es"},{"@type":"Organization","@id":"https:\/\/hotelsantvicenc.com\/es\/#organization","name":"ELS BANYS DE SANT VICEN\u00c7 SL","url":"https:\/\/hotelsantvicenc.com\/es\/","logo":{"@type":"ImageObject","inLanguage":"es","@id":"https:\/\/hotelsantvicenc.com\/es\/#\/schema\/logo\/image\/","url":"https:\/\/hotelsantvicenc.com\/wp-content\/uploads\/2023\/07\/WhatsApp-Image-2020-07-14-at-5.04.21-PM.jpeg","contentUrl":"https:\/\/hotelsantvicenc.com\/wp-content\/uploads\/2023\/07\/WhatsApp-Image-2020-07-14-at-5.04.21-PM.jpeg","width":472,"height":472,"caption":"ELS BANYS DE SANT VICEN\u00c7 SL"},"image":{"@id":"https:\/\/hotelsantvicenc.com\/es\/#\/schema\/logo\/image\/"},"sameAs":["https:\/\/www.instagram.com\/balnearisantvicenc\/"]}]}},"_links":{"self":[{"href":"https:\/\/hotelsantvicenc.com\/es\/wp-json\/wp\/v2\/pages\/13579","targetHints":{"allow":["GET"]}}],"collection":[{"href":"https:\/\/hotelsantvicenc.com\/es\/wp-json\/wp\/v2\/pages"}],"about":[{"href":"https:\/\/hotelsantvicenc.com\/es\/wp-json\/wp\/v2\/types\/page"}],"author":[{"embeddable":true,"href":"https:\/\/hotelsantvicenc.com\/es\/wp-json\/wp\/v2\/users\/1"}],"replies":[{"embeddable":true,"href":"https:\/\/hotelsantvicenc.com\/es\/wp-json\/wp\/v2\/comments?post=13579"}],"version-history":[{"count":40,"href":"https:\/\/hotelsantvicenc.com\/es\/wp-json\/wp\/v2\/pages\/13579\/revisions"}],"predecessor-version":[{"id":15672,"href":"https:\/\/hotelsantvicenc.com\/es\/wp-json\/wp\/v2\/pages\/13579\/revisions\/15672"}],"wp:attachment":[{"href":"https:\/\/hotelsantvicenc.com\/es\/wp-json\/wp\/v2\/media?parent=13579"}],"curies":[{"name":"wp","href":"https:\/\/api.w.org\/{rel}","templated":true}]}}