{"id":1633,"date":"2019-12-16T18:25:49","date_gmt":"2019-12-16T16:25:49","guid":{"rendered":"http:\/\/hotelsantvicenc.com\/?page_id=1633"},"modified":"2025-01-31T19:02:51","modified_gmt":"2025-01-31T17:02:51","slug":"encontrarnos-es-sencillo","status":"publish","type":"page","link":"https:\/\/hotelsantvicenc.com\/es\/encontrarnos-es-sencillo\/","title":{"rendered":"Encontrarnos es sencillo"},"content":{"rendered":"<p>[et_pb_section fb_built=\u00bb1&#8243; _builder_version=\u00bb4.16&#8243; min_height=\u00bb840px\u00bb custom_margin_tablet=\u00bb\u00bb custom_margin_phone=\u00bb-50px||\u00bb custom_margin_last_edited=\u00bbon|desktop\u00bb custom_padding=\u00bb16px|||||\u00bb global_colors_info=\u00bb{}\u00bb][et_pb_row _builder_version=\u00bb4.27.4&#8243; custom_margin=\u00bb|auto|0px|auto|false|false\u00bb custom_padding=\u00bb6px||0px|||\u00bb border_width_bottom=\u00bb1px\u00bb border_color_bottom=\u00bb#b7b7b7&#8243; global_colors_info=\u00bb{}\u00bb][et_pb_column type=\u00bb4_4&#8243; _builder_version=\u00bb4.16&#8243; custom_padding=\u00bb|||\u00bb global_colors_info=\u00bb{}\u00bb custom_padding__hover=\u00bb|||\u00bb][et_pb_post_title meta=\u00bboff\u00bb featured_image=\u00bboff\u00bb _builder_version=\u00bb4.16&#8243; title_font=\u00bbMontserrat|300|||||||\u00bb title_text_color=\u00bb#59adbb\u00bb title_font_size=\u00bb48px\u00bb title_letter_spacing=\u00bb-1px\u00bb global_colors_info=\u00bb{}\u00bb][\/et_pb_post_title][\/et_pb_column][\/et_pb_row][et_pb_row column_structure=\u00bb1_3,2_3&#8243; _builder_version=\u00bb4.27.4&#8243; custom_margin=\u00bb|auto|0px|auto|false|false\u00bb custom_padding=\u00bb12px||38px||false|false\u00bb hover_enabled=\u00bb0&#8243; global_colors_info=\u00bb{}\u00bb disabled_on=\u00bboff|on|off\u00bb sticky_enabled=\u00bb0&#8243;][et_pb_column type=\u00bb1_3&#8243; _builder_version=\u00bb4.16&#8243; custom_padding=\u00bb|||\u00bb global_colors_info=\u00bb{}\u00bb custom_padding__hover=\u00bb|||\u00bb][et_pb_text _builder_version=\u00bb4.16&#8243; text_font=\u00bbMontserrat|300|||||||\u00bb text_font_size=\u00bb21px\u00bb header_font=\u00bb||||||||\u00bb header_2_font=\u00bbSatisfy||||||||\u00bb header_2_font_size=\u00bb31px\u00bb custom_margin=\u00bb19px||9px|||\u00bb global_colors_info=\u00bb{}\u00bb]<\/p>\n<p style=\"text-align: justify;\">Coordenadas GPS:<\/p>\n<p>[\/et_pb_text][et_pb_text _builder_version=\u00bb4.16&#8243; text_font=\u00bbMontserrat|300|||||||\u00bb text_text_color=\u00bb#59adbb\u00bb text_font_size=\u00bb31px\u00bb text_line_height=\u00bb1.2em\u00bb header_font=\u00bb||||||||\u00bb header_2_font=\u00bbSatisfy||||||||\u00bb header_2_font_size=\u00bb31px\u00bb global_colors_info=\u00bb{}\u00bb]<\/p>\n<p style=\"text-align: justify;\">N 42\u00ba 22&#8242; 6.84&#8243;<br \/>\nE 001\u00ba 35&#8242; 39.33&#8243;<\/p>\n<p>[\/et_pb_text][et_pb_button button_url=\u00bb#barcelona\u00bb button_text=\u00bbDesde Barcelona\u00bb _builder_version=\u00bb4.27.4&#8243; custom_button=\u00bbon\u00bb button_text_size=\u00bb18px\u00bb button_text_color=\u00bb#59adbb\u00bb button_bg_color=\u00bb#dbeff3&#8243; button_border_width=\u00bb2px\u00bb button_border_color=\u00bb#59adbb\u00bb button_font=\u00bbMontserrat||||||||\u00bb custom_margin=\u00bb||15px|||\u00bb global_colors_info=\u00bb{}\u00bb][\/et_pb_button][et_pb_button button_url=\u00bb#lleida\u00bb button_text=\u00bbDesde Lleida\u00bb _builder_version=\u00bb4.27.4&#8243; custom_button=\u00bbon\u00bb button_text_size=\u00bb18px\u00bb button_text_color=\u00bb#59adbb\u00bb button_bg_color=\u00bb#dbeff3&#8243; button_border_width=\u00bb2px\u00bb button_font=\u00bbMontserrat||||||||\u00bb custom_margin=\u00bb|0px|14px|||\u00bb custom_padding=\u00bb|55px||||\u00bb global_colors_info=\u00bb{}\u00bb][\/et_pb_button][et_pb_button button_url=\u00bb#tarragona\u00bb button_text=\u00bbDesde Tarragona\u00bb _builder_version=\u00bb4.27.4&#8243; custom_button=\u00bbon\u00bb button_text_size=\u00bb18px\u00bb button_text_color=\u00bb#59adbb\u00bb button_bg_color=\u00bb#dbeff3&#8243; button_border_width=\u00bb2px\u00bb button_font=\u00bbMontserrat||||||||\u00bb custom_margin=\u00bb|0px|13px|||\u00bb custom_padding=\u00bb|17px||||\u00bb global_colors_info=\u00bb{}\u00bb][\/et_pb_button][et_pb_button button_url=\u00bb#girona\u00bb button_text=\u00bbDesde Girona\u00bb _builder_version=\u00bb4.27.4&#8243; custom_button=\u00bbon\u00bb button_text_size=\u00bb18px\u00bb button_text_color=\u00bb#59adbb\u00bb button_bg_color=\u00bb#dbeff3&#8243; button_border_width=\u00bb2px\u00bb button_font=\u00bbMontserrat||||||||\u00bb custom_margin=\u00bb|0px|15px|||\u00bb custom_padding=\u00bb|48px||||\u00bb global_colors_info=\u00bb{}\u00bb][\/et_pb_button][et_pb_button button_url=\u00bb#madrid\u00bb button_text=\u00bbDesde Madrid\u00bb _builder_version=\u00bb4.27.4&#8243; custom_button=\u00bbon\u00bb button_text_size=\u00bb18px\u00bb button_text_color=\u00bb#59adbb\u00bb button_bg_color=\u00bb#dbeff3&#8243; button_border_width=\u00bb2px\u00bb button_font=\u00bbMontserrat||||||||\u00bb custom_margin=\u00bb|0px||||\u00bb custom_padding=\u00bb|44px||||\u00bb global_colors_info=\u00bb{}\u00bb][\/et_pb_button][\/et_pb_column][et_pb_column type=\u00bb2_3&#8243; _builder_version=\u00bb4.16&#8243; custom_padding=\u00bb|||\u00bb global_colors_info=\u00bb{}\u00bb custom_padding__hover=\u00bb|||\u00bb][et_pb_image src=\u00bbhttps:\/\/hotelsantvicenc.com\/wp-content\/uploads\/2019\/06\/image_preview.jpg\u00bb force_fullwidth=\u00bbon\u00bb _builder_version=\u00bb4.27.4&#8243; custom_padding=\u00bb59px||||false|false\u00bb global_colors_info=\u00bb{}\u00bb][\/et_pb_image][\/et_pb_column][\/et_pb_row][et_pb_row column_structure=\u00bb1_3,2_3&#8243; _builder_version=\u00bb4.27.4&#8243; custom_margin=\u00bb|auto|0px|auto|false|false\u00bb custom_padding=\u00bb12px||0px||false|false\u00bb hover_enabled=\u00bb0&#8243; global_colors_info=\u00bb{}\u00bb module_class=\u00bbhotel-esp\u00bb custom_css_free_form=\u00bb.hotel-esp{||  display:flex;||}\u00bb sticky_enabled=\u00bb0&#8243; custom_margin_tablet=\u00bb0px||0px||false|false\u00bb disabled_on=\u00bbon|off|on\u00bb][et_pb_column type=\u00bb1_3&#8243; _builder_version=\u00bb4.16&#8243; custom_padding=\u00bb|||\u00bb global_colors_info=\u00bb{}\u00bb custom_padding__hover=\u00bb|||\u00bb][et_pb_text _builder_version=\u00bb4.16&#8243; text_font=\u00bbMontserrat|300|||||||\u00bb text_font_size=\u00bb21px\u00bb header_font=\u00bb||||||||\u00bb header_2_font=\u00bbSatisfy||||||||\u00bb header_2_font_size=\u00bb31px\u00bb custom_margin=\u00bb19px||9px|||\u00bb global_colors_info=\u00bb{}\u00bb]<\/p>\n<p style=\"text-align: justify;\">Coordenadas GPS:<\/p>\n<p>[\/et_pb_text][et_pb_text _builder_version=\u00bb4.16&#8243; text_font=\u00bbMontserrat|300|||||||\u00bb text_text_color=\u00bb#59adbb\u00bb text_font_size=\u00bb31px\u00bb text_line_height=\u00bb1.2em\u00bb header_font=\u00bb||||||||\u00bb header_2_font=\u00bbSatisfy||||||||\u00bb header_2_font_size=\u00bb31px\u00bb global_colors_info=\u00bb{}\u00bb]<\/p>\n<p style=\"text-align: justify;\">N 42\u00ba 22&#8242; 6.84&#8243;<br \/>\nE 001\u00ba 35&#8242; 39.33&#8243;<\/p>\n<p>[\/et_pb_text][et_pb_button button_url=\u00bb#barcelona\u00bb button_text=\u00bbDesde Barcelona\u00bb _builder_version=\u00bb4.27.4&#8243; custom_button=\u00bbon\u00bb button_text_size=\u00bb18px\u00bb button_text_color=\u00bb#59adbb\u00bb button_bg_color=\u00bb#dbeff3&#8243; button_border_width=\u00bb2px\u00bb button_border_color=\u00bb#59adbb\u00bb button_font=\u00bbMontserrat||||||||\u00bb custom_margin=\u00bb||15px|||\u00bb global_colors_info=\u00bb{}\u00bb][\/et_pb_button][et_pb_button button_url=\u00bb#lleida\u00bb button_text=\u00bbDesde Lleida\u00bb _builder_version=\u00bb4.27.4&#8243; custom_button=\u00bbon\u00bb button_text_size=\u00bb18px\u00bb button_text_color=\u00bb#59adbb\u00bb button_bg_color=\u00bb#dbeff3&#8243; button_border_width=\u00bb2px\u00bb button_font=\u00bbMontserrat||||||||\u00bb custom_margin=\u00bb|0px|14px|||\u00bb custom_padding=\u00bb|55px||||\u00bb global_colors_info=\u00bb{}\u00bb][\/et_pb_button][et_pb_button button_url=\u00bb#tarragona\u00bb button_text=\u00bbDesde Tarragona\u00bb _builder_version=\u00bb4.27.4&#8243; custom_button=\u00bbon\u00bb button_text_size=\u00bb18px\u00bb button_text_color=\u00bb#59adbb\u00bb button_bg_color=\u00bb#dbeff3&#8243; button_border_width=\u00bb2px\u00bb button_font=\u00bbMontserrat||||||||\u00bb custom_margin=\u00bb|0px|13px|||\u00bb custom_padding=\u00bb|17px||||\u00bb global_colors_info=\u00bb{}\u00bb][\/et_pb_button][\/et_pb_column][et_pb_column type=\u00bb2_3&#8243; _builder_version=\u00bb4.16&#8243; custom_padding=\u00bb|||\u00bb global_colors_info=\u00bb{}\u00bb custom_padding__hover=\u00bb|||\u00bb][et_pb_divider _builder_version=\u00bb4.27.4&#8243; _module_preset=\u00bbdefault\u00bb show_divider=\u00bboff\u00bb height=\u00bb100px\u00bb hover_enabled=\u00bb0&#8243; sticky_enabled=\u00bb0&#8243; min_height=\u00bb157px\u00bb][\/et_pb_divider][et_pb_button button_url=\u00bb#girona\u00bb button_text=\u00bbDesde Girona\u00bb _builder_version=\u00bb4.27.4&#8243; custom_button=\u00bbon\u00bb button_text_size=\u00bb18px\u00bb button_text_color=\u00bb#59adbb\u00bb button_bg_color=\u00bb#dbeff3&#8243; button_border_width=\u00bb2px\u00bb button_font=\u00bbMontserrat||||||||\u00bb custom_margin=\u00bb|0px|15px|||\u00bb custom_padding=\u00bb|48px||||\u00bb global_colors_info=\u00bb{}\u00bb][\/et_pb_button][et_pb_button button_url=\u00bb#madrid\u00bb button_text=\u00bbDesde Madrid\u00bb _builder_version=\u00bb4.27.4&#8243; custom_button=\u00bbon\u00bb button_text_size=\u00bb18px\u00bb button_text_color=\u00bb#59adbb\u00bb button_bg_color=\u00bb#dbeff3&#8243; button_border_width=\u00bb2px\u00bb button_font=\u00bbMontserrat||||||||\u00bb custom_margin=\u00bb|0px||||\u00bb custom_padding=\u00bb|44px||||\u00bb global_colors_info=\u00bb{}\u00bb][\/et_pb_button][\/et_pb_column][\/et_pb_row][et_pb_row _builder_version=\u00bb4.27.4&#8243; custom_margin=\u00bb|auto|0px|auto|false|false\u00bb custom_padding=\u00bb12px||38px||false|false\u00bb hover_enabled=\u00bb0&#8243; global_colors_info=\u00bb{}\u00bb disabled_on=\u00bbon|off|on\u00bb sticky_enabled=\u00bb0&#8243; custom_margin_tablet=\u00bb-53px||||false|false\u00bb][et_pb_column type=\u00bb4_4&#8243; _builder_version=\u00bb4.16&#8243; custom_padding=\u00bb|||\u00bb global_colors_info=\u00bb{}\u00bb custom_padding__hover=\u00bb|||\u00bb][et_pb_image src=\u00bbhttps:\/\/hotelsantvicenc.com\/wp-content\/uploads\/2019\/06\/image_preview.jpg\u00bb force_fullwidth=\u00bbon\u00bb _builder_version=\u00bb4.27.4&#8243; custom_padding=\u00bb59px||||false|false\u00bb global_colors_info=\u00bb{}\u00bb][\/et_pb_image][\/et_pb_column][\/et_pb_row][et_pb_row module_id=\u00bbbarcelona\u00bb _builder_version=\u00bb4.27.4&#8243; custom_margin=\u00bb|auto|0px|auto|false|false\u00bb border_width_top=\u00bb1px\u00bb border_color_top=\u00bb#b7b7b7&#8243; border_width_bottom=\u00bb1px\u00bb border_color_bottom=\u00bb#b7b7b7&#8243; global_colors_info=\u00bb{}\u00bb][et_pb_column type=\u00bb4_4&#8243; _builder_version=\u00bb4.16&#8243; custom_padding=\u00bb|||\u00bb global_colors_info=\u00bb{}\u00bb custom_padding__hover=\u00bb|||\u00bb][et_pb_text _builder_version=\u00bb4.16&#8243; text_font=\u00bbMontserrat|300|||||||\u00bb text_text_color=\u00bb#59adbb\u00bb text_font_size=\u00bb27px\u00bb global_colors_info=\u00bb{}\u00bb]<\/p>\n<p>Desde Barcelona<\/p>\n<p>[\/et_pb_text][et_pb_text _builder_version=\u00bb4.16&#8243; text_font=\u00bb||||||||\u00bb link_font=\u00bb||||||||\u00bb link_text_color=\u00bb#59adbb\u00bb global_colors_info=\u00bb{}\u00bb]<\/p>\n<div class=\"traductor-textarea form-group\">\n<div class=\"textarea-desti col-xs-12 col-sm-6\">\n<div class=\"form-control second-textarea\">\n<p><strong>En coche<\/strong><br \/> Por la N II hasta Cervera, de Cervera en Ponts, de Ponts en La Seu d&#8217;Urgell por la C 14 y de La Seu continuar direcci\u00f3n Puigcerd\u00e1 por la N 260 hasta encontrar el hotel en 12 km.<br \/> Por el Eje del Llobregat pasando por el<span>\u00a0<\/span><span>tunel<\/span><span>\u00a0<\/span>del Cad\u00ed y enlazando con la N 260 en Bellver de Cerdanya para continuar pasando por Martinet hasta el hotel.<\/p>\n<p><strong>En autob\u00fas<\/strong><br \/> Servicio de autobuses<span>\u00a0<\/span><span>Alsa<\/span><span>\u00a0<\/span>desde la estaci\u00f3n del Norte-Barcelona.<br \/> Salida de la estaci\u00f3n del Norte a las 7,<span>00h<\/span><span>\u00a0<\/span>y llegada en La Seu d&#8217;Urgell a las 09,<span>45h<\/span>, tambi\u00e9n salida de la misma estaci\u00f3n a las 19,<span>00h<\/span><span>\u00a0<\/span>y parada delante del mismo balneario a las 21,<span>30h<\/span><span>\u00a0<\/span>(Reserven billete y aseg\u00farense de comprar el viaje directo por el T\u00fanel del<span>\u00a0<\/span><span>Cad\u00ed)<\/span>. Si el autob\u00fas les deja en La Seu d&#8217;Urgell contamos con un servicio de recogida.\u00a0 Av\u00edsennos! \u00a0<a href=\"http:\/\/www.alsa.com\">www.alsa.com\u00a0<\/a>\u00a0<span>Tel<\/span><span>\u00a0<\/span>93 2656508<\/p>\n<p><strong>En autob\u00fas desde el aeropuerto<\/strong><br \/> Consulten el horario de servicio de autocares<span>\u00a0<\/span><span>NOVATEL<\/span><span>\u00a0<\/span>que realiza trayectos directos desde ambos aeropuertos hasta Andorra. Compren el billete hasta la frontera de Andorra que es la primera parada de Andorra y p\u00f3nganse en contacto con nosotros para la recogida.<br \/> <a href=\"mailto:novatel@andorrabybus.com\">novatel@andorrabybus.com\u00a0<\/a><span>\u00a0<\/span><span>Tel<\/span><span>\u00a0<\/span>00 376 8037<\/p>\n<p><strong>En taxi<\/strong><br \/> Existen diferentes servicios de taxi que hacen el trayecto BCN-Andorra con paradas en La Seu d&#8217;Urgell o en el mismo hotel previo acuerdo. A continuaci\u00f3n les facilitamos dos tel\u00e9fonos de contacto:<br \/> Taxi Carlos \/\/ 606804708<br \/> Taxi Pere \/\/ 606676318<\/p>\n<p><strong>En tren<\/strong><br \/> La estaci\u00f3n de RENFE m\u00e1s pr\u00f3xima se encuentra en Puigcerd\u00e1, algunos de los coches de l\u00ednea que van y vienen de Puigcerd\u00e1 a la Seu pasando por el hotel tienen correspondencia con el tren de Barcelona. <a href=\"http:\/\/www.alsa.com\">www.alsa.com<\/a><\/p>\n<\/div>\n<\/div>\n<\/div>\n<div class=\"traductor-checkbox form-group\">\n<div class=\"row\">\n<div class=\"col-sm-5\"><label class=\"checkbox-inline\"><\/label><\/div>\n<div class=\"col-sm-5\"><\/div>\n<\/div>\n<\/div>\n<p>[\/et_pb_text][\/et_pb_column][\/et_pb_row][et_pb_row module_id=\u00bblleida\u00bb _builder_version=\u00bb4.27.4&#8243; custom_margin=\u00bb|auto|0px|auto|false|false\u00bb border_color_top=\u00bb#b7b7b7&#8243; border_width_bottom=\u00bb1px\u00bb border_color_bottom=\u00bb#b7b7b7&#8243; global_colors_info=\u00bb{}\u00bb][et_pb_column type=\u00bb4_4&#8243; _builder_version=\u00bb4.16&#8243; custom_padding=\u00bb|||\u00bb global_colors_info=\u00bb{}\u00bb custom_padding__hover=\u00bb|||\u00bb][et_pb_text _builder_version=\u00bb4.16&#8243; text_font=\u00bbMontserrat|300|||||||\u00bb text_text_color=\u00bb#59adbb\u00bb text_font_size=\u00bb27px\u00bb global_colors_info=\u00bb{}\u00bb]<\/p>\n<p>Desde Lleida<\/p>\n<p>[\/et_pb_text][et_pb_text _builder_version=\u00bb4.16&#8243; text_font=\u00bb||||||||\u00bb link_font=\u00bb||||||||\u00bb link_text_color=\u00bb#59adbb\u00bb global_colors_info=\u00bb{}\u00bb]<\/p>\n<p><strong>En coche<\/strong><br \/> <span>V\u00eda Ponts y seguir hasta La Seu d&#8217;Urgell. Desde La Seu d&#8217;Urgell continuar 12 km. en direcci\u00f3n Puigcerd\u00e1. El balneario est\u00e1 situado a la misma carretera entre los cruces de los pueblo de Ars\u00e8guel y Aristot..<\/span><\/p>\n<p><strong>En autob\u00fas<\/strong><br \/> <span>El trayecto m\u00e1s directo es el siguiente: Salida de la estaci\u00f3n de autobuses de Lleida a las 9,<\/span><span>15h<\/span><span>\u00a0y llegada ante mismo del balneario a las 12,<\/span><span>29h<\/span><span>.<\/span><br \/> <span>Consulten otros horarios a la empresa de autocares\u00a0<\/span><span>Alsa<\/span><span>.\u00a0<\/span><span>Tel<\/span><span>\u00a0973 271470<\/span><\/p>\n<p><strong>En taxi<\/strong><br \/> <span>Existe un servicio regular de taxi con salida de Lleida a las 15,<\/span><span>00h<\/span><span>\u00a0y llegada en La Seu d&#8217;Urgell a las 17,<\/span><span>00h)<\/span><span>. Contact\u00e1is con el taxista Sr. Josep\u00a0<\/span><span>Aliart<\/span><span>\u00a0Tel. 659965135<\/span><\/p>\n<p>[\/et_pb_text][\/et_pb_column][\/et_pb_row][et_pb_row module_id=\u00bbtarragona\u00bb _builder_version=\u00bb4.27.4&#8243; custom_margin=\u00bb|auto|0px|auto|false|false\u00bb border_color_top=\u00bb#b7b7b7&#8243; border_width_bottom=\u00bb1px\u00bb border_color_bottom=\u00bb#b7b7b7&#8243; global_colors_info=\u00bb{}\u00bb][et_pb_column type=\u00bb4_4&#8243; _builder_version=\u00bb4.16&#8243; custom_padding=\u00bb|||\u00bb global_colors_info=\u00bb{}\u00bb custom_padding__hover=\u00bb|||\u00bb][et_pb_text _builder_version=\u00bb4.16&#8243; text_font=\u00bbMontserrat|300|||||||\u00bb text_text_color=\u00bb#59adbb\u00bb text_font_size=\u00bb27px\u00bb global_colors_info=\u00bb{}\u00bb]<\/p>\n<p>Desde Tarragona<\/p>\n<p>[\/et_pb_text][et_pb_text _builder_version=\u00bb4.16&#8243; text_font=\u00bb||||||||\u00bb link_font=\u00bb||||||||\u00bb link_text_color=\u00bb#59adbb\u00bb global_colors_info=\u00bb{}\u00bb]<\/p>\n<p><strong>En coche<\/strong><br \/> <span>V\u00eda Montblanc y T\u00e0rrega hasta llegar a Ponts y seguir hasta La Seu d&#8217;Urgell. Desde La Seu d&#8217;Urgell continuar 12 km. en direcci\u00f3n Puigcerd\u00e1. El balneario est\u00e1 situado a la misma carretera entre los cruces de los pueblo de Ars\u00e8guel y Aristot.<\/span><\/p>\n<p><strong>En autob\u00fas<\/strong><br \/> <span>Trayecto regular con salida de Tarragona a las 08,<\/span><span>05h<\/span><span>\u00a0y llegada en La Seu d&#8217;Urgell a las 11,<\/span><span>10h<\/span><span>. Consulten otros horarios en el web www.igualadina.com\u00a0Tel. 902292900<\/span><\/p>\n<p>[\/et_pb_text][\/et_pb_column][\/et_pb_row][et_pb_row module_id=\u00bbgirona\u00bb _builder_version=\u00bb4.27.4&#8243; custom_margin=\u00bb|auto|0px|auto|false|false\u00bb border_color_top=\u00bb#b7b7b7&#8243; border_width_bottom=\u00bb1px\u00bb border_color_bottom=\u00bb#b7b7b7&#8243; global_colors_info=\u00bb{}\u00bb][et_pb_column type=\u00bb4_4&#8243; _builder_version=\u00bb4.16&#8243; custom_padding=\u00bb|||\u00bb global_colors_info=\u00bb{}\u00bb custom_padding__hover=\u00bb|||\u00bb][et_pb_text _builder_version=\u00bb4.16&#8243; text_font=\u00bbMontserrat|300|||||||\u00bb text_text_color=\u00bb#59adbb\u00bb text_font_size=\u00bb27px\u00bb global_colors_info=\u00bb{}\u00bb]<\/p>\n<p>Desde Girona<\/p>\n<p>[\/et_pb_text][et_pb_text _builder_version=\u00bb4.16&#8243; text_font=\u00bb||||||||\u00bb link_font=\u00bb||||||||\u00bb link_text_color=\u00bb#59adbb\u00bb global_colors_info=\u00bb{}\u00bb]<\/p>\n<div class=\"traductor-textarea form-group\">\n<div class=\"textarea-desti col-xs-12 col-sm-6\">\n<div class=\"form-control second-textarea\">\n<p><strong>En coche<\/strong><br \/> Por el eje transversal hasta Manresa pasante por Vic. Tomar la autov\u00eda direcci\u00f3n Puigcerd\u00e1\/T\u00fanel del<span>\u00a0<\/span><span>Cad\u00ed<\/span>. Una vez pasado el t\u00fanel tomar la direcci\u00f3n La Seu d&#8217;Urgell\/Andorra y a 30 km encontrar\u00e1n el balneario en su izquierda.<\/p>\n<p><strong>En autob\u00fas desde el aeropuerto<\/strong><br \/> Consulten el horario de servicio de autocares<span>\u00a0<\/span><span>NOVATEL<\/span><span>\u00a0<\/span>que realiza trayectos directos desde ambos aeropuertos hasta Andorra. Compren el billete hasta<span style=\"text-decoration: underline;\"> la primera parada de Andorra<\/span>\u00a0(justo habi\u00e9ndo cruzado la frontera) y contactad con el hotel para la recogida.\u00a0<a href=\"mailto:www.novatel@andorrabybus.com\">novatel@andorrabybus.com<\/a><br \/> Tel. 00 376 8037<\/p>\n<\/div>\n<\/div>\n<\/div>\n<div class=\"traductor-checkbox form-group\">\n<div class=\"row\">\n<div class=\"col-sm-5\"><label class=\"checkbox-inline\" id=\"formes_valencianes_label\"><\/label><\/div>\n<\/div>\n<\/div>\n<p>[\/et_pb_text][\/et_pb_column][\/et_pb_row][et_pb_row module_id=\u00bbmadrid\u00bb _builder_version=\u00bb4.27.4&#8243; custom_margin=\u00bb|auto|0px|auto|false|false\u00bb border_color_top=\u00bb#b7b7b7&#8243; border_width_bottom=\u00bb1px\u00bb border_color_bottom=\u00bb#b7b7b7&#8243; global_colors_info=\u00bb{}\u00bb][et_pb_column type=\u00bb4_4&#8243; _builder_version=\u00bb4.16&#8243; custom_padding=\u00bb|||\u00bb global_colors_info=\u00bb{}\u00bb custom_padding__hover=\u00bb|||\u00bb][et_pb_text _builder_version=\u00bb4.16&#8243; text_font=\u00bbMontserrat|300|||||||\u00bb text_text_color=\u00bb#59adbb\u00bb text_font_size=\u00bb27px\u00bb global_colors_info=\u00bb{}\u00bb]<\/p>\n<p>Desde Madrid<\/p>\n<p>[\/et_pb_text][et_pb_text _builder_version=\u00bb4.16&#8243; text_font=\u00bb||||||||\u00bb link_font=\u00bb||||||||\u00bb link_text_color=\u00bb#59adbb\u00bb global_colors_info=\u00bb{}\u00bb]<\/p>\n<p><strong>En coche<\/strong><br \/> <span>Por la AP-2 direcci\u00f3n Zaragoza, continuar direcci\u00f3n Lleida, continuar direcci\u00f3n Balaguer Ponts, de Ponts en La Seu d&#8217;Urgell por la C 14 y de La Seu continuar direcci\u00f3n Puigcerd\u00e1 por la N 260 hasta encontrar el hotel en 12 km.<\/span><\/p>\n<p><strong>En tren<\/strong><br \/> <span>Tomar el tren de Alta Velocidad (AVE) hasta Lleida. Una vez en Lleida\u00a0 coger el autob\u00fas de la compa\u00f1\u00eda\u00a0<\/span><span>Alsa<\/span><span>\u00a0con parada en La Seu de Urgel o el mismo balneario.<\/span><\/p>\n<p>[\/et_pb_text][\/et_pb_column][\/et_pb_row][\/et_pb_section][et_pb_section fb_built=\u00bb1&#8243; disabled_on=\u00bbon|on|on\u00bb _builder_version=\u00bb4.27.4&#8243; background_color=\u00bb#9b9b9b\u00bb vertical_offset_tablet=\u00bb0&#8243; horizontal_offset_tablet=\u00bb0&#8243; inner_width_tablet=\u00bb50px\u00bb inner_max_width_tablet=\u00bb50px\u00bb custom_padding=\u00bb10px||16px|\u00bb z_index_tablet=\u00bb500&#8243; box_shadow_horizontal_tablet=\u00bb0px\u00bb box_shadow_vertical_tablet=\u00bb0px\u00bb box_shadow_blur_tablet=\u00bb40px\u00bb box_shadow_spread_tablet=\u00bb0px\u00bb disabled=\u00bbon\u00bb global_colors_info=\u00bb{}\u00bb][et_pb_row column_structure=\u00bb1_4,1_4,1_4,1_4&#8243; use_custom_gutter=\u00bbon\u00bb gutter_width=\u00bb1&#8243; _builder_version=\u00bb4.27.4&#8243; custom_margin=\u00bb|auto|0px|auto|false|false\u00bb custom_padding=\u00bb6px||5px|\u00bb z_index_tablet=\u00bb500&#8243; box_shadow_horizontal_tablet=\u00bb0px\u00bb box_shadow_vertical_tablet=\u00bb0px\u00bb box_shadow_blur_tablet=\u00bb40px\u00bb box_shadow_spread_tablet=\u00bb0px\u00bb global_colors_info=\u00bb{}\u00bb][et_pb_column type=\u00bb1_4&#8243; _builder_version=\u00bb4.16&#8243; custom_padding=\u00bb|||\u00bb global_colors_info=\u00bb{}\u00bb custom_padding__hover=\u00bb|||\u00bb][et_pb_image src=\u00bbhttps:\/\/hotelsantvicenc.com\/wp-content\/uploads\/2019\/06\/peu-telefon.png\u00bb align=\u00bbcenter\u00bb _builder_version=\u00bb4.16&#8243; width=\u00bb15%\u00bb z_index_tablet=\u00bb500&#8243; box_shadow_horizontal_tablet=\u00bb0px\u00bb box_shadow_vertical_tablet=\u00bb0px\u00bb box_shadow_blur_tablet=\u00bb40px\u00bb box_shadow_spread_tablet=\u00bb0px\u00bb global_colors_info=\u00bb{}\u00bb][\/et_pb_image][et_pb_text _builder_version=\u00bb4.16&#8243; text_font=\u00bbMontserrat|300|||||||\u00bb text_text_color=\u00bb#ffffff\u00bb text_font_size=\u00bb17px\u00bb text_orientation=\u00bbcenter\u00bb text_text_align=\u00bbcenter\u00bb global_colors_info=\u00bb{}\u00bb]<\/p>\n<p>973 384 010<br \/> 671 559 585<\/p>\n<p>[\/et_pb_text][\/et_pb_column][et_pb_column type=\u00bb1_4&#8243; _builder_version=\u00bb4.16&#8243; custom_padding=\u00bb|||\u00bb global_colors_info=\u00bb{}\u00bb custom_padding__hover=\u00bb|||\u00bb][et_pb_image src=\u00bbhttps:\/\/hotelsantvicenc.com\/wp-content\/uploads\/2019\/06\/peu-email.png\u00bb align=\u00bbcenter\u00bb _builder_version=\u00bb4.16&#8243; width=\u00bb15%\u00bb z_index_tablet=\u00bb500&#8243; box_shadow_horizontal_tablet=\u00bb0px\u00bb box_shadow_vertical_tablet=\u00bb0px\u00bb box_shadow_blur_tablet=\u00bb40px\u00bb box_shadow_spread_tablet=\u00bb0px\u00bb global_colors_info=\u00bb{}\u00bb][\/et_pb_image][et_pb_text _builder_version=\u00bb4.16&#8243; text_font=\u00bb||||||||\u00bb link_font=\u00bbMontserrat|300|||||||\u00bb link_text_align=\u00bbleft\u00bb link_text_color=\u00bb#ffffff\u00bb link_font_size=\u00bb17px\u00bb text_orientation=\u00bbcenter\u00bb text_text_align=\u00bbcenter\u00bb global_colors_info=\u00bb{}\u00bb]<\/p>\n<p><a href=\"https:\/\/linceo.svt.es:8443\/smb\/email-address\/edit\/id\/49\">reserves@hotelsantvicenc.com<\/a><\/p>\n<p>[\/et_pb_text][\/et_pb_column][et_pb_column type=\u00bb1_4&#8243; _builder_version=\u00bb4.16&#8243; custom_padding=\u00bb|||\u00bb global_colors_info=\u00bb{}\u00bb custom_padding__hover=\u00bb|||\u00bb][et_pb_image src=\u00bbhttps:\/\/hotelsantvicenc.com\/wp-content\/uploads\/2019\/06\/peu-onsom.png\u00bb url=\u00bbhttps:\/\/www.google.com\/maps\/place\/Hotel+Balneari+Sant+Vicen%C3%A7\/@42.3684889,1.5946055,15z\/data=!4m2!3m1!1s0x0:0xef70ee504c88bc29?sa=X&#038;ved=2ahUKEwjX-5Sn5PDiAhVMOBoKHSJrCvYQ_BIwDnoECBAQCA\u00bb align=\u00bbcenter\u00bb _builder_version=\u00bb4.16&#8243; width=\u00bb15%\u00bb z_index_tablet=\u00bb500&#8243; box_shadow_horizontal_tablet=\u00bb0px\u00bb box_shadow_vertical_tablet=\u00bb0px\u00bb box_shadow_blur_tablet=\u00bb40px\u00bb box_shadow_spread_tablet=\u00bb0px\u00bb global_colors_info=\u00bb{}\u00bb][\/et_pb_image][et_pb_text _builder_version=\u00bb4.16&#8243; text_font=\u00bbMontserrat|300|||||||\u00bb text_text_color=\u00bb#ffffff\u00bb text_font_size=\u00bb17px\u00bb text_orientation=\u00bbcenter\u00bb text_text_align=\u00bbcenter\u00bb global_colors_info=\u00bb{}\u00bb]<\/p>\n<p>Encu\u00e9ntranos<\/p>\n<p>[\/et_pb_text][\/et_pb_column][et_pb_column type=\u00bb1_4&#8243; _builder_version=\u00bb4.16&#8243; custom_padding=\u00bb|||\u00bb global_colors_info=\u00bb{}\u00bb custom_padding__hover=\u00bb|||\u00bb][et_pb_text _builder_version=\u00bb4.16&#8243; text_font=\u00bb||||||||\u00bb text_orientation=\u00bbcenter\u00bb z_index_tablet=\u00bb500&#8243; text_text_shadow_horizontal_length_tablet=\u00bb0px\u00bb text_text_shadow_vertical_length_tablet=\u00bb0px\u00bb text_text_shadow_blur_strength_tablet=\u00bb1px\u00bb link_text_shadow_horizontal_length_tablet=\u00bb0px\u00bb link_text_shadow_vertical_length_tablet=\u00bb0px\u00bb link_text_shadow_blur_strength_tablet=\u00bb1px\u00bb ul_text_shadow_horizontal_length_tablet=\u00bb0px\u00bb ul_text_shadow_vertical_length_tablet=\u00bb0px\u00bb ul_text_shadow_blur_strength_tablet=\u00bb1px\u00bb ol_text_shadow_horizontal_length_tablet=\u00bb0px\u00bb ol_text_shadow_vertical_length_tablet=\u00bb0px\u00bb ol_text_shadow_blur_strength_tablet=\u00bb1px\u00bb quote_text_shadow_horizontal_length_tablet=\u00bb0px\u00bb quote_text_shadow_vertical_length_tablet=\u00bb0px\u00bb quote_text_shadow_blur_strength_tablet=\u00bb1px\u00bb header_text_shadow_horizontal_length_tablet=\u00bb0px\u00bb header_text_shadow_vertical_length_tablet=\u00bb0px\u00bb header_text_shadow_blur_strength_tablet=\u00bb1px\u00bb header_2_text_shadow_horizontal_length_tablet=\u00bb0px\u00bb header_2_text_shadow_vertical_length_tablet=\u00bb0px\u00bb header_2_text_shadow_blur_strength_tablet=\u00bb1px\u00bb header_3_text_shadow_horizontal_length_tablet=\u00bb0px\u00bb header_3_text_shadow_vertical_length_tablet=\u00bb0px\u00bb header_3_text_shadow_blur_strength_tablet=\u00bb1px\u00bb header_4_text_shadow_horizontal_length_tablet=\u00bb0px\u00bb header_4_text_shadow_vertical_length_tablet=\u00bb0px\u00bb header_4_text_shadow_blur_strength_tablet=\u00bb1px\u00bb header_5_text_shadow_horizontal_length_tablet=\u00bb0px\u00bb header_5_text_shadow_vertical_length_tablet=\u00bb0px\u00bb header_5_text_shadow_blur_strength_tablet=\u00bb1px\u00bb header_6_text_shadow_horizontal_length_tablet=\u00bb0px\u00bb header_6_text_shadow_vertical_length_tablet=\u00bb0px\u00bb header_6_text_shadow_blur_strength_tablet=\u00bb1px\u00bb box_shadow_horizontal_tablet=\u00bb0px\u00bb box_shadow_vertical_tablet=\u00bb0px\u00bb box_shadow_blur_tablet=\u00bb40px\u00bb box_shadow_spread_tablet=\u00bb0px\u00bb text_text_align=\u00bbcenter\u00bb global_colors_info=\u00bb{}\u00bb]<\/p>\n<p><a href=\"https:\/\/www.facebook.com\/santvicenc\/\" target=\"_blank\" rel=\"noopener noreferrer\"><img loading=\"lazy\" decoding=\"async\" class=\"wp-image-134 alignnone size-medium\" src=\"https:\/\/hotelsantvicenc.com\/wp-content\/uploads\/2019\/06\/peu-facebook-300x300.png\" alt=\"\" width=\"44\" height=\"44\" srcset=\"https:\/\/hotelsantvicenc.com\/wp-content\/uploads\/2019\/06\/peu-facebook-300x300.png 300w, https:\/\/hotelsantvicenc.com\/wp-content\/uploads\/2019\/06\/peu-facebook-150x150.png 150w, https:\/\/hotelsantvicenc.com\/wp-content\/uploads\/2019\/06\/peu-facebook.png 314w\" sizes=\"(max-width: 44px) 100vw, 44px\" \/><\/a>\u00a0 \u00a0 <a href=\"https:\/\/www.pinterest.es\/marta2826\/pins\/\" target=\"_blank\" rel=\"noopener noreferrer\"><img loading=\"lazy\" decoding=\"async\" class=\"wp-image-137 alignnone size-medium\" src=\"https:\/\/hotelsantvicenc.com\/wp-content\/uploads\/2019\/06\/peu-pinterest-300x300.png\" alt=\"\" width=\"44\" height=\"44\" srcset=\"https:\/\/hotelsantvicenc.com\/wp-content\/uploads\/2019\/06\/peu-pinterest-300x300.png 300w, https:\/\/hotelsantvicenc.com\/wp-content\/uploads\/2019\/06\/peu-pinterest-150x150.png 150w, https:\/\/hotelsantvicenc.com\/wp-content\/uploads\/2019\/06\/peu-pinterest.png 314w\" sizes=\"(max-width: 44px) 100vw, 44px\" \/><\/a>\u00a0 \u00a0\u00a0<a href=\"https:\/\/www.instagram.com\/balnearisantvicenc\/\"><img loading=\"lazy\" decoding=\"async\" class=\"wp-image-135 alignnone size-medium\" src=\"https:\/\/hotelsantvicenc.com\/wp-content\/uploads\/2019\/06\/peu-instagram-300x300.png\" alt=\"\" width=\"44\" height=\"44\" srcset=\"https:\/\/hotelsantvicenc.com\/wp-content\/uploads\/2019\/06\/peu-instagram-300x300.png 300w, https:\/\/hotelsantvicenc.com\/wp-content\/uploads\/2019\/06\/peu-instagram-150x150.png 150w, https:\/\/hotelsantvicenc.com\/wp-content\/uploads\/2019\/06\/peu-instagram.png 314w\" sizes=\"(max-width: 44px) 100vw, 44px\" \/><\/a><\/p>\n<p>[\/et_pb_text][et_pb_text _builder_version=\u00bb4.16&#8243; text_font=\u00bbMontserrat|300|||||||\u00bb text_text_color=\u00bb#ffffff\u00bb text_font_size=\u00bb17px\u00bb text_orientation=\u00bbcenter\u00bb text_text_align=\u00bbcenter\u00bb global_colors_info=\u00bb{}\u00bb]<\/p>\n<p>S\u00edguenos<\/p>\n<p>[\/et_pb_text][\/et_pb_column][\/et_pb_row][et_pb_row _builder_version=\u00bb4.27.4&#8243; background_size=\u00bbinitial\u00bb background_position=\u00bbtop_left\u00bb background_repeat=\u00bbrepeat\u00bb custom_margin=\u00bb|auto|0px|auto|false|false\u00bb custom_padding=\u00bb0px|||||\u00bb global_colors_info=\u00bb{}\u00bb][et_pb_column type=\u00bb4_4&#8243; _builder_version=\u00bb4.16&#8243; custom_padding=\u00bb|||\u00bb global_colors_info=\u00bb{}\u00bb custom_padding__hover=\u00bb|||\u00bb][et_pb_text _builder_version=\u00bb4.16&#8243; text_font=\u00bb||||||||\u00bb text_text_color=\u00bb#ffffff\u00bb link_font=\u00bb||||||||\u00bb link_text_align=\u00bbcenter\u00bb link_text_color=\u00bb#ffffff\u00bb text_orientation=\u00bbcenter\u00bb z_index_tablet=\u00bb500&#8243; text_text_shadow_horizontal_length_tablet=\u00bb0px\u00bb text_text_shadow_vertical_length_tablet=\u00bb0px\u00bb text_text_shadow_blur_strength_tablet=\u00bb1px\u00bb link_text_shadow_horizontal_length_tablet=\u00bb0px\u00bb link_text_shadow_vertical_length_tablet=\u00bb0px\u00bb link_text_shadow_blur_strength_tablet=\u00bb1px\u00bb ul_text_shadow_horizontal_length_tablet=\u00bb0px\u00bb ul_text_shadow_vertical_length_tablet=\u00bb0px\u00bb ul_text_shadow_blur_strength_tablet=\u00bb1px\u00bb ol_text_shadow_horizontal_length_tablet=\u00bb0px\u00bb ol_text_shadow_vertical_length_tablet=\u00bb0px\u00bb ol_text_shadow_blur_strength_tablet=\u00bb1px\u00bb quote_text_shadow_horizontal_length_tablet=\u00bb0px\u00bb quote_text_shadow_vertical_length_tablet=\u00bb0px\u00bb quote_text_shadow_blur_strength_tablet=\u00bb1px\u00bb header_text_shadow_horizontal_length_tablet=\u00bb0px\u00bb header_text_shadow_vertical_length_tablet=\u00bb0px\u00bb header_text_shadow_blur_strength_tablet=\u00bb1px\u00bb header_2_text_shadow_horizontal_length_tablet=\u00bb0px\u00bb header_2_text_shadow_vertical_length_tablet=\u00bb0px\u00bb header_2_text_shadow_blur_strength_tablet=\u00bb1px\u00bb header_3_text_shadow_horizontal_length_tablet=\u00bb0px\u00bb header_3_text_shadow_vertical_length_tablet=\u00bb0px\u00bb header_3_text_shadow_blur_strength_tablet=\u00bb1px\u00bb header_4_text_shadow_horizontal_length_tablet=\u00bb0px\u00bb header_4_text_shadow_vertical_length_tablet=\u00bb0px\u00bb header_4_text_shadow_blur_strength_tablet=\u00bb1px\u00bb header_5_text_shadow_horizontal_length_tablet=\u00bb0px\u00bb header_5_text_shadow_vertical_length_tablet=\u00bb0px\u00bb header_5_text_shadow_blur_strength_tablet=\u00bb1px\u00bb header_6_text_shadow_horizontal_length_tablet=\u00bb0px\u00bb header_6_text_shadow_vertical_length_tablet=\u00bb0px\u00bb header_6_text_shadow_blur_strength_tablet=\u00bb1px\u00bb box_shadow_horizontal_tablet=\u00bb0px\u00bb box_shadow_vertical_tablet=\u00bb0px\u00bb box_shadow_blur_tablet=\u00bb40px\u00bb box_shadow_spread_tablet=\u00bb0px\u00bb text_text_align=\u00bbcenter\u00bb global_colors_info=\u00bb{}\u00bb]<\/p>\n<p>HOTEL SANT VICEN\u00c7\u00a9 \/\/<a href=\"https:\/\/hotelsantvicenc.com\/politica-de-privadesa-2\/\"> POL\u00cdTICA DE PRIVACITAT<\/a> \/ <a href=\"https:\/\/hotelsantvicenc.com\/avis-legal\/\">AV\u00cdS LEGAL<\/a> \/ <a href=\"https:\/\/hotelsantvicenc.com\/politica-de-cookies\/\">POL\u00cdTICA DE COOKIES<\/a><\/p>\n<p>[\/et_pb_text][\/et_pb_column][\/et_pb_row][\/et_pb_section]<\/p>\n","protected":false},"excerpt":{"rendered":"<p>Coordenadas GPS: N 42\u00ba 22&#8242; 6.84&#8243; E 001\u00ba 35&#8242; 39.33&#8243; Coordenadas GPS: N 42\u00ba 22&#8242; 6.84&#8243; E 001\u00ba 35&#8242; 39.33&#8243; Desde Barcelona En coche Por la N II hasta Cervera, de Cervera en Ponts, de Ponts en La Seu d&#8217;Urgell por la C 14 y de La Seu continuar direcci\u00f3n Puigcerd\u00e1 por la N 260 [&hellip;]<\/p>\n","protected":false},"author":1,"featured_media":0,"parent":0,"menu_order":0,"comment_status":"closed","ping_status":"closed","template":"","meta":{"_et_pb_use_builder":"on","_et_pb_old_content":"<p>[et_pb_section fb_built=\"1\" _builder_version=\"3.23.3\" min_height=\"840px\" custom_padding=\"16px|||||\" custom_margin_last_edited=\"on|desktop\" custom_margin_phone=\"-50px||\"][et_pb_row custom_padding=\"6px||0px|||\" _builder_version=\"3.23.3\" border_width_bottom=\"1px\" border_color_bottom=\"#b7b7b7\"][et_pb_column type=\"4_4\" _builder_version=\"3.0.47\"][et_pb_post_title meta=\"off\" featured_image=\"off\" _builder_version=\"3.23.3\" title_font=\"Montserrat|300|||||||\" title_text_color=\"#59adbb\" title_font_size=\"48px\" title_letter_spacing=\"-1px\"]<br \/>[\/et_pb_post_title][\/et_pb_column][\/et_pb_row][et_pb_row _builder_version=\"3.23.3\"][et_pb_column type=\"1_3\" _builder_version=\"3.0.47\"][et_pb_text _builder_version=\"3.23.3\" text_font=\"Montserrat|300|||||||\" text_font_size=\"21px\" header_font=\"||||||||\" header_2_font=\"Satisfy||||||||\" header_2_font_size=\"31px\" custom_margin=\"19px||9px|||\"]<\/p><p style=\"text-align: justify;\">Coordenades GPS:<\/p><p>[\/et_pb_text][et_pb_text _builder_version=\"3.23.3\" text_font=\"Montserrat|300|||||||\" text_text_color=\"#59adbb\" text_font_size=\"31px\" text_line_height=\"1.2em\" header_font=\"||||||||\" header_2_font=\"Satisfy||||||||\" header_2_font_size=\"31px\"]<\/p><p style=\"text-align: justify;\">N 42\u00ba 22' 6.84\" <br \/>E 001\u00ba 35' 39.33\"<\/p><p>[\/et_pb_text][et_pb_button button_url=\"#barcelona\" button_text=\"Des de Barcelona\" _builder_version=\"3.23.3\" custom_button=\"on\" button_text_size=\"18px\" button_text_color=\"#59adbb\" button_bg_color=\"#dbeff3\" button_border_width=\"0px\" button_font=\"Montserrat||||||||\" custom_margin=\"||15px|||\"]<br \/>[\/et_pb_button][et_pb_button button_url=\"#lleida\" button_text=\"Des de Lleida\" _builder_version=\"3.23.3\" custom_button=\"on\" button_text_size=\"18px\" button_text_color=\"#59adbb\" button_bg_color=\"#dbeff3\" button_border_width=\"0px\" button_font=\"Montserrat||||||||\" custom_margin=\"|0px|14px|||\" custom_padding=\"|55px||||\"]<br \/>[\/et_pb_button][et_pb_button button_url=\"#tarragona\" button_text=\"Des de Tarragona\" _builder_version=\"3.23.3\" custom_button=\"on\" button_text_size=\"18px\" button_text_color=\"#59adbb\" button_bg_color=\"#dbeff3\" button_border_width=\"0px\" button_font=\"Montserrat||||||||\" custom_margin=\"|0px|13px|||\" custom_padding=\"|17px||||\"]<br \/>[\/et_pb_button][et_pb_button button_url=\"#girona\" button_text=\"Des de Girona\" _builder_version=\"3.23.3\" custom_button=\"on\" button_text_size=\"18px\" button_text_color=\"#59adbb\" button_bg_color=\"#dbeff3\" button_border_width=\"0px\" button_font=\"Montserrat||||||||\" custom_margin=\"|0px|15px|||\" custom_padding=\"|48px||||\"]<br \/>[\/et_pb_button][et_pb_button button_url=\"#madrid\" button_text=\"Des de Madrid\" _builder_version=\"3.23.3\" custom_button=\"on\" button_text_size=\"18px\" button_text_color=\"#59adbb\" button_bg_color=\"#dbeff3\" button_border_width=\"0px\" button_font=\"Montserrat||||||||\" custom_margin=\"|0px||||\" custom_padding=\"|44px||||\"]<br \/>[\/et_pb_button][\/et_pb_column][et_pb_column type=\"2_3\" _builder_version=\"3.0.47\"][et_pb_image src=\"http:\/\/hotelsantvicenc.com\/wp-content\/uploads\/2019\/06\/image_preview.jpg\" force_fullwidth=\"on\" _builder_version=\"3.23.3\"]<br \/>[\/et_pb_image][\/et_pb_column][\/et_pb_row][et_pb_row module_id=\"barcelona\" _builder_version=\"3.23.3\" border_width_top=\"1px\" border_color_top=\"#b7b7b7\" border_width_bottom=\"1px\" border_color_bottom=\"#b7b7b7\"][et_pb_column type=\"4_4\" _builder_version=\"3.0.47\"][et_pb_text _builder_version=\"3.23.3\" text_font=\"Montserrat|300|||||||\" text_text_color=\"#59adbb\" text_font_size=\"27px\"]<\/p><p>Des de Barcelona<\/p><p>[\/et_pb_text][et_pb_text _builder_version=\"3.23.3\" text_font=\"||||||||\" link_font=\"||||||||\" link_text_color=\"#59adbb\"]<\/p><p style=\"text-align: justify;\"><b><span style=\"color: #59adbb;\">En cotxe<\/span><br \/><\/b>Per la N II fins a Cervera, de Cervera a Ponts, de Ponts a La Seu d'Urgell per la C 14 i de La Seu continuar direcci\u00f3 Puigcerd\u00e0 per la N 260 fins trobar l'hotel a 12 km.<br \/>Per l'Eix del Llobregat passant pel tunel del Cadi i enlla\u00e7ar amb la N 260 a Bellver de Cerdanya per a continuar passant per Martinet fins l'hotel.<\/p><p style=\"text-align: justify;\"><b><span style=\"color: #59adbb;\">En autob\u00fas<\/span><br \/><\/b>Servei d'autobusos Alsa des de l'estaci\u00f3 del Nord-Barcelona <br \/>Sortida de l'estaci\u00f3 del Nord a les 7,00h i arribada a La Seu d'Urgell a les 09,45h, tamb\u00e9 sortida de la mateixa estaci\u00f3 a les 19,00h i parada davant mateix del balneari a les 21,30h (Reserveu bitllet i assegureu-vos de comprar serveis directes pel T\u00fanel del Cad\u00ed). Si l'autob\u00fas us deixa a La Seu d'Urgell comptem amb un servei de recollida. Aviseu-nos! \u00a0 \u00a0 \u00a0 \u00a0 \u00a0 \u00a0 \u00a0 \u00a0 \u00a0 \u00a0 \u00a0 \u00a0 \u00a0\u00a0 <a href=\"http:\/\/www.alsa.com\">www.alsa.com<\/a>\u00a0\u00a0\u00a0\u00a0\u00a0 Tel 93 2656508<\/p><p style=\"text-align: justify;\"><span style=\"color: #59adbb;\"><b>En autob\u00fas des de l'aeroport<br \/><\/b><\/span>Consulteu l'horari de servei d'autocars NOVATEL que realitza trajectes directes des d'ambd\u00f3s aeroports fins Andorra. Compreu el bitllet fins a la frontera d'Andorra que \u00e9s la primera parada d'Andorra i poseu-vos en contacte amb nosaltres per la recollida.<br \/><a class=\"mail-link\" href=\"mailto:novatel@andorrabybus.com\">novatel@andorrabybus.com\u00a0 Tel 00 376 8037<\/a><\/p><p style=\"text-align: justify;\"><span style=\"color: #59adbb;\"><b>En taxi<br \/><\/b><\/span>Existeixen diferents serveis de taxi que fan el trajecte BCN-Andorra amb parades a La Seu d'Urgell o al mateix hotel previ acord. A continuaci\u00f3 us en facilitem dos tel\u00e8fons de contacte:<br \/><strong>Taxi Carlos \/\/ 606804708<\/strong><br \/><strong> Taxi Pere \/\/ 606676318<\/strong><\/p><p style=\"text-align: justify;\"><span style=\"color: #59adbb;\"><b>En tren<br \/><\/b><\/span>L'estaci\u00f3 de RENFE m\u00e9s propera es troba a Puigcerd\u00e0, alguns dels cotxes de l\u00ednia que van i venen de Puigcerd\u00e0 a la Seu passant per l'hotel tenen correspond\u00e8ncia amb el tren de Barcelona. www.alsa.com<\/p><p>[\/et_pb_text][\/et_pb_column][\/et_pb_row][et_pb_row module_id=\"lleida\" _builder_version=\"3.23.3\" border_color_top=\"#b7b7b7\" border_width_bottom=\"1px\" border_color_bottom=\"#b7b7b7\"][et_pb_column type=\"4_4\" _builder_version=\"3.0.47\"][et_pb_text _builder_version=\"3.23.3\" text_font=\"Montserrat|300|||||||\" text_text_color=\"#59adbb\" text_font_size=\"27px\"]<\/p><p>Des de Lleida<\/p><p>[\/et_pb_text][et_pb_text _builder_version=\"3.23.3\" text_font=\"||||||||\" link_font=\"||||||||\" link_text_color=\"#59adbb\"]<\/p><p style=\"text-align: justify;\"><b><span style=\"color: #59adbb;\">En cotxe<\/span><br \/><\/b>Via Ponts i seguir fins La Seu d'Urgell. Des de La Seu d'Urgell continuar 12 km. en direcci\u00f3 Puigcerd\u00e0. El balneari est\u00e0 situat a la mateixa carretera entre els creuaments dels poble d'Ars\u00e8guel i Aristot..<\/p><p style=\"text-align: justify;\"><b><span style=\"color: #59adbb;\">En autob\u00fas<\/span><br \/><\/b>El trajecte m\u00e9s directe \u00e9s el seg\u00fcent: Sortida de l'estaci\u00f3 d'autobusos de Lleida a les 9,15h i arribada davant mateix del balneari a les 12,29h.<br \/>Consulteu altres horaris a l'empresa d'autocars <strong>Alsa. Tel 973 271470<\/strong><\/p><p style=\"text-align: justify;\"><span style=\"color: #59adbb;\"><b>En taxi<br \/><\/b><\/span>Existeix un servei regular de taxi amb sortida de Lleida a les 15,00h i arribada a La Seu d'Urgell a les 17,00h). Contacteu amb el taxista <strong>Sr. Josep Aliart Tel. 659965135<\/strong><\/p><p>[\/et_pb_text][\/et_pb_column][\/et_pb_row][et_pb_row module_id=\"tarragona\" _builder_version=\"3.23.3\" border_color_top=\"#b7b7b7\" border_width_bottom=\"1px\" border_color_bottom=\"#b7b7b7\"][et_pb_column type=\"4_4\" _builder_version=\"3.0.47\"][et_pb_text _builder_version=\"3.23.3\" text_font=\"Montserrat|300|||||||\" text_text_color=\"#59adbb\" text_font_size=\"27px\"]<\/p><p>Des de Tarragona<\/p><p>[\/et_pb_text][et_pb_text _builder_version=\"3.23.3\" text_font=\"||||||||\" link_font=\"||||||||\" link_text_color=\"#59adbb\"]<\/p><p style=\"text-align: justify;\"><b><span style=\"color: #59adbb;\">En cotxe<\/span><br \/><\/b>Via Montblanc i T\u00e0rrega fins arribar a Ponts i seguir fins La Seu d'Urgell. Des de La Seu d'Urgell continuar 12 km. en direcci\u00f3 Puigcerd\u00e0. El balneari est\u00e0 situat a la mateixa carretera entre els creuaments dels poble d'Ars\u00e8guel i Aristot.<\/p><p style=\"text-align: justify;\"><b><span style=\"color: #59adbb;\">En autob\u00fas<\/span><br \/><\/b>Trajecte regular amb sortida de Tarragona a les 08,05h i arribada a La Seu d'Urgell a les 11,10h. Consulteu altres horaris a\u00a0<strong><a class=\"external-link\" href=\"http:\/\/www.igualadina.com\/\" target=\"_blank\" rel=\"noopener noreferrer\">www.igualadina.com<\/a>\u00a0Tel. 902292900<\/strong><\/p><p>[\/et_pb_text][\/et_pb_column][\/et_pb_row][et_pb_row module_id=\"girona\" _builder_version=\"3.23.3\" border_color_top=\"#b7b7b7\" border_width_bottom=\"1px\" border_color_bottom=\"#b7b7b7\"][et_pb_column type=\"4_4\" _builder_version=\"3.0.47\"][et_pb_text _builder_version=\"3.23.3\" text_font=\"Montserrat|300|||||||\" text_text_color=\"#59adbb\" text_font_size=\"27px\"]<\/p><p>Des de Girona<\/p><p>[\/et_pb_text][et_pb_text _builder_version=\"3.23.3\" text_font=\"||||||||\" link_font=\"||||||||\" link_text_color=\"#59adbb\"]<\/p><p style=\"text-align: justify;\"><b><span style=\"color: #59adbb;\">En cotxe<\/span><br \/><\/b>Per l'eix transversal fins a Manresa passant per Vic. Agafar l'autovia direcci\u00f3 Puigcerd\u00e0\/T\u00fanel del Cad\u00ed. Un cop travessat el t\u00fanel prendre la direcci\u00f3 La Seu d'Urgell\/Andorra i a 30 km trobaran el balneari a la seva esquerra.<\/p><p style=\"text-align: justify;\"><b><span style=\"color: #59adbb;\">En autob\u00fas des de l'aeroport<\/span><br \/><\/b>Consulteu l'horari de servei d'autocars NOVATEL que realitza trajectes directes des d'ambd\u00f3s aeroports fins Andorra. Compreu el bitllet fins a Sant Juli\u00e0 de L\u00f2ria que \u00e9s la primera parada d'Andorra i poseu-vos en contacte amb nosaltres per la recollida.\u00a0<strong><a class=\"mail-link\" href=\"mailto:novatel@andorrabybus.com\">novatel@andorrabybus.com<\/a><\/strong><br \/><strong>Tel. 00 376 8037<\/strong><\/p><p>[\/et_pb_text][\/et_pb_column][\/et_pb_row][et_pb_row module_id=\"madrid\" _builder_version=\"3.23.3\" border_color_top=\"#b7b7b7\" border_width_bottom=\"1px\" border_color_bottom=\"#b7b7b7\"][et_pb_column type=\"4_4\" _builder_version=\"3.0.47\"][et_pb_text _builder_version=\"3.23.3\" text_font=\"Montserrat|300|||||||\" text_text_color=\"#59adbb\" text_font_size=\"27px\"]<\/p><p>Des de Madrid<\/p><p>[\/et_pb_text][et_pb_text _builder_version=\"3.23.3\" text_font=\"||||||||\" link_font=\"||||||||\" link_text_color=\"#59adbb\"]<\/p><p style=\"text-align: justify;\"><b><span style=\"color: #59adbb;\">En cotxe<\/span><br \/><\/b>Per la AP-2 direcci\u00f3 Saragossa, continuar direcci\u00f3 Lleida, continuar direcci\u00f3 Balaguer Ponts, de Ponts a La Seu d'Urgell per la C 14 i de La Seu continuar direcci\u00f3 Puigcerd\u00e0 per la N 260 fins trobar l'hotel a 12 km.<\/p><p style=\"text-align: justify;\"><b><span style=\"color: #59adbb;\">En tren<\/span><br \/><\/b>Prendre el tren d'Alta Velocitat (AVE) fins a Lleida. Un cop a la ciutat agafar l'autob\u00fas de la companyia Alsa que els aturar\u00e0 a davant del balneari.<\/p><p>[\/et_pb_text][\/et_pb_column][\/et_pb_row][\/et_pb_section][et_pb_section fb_built=\"1\" _builder_version=\"3.23.3\" background_color=\"#9b9b9b\" custom_padding=\"10px||16px|||\" global_module=\"192\" saved_tabs=\"all\"][et_pb_row use_custom_gutter=\"on\" gutter_width=\"1\" custom_padding=\"6px||5px|||\" _builder_version=\"3.23.3\"][et_pb_column type=\"1_4\" _builder_version=\"3.0.47\"][et_pb_image src=\"http:\/\/hotelsantvicenc.com\/wp-content\/uploads\/2019\/06\/peu-telefon.png\" align=\"center\" _builder_version=\"3.23.3\" width=\"15%\"][\/et_pb_image][et_pb_text _builder_version=\"3.23.3\" text_font=\"Montserrat|300|||||||\" text_text_align=\"center\" text_text_color=\"#ffffff\" text_font_size=\"17px\" custom_margin=\"||\" custom_padding=\"15px||\"]<\/p><p>973 384 010<br \/>671 559 585<\/p><p>[\/et_pb_text][\/et_pb_column][et_pb_column type=\"1_4\" _builder_version=\"3.0.47\"][et_pb_image src=\"http:\/\/hotelsantvicenc.com\/wp-content\/uploads\/2019\/06\/peu-email.png\" align=\"center\" _builder_version=\"3.23.3\" width=\"15%\"][\/et_pb_image][et_pb_text _builder_version=\"3.23.3\" text_font=\"Montserrat|300|||||||\" text_text_align=\"center\" text_text_color=\"#ffffff\" text_font_size=\"17px\" link_font=\"||||||||\" link_text_color=\"#ffffff\" custom_margin=\"||\" custom_padding=\"15px||\"]<\/p><p><a href=\"https:\/\/linceo.svt.es:8443\/smb\/email-address\/edit\/id\/49\">reserves@hotelsantvicenc.com<\/a><\/p><p>[\/et_pb_text][\/et_pb_column][et_pb_column type=\"1_4\" _builder_version=\"3.0.47\"][et_pb_image src=\"http:\/\/hotelsantvicenc.com\/wp-content\/uploads\/2019\/06\/peu-onsom.png\" url=\"https:\/\/www.google.com\/maps\/place\/Hotel+Balneari+Sant+Vicen%C3%A7\/@42.3684889,1.5946055,15z\/data=!4m2!3m1!1s0x0:0xef70ee504c88bc29?sa=X&ved=2ahUKEwjX-5Sn5PDiAhVMOBoKHSJrCvYQ_BIwDnoECBAQCA\" url_new_window=\"on\" align=\"center\" _builder_version=\"3.23.3\" width=\"15%\"][\/et_pb_image][et_pb_text _builder_version=\"3.23.3\" text_font=\"Montserrat|300|||||||\" text_text_align=\"center\" text_text_color=\"#ffffff\" text_font_size=\"17px\" custom_margin=\"||\" custom_padding=\"15px||\"]<\/p><p>Troba'ns<\/p><p>[\/et_pb_text][\/et_pb_column][et_pb_column type=\"1_4\" _builder_version=\"3.0.47\"][et_pb_text _builder_version=\"3.23.3\" text_font=\"||||||||\" text_text_align=\"center\" width=\"73%\"]<\/p><p><a href=\"https:\/\/www.facebook.com\/santvicenc\/\" target=\"_blank\" rel=\"noopener noreferrer\"><img class=\"wp-image-134 alignnone size-medium\" src=\"https:\/\/hotelsantvicenc.com\/wp-content\/uploads\/2019\/06\/peu-facebook-300x300.png\" alt=\"\" width=\"44\" height=\"44\" \/><\/a>\u00a0 \u00a0 <a href=\"https:\/\/www.pinterest.es\/marta2826\/pins\/\" target=\"_blank\" rel=\"noopener noreferrer\"><img class=\"wp-image-137 alignnone size-medium\" src=\"https:\/\/hotelsantvicenc.com\/wp-content\/uploads\/2019\/06\/peu-pinterest-300x300.png\" alt=\"\" width=\"44\" height=\"44\" \/><\/a>\u00a0 \u00a0\u00a0<a href=\"https:\/\/www.instagram.com\/balnearisantvicenc\/\"><img class=\"wp-image-135 alignnone size-medium\" src=\"https:\/\/hotelsantvicenc.com\/wp-content\/uploads\/2019\/06\/peu-instagram-300x300.png\" alt=\"\" width=\"44\" height=\"44\" \/><\/a><\/p><p>[\/et_pb_text][et_pb_text _builder_version=\"3.23.3\" text_font=\"Montserrat|300|||||||\" text_text_align=\"center\" text_text_color=\"#ffffff\" text_font_size=\"17px\" custom_margin=\"||\" custom_padding=\"37px|||||\"]<\/p><p>Segueix-nos<\/p><p>[\/et_pb_text][\/et_pb_column][\/et_pb_row][et_pb_row custom_padding=\"5px||3px|||\" _builder_version=\"3.23.3\"][et_pb_column type=\"4_4\" _builder_version=\"3.0.47\"][et_pb_text _builder_version=\"3.23.3\" text_text_color=\"#ffffff\" link_text_color=\"#ffffff\" text_orientation=\"center\" z_index_tablet=\"500\" text_text_shadow_horizontal_length_tablet=\"0px\" text_text_shadow_vertical_length_tablet=\"0px\" text_text_shadow_blur_strength_tablet=\"1px\" link_text_shadow_horizontal_length_tablet=\"0px\" link_text_shadow_vertical_length_tablet=\"0px\" link_text_shadow_blur_strength_tablet=\"1px\" ul_text_shadow_horizontal_length_tablet=\"0px\" ul_text_shadow_vertical_length_tablet=\"0px\" ul_text_shadow_blur_strength_tablet=\"1px\" ol_text_shadow_horizontal_length_tablet=\"0px\" ol_text_shadow_vertical_length_tablet=\"0px\" ol_text_shadow_blur_strength_tablet=\"1px\" quote_text_shadow_horizontal_length_tablet=\"0px\" quote_text_shadow_vertical_length_tablet=\"0px\" quote_text_shadow_blur_strength_tablet=\"1px\" header_text_shadow_horizontal_length_tablet=\"0px\" header_text_shadow_vertical_length_tablet=\"0px\" header_text_shadow_blur_strength_tablet=\"1px\" header_2_text_shadow_horizontal_length_tablet=\"0px\" header_2_text_shadow_vertical_length_tablet=\"0px\" header_2_text_shadow_blur_strength_tablet=\"1px\" header_3_text_shadow_horizontal_length_tablet=\"0px\" header_3_text_shadow_vertical_length_tablet=\"0px\" header_3_text_shadow_blur_strength_tablet=\"1px\" header_4_text_shadow_horizontal_length_tablet=\"0px\" header_4_text_shadow_vertical_length_tablet=\"0px\" header_4_text_shadow_blur_strength_tablet=\"1px\" header_5_text_shadow_horizontal_length_tablet=\"0px\" header_5_text_shadow_vertical_length_tablet=\"0px\" header_5_text_shadow_blur_strength_tablet=\"1px\" header_6_text_shadow_horizontal_length_tablet=\"0px\" header_6_text_shadow_vertical_length_tablet=\"0px\" header_6_text_shadow_blur_strength_tablet=\"1px\" box_shadow_horizontal_tablet=\"0px\" box_shadow_vertical_tablet=\"0px\" box_shadow_blur_tablet=\"40px\" box_shadow_spread_tablet=\"0px\"]<\/p><p>HOTEL SANT VICEN\u00c7\u00a9 \/\/<a href=\"http:\/\/hotelsantvicenc.com\/politica-de-privadesa-2\/\"> POL\u00cdTICA DE PRIVACITAT<\/a> \/ <a href=\"http:\/\/hotelsantvicenc.com\/avis-legal\/\">AV\u00cdS LEGAL<\/a> \/ <a href=\"http:\/\/hotelsantvicenc.com\/politica-de-cookies\/\">POL\u00cdTICA DE COOKIES<\/a><\/p><p>[\/et_pb_text][\/et_pb_column][\/et_pb_row][\/et_pb_section]<\/p>","_et_gb_content_width":"","_mc_calendar":[],"_joinchat":[],"footnotes":""},"class_list":["post-1633","page","type-page","status-publish","hentry"],"yoast_head":"<!-- This site is optimized with the Yoast SEO plugin v25.3 - https:\/\/yoast.com\/wordpress\/plugins\/seo\/ -->\n<title>Encontrarnos es sencillo - Hotel Sant Vicen\u00e7<\/title>\n<meta name=\"robots\" content=\"index, follow, max-snippet:-1, max-image-preview:large, max-video-preview:-1\" \/>\n<link rel=\"canonical\" href=\"https:\/\/hotelsantvicenc.com\/es\/encontrarnos-es-sencillo\/\" \/>\n<meta property=\"og:locale\" content=\"es_ES\" \/>\n<meta property=\"og:type\" content=\"article\" \/>\n<meta property=\"og:title\" content=\"Encontrarnos es sencillo - Hotel Sant Vicen\u00e7\" \/>\n<meta property=\"og:description\" content=\"Coordenadas GPS: N 42\u00ba 22&#039; 6.84&quot; E 001\u00ba 35&#039; 39.33&quot; Coordenadas GPS: N 42\u00ba 22&#039; 6.84&quot; E 001\u00ba 35&#039; 39.33&quot; Desde Barcelona En coche Por la N II hasta Cervera, de Cervera en Ponts, de Ponts en La Seu d&#039;Urgell por la C 14 y de La Seu continuar direcci\u00f3n Puigcerd\u00e1 por la N 260 [&hellip;]\" \/>\n<meta property=\"og:url\" content=\"https:\/\/hotelsantvicenc.com\/es\/encontrarnos-es-sencillo\/\" \/>\n<meta property=\"og:site_name\" content=\"Hotel Sant Vicen\u00e7\" \/>\n<meta property=\"article:modified_time\" content=\"2025-01-31T17:02:51+00:00\" \/>\n<meta property=\"og:image\" content=\"https:\/\/hotelsantvicenc.com\/wp-content\/uploads\/2019\/06\/peu-facebook-300x300.png\" \/>\n<meta name=\"twitter:card\" content=\"summary_large_image\" \/>\n<meta name=\"twitter:label1\" content=\"Tiempo de lectura\" \/>\n\t<meta name=\"twitter:data1\" content=\"6 minutos\" \/>\n<script type=\"application\/ld+json\" class=\"yoast-schema-graph\">{\"@context\":\"https:\/\/schema.org\",\"@graph\":[{\"@type\":\"WebPage\",\"@id\":\"https:\/\/hotelsantvicenc.com\/es\/encontrarnos-es-sencillo\/\",\"url\":\"https:\/\/hotelsantvicenc.com\/es\/encontrarnos-es-sencillo\/\",\"name\":\"Encontrarnos es sencillo - Hotel Sant Vicen\u00e7\",\"isPartOf\":{\"@id\":\"https:\/\/hotelsantvicenc.com\/es\/#website\"},\"primaryImageOfPage\":{\"@id\":\"https:\/\/hotelsantvicenc.com\/es\/encontrarnos-es-sencillo\/#primaryimage\"},\"image\":{\"@id\":\"https:\/\/hotelsantvicenc.com\/es\/encontrarnos-es-sencillo\/#primaryimage\"},\"thumbnailUrl\":\"https:\/\/hotelsantvicenc.com\/wp-content\/uploads\/2019\/06\/peu-facebook-300x300.png\",\"datePublished\":\"2019-12-16T16:25:49+00:00\",\"dateModified\":\"2025-01-31T17:02:51+00:00\",\"breadcrumb\":{\"@id\":\"https:\/\/hotelsantvicenc.com\/es\/encontrarnos-es-sencillo\/#breadcrumb\"},\"inLanguage\":\"es\",\"potentialAction\":[{\"@type\":\"ReadAction\",\"target\":[\"https:\/\/hotelsantvicenc.com\/es\/encontrarnos-es-sencillo\/\"]}]},{\"@type\":\"ImageObject\",\"inLanguage\":\"es\",\"@id\":\"https:\/\/hotelsantvicenc.com\/es\/encontrarnos-es-sencillo\/#primaryimage\",\"url\":\"https:\/\/hotelsantvicenc.com\/wp-content\/uploads\/2019\/06\/peu-facebook-300x300.png\",\"contentUrl\":\"https:\/\/hotelsantvicenc.com\/wp-content\/uploads\/2019\/06\/peu-facebook-300x300.png\"},{\"@type\":\"BreadcrumbList\",\"@id\":\"https:\/\/hotelsantvicenc.com\/es\/encontrarnos-es-sencillo\/#breadcrumb\",\"itemListElement\":[{\"@type\":\"ListItem\",\"position\":1,\"name\":\"Inici\",\"item\":\"https:\/\/hotelsantvicenc.com\/es\/\"},{\"@type\":\"ListItem\",\"position\":2,\"name\":\"Encontrarnos es sencillo\"}]},{\"@type\":\"WebSite\",\"@id\":\"https:\/\/hotelsantvicenc.com\/es\/#website\",\"url\":\"https:\/\/hotelsantvicenc.com\/es\/\",\"name\":\"Hotel Balneari Sant Vicen\u00e7\",\"description\":\"HOTEL-BALNEARI\",\"publisher\":{\"@id\":\"https:\/\/hotelsantvicenc.com\/es\/#organization\"},\"potentialAction\":[{\"@type\":\"SearchAction\",\"target\":{\"@type\":\"EntryPoint\",\"urlTemplate\":\"https:\/\/hotelsantvicenc.com\/es\/?s={search_term_string}\"},\"query-input\":{\"@type\":\"PropertyValueSpecification\",\"valueRequired\":true,\"valueName\":\"search_term_string\"}}],\"inLanguage\":\"es\"},{\"@type\":\"Organization\",\"@id\":\"https:\/\/hotelsantvicenc.com\/es\/#organization\",\"name\":\"ELS BANYS DE SANT VICEN\u00c7 SL\",\"url\":\"https:\/\/hotelsantvicenc.com\/es\/\",\"logo\":{\"@type\":\"ImageObject\",\"inLanguage\":\"es\",\"@id\":\"https:\/\/hotelsantvicenc.com\/es\/#\/schema\/logo\/image\/\",\"url\":\"https:\/\/hotelsantvicenc.com\/wp-content\/uploads\/2023\/07\/WhatsApp-Image-2020-07-14-at-5.04.21-PM.jpeg\",\"contentUrl\":\"https:\/\/hotelsantvicenc.com\/wp-content\/uploads\/2023\/07\/WhatsApp-Image-2020-07-14-at-5.04.21-PM.jpeg\",\"width\":472,\"height\":472,\"caption\":\"ELS BANYS DE SANT VICEN\u00c7 SL\"},\"image\":{\"@id\":\"https:\/\/hotelsantvicenc.com\/es\/#\/schema\/logo\/image\/\"},\"sameAs\":[\"https:\/\/www.instagram.com\/balnearisantvicenc\/\"]}]}<\/script>\n<!-- \/ Yoast SEO plugin. -->","yoast_head_json":{"title":"Encontrarnos es sencillo - Hotel Sant Vicen\u00e7","robots":{"index":"index","follow":"follow","max-snippet":"max-snippet:-1","max-image-preview":"max-image-preview:large","max-video-preview":"max-video-preview:-1"},"canonical":"https:\/\/hotelsantvicenc.com\/es\/encontrarnos-es-sencillo\/","og_locale":"es_ES","og_type":"article","og_title":"Encontrarnos es sencillo - Hotel Sant Vicen\u00e7","og_description":"Coordenadas GPS: N 42\u00ba 22' 6.84\" E 001\u00ba 35' 39.33\" Coordenadas GPS: N 42\u00ba 22' 6.84\" E 001\u00ba 35' 39.33\" Desde Barcelona En coche Por la N II hasta Cervera, de Cervera en Ponts, de Ponts en La Seu d'Urgell por la C 14 y de La Seu continuar direcci\u00f3n Puigcerd\u00e1 por la N 260 [&hellip;]","og_url":"https:\/\/hotelsantvicenc.com\/es\/encontrarnos-es-sencillo\/","og_site_name":"Hotel Sant Vicen\u00e7","article_modified_time":"2025-01-31T17:02:51+00:00","og_image":[{"url":"https:\/\/hotelsantvicenc.com\/wp-content\/uploads\/2019\/06\/peu-facebook-300x300.png","type":"","width":"","height":""}],"twitter_card":"summary_large_image","twitter_misc":{"Tiempo de lectura":"6 minutos"},"schema":{"@context":"https:\/\/schema.org","@graph":[{"@type":"WebPage","@id":"https:\/\/hotelsantvicenc.com\/es\/encontrarnos-es-sencillo\/","url":"https:\/\/hotelsantvicenc.com\/es\/encontrarnos-es-sencillo\/","name":"Encontrarnos es sencillo - Hotel Sant Vicen\u00e7","isPartOf":{"@id":"https:\/\/hotelsantvicenc.com\/es\/#website"},"primaryImageOfPage":{"@id":"https:\/\/hotelsantvicenc.com\/es\/encontrarnos-es-sencillo\/#primaryimage"},"image":{"@id":"https:\/\/hotelsantvicenc.com\/es\/encontrarnos-es-sencillo\/#primaryimage"},"thumbnailUrl":"https:\/\/hotelsantvicenc.com\/wp-content\/uploads\/2019\/06\/peu-facebook-300x300.png","datePublished":"2019-12-16T16:25:49+00:00","dateModified":"2025-01-31T17:02:51+00:00","breadcrumb":{"@id":"https:\/\/hotelsantvicenc.com\/es\/encontrarnos-es-sencillo\/#breadcrumb"},"inLanguage":"es","potentialAction":[{"@type":"ReadAction","target":["https:\/\/hotelsantvicenc.com\/es\/encontrarnos-es-sencillo\/"]}]},{"@type":"ImageObject","inLanguage":"es","@id":"https:\/\/hotelsantvicenc.com\/es\/encontrarnos-es-sencillo\/#primaryimage","url":"https:\/\/hotelsantvicenc.com\/wp-content\/uploads\/2019\/06\/peu-facebook-300x300.png","contentUrl":"https:\/\/hotelsantvicenc.com\/wp-content\/uploads\/2019\/06\/peu-facebook-300x300.png"},{"@type":"BreadcrumbList","@id":"https:\/\/hotelsantvicenc.com\/es\/encontrarnos-es-sencillo\/#breadcrumb","itemListElement":[{"@type":"ListItem","position":1,"name":"Inici","item":"https:\/\/hotelsantvicenc.com\/es\/"},{"@type":"ListItem","position":2,"name":"Encontrarnos es sencillo"}]},{"@type":"WebSite","@id":"https:\/\/hotelsantvicenc.com\/es\/#website","url":"https:\/\/hotelsantvicenc.com\/es\/","name":"Hotel Balneari Sant Vicen\u00e7","description":"HOTEL-BALNEARI","publisher":{"@id":"https:\/\/hotelsantvicenc.com\/es\/#organization"},"potentialAction":[{"@type":"SearchAction","target":{"@type":"EntryPoint","urlTemplate":"https:\/\/hotelsantvicenc.com\/es\/?s={search_term_string}"},"query-input":{"@type":"PropertyValueSpecification","valueRequired":true,"valueName":"search_term_string"}}],"inLanguage":"es"},{"@type":"Organization","@id":"https:\/\/hotelsantvicenc.com\/es\/#organization","name":"ELS BANYS DE SANT VICEN\u00c7 SL","url":"https:\/\/hotelsantvicenc.com\/es\/","logo":{"@type":"ImageObject","inLanguage":"es","@id":"https:\/\/hotelsantvicenc.com\/es\/#\/schema\/logo\/image\/","url":"https:\/\/hotelsantvicenc.com\/wp-content\/uploads\/2023\/07\/WhatsApp-Image-2020-07-14-at-5.04.21-PM.jpeg","contentUrl":"https:\/\/hotelsantvicenc.com\/wp-content\/uploads\/2023\/07\/WhatsApp-Image-2020-07-14-at-5.04.21-PM.jpeg","width":472,"height":472,"caption":"ELS BANYS DE SANT VICEN\u00c7 SL"},"image":{"@id":"https:\/\/hotelsantvicenc.com\/es\/#\/schema\/logo\/image\/"},"sameAs":["https:\/\/www.instagram.com\/balnearisantvicenc\/"]}]}},"_links":{"self":[{"href":"https:\/\/hotelsantvicenc.com\/es\/wp-json\/wp\/v2\/pages\/1633","targetHints":{"allow":["GET"]}}],"collection":[{"href":"https:\/\/hotelsantvicenc.com\/es\/wp-json\/wp\/v2\/pages"}],"about":[{"href":"https:\/\/hotelsantvicenc.com\/es\/wp-json\/wp\/v2\/types\/page"}],"author":[{"embeddable":true,"href":"https:\/\/hotelsantvicenc.com\/es\/wp-json\/wp\/v2\/users\/1"}],"replies":[{"embeddable":true,"href":"https:\/\/hotelsantvicenc.com\/es\/wp-json\/wp\/v2\/comments?post=1633"}],"version-history":[{"count":11,"href":"https:\/\/hotelsantvicenc.com\/es\/wp-json\/wp\/v2\/pages\/1633\/revisions"}],"predecessor-version":[{"id":15643,"href":"https:\/\/hotelsantvicenc.com\/es\/wp-json\/wp\/v2\/pages\/1633\/revisions\/15643"}],"wp:attachment":[{"href":"https:\/\/hotelsantvicenc.com\/es\/wp-json\/wp\/v2\/media?parent=1633"}],"curies":[{"name":"wp","href":"https:\/\/api.w.org\/{rel}","templated":true}]}}