{"id":1638,"date":"2019-12-16T18:26:50","date_gmt":"2019-12-16T16:26:50","guid":{"rendered":"http:\/\/hotelsantvicenc.com\/?page_id=1638"},"modified":"2025-01-31T19:04:25","modified_gmt":"2025-01-31T17:04:25","slug":"espacios-del-hotel-balneario","status":"publish","type":"page","link":"https:\/\/hotelsantvicenc.com\/es\/espacios-del-hotel-balneario\/","title":{"rendered":"Espacios del hotel-balneario"},"content":{"rendered":"<p>[et_pb_section fb_built=\u00bb1&#8243; custom_padding_last_edited=\u00bboff|desktop\u00bb _builder_version=\u00bb4.16&#8243; min_height=\u00bb840px\u00bb custom_margin_tablet=\u00bb\u00bb custom_margin_phone=\u00bb-20px||\u00bb custom_margin_last_edited=\u00bbon|desktop\u00bb custom_padding=\u00bb0px||0px|||\u00bb global_colors_info=\u00bb{}\u00bb][et_pb_row _builder_version=\u00bb4.27.4&#8243; custom_margin=\u00bb|auto|0px|auto|false|false\u00bb custom_padding=\u00bb6px||0px|||\u00bb border_width_bottom=\u00bb1px\u00bb border_color_bottom=\u00bb#b7b7b7&#8243; global_colors_info=\u00bb{}\u00bb][et_pb_column type=\u00bb4_4&#8243; _builder_version=\u00bb4.16&#8243; custom_padding=\u00bb|||\u00bb global_colors_info=\u00bb{}\u00bb custom_padding__hover=\u00bb|||\u00bb][et_pb_post_title meta=\u00bboff\u00bb featured_image=\u00bboff\u00bb _builder_version=\u00bb4.16&#8243; title_font=\u00bbMontserrat|300|||||||\u00bb title_text_color=\u00bb#59adbb\u00bb title_font_size=\u00bb48px\u00bb global_colors_info=\u00bb{}\u00bb][\/et_pb_post_title][\/et_pb_column][\/et_pb_row][et_pb_row column_structure=\u00bb1_2,1_2&#8243; _builder_version=\u00bb4.27.4&#8243; custom_margin=\u00bb|auto|0px|auto|false|false\u00bb hover_enabled=\u00bb0&#8243; global_colors_info=\u00bb{}\u00bb custom_padding=\u00bb62px||30px||false|false\u00bb sticky_enabled=\u00bb0&#8243;][et_pb_column type=\u00bb1_2&#8243; _builder_version=\u00bb4.16&#8243; custom_padding=\u00bb|||\u00bb global_colors_info=\u00bb{}\u00bb custom_padding__hover=\u00bb|||\u00bb][et_pb_gallery gallery_ids=\u00bb15054,15056,15058,15060,15062,15064,15066,15068&#8243; fullwidth=\u00bbon\u00bb _builder_version=\u00bb4.16&#8243; title_font=\u00bb||||||||\u00bb pagination_font=\u00bb||||||||\u00bb animation_style=\u00bbslide\u00bb animation_direction=\u00bbright\u00bb animation_intensity_slide=\u00bb4%\u00bb auto=\u00bbon\u00bb auto_speed=\u00bb4000&#8243; border_width_all=\u00bb1px\u00bb border_color_all=\u00bb#e0e0e0&#8243; global_colors_info=\u00bb{}\u00bb][\/et_pb_gallery][\/et_pb_column][et_pb_column type=\u00bb1_2&#8243; _builder_version=\u00bb4.16&#8243; custom_padding=\u00bb|||\u00bb global_colors_info=\u00bb{}\u00bb custom_padding__hover=\u00bb|||\u00bb][et_pb_text _builder_version=\u00bb4.16&#8243; text_font=\u00bbSatisfy||||||||\u00bb text_text_color=\u00bb#948878&#8243; text_font_size=\u00bb39px\u00bb text_line_height=\u00bb1.2em\u00bb custom_padding=\u00bb2px||19px|0px\u00bb border_width_bottom=\u00bb1px\u00bb border_color_bottom=\u00bb#00bfce\u00bb text_text_align=\u00bbleft\u00bb global_colors_info=\u00bb{}\u00bb]<\/p>\n<p>Deseamos que os sint\u00e1is como en casa en cada espacio del hotel-balneario.<\/p>\n<p>[\/et_pb_text][et_pb_text ul_type=\u00bbsquare\u00bb ul_item_indent=\u00bb28px\u00bb _builder_version=\u00bb4.16&#8243; text_font=\u00bb||||||||\u00bb link_font=\u00bb||||||||\u00bb ul_font=\u00bbMontserrat|300|||||||\u00bb ul_text_align=\u00bbleft\u00bb ul_text_color=\u00bb#59adbb\u00bb header_font=\u00bb||||||||\u00bb header_2_font=\u00bbSatisfy||||||||\u00bb header_2_font_size=\u00bb31px\u00bb global_colors_info=\u00bb{}\u00bb]<\/p>\n<ul>\n<li>Cafeter\u00eda especializada en saludables infusiones.<\/li>\n<li>Terraza con vistas al rio Segre<\/li>\n<li>Restaurante de cocina elaborada de monta\u00f1a.<\/li>\n<li>Salitas de estar, televisi\u00f3n, lectura, juegos e Internet<\/li>\n<li>Zona exterior cerca del rio Segre con piscina termal d\u00f3nde os podreis ba\u00f1ar desde la primavera al oto\u00f1o.<\/li>\n<li>Wi-fi en las \u00e0reas comunes del hotel y las habitaciones<\/li>\n<li>Centro termal d\u00f3nde descobrir, asesorados por nuestro equipo de terapeutas, las propiedades mineromedicinales del agua termal complementados con diferentes t\u00e9cnicas de tratamiento.<\/li>\n<\/ul>\n<p>[\/et_pb_text][\/et_pb_column][\/et_pb_row][\/et_pb_section][et_pb_section fb_built=\u00bb1&#8243; disabled_on=\u00bbon|on|on\u00bb _builder_version=\u00bb4.27.4&#8243; background_color=\u00bb#9b9b9b\u00bb vertical_offset_tablet=\u00bb0&#8243; horizontal_offset_tablet=\u00bb0&#8243; inner_width_tablet=\u00bb50px\u00bb inner_max_width_tablet=\u00bb50px\u00bb custom_padding=\u00bb10px||16px|\u00bb z_index_tablet=\u00bb500&#8243; box_shadow_horizontal_tablet=\u00bb0px\u00bb box_shadow_vertical_tablet=\u00bb0px\u00bb box_shadow_blur_tablet=\u00bb40px\u00bb box_shadow_spread_tablet=\u00bb0px\u00bb disabled=\u00bbon\u00bb global_colors_info=\u00bb{}\u00bb][et_pb_row column_structure=\u00bb1_4,1_4,1_4,1_4&#8243; use_custom_gutter=\u00bbon\u00bb gutter_width=\u00bb1&#8243; _builder_version=\u00bb4.16&#8243; custom_padding=\u00bb6px||5px|\u00bb z_index_tablet=\u00bb500&#8243; box_shadow_horizontal_tablet=\u00bb0px\u00bb box_shadow_vertical_tablet=\u00bb0px\u00bb box_shadow_blur_tablet=\u00bb40px\u00bb box_shadow_spread_tablet=\u00bb0px\u00bb global_colors_info=\u00bb{}\u00bb][et_pb_column type=\u00bb1_4&#8243; _builder_version=\u00bb4.16&#8243; custom_padding=\u00bb|||\u00bb global_colors_info=\u00bb{}\u00bb custom_padding__hover=\u00bb|||\u00bb][et_pb_image src=\u00bbhttps:\/\/hotelsantvicenc.com\/wp-content\/uploads\/2019\/06\/peu-telefon.png\u00bb align=\u00bbcenter\u00bb _builder_version=\u00bb4.16&#8243; width=\u00bb15%\u00bb z_index_tablet=\u00bb500&#8243; box_shadow_horizontal_tablet=\u00bb0px\u00bb box_shadow_vertical_tablet=\u00bb0px\u00bb box_shadow_blur_tablet=\u00bb40px\u00bb box_shadow_spread_tablet=\u00bb0px\u00bb global_colors_info=\u00bb{}\u00bb][\/et_pb_image][et_pb_text _builder_version=\u00bb4.16&#8243; text_font=\u00bbMontserrat|300|||||||\u00bb text_text_color=\u00bb#ffffff\u00bb text_font_size=\u00bb17px\u00bb text_orientation=\u00bbcenter\u00bb text_text_align=\u00bbcenter\u00bb global_colors_info=\u00bb{}\u00bb]<\/p>\n<p>973 384 010<br \/> 671 559 585<\/p>\n<p>[\/et_pb_text][\/et_pb_column][et_pb_column type=\u00bb1_4&#8243; _builder_version=\u00bb4.16&#8243; custom_padding=\u00bb|||\u00bb global_colors_info=\u00bb{}\u00bb custom_padding__hover=\u00bb|||\u00bb][et_pb_image src=\u00bbhttps:\/\/hotelsantvicenc.com\/wp-content\/uploads\/2019\/06\/peu-email.png\u00bb align=\u00bbcenter\u00bb _builder_version=\u00bb4.16&#8243; width=\u00bb15%\u00bb z_index_tablet=\u00bb500&#8243; box_shadow_horizontal_tablet=\u00bb0px\u00bb box_shadow_vertical_tablet=\u00bb0px\u00bb box_shadow_blur_tablet=\u00bb40px\u00bb box_shadow_spread_tablet=\u00bb0px\u00bb global_colors_info=\u00bb{}\u00bb][\/et_pb_image][et_pb_text _builder_version=\u00bb4.16&#8243; text_font=\u00bb||||||||\u00bb link_font=\u00bbMontserrat|300|||||||\u00bb link_text_align=\u00bbleft\u00bb link_text_color=\u00bb#ffffff\u00bb link_font_size=\u00bb17px\u00bb text_orientation=\u00bbcenter\u00bb text_text_align=\u00bbcenter\u00bb global_colors_info=\u00bb{}\u00bb]<\/p>\n<p><a href=\"https:\/\/linceo.svt.es:8443\/smb\/email-address\/edit\/id\/49\">reserves@hotelsantvicenc.com<\/a><\/p>\n<p>[\/et_pb_text][\/et_pb_column][et_pb_column type=\u00bb1_4&#8243; _builder_version=\u00bb4.16&#8243; custom_padding=\u00bb|||\u00bb global_colors_info=\u00bb{}\u00bb custom_padding__hover=\u00bb|||\u00bb][et_pb_image src=\u00bbhttps:\/\/hotelsantvicenc.com\/wp-content\/uploads\/2019\/06\/peu-onsom.png\u00bb url=\u00bbhttps:\/\/www.google.com\/maps\/place\/Hotel+Balneari+Sant+Vicen%C3%A7\/@42.3684889,1.5946055,15z\/data=!4m2!3m1!1s0x0:0xef70ee504c88bc29?sa=X&#038;ved=2ahUKEwjX-5Sn5PDiAhVMOBoKHSJrCvYQ_BIwDnoECBAQCA\u00bb align=\u00bbcenter\u00bb _builder_version=\u00bb4.16&#8243; width=\u00bb15%\u00bb z_index_tablet=\u00bb500&#8243; box_shadow_horizontal_tablet=\u00bb0px\u00bb box_shadow_vertical_tablet=\u00bb0px\u00bb box_shadow_blur_tablet=\u00bb40px\u00bb box_shadow_spread_tablet=\u00bb0px\u00bb global_colors_info=\u00bb{}\u00bb][\/et_pb_image][et_pb_text _builder_version=\u00bb4.16&#8243; text_font=\u00bbMontserrat|300|||||||\u00bb text_text_color=\u00bb#ffffff\u00bb text_font_size=\u00bb17px\u00bb text_orientation=\u00bbcenter\u00bb text_text_align=\u00bbcenter\u00bb global_colors_info=\u00bb{}\u00bb]<\/p>\n<p>Encu\u00e9ntranos<\/p>\n<p>[\/et_pb_text][\/et_pb_column][et_pb_column type=\u00bb1_4&#8243; _builder_version=\u00bb4.16&#8243; custom_padding=\u00bb|||\u00bb global_colors_info=\u00bb{}\u00bb custom_padding__hover=\u00bb|||\u00bb][et_pb_text _builder_version=\u00bb4.16&#8243; text_font=\u00bb||||||||\u00bb text_orientation=\u00bbcenter\u00bb z_index_tablet=\u00bb500&#8243; text_text_shadow_horizontal_length_tablet=\u00bb0px\u00bb text_text_shadow_vertical_length_tablet=\u00bb0px\u00bb text_text_shadow_blur_strength_tablet=\u00bb1px\u00bb link_text_shadow_horizontal_length_tablet=\u00bb0px\u00bb link_text_shadow_vertical_length_tablet=\u00bb0px\u00bb link_text_shadow_blur_strength_tablet=\u00bb1px\u00bb ul_text_shadow_horizontal_length_tablet=\u00bb0px\u00bb ul_text_shadow_vertical_length_tablet=\u00bb0px\u00bb ul_text_shadow_blur_strength_tablet=\u00bb1px\u00bb ol_text_shadow_horizontal_length_tablet=\u00bb0px\u00bb ol_text_shadow_vertical_length_tablet=\u00bb0px\u00bb ol_text_shadow_blur_strength_tablet=\u00bb1px\u00bb quote_text_shadow_horizontal_length_tablet=\u00bb0px\u00bb quote_text_shadow_vertical_length_tablet=\u00bb0px\u00bb quote_text_shadow_blur_strength_tablet=\u00bb1px\u00bb header_text_shadow_horizontal_length_tablet=\u00bb0px\u00bb header_text_shadow_vertical_length_tablet=\u00bb0px\u00bb header_text_shadow_blur_strength_tablet=\u00bb1px\u00bb header_2_text_shadow_horizontal_length_tablet=\u00bb0px\u00bb header_2_text_shadow_vertical_length_tablet=\u00bb0px\u00bb header_2_text_shadow_blur_strength_tablet=\u00bb1px\u00bb header_3_text_shadow_horizontal_length_tablet=\u00bb0px\u00bb header_3_text_shadow_vertical_length_tablet=\u00bb0px\u00bb header_3_text_shadow_blur_strength_tablet=\u00bb1px\u00bb header_4_text_shadow_horizontal_length_tablet=\u00bb0px\u00bb header_4_text_shadow_vertical_length_tablet=\u00bb0px\u00bb header_4_text_shadow_blur_strength_tablet=\u00bb1px\u00bb header_5_text_shadow_horizontal_length_tablet=\u00bb0px\u00bb header_5_text_shadow_vertical_length_tablet=\u00bb0px\u00bb header_5_text_shadow_blur_strength_tablet=\u00bb1px\u00bb header_6_text_shadow_horizontal_length_tablet=\u00bb0px\u00bb header_6_text_shadow_vertical_length_tablet=\u00bb0px\u00bb header_6_text_shadow_blur_strength_tablet=\u00bb1px\u00bb box_shadow_horizontal_tablet=\u00bb0px\u00bb box_shadow_vertical_tablet=\u00bb0px\u00bb box_shadow_blur_tablet=\u00bb40px\u00bb box_shadow_spread_tablet=\u00bb0px\u00bb text_text_align=\u00bbcenter\u00bb global_colors_info=\u00bb{}\u00bb]<\/p>\n<p><a href=\"https:\/\/www.facebook.com\/santvicenc\/\" target=\"_blank\" rel=\"noopener noreferrer\"><img loading=\"lazy\" decoding=\"async\" class=\"wp-image-134 alignnone size-medium\" src=\"https:\/\/hotelsantvicenc.com\/wp-content\/uploads\/2019\/06\/peu-facebook-300x300.png\" alt=\"\" width=\"44\" height=\"44\" srcset=\"https:\/\/hotelsantvicenc.com\/wp-content\/uploads\/2019\/06\/peu-facebook-300x300.png 300w, https:\/\/hotelsantvicenc.com\/wp-content\/uploads\/2019\/06\/peu-facebook-150x150.png 150w, https:\/\/hotelsantvicenc.com\/wp-content\/uploads\/2019\/06\/peu-facebook.png 314w\" sizes=\"(max-width: 44px) 100vw, 44px\" \/><\/a>\u00a0 \u00a0 <a href=\"https:\/\/www.pinterest.es\/marta2826\/pins\/\" target=\"_blank\" rel=\"noopener noreferrer\"><img loading=\"lazy\" decoding=\"async\" class=\"wp-image-137 alignnone size-medium\" src=\"https:\/\/hotelsantvicenc.com\/wp-content\/uploads\/2019\/06\/peu-pinterest-300x300.png\" alt=\"\" width=\"44\" height=\"44\" srcset=\"https:\/\/hotelsantvicenc.com\/wp-content\/uploads\/2019\/06\/peu-pinterest-300x300.png 300w, https:\/\/hotelsantvicenc.com\/wp-content\/uploads\/2019\/06\/peu-pinterest-150x150.png 150w, https:\/\/hotelsantvicenc.com\/wp-content\/uploads\/2019\/06\/peu-pinterest.png 314w\" sizes=\"(max-width: 44px) 100vw, 44px\" \/><\/a>\u00a0 \u00a0\u00a0<a href=\"https:\/\/www.instagram.com\/balnearisantvicenc\/\"><img loading=\"lazy\" decoding=\"async\" class=\"wp-image-135 alignnone size-medium\" src=\"https:\/\/hotelsantvicenc.com\/wp-content\/uploads\/2019\/06\/peu-instagram-300x300.png\" alt=\"\" width=\"44\" height=\"44\" srcset=\"https:\/\/hotelsantvicenc.com\/wp-content\/uploads\/2019\/06\/peu-instagram-300x300.png 300w, https:\/\/hotelsantvicenc.com\/wp-content\/uploads\/2019\/06\/peu-instagram-150x150.png 150w, https:\/\/hotelsantvicenc.com\/wp-content\/uploads\/2019\/06\/peu-instagram.png 314w\" sizes=\"(max-width: 44px) 100vw, 44px\" \/><\/a><\/p>\n<p>[\/et_pb_text][et_pb_text _builder_version=\u00bb4.16&#8243; text_font=\u00bbMontserrat|300|||||||\u00bb text_text_color=\u00bb#ffffff\u00bb text_font_size=\u00bb17px\u00bb text_orientation=\u00bbcenter\u00bb text_text_align=\u00bbcenter\u00bb global_colors_info=\u00bb{}\u00bb]<\/p>\n<p>S\u00edguenos<\/p>\n<p>[\/et_pb_text][\/et_pb_column][\/et_pb_row][et_pb_row _builder_version=\u00bb4.16&#8243; background_size=\u00bbinitial\u00bb background_position=\u00bbtop_left\u00bb background_repeat=\u00bbrepeat\u00bb custom_padding=\u00bb0px|||||\u00bb global_colors_info=\u00bb{}\u00bb][et_pb_column type=\u00bb4_4&#8243; _builder_version=\u00bb4.16&#8243; custom_padding=\u00bb|||\u00bb global_colors_info=\u00bb{}\u00bb custom_padding__hover=\u00bb|||\u00bb][et_pb_text _builder_version=\u00bb4.16&#8243; text_font=\u00bb||||||||\u00bb text_text_color=\u00bb#ffffff\u00bb link_font=\u00bb||||||||\u00bb link_text_align=\u00bbcenter\u00bb link_text_color=\u00bb#ffffff\u00bb text_orientation=\u00bbcenter\u00bb z_index_tablet=\u00bb500&#8243; text_text_shadow_horizontal_length_tablet=\u00bb0px\u00bb text_text_shadow_vertical_length_tablet=\u00bb0px\u00bb text_text_shadow_blur_strength_tablet=\u00bb1px\u00bb link_text_shadow_horizontal_length_tablet=\u00bb0px\u00bb link_text_shadow_vertical_length_tablet=\u00bb0px\u00bb link_text_shadow_blur_strength_tablet=\u00bb1px\u00bb ul_text_shadow_horizontal_length_tablet=\u00bb0px\u00bb ul_text_shadow_vertical_length_tablet=\u00bb0px\u00bb ul_text_shadow_blur_strength_tablet=\u00bb1px\u00bb ol_text_shadow_horizontal_length_tablet=\u00bb0px\u00bb ol_text_shadow_vertical_length_tablet=\u00bb0px\u00bb ol_text_shadow_blur_strength_tablet=\u00bb1px\u00bb quote_text_shadow_horizontal_length_tablet=\u00bb0px\u00bb quote_text_shadow_vertical_length_tablet=\u00bb0px\u00bb quote_text_shadow_blur_strength_tablet=\u00bb1px\u00bb header_text_shadow_horizontal_length_tablet=\u00bb0px\u00bb header_text_shadow_vertical_length_tablet=\u00bb0px\u00bb header_text_shadow_blur_strength_tablet=\u00bb1px\u00bb header_2_text_shadow_horizontal_length_tablet=\u00bb0px\u00bb header_2_text_shadow_vertical_length_tablet=\u00bb0px\u00bb header_2_text_shadow_blur_strength_tablet=\u00bb1px\u00bb header_3_text_shadow_horizontal_length_tablet=\u00bb0px\u00bb header_3_text_shadow_vertical_length_tablet=\u00bb0px\u00bb header_3_text_shadow_blur_strength_tablet=\u00bb1px\u00bb header_4_text_shadow_horizontal_length_tablet=\u00bb0px\u00bb header_4_text_shadow_vertical_length_tablet=\u00bb0px\u00bb header_4_text_shadow_blur_strength_tablet=\u00bb1px\u00bb header_5_text_shadow_horizontal_length_tablet=\u00bb0px\u00bb header_5_text_shadow_vertical_length_tablet=\u00bb0px\u00bb header_5_text_shadow_blur_strength_tablet=\u00bb1px\u00bb header_6_text_shadow_horizontal_length_tablet=\u00bb0px\u00bb header_6_text_shadow_vertical_length_tablet=\u00bb0px\u00bb header_6_text_shadow_blur_strength_tablet=\u00bb1px\u00bb box_shadow_horizontal_tablet=\u00bb0px\u00bb box_shadow_vertical_tablet=\u00bb0px\u00bb box_shadow_blur_tablet=\u00bb40px\u00bb box_shadow_spread_tablet=\u00bb0px\u00bb text_text_align=\u00bbcenter\u00bb global_colors_info=\u00bb{}\u00bb]<\/p>\n<p>HOTEL SANT VICEN\u00c7\u00a9 \/\/<a href=\"https:\/\/hotelsantvicenc.com\/politica-de-privadesa-2\/\"> POL\u00cdTICA DE PRIVACITAT<\/a> \/ <a href=\"https:\/\/hotelsantvicenc.com\/avis-legal\/\">AV\u00cdS LEGAL<\/a> \/ <a href=\"https:\/\/hotelsantvicenc.com\/politica-de-cookies\/\">POL\u00cdTICA DE COOKIES<\/a><\/p>\n<p>[\/et_pb_text][\/et_pb_column][\/et_pb_row][\/et_pb_section]<\/p>\n","protected":false},"excerpt":{"rendered":"<p>Deseamos que os sint\u00e1is como en casa en cada espacio del hotel-balneario. Cafeter\u00eda especializada en saludables infusiones. Terraza con vistas al rio Segre Restaurante de cocina elaborada de monta\u00f1a. Salitas de estar, televisi\u00f3n, lectura, juegos e Internet Zona exterior cerca del rio Segre con piscina termal d\u00f3nde os podreis ba\u00f1ar desde la primavera al oto\u00f1o. [&hellip;]<\/p>\n","protected":false},"author":1,"featured_media":0,"parent":0,"menu_order":0,"comment_status":"closed","ping_status":"closed","template":"","meta":{"_et_pb_use_builder":"on","_et_pb_old_content":"<p>[et_pb_section fb_built=\"1\" custom_padding_last_edited=\"off|desktop\" _builder_version=\"3.23.3\" min_height=\"840px\" custom_margin_phone=\"-20px||\" custom_margin_last_edited=\"on|desktop\" custom_padding=\"0px||0px|||\"][et_pb_row custom_padding=\"6px||0px|||\" _builder_version=\"3.23.3\" border_width_bottom=\"1px\" border_color_bottom=\"#b7b7b7\"][et_pb_column type=\"4_4\" _builder_version=\"3.0.47\"][et_pb_post_title meta=\"off\" featured_image=\"off\" _builder_version=\"3.23.3\" title_font=\"Montserrat|300|||||||\" title_text_color=\"#59adbb\" title_font_size=\"48px\"]<br \/>[\/et_pb_post_title][\/et_pb_column][\/et_pb_row][et_pb_row custom_padding=\"62px||6px|||\" custom_margin=\"|auto|-189px|auto||\" _builder_version=\"3.23.3\" custom_margin_phone=\"||15px\" custom_margin_last_edited=\"on|desktop\"][et_pb_column type=\"1_2\" _builder_version=\"3.0.47\"][et_pb_gallery gallery_ids=\"315,316,317,318,319,320,321,322\" fullwidth=\"on\" db_image_object_fit=\"initial\" hover_icon=\"%%32%%\" _builder_version=\"3.23.3\" border_width_all=\"1px\" border_color_all=\"#e0e0e0\" animation_style=\"slide\" animation_direction=\"right\" animation_intensity_slide=\"4%\" pagination_font=\"||||||||\" title_font=\"||||||||\" auto=\"on\" auto_speed=\"4000\"]<br \/>[\/et_pb_gallery][\/et_pb_column][et_pb_column type=\"1_2\" _builder_version=\"3.0.47\"][et_pb_text _builder_version=\"3.23.3\" text_font=\"Satisfy||||||||\" text_text_align=\"left\" text_text_color=\"#948878\" text_font_size=\"39px\" text_line_height=\"1.2em\" border_width_bottom=\"1px\" border_color_bottom=\"#00bfce\" custom_padding=\"2px||19px|0px\"]<\/p><p>Sentiu-vos com a casa en cada espai de l'hotel-balneari<\/p><p>[\/et_pb_text][et_pb_text ul_type=\"square\" ul_item_indent=\"28px\" _builder_version=\"3.23.3\" text_font=\"||||||||\" link_font=\"||||||||\" ul_font=\"Montserrat|300|||||||\" ul_text_align=\"left\" ul_text_color=\"#59adbb\" header_font=\"||||||||\" header_2_font=\"Satisfy||||||||\" header_2_font_size=\"31px\"]<\/p><ul><li>Cafeteria especialitzada en saludables infusions<\/li><li>Terrassa amb vistes al riu Segre<\/li><li>Restaurant de cuina elaborada de muntanya<\/li><li>Saletes d'estar, televisi\u00f3, lectura, jocs i Internet<\/li><li>Zona exterior prop del riu Segre amb piscina termal on us podreu banyar des de la primavera a la tardor<\/li><li>Wi-fi en les \u00e0rees comunes de l'hotel i les habitacions<\/li><li>Centre termal on descobrir, assessorats pel nostre equip de terapeutes, les propietats mineromedicinals de l'aigua termal complementades amb diferents t\u00e8cniques de tractament<\/li><\/ul><p>[\/et_pb_text][\/et_pb_column][\/et_pb_row][\/et_pb_section][et_pb_section fb_built=\"1\" _builder_version=\"3.23.3\" background_color=\"#9b9b9b\" custom_padding=\"21px||16px|||\" global_module=\"192\"][et_pb_row use_custom_gutter=\"on\" gutter_width=\"1\" _builder_version=\"3.23.3\"][et_pb_column type=\"1_4\" _builder_version=\"3.0.47\"][et_pb_image src=\"http:\/\/hotelsantvicenc.com\/wp-content\/uploads\/2019\/06\/peu-telefon.png\" align=\"center\" _builder_version=\"3.23.3\" width=\"21%\"]<\/p><p>[\/et_pb_image][et_pb_text _builder_version=\"3.23.3\" text_font=\"Montserrat|300|||||||\" text_text_align=\"center\" text_text_color=\"#ffffff\" text_font_size=\"17px\" custom_margin=\"||\" custom_padding=\"15px||\"]<\/p><p>973 384 010<br \/>671 559 585<\/p><p>[\/et_pb_text][\/et_pb_column][et_pb_column type=\"1_4\" _builder_version=\"3.0.47\"][et_pb_image src=\"http:\/\/hotelsantvicenc.com\/wp-content\/uploads\/2019\/06\/peu-email.png\" align=\"center\" _builder_version=\"3.23.3\" width=\"21%\"]<\/p><p>[\/et_pb_image][et_pb_text _builder_version=\"3.23.3\" text_font=\"Montserrat|300|||||||\" text_text_align=\"center\" text_text_color=\"#ffffff\" text_font_size=\"17px\" custom_margin=\"||\" custom_padding=\"15px||\"]<\/p><p>reserves@balnearisantvicenc.com<\/p><p>[\/et_pb_text][\/et_pb_column][et_pb_column type=\"1_4\" _builder_version=\"3.0.47\"][et_pb_image src=\"http:\/\/hotelsantvicenc.com\/wp-content\/uploads\/2019\/06\/peu-onsom.png\" url=\"https:\/\/www.google.com\/maps\/place\/Hotel+Balneari+Sant+Vicen%C3%A7\/@42.3684889,1.5946055,15z\/data=!4m2!3m1!1s0x0:0xef70ee504c88bc29?sa=X&ved=2ahUKEwjX-5Sn5PDiAhVMOBoKHSJrCvYQ_BIwDnoECBAQCA\" url_new_window=\"on\" align=\"center\" _builder_version=\"3.23.3\" width=\"21%\"]<\/p><p>[\/et_pb_image][et_pb_text _builder_version=\"3.23.3\" text_font=\"Montserrat|300|||||||\" text_text_align=\"center\" text_text_color=\"#ffffff\" text_font_size=\"17px\" custom_margin=\"||\" custom_padding=\"15px||\"]<\/p><p>Troba'ns<\/p><p>[\/et_pb_text][\/et_pb_column][et_pb_column type=\"1_4\" _builder_version=\"3.0.47\"][et_pb_text _builder_version=\"3.23.3\" text_font=\"||||||||\" text_text_align=\"center\"]<\/p><p><a href=\"https:\/\/www.facebook.com\/santvicenc\/\" target=\"_blank\" rel=\"noopener noreferrer\"><img class=\"wp-image-134 alignnone size-medium\" src=\"https:\/\/hotelsantvicenc.com\/wp-content\/uploads\/2019\/06\/peu-facebook-300x300.png\" alt=\"\" width=\"63\" height=\"66\" \/><\/a>\u00a0 \u00a0 <a href=\"https:\/\/www.pinterest.es\/marta2826\/pins\/\" target=\"_blank\" rel=\"noopener noreferrer\"><img class=\"wp-image-137 alignnone size-medium\" src=\"https:\/\/hotelsantvicenc.com\/wp-content\/uploads\/2019\/06\/peu-pinterest-300x300.png\" alt=\"\" width=\"63\" height=\"66\" \/><\/a>\u00a0 \u00a0\u00a0<a href=\"https:\/\/www.instagram.com\/balnearisantvicenc\/\"><img class=\"wp-image-135 alignnone size-medium\" src=\"https:\/\/hotelsantvicenc.com\/wp-content\/uploads\/2019\/06\/peu-instagram-300x300.png\" alt=\"\" width=\"63\" height=\"66\" \/><\/a><\/p><p>[\/et_pb_text][et_pb_text _builder_version=\"3.23.3\" text_font=\"Montserrat|300|||||||\" text_text_align=\"center\" text_text_color=\"#ffffff\" text_font_size=\"17px\" custom_margin=\"||\" custom_padding=\"10px||\"]<\/p><p>Segueix-nos<\/p><p>[\/et_pb_text][\/et_pb_column][\/et_pb_row][\/et_pb_section]<\/p>","_et_gb_content_width":"","_mc_calendar":[],"_joinchat":[],"footnotes":""},"class_list":["post-1638","page","type-page","status-publish","hentry"],"yoast_head":"<!-- This site is optimized with the Yoast SEO plugin v25.3 - https:\/\/yoast.com\/wordpress\/plugins\/seo\/ -->\n<title>Espacios del hotel-balneario - Hotel Sant Vicen\u00e7<\/title>\n<meta name=\"robots\" content=\"index, follow, max-snippet:-1, max-image-preview:large, max-video-preview:-1\" \/>\n<link rel=\"canonical\" href=\"https:\/\/hotelsantvicenc.com\/es\/espacios-del-hotel-balneario\/\" \/>\n<meta property=\"og:locale\" content=\"es_ES\" \/>\n<meta property=\"og:type\" content=\"article\" \/>\n<meta property=\"og:title\" content=\"Espacios del hotel-balneario - Hotel Sant Vicen\u00e7\" \/>\n<meta property=\"og:description\" content=\"Deseamos que os sint\u00e1is como en casa en cada espacio del hotel-balneario. Cafeter\u00eda especializada en saludables infusiones. Terraza con vistas al rio Segre Restaurante de cocina elaborada de monta\u00f1a. Salitas de estar, televisi\u00f3n, lectura, juegos e Internet Zona exterior cerca del rio Segre con piscina termal d\u00f3nde os podreis ba\u00f1ar desde la primavera al oto\u00f1o. [&hellip;]\" \/>\n<meta property=\"og:url\" content=\"https:\/\/hotelsantvicenc.com\/es\/espacios-del-hotel-balneario\/\" \/>\n<meta property=\"og:site_name\" content=\"Hotel Sant Vicen\u00e7\" \/>\n<meta property=\"article:modified_time\" content=\"2025-01-31T17:04:25+00:00\" \/>\n<meta property=\"og:image\" content=\"https:\/\/hotelsantvicenc.com\/wp-content\/uploads\/2019\/06\/peu-facebook-300x300.png\" \/>\n<meta name=\"twitter:card\" content=\"summary_large_image\" \/>\n<meta name=\"twitter:label1\" content=\"Tiempo de lectura\" \/>\n\t<meta name=\"twitter:data1\" content=\"2 minutos\" \/>\n<script type=\"application\/ld+json\" class=\"yoast-schema-graph\">{\"@context\":\"https:\/\/schema.org\",\"@graph\":[{\"@type\":\"WebPage\",\"@id\":\"https:\/\/hotelsantvicenc.com\/es\/espacios-del-hotel-balneario\/\",\"url\":\"https:\/\/hotelsantvicenc.com\/es\/espacios-del-hotel-balneario\/\",\"name\":\"Espacios del hotel-balneario - Hotel Sant Vicen\u00e7\",\"isPartOf\":{\"@id\":\"https:\/\/hotelsantvicenc.com\/es\/#website\"},\"primaryImageOfPage\":{\"@id\":\"https:\/\/hotelsantvicenc.com\/es\/espacios-del-hotel-balneario\/#primaryimage\"},\"image\":{\"@id\":\"https:\/\/hotelsantvicenc.com\/es\/espacios-del-hotel-balneario\/#primaryimage\"},\"thumbnailUrl\":\"https:\/\/hotelsantvicenc.com\/wp-content\/uploads\/2019\/06\/peu-facebook-300x300.png\",\"datePublished\":\"2019-12-16T16:26:50+00:00\",\"dateModified\":\"2025-01-31T17:04:25+00:00\",\"breadcrumb\":{\"@id\":\"https:\/\/hotelsantvicenc.com\/es\/espacios-del-hotel-balneario\/#breadcrumb\"},\"inLanguage\":\"es\",\"potentialAction\":[{\"@type\":\"ReadAction\",\"target\":[\"https:\/\/hotelsantvicenc.com\/es\/espacios-del-hotel-balneario\/\"]}]},{\"@type\":\"ImageObject\",\"inLanguage\":\"es\",\"@id\":\"https:\/\/hotelsantvicenc.com\/es\/espacios-del-hotel-balneario\/#primaryimage\",\"url\":\"https:\/\/hotelsantvicenc.com\/wp-content\/uploads\/2019\/06\/peu-facebook-300x300.png\",\"contentUrl\":\"https:\/\/hotelsantvicenc.com\/wp-content\/uploads\/2019\/06\/peu-facebook-300x300.png\"},{\"@type\":\"BreadcrumbList\",\"@id\":\"https:\/\/hotelsantvicenc.com\/es\/espacios-del-hotel-balneario\/#breadcrumb\",\"itemListElement\":[{\"@type\":\"ListItem\",\"position\":1,\"name\":\"Inici\",\"item\":\"https:\/\/hotelsantvicenc.com\/es\/\"},{\"@type\":\"ListItem\",\"position\":2,\"name\":\"Espacios del hotel-balneario\"}]},{\"@type\":\"WebSite\",\"@id\":\"https:\/\/hotelsantvicenc.com\/es\/#website\",\"url\":\"https:\/\/hotelsantvicenc.com\/es\/\",\"name\":\"Hotel Balneari Sant Vicen\u00e7\",\"description\":\"HOTEL-BALNEARI\",\"publisher\":{\"@id\":\"https:\/\/hotelsantvicenc.com\/es\/#organization\"},\"potentialAction\":[{\"@type\":\"SearchAction\",\"target\":{\"@type\":\"EntryPoint\",\"urlTemplate\":\"https:\/\/hotelsantvicenc.com\/es\/?s={search_term_string}\"},\"query-input\":{\"@type\":\"PropertyValueSpecification\",\"valueRequired\":true,\"valueName\":\"search_term_string\"}}],\"inLanguage\":\"es\"},{\"@type\":\"Organization\",\"@id\":\"https:\/\/hotelsantvicenc.com\/es\/#organization\",\"name\":\"ELS BANYS DE SANT VICEN\u00c7 SL\",\"url\":\"https:\/\/hotelsantvicenc.com\/es\/\",\"logo\":{\"@type\":\"ImageObject\",\"inLanguage\":\"es\",\"@id\":\"https:\/\/hotelsantvicenc.com\/es\/#\/schema\/logo\/image\/\",\"url\":\"https:\/\/hotelsantvicenc.com\/wp-content\/uploads\/2023\/07\/WhatsApp-Image-2020-07-14-at-5.04.21-PM.jpeg\",\"contentUrl\":\"https:\/\/hotelsantvicenc.com\/wp-content\/uploads\/2023\/07\/WhatsApp-Image-2020-07-14-at-5.04.21-PM.jpeg\",\"width\":472,\"height\":472,\"caption\":\"ELS BANYS DE SANT VICEN\u00c7 SL\"},\"image\":{\"@id\":\"https:\/\/hotelsantvicenc.com\/es\/#\/schema\/logo\/image\/\"},\"sameAs\":[\"https:\/\/www.instagram.com\/balnearisantvicenc\/\"]}]}<\/script>\n<!-- \/ Yoast SEO plugin. -->","yoast_head_json":{"title":"Espacios del hotel-balneario - Hotel Sant Vicen\u00e7","robots":{"index":"index","follow":"follow","max-snippet":"max-snippet:-1","max-image-preview":"max-image-preview:large","max-video-preview":"max-video-preview:-1"},"canonical":"https:\/\/hotelsantvicenc.com\/es\/espacios-del-hotel-balneario\/","og_locale":"es_ES","og_type":"article","og_title":"Espacios del hotel-balneario - Hotel Sant Vicen\u00e7","og_description":"Deseamos que os sint\u00e1is como en casa en cada espacio del hotel-balneario. Cafeter\u00eda especializada en saludables infusiones. Terraza con vistas al rio Segre Restaurante de cocina elaborada de monta\u00f1a. Salitas de estar, televisi\u00f3n, lectura, juegos e Internet Zona exterior cerca del rio Segre con piscina termal d\u00f3nde os podreis ba\u00f1ar desde la primavera al oto\u00f1o. [&hellip;]","og_url":"https:\/\/hotelsantvicenc.com\/es\/espacios-del-hotel-balneario\/","og_site_name":"Hotel Sant Vicen\u00e7","article_modified_time":"2025-01-31T17:04:25+00:00","og_image":[{"url":"https:\/\/hotelsantvicenc.com\/wp-content\/uploads\/2019\/06\/peu-facebook-300x300.png","type":"","width":"","height":""}],"twitter_card":"summary_large_image","twitter_misc":{"Tiempo de lectura":"2 minutos"},"schema":{"@context":"https:\/\/schema.org","@graph":[{"@type":"WebPage","@id":"https:\/\/hotelsantvicenc.com\/es\/espacios-del-hotel-balneario\/","url":"https:\/\/hotelsantvicenc.com\/es\/espacios-del-hotel-balneario\/","name":"Espacios del hotel-balneario - Hotel Sant Vicen\u00e7","isPartOf":{"@id":"https:\/\/hotelsantvicenc.com\/es\/#website"},"primaryImageOfPage":{"@id":"https:\/\/hotelsantvicenc.com\/es\/espacios-del-hotel-balneario\/#primaryimage"},"image":{"@id":"https:\/\/hotelsantvicenc.com\/es\/espacios-del-hotel-balneario\/#primaryimage"},"thumbnailUrl":"https:\/\/hotelsantvicenc.com\/wp-content\/uploads\/2019\/06\/peu-facebook-300x300.png","datePublished":"2019-12-16T16:26:50+00:00","dateModified":"2025-01-31T17:04:25+00:00","breadcrumb":{"@id":"https:\/\/hotelsantvicenc.com\/es\/espacios-del-hotel-balneario\/#breadcrumb"},"inLanguage":"es","potentialAction":[{"@type":"ReadAction","target":["https:\/\/hotelsantvicenc.com\/es\/espacios-del-hotel-balneario\/"]}]},{"@type":"ImageObject","inLanguage":"es","@id":"https:\/\/hotelsantvicenc.com\/es\/espacios-del-hotel-balneario\/#primaryimage","url":"https:\/\/hotelsantvicenc.com\/wp-content\/uploads\/2019\/06\/peu-facebook-300x300.png","contentUrl":"https:\/\/hotelsantvicenc.com\/wp-content\/uploads\/2019\/06\/peu-facebook-300x300.png"},{"@type":"BreadcrumbList","@id":"https:\/\/hotelsantvicenc.com\/es\/espacios-del-hotel-balneario\/#breadcrumb","itemListElement":[{"@type":"ListItem","position":1,"name":"Inici","item":"https:\/\/hotelsantvicenc.com\/es\/"},{"@type":"ListItem","position":2,"name":"Espacios del hotel-balneario"}]},{"@type":"WebSite","@id":"https:\/\/hotelsantvicenc.com\/es\/#website","url":"https:\/\/hotelsantvicenc.com\/es\/","name":"Hotel Balneari Sant Vicen\u00e7","description":"HOTEL-BALNEARI","publisher":{"@id":"https:\/\/hotelsantvicenc.com\/es\/#organization"},"potentialAction":[{"@type":"SearchAction","target":{"@type":"EntryPoint","urlTemplate":"https:\/\/hotelsantvicenc.com\/es\/?s={search_term_string}"},"query-input":{"@type":"PropertyValueSpecification","valueRequired":true,"valueName":"search_term_string"}}],"inLanguage":"es"},{"@type":"Organization","@id":"https:\/\/hotelsantvicenc.com\/es\/#organization","name":"ELS BANYS DE SANT VICEN\u00c7 SL","url":"https:\/\/hotelsantvicenc.com\/es\/","logo":{"@type":"ImageObject","inLanguage":"es","@id":"https:\/\/hotelsantvicenc.com\/es\/#\/schema\/logo\/image\/","url":"https:\/\/hotelsantvicenc.com\/wp-content\/uploads\/2023\/07\/WhatsApp-Image-2020-07-14-at-5.04.21-PM.jpeg","contentUrl":"https:\/\/hotelsantvicenc.com\/wp-content\/uploads\/2023\/07\/WhatsApp-Image-2020-07-14-at-5.04.21-PM.jpeg","width":472,"height":472,"caption":"ELS BANYS DE SANT VICEN\u00c7 SL"},"image":{"@id":"https:\/\/hotelsantvicenc.com\/es\/#\/schema\/logo\/image\/"},"sameAs":["https:\/\/www.instagram.com\/balnearisantvicenc\/"]}]}},"_links":{"self":[{"href":"https:\/\/hotelsantvicenc.com\/es\/wp-json\/wp\/v2\/pages\/1638","targetHints":{"allow":["GET"]}}],"collection":[{"href":"https:\/\/hotelsantvicenc.com\/es\/wp-json\/wp\/v2\/pages"}],"about":[{"href":"https:\/\/hotelsantvicenc.com\/es\/wp-json\/wp\/v2\/types\/page"}],"author":[{"embeddable":true,"href":"https:\/\/hotelsantvicenc.com\/es\/wp-json\/wp\/v2\/users\/1"}],"replies":[{"embeddable":true,"href":"https:\/\/hotelsantvicenc.com\/es\/wp-json\/wp\/v2\/comments?post=1638"}],"version-history":[{"count":11,"href":"https:\/\/hotelsantvicenc.com\/es\/wp-json\/wp\/v2\/pages\/1638\/revisions"}],"predecessor-version":[{"id":15646,"href":"https:\/\/hotelsantvicenc.com\/es\/wp-json\/wp\/v2\/pages\/1638\/revisions\/15646"}],"wp:attachment":[{"href":"https:\/\/hotelsantvicenc.com\/es\/wp-json\/wp\/v2\/media?parent=1638"}],"curies":[{"name":"wp","href":"https:\/\/api.w.org\/{rel}","templated":true}]}}