{"id":1651,"date":"2019-12-16T18:30:02","date_gmt":"2019-12-16T16:30:02","guid":{"rendered":"http:\/\/hotelsantvicenc.com\/?page_id=1651"},"modified":"2025-02-01T12:12:57","modified_gmt":"2025-02-01T10:12:57","slug":"tiempo-libre","status":"publish","type":"page","link":"https:\/\/hotelsantvicenc.com\/es\/tiempo-libre\/","title":{"rendered":"Tiempo libre"},"content":{"rendered":"<p>[et_pb_section fb_built=\u00bb1&#8243; _builder_version=\u00bb4.16&#8243; min_height=\u00bb840px\u00bb custom_margin=\u00bb||24px|||\u00bb custom_margin_tablet=\u00bb\u00bb custom_margin_phone=\u00bb-50px||\u00bb custom_margin_last_edited=\u00bbon|desktop\u00bb custom_padding=\u00bb16px||0px|||\u00bb global_colors_info=\u00bb{}\u00bb][et_pb_row _builder_version=\u00bb4.27.4&#8243; custom_margin=\u00bb|auto|0px|auto|false|false\u00bb custom_padding=\u00bb6px||0px|||\u00bb border_width_bottom=\u00bb1px\u00bb border_color_bottom=\u00bb#b7b7b7&#8243; global_colors_info=\u00bb{}\u00bb][et_pb_column type=\u00bb4_4&#8243; _builder_version=\u00bb4.16&#8243; custom_padding=\u00bb|||\u00bb global_colors_info=\u00bb{}\u00bb custom_padding__hover=\u00bb|||\u00bb][et_pb_post_title meta=\u00bboff\u00bb featured_image=\u00bboff\u00bb _builder_version=\u00bb4.16&#8243; title_font=\u00bbMontserrat|300|||||||\u00bb title_text_color=\u00bb#59adbb\u00bb title_font_size=\u00bb48px\u00bb global_colors_info=\u00bb{}\u00bb][\/et_pb_post_title][\/et_pb_column][\/et_pb_row][et_pb_row column_structure=\u00bb3_5,2_5&#8243; _builder_version=\u00bb4.27.4&#8243; custom_margin=\u00bb|auto|0px|auto|false|false\u00bb global_colors_info=\u00bb{}\u00bb][et_pb_column type=\u00bb3_5&#8243; _builder_version=\u00bb4.16&#8243; custom_padding=\u00bb|||\u00bb global_colors_info=\u00bb{}\u00bb custom_padding__hover=\u00bb|||\u00bb][et_pb_image src=\u00bbhttps:\/\/hotelsantvicenc.com\/wp-content\/uploads\/2019\/06\/tempslliure.jpg\u00bb _builder_version=\u00bb4.16&#8243; z_index_tablet=\u00bb500&#8243; box_shadow_horizontal_tablet=\u00bb0px\u00bb box_shadow_vertical_tablet=\u00bb0px\u00bb box_shadow_blur_tablet=\u00bb40px\u00bb box_shadow_spread_tablet=\u00bb0px\u00bb global_colors_info=\u00bb{}\u00bb][\/et_pb_image][\/et_pb_column][et_pb_column type=\u00bb2_5&#8243; _builder_version=\u00bb4.16&#8243; custom_padding=\u00bb|||\u00bb global_colors_info=\u00bb{}\u00bb custom_padding__hover=\u00bb|||\u00bb][et_pb_text _builder_version=\u00bb4.27.4&#8243; text_font=\u00bbSatisfy||||||||\u00bb text_text_color=\u00bb#948878&#8243; text_font_size=\u00bb29px\u00bb text_line_height=\u00bb1.4em\u00bb custom_padding=\u00bb15px||15px\u00bb border_width_top=\u00bb1px\u00bb border_color_top=\u00bb#00bfce\u00bb border_width_bottom=\u00bb1px\u00bb border_color_bottom=\u00bb#00bfce\u00bb text_text_align=\u00bbleft\u00bb global_colors_info=\u00bb{}\u00bb]<\/p>\n<p>20 propuestas m\u00e1gicas para realizar\u00a0 \u00a0 \u00a0en nuestro entorno.<\/p>\n<p>[\/et_pb_text][et_pb_text _builder_version=\u00bb4.16&#8243; text_font=\u00bb||||||||\u00bb text_font_size=\u00bb15px\u00bb text_line_height=\u00bb1.9em\u00bb header_font=\u00bb||||||||\u00bb header_2_font=\u00bbMontserrat|300|||||||\u00bb header_2_text_color=\u00bb#59adbb\u00bb global_colors_info=\u00bb{}\u00bb]<\/p>\n<p>Queremos complementar vuestra\u00a0 estancia en el hotel-balneario Sant Vicen\u00e7 con los mejores atractivos del entorno. Por ello deseamos que descubrais los secretos m\u00e1s bien guardados del Alt Urgell, La Cerdanya y el Principado de Andorra. Podeis reservarlas directamente o permitid que nuestro equipo de recepci\u00f3n se ocupe de todo.<\/p>\n<p>[\/et_pb_text][\/et_pb_column][\/et_pb_row][et_pb_row column_structure=\u00bb1_2,1_2&#8243; _builder_version=\u00bb4.27.4&#8243; min_height=\u00bb1063px\u00bb custom_margin=\u00bb|auto|-27px|auto||\u00bb custom_padding=\u00bb||33px|||\u00bb global_colors_info=\u00bb{}\u00bb][et_pb_column type=\u00bb1_2&#8243; _builder_version=\u00bb4.16&#8243; custom_padding=\u00bb|||\u00bb global_colors_info=\u00bb{}\u00bb custom_padding__hover=\u00bb|||\u00bb][et_pb_accordion icon_color=\u00bb#59adbb\u00bb _builder_version=\u00bb4.16&#8243; global_colors_info=\u00bb{}\u00bb][et_pb_accordion_item title=\u00bb1. Descubriendo el Barid\u00e0\u00bb open=\u00bbon\u00bb open_toggle_text_color=\u00bb#59adbb\u00bb closed_toggle_background_color=\u00bb#dbeff3&#8243; _builder_version=\u00bb4.16&#8243; global_colors_info=\u00bb{}\u00bb toggle_text_color=\u00bb#59adbb\u00bb toggle_font=\u00bbMontserrat|||on|||||\u00bb]<\/p>\n<p><span>Desde el mirador ubicado a los escombros del castillo de Aristot, descubrireis el paisaje del\u00a0<\/span><span>Barid\u00e0<\/span><span>, nuestra\u00a0<\/span><span>subcomarca<\/span><span>. A continuaci\u00f3n, aprovechad para recorrer el laberinto de calles estrechas del peque\u00f1o pueblo y visitad su iglesia rom\u00e1nica del s. XII.<\/span><\/p>\n<p>[\/et_pb_accordion_item][et_pb_accordion_item title=\u00bb2. Ars\u00e8guel y sus acordeones\u00bb open_toggle_text_color=\u00bb#59adbb\u00bb closed_toggle_background_color=\u00bb#dbeff3&#8243; _builder_version=\u00bb4.16&#8243; global_colors_info=\u00bb{}\u00bb toggle_text_color=\u00bb#59adbb\u00bb toggle_font=\u00bbMontserrat|||on|||||\u00bb open=\u00bboff\u00bb]<\/p>\n<p><span>Contemplad la preciosa vista del pueblecito desde la carretera nacional con el\u00a0<\/span><span>Cad\u00ed<\/span><span>\u00a0como tel\u00f3n de fondo. En el pueblo, pasead por las calles medievales y visitad el museo del acorde\u00f3n, fruto del popular Festival de\u00a0<\/span><span>acordionistas<\/span><span>\u00a0que se celebra cada mes de julio.<\/span><\/p>\n<p><span>RECOMENDACI\u00d3N:\u00a0 Si os gusta la cerveza no os marcheis de Ars\u00e8guel sin probar la cerveza artesana El Gall Negre, elaborada por un maestro cervecero local formado en\u00a0<\/span><span>Munich<\/span><span>, elaborada con el agua que baja directamente del\u00a0<\/span><span>Cad\u00ed<\/span><span>\u00a0e impregnada de la autenticidad del\u00a0<\/span><span>Barid\u00e0<\/span><span>.<\/span><\/p>\n<p>[\/et_pb_accordion_item][et_pb_accordion_item title=\u00bb3. La Seu d&#8217;Urgell hist\u00f3rica\u00bb open_toggle_text_color=\u00bb#59adbb\u00bb closed_toggle_background_color=\u00bb#dbeff3&#8243; _builder_version=\u00bb4.16&#8243; global_colors_info=\u00bb{}\u00bb toggle_text_color=\u00bb#59adbb\u00bb toggle_font=\u00bbMontserrat|||on|||||\u00bb open=\u00bboff\u00bb]<\/p>\n<p><a href=\"http:\/\/www.turismeseu.com\">www.turismeseu.com<\/a><\/p>\n<p>&nbsp;<\/p>\n<div class=\"traductor-textarea form-group\">\n<div class=\"textarea-desti col-xs-12 col-sm-6\">\n<div class=\"form-control second-textarea\">\n<p>La Catedral de Santa Maria de Urgell, ubicada en el centro hist\u00f3rico, es el edificio m\u00e1s emblem\u00e1tico de la ciudad. Construida el s. XII es la \u00fanica catedral rom\u00e1nica que se conserva en Catalu\u00f1a. Maravillaos con su claustro, adosado a la fachada sur del templo y fijaos en los capiteles, decorados con una gran variedad de motivos.<\/p>\n<p>En el Museo Diocesano descubrir\u00e9is una valiosa colecci\u00f3n de arte religioso, procedente de todo el obispado.<\/p>\n<p>Pasead por las calles porticadas y descubrid, en la calle de los Can\u00f3nigos, el edificio que fue residencia de la familia del Papa<span>\u00a0<\/span><span>Luna<\/span><span>\u00a0<\/span>y en la calle Mayor, las medidas de la<span>\u00a0<\/span><span>bladeria<\/span>, dos medidas de grano, casi las \u00fanicas que se conservan en Catalu\u00f1a.<\/div>\n<\/div>\n<\/div>\n<div class=\"traductor-checkbox form-group\">\n<div class=\"row\">\n<div class=\"col-sm-5\"><label class=\"checkbox-inline\" id=\"formes_valencianes_label\"><\/label><\/div>\n<\/div>\n<\/div>\n<p>[\/et_pb_accordion_item][et_pb_accordion_item title=\u00bb4. Mercados tradicionales\u00bb open_toggle_text_color=\u00bb#59adbb\u00bb closed_toggle_background_color=\u00bb#dbeff3&#8243; _builder_version=\u00bb4.16&#8243; global_colors_info=\u00bb{}\u00bb toggle_text_color=\u00bb#59adbb\u00bb toggle_font=\u00bbMontserrat|||on|||||\u00bb open=\u00bboff\u00bb]<\/p>\n<p><span>Curiosead por las paradas del Mercado tradicional que se celebra todos los martes y s\u00e1bados en el centro hist\u00f3rico de La Seu d&#8217;Urgell.<\/span><\/p>\n<p><span>Otros mercados locales; lunes Martinet, jueves Bellver y domingo Puigcerd\u00e1 y Organy\u00e0.<\/span><\/p>\n<p>[\/et_pb_accordion_item][et_pb_accordion_item title=\u00bb5. Deportes de agua\u00bb open_toggle_text_color=\u00bb#59adbb\u00bb closed_toggle_background_color=\u00bb#dbeff3&#8243; _builder_version=\u00bb4.16&#8243; global_colors_info=\u00bb{}\u00bb toggle_text_color=\u00bb#59adbb\u00bb toggle_font=\u00bbMontserrat|||on|||||\u00bb open=\u00bboff\u00bb]<\/p>\n<p><a class=\"external-link\" href=\"http:\/\/www.parcolimpic.com\/\" target=\"_blank\" rel=\"noopener noreferrer\">www.parcolimpic.com<\/a><\/p>\n<p><span>Dejaos tentar por el agua y atreveros a vivir una experiencia rica en sensaciones y fuertes emociones en el Parque Ol\u00edmpico del Segre de La Seu d&#8217;Urgell donde podr\u00e9is practicar\u00a0<\/span><span>rafting<\/span><span>,\u00a0<\/span><span>hydrospeed<\/span><span>\u00a0y\u00a0<\/span><span>pirag\u00fcismo<\/span><span>.<\/span><\/p>\n<p>[\/et_pb_accordion_item][et_pb_accordion_item title=\u00bb6. A caballo por el Barid\u00e0\u00bb open_toggle_text_color=\u00bb#59adbb\u00bb closed_toggle_background_color=\u00bb#dbeff3&#8243; _builder_version=\u00bb4.16&#8243; global_colors_info=\u00bb{}\u00bb toggle_text_color=\u00bb#59adbb\u00bb toggle_font=\u00bbMontserrat|||on|||||\u00bb open=\u00bboff\u00bb]<\/p>\n<p><a class=\"external-link\" href=\"http:\/\/www.lacerdanya4potes.com\/\" target=\"_blank\" rel=\"noopener noreferrer\">www.cavallsbarida.com\u00a0<\/a><\/p>\n<p>Marc Gir\u00f3, guia titulado en actividades f\u00edsico-desportivas en el medio natural, equitaci\u00f3n y senderismo os descubrir\u00e1 los rincones m\u00e1s bonitos del Cad\u00ed- Moixer\u00f3 con les sus rutas caballo. Os atreveis?\u00a0<\/p>\n<p>[\/et_pb_accordion_item][et_pb_accordion_item title=\u00bb7. Almuerzo de monta\u00f1a\u00bb open_toggle_text_color=\u00bb#59adbb\u00bb closed_toggle_background_color=\u00bb#dbeff3&#8243; _builder_version=\u00bb4.16&#8243; global_colors_info=\u00bb{}\u00bb toggle_text_color=\u00bb#59adbb\u00bb toggle_font=\u00bbMontserrat|||on|||||\u00bb open=\u00bboff\u00bb]<\/p>\n<p><a class=\"external-link\" href=\"http:\/\/www.turismeruralbescaran.com\/\" target=\"_blank\" rel=\"noopener noreferrer\">www.turismeruralbescaran.com<\/a><\/p>\n<p>Descobrid los sabores del mundo rural saboreando una comida tradicional de monta\u00f1a con los mejores productos aut\u00f3ctonos en el Restaurante \u201cLa Canal\u201d de Bescaran.<\/p>\n<p>[\/et_pb_accordion_item][et_pb_accordion_item title=\u00bb8. Trekking a Prat de Cad\u00ed\u00bb open_toggle_text_color=\u00bb#59adbb\u00bb closed_toggle_background_color=\u00bb#dbeff3&#8243; _builder_version=\u00bb4.16&#8243; global_colors_info=\u00bb{}\u00bb toggle_text_color=\u00bb#59adbb\u00bb toggle_font=\u00bbMontserrat|||on|||||\u00bb open=\u00bboff\u00bb]<\/p>\n<p>Desplazaros en coche hasta Estana y animaros a relaizar una caminada de una hora y cuarenta minutos por un sendero se\u00f1alizado. Vuestra recompensa tras el esfuerzo ser\u00e1n las mejores vistas del Cad\u00ed.<\/p>\n<p>[\/et_pb_accordion_item][et_pb_accordion_item title=\u00bb9. Raquetas de nieve\u00bb open_toggle_text_color=\u00bb#59adbb\u00bb closed_toggle_background_color=\u00bb#dbeff3&#8243; _builder_version=\u00bb4.16&#8243; global_colors_info=\u00bb{}\u00bb toggle_text_color=\u00bb#59adbb\u00bb toggle_font=\u00bbMontserrat|||on|||||\u00bb open=\u00bboff\u00bb]<\/p>\n<p>(actividad de invierno)<br \/> <a class=\"external-link\" href=\"http:\/\/www.aransaski.com\/\" target=\"_blank\" rel=\"noopener noreferrer\">www.aransaski.com<\/a>\u00a0\/\u00a0<a class=\"external-link\" href=\"http:\/\/www.lles.net\/\" target=\"_blank\" rel=\"noopener noreferrer\">www.lles.net<\/a>\u00a0\/<a class=\"external-link\" href=\"http:\/\/www.parcaventura.com\/\">\u00a0parcaventura.com<\/a><\/p>\n<p>Alquilad unas raquetas de nieve y atreviros a realizar un circuito por alguna estaci\u00f3n invernal vecina.<\/p>\n<p>[\/et_pb_accordion_item][et_pb_accordion_item title=\u00bb10. Esqu\u00ed n\u00f3rdico y alpino\u00bb open_toggle_text_color=\u00bb#59adbb\u00bb closed_toggle_background_color=\u00bb#dbeff3&#8243; _builder_version=\u00bb4.16&#8243; global_colors_info=\u00bb{}\u00bb toggle_text_color=\u00bb#59adbb\u00bb toggle_font=\u00bbMontserrat|||on|||||\u00bb open=\u00bboff\u00bb]<\/p>\n<p>(activitat d&#8217;hivern)<br \/> <a class=\"external-link\" href=\"http:\/\/www.cerdanyavirtual.com\/estacions-esqui-cerdanya.htm\" target=\"_blank\" rel=\"noopener noreferrer\">www.cerdanyavirtual.com\/estacions-esqui-cerdanya.htm<\/a>\u00a0\/\u00a0<a class=\"external-link\" href=\"http:\/\/www.skiandorra.ad\/\" target=\"_blank\" rel=\"noopener noreferrer\">www.skiandorra.ad<\/a><\/p>\n<p>Gaudiu d&#8217;una jornada d&#8217;esqu\u00ed a les estacions de l&#8217;Alt Urgell, La Cerdanya, Andorra o el Sud de Fran\u00e7a.<\/p>\n<p>[\/et_pb_accordion_item][\/et_pb_accordion][\/et_pb_column][et_pb_column type=\u00bb1_2&#8243; _builder_version=\u00bb4.16&#8243; custom_padding=\u00bb|||\u00bb global_colors_info=\u00bb{}\u00bb custom_padding__hover=\u00bb|||\u00bb][et_pb_accordion icon_color=\u00bb#59adbb\u00bb _builder_version=\u00bb4.27.4&#8243; toggle_font=\u00bb||||||||\u00bb hover_enabled=\u00bb0&#8243; global_colors_info=\u00bb{}\u00bb sticky_enabled=\u00bb0&#8243;][et_pb_accordion_item title=\u00bb11. Nuestro queso artesano preferido\u00bb open=\u00bbon\u00bb open_toggle_text_color=\u00bb#59adbb\u00bb closed_toggle_background_color=\u00bb#dbeff3&#8243; _builder_version=\u00bb4.16&#8243; global_colors_info=\u00bb{}\u00bb toggle_text_color=\u00bb#59adbb\u00bb toggle_font=\u00bbMontserrat|||on|||||\u00bb]<\/p>\n<p><strong>\u00c9s diu BARID\u00c0 i el trobareu a Bar<\/strong>.<\/p>\n<p>En Francesc Buscall\u00e0 l&#8217;elabora amb la llet crua de les 130 cabres alpines que ell mateix cuida. Com que les cabres s&#8217;alimenten de les pastures naturals que envolten el poble, la textura i el gust del formatge varia al llarg de l&#8217;any com ho fa el tipus de vegetaci\u00f3. A la primavera \u00e9s suau, a l&#8217;estiu curat i a la tardor i hivern m\u00e9s potent.<\/p>\n<p><em>Contacteu al Francesc si voleu visitar el seu obrador<strong> 973 384060<\/strong><\/em><\/p>\n<p>&nbsp;<\/p>\n<p>Descobriu altres formatgeries de la comarca a <a class=\"external-link\" href=\"http:\/\/www.turismeseu.com\" target=\"_blank\" rel=\"noopener noreferrer\">\u00a0www.turismeseu.com<\/a><\/p>\n<p>[\/et_pb_accordion_item][et_pb_accordion_item title=\u00bb12. Cad\u00ed majestuoso\u00bb open_toggle_text_color=\u00bb#59adbb\u00bb closed_toggle_background_color=\u00bb#dbeff3&#8243; _builder_version=\u00bb4.16&#8243; global_colors_info=\u00bb{}\u00bb toggle_text_color=\u00bb#59adbb\u00bb toggle_font=\u00bbMontserrat|||on|||||\u00bb open=\u00bboff\u00bb]<\/p>\n<p>Us recomanem aquesta fant\u00e0stica excursi\u00f3 de 3:30 hores a peu des del poble de Montell\u00e0 fins a Prat d&#8217;Aguil\u00f3, a la vessant nord del Cad\u00ed (2463m), al bell mig d&#8217;impressionants paisatges i prats de muntanya.<\/p>\n<p>Tamb\u00e9 teniu l&#8217;opci\u00f3 d&#8217;accedir-hi amb un vehicle alt o 4&#215;4 per pista forestal des de Montell\u00e0 (15km.) i quedar-vos a dinar al refugi.<\/p>\n<p>[\/et_pb_accordion_item][et_pb_accordion_item title=\u00bb13. Martinet y los b\u00fanqueres secretos\u00bb open_toggle_text_color=\u00bb#59adbb\u00bb closed_toggle_background_color=\u00bb#dbeff3&#8243; _builder_version=\u00bb4.16&#8243; global_colors_info=\u00bb{}\u00bb toggle_text_color=\u00bb#59adbb\u00bb toggle_font=\u00bbMontserrat|||on|||||\u00bb open=\u00bboff\u00bb]<\/p>\n<p><a class=\"external-link\" href=\"http:\/\/www.bunquersmartinet.net\/\" target=\"_blank\" rel=\"noopener noreferrer\">www.bunquersmartinet.net<\/a><\/p>\n<p>Durant els anys quaranta als Pirineus es va construir una impressionant l\u00ednia de defensa que durant molt temps ha estat envoltada pel secret militar. Un secret molt ben guardat i despr\u00e9s oblidat. Ara el Parc dels B\u00fanquers de Martinet i Montell\u00e0, posa a l&#8217;abast del p\u00fablic algunes d&#8217;aquestes fortificacions de ciment armat -veritables fortaleses del segle XX- adequades i preparades per ser visitades en el marc d&#8217;una proposta tur\u00ecstica i cultural diferent.<\/p>\n<p>[\/et_pb_accordion_item][et_pb_accordion_item title=\u00bb14. EL MEJOR guia de monta\u00f1a \u00bb open_toggle_text_color=\u00bb#59adbb\u00bb closed_toggle_background_color=\u00bb#dbeff3&#8243; _builder_version=\u00bb4.27.4&#8243; hover_enabled=\u00bb0&#8243; global_colors_info=\u00bb{}\u00bb toggle_text_color=\u00bb#59adbb\u00bb toggle_font=\u00bbMontserrat|||on|||||\u00bb open=\u00bboff\u00bb sticky_enabled=\u00bb0&#8243;]<\/p>\n<p>L&#8217;Albert de Gr\u00e0cia \u00e9s meteor\u00f2leg i guia de muntanya de refer\u00e8ncia al Pirineu lleidat\u00e0. Si el contracteu, no us decebr\u00e0, us descobrir\u00e0 els indrets m\u00e9s bells de la regi\u00f3, aprendreu una mica de geologia i depurareu la t\u00e8cnica de la marxa n\u00f2rdica.<\/p>\n<p>Una activitat 100% recomanable si voleu con\u00e8ixer el Barid\u00e0 de la m\u00e0 d&#8217;un gran coneixedor del nostre territori.<\/p>\n<p><strong>La nostra sortida preferida<\/strong>: N\u00f2rdic walk d&#8217;Ansovell al Boscalt. Informeu-vos!<\/p>\n<p><a href=\"https:\/\/www.meteopirineuscatalans.com\">www.meteopirineuscatalans.com<\/a><\/p>\n<p>&nbsp;<\/p>\n<p>[\/et_pb_accordion_item][et_pb_accordion_item title=\u00bb15. Picnic en el lago\u00bb open_toggle_text_color=\u00bb#59adbb\u00bb closed_toggle_background_color=\u00bb#dbeff3&#8243; _builder_version=\u00bb4.16&#8243; global_colors_info=\u00bb{}\u00bb toggle_text_color=\u00bb#59adbb\u00bb toggle_font=\u00bbMontserrat|||on|||||\u00bb open=\u00bboff\u00bb]<\/p>\n<p><em>(activitat de primavera, estiu i tardor)\u00a0<\/em><\/p>\n<p><span style=\"text-decoration: underline;\">Dues excursions senzilles de 30m a peu que podreu fer amb la fam\u00edlia.\u00a0<\/span><\/p>\n<p><strong>Llacs de la Pera<\/strong> (altitud: 2,320 m., dist\u00e0ncia des de l&#8217;hotel: 39 km.)<\/p>\n<p><strong>Llacs de Meranges<\/strong> (altitud: 2,250 m., dist\u00e0ncia des de l&#8217;hotel: 46 km.)<\/p>\n<p><em>Demaneu-nos el picnic i gaudiu vora el llac d&#8217;un dia perfecte!<\/em><\/p>\n<p>[\/et_pb_accordion_item][et_pb_accordion_item title=\u00bb16. Puigcerd\u00e0 se\u00f1orial\u00bb open_toggle_text_color=\u00bb#59adbb\u00bb closed_toggle_background_color=\u00bb#dbeff3&#8243; _builder_version=\u00bb4.16&#8243; global_colors_info=\u00bb{}\u00bb toggle_text_color=\u00bb#59adbb\u00bb toggle_font=\u00bbMontserrat|||on|||||\u00bb open=\u00bboff\u00bb]<\/p>\n<p><a class=\"external-link\" href=\"http:\/\/www.puigcerda.cat\/\" target=\"_blank\" rel=\"noopener noreferrer\">www.puigcerda.cat<\/a><\/p>\n<p>Aparqueu facilment vora l\u2019estaci\u00f3 de tren i preneu l\u2019ascensor que us deixar\u00e0 a l\u2019animat centre comercial del poble. Feu un passeig per la zona de l\u2019estany on algunes fam\u00edlies benestants\u00a0 de la segona meitat del segle XIX hi constru\u00efren espectaculars torres d\u2019estiueig.<\/p>\n<p>[\/et_pb_accordion_item][et_pb_accordion_item title=\u00bb17. Cenas de nieve\u00bb open_toggle_text_color=\u00bb#59adbb\u00bb closed_toggle_background_color=\u00bb#dbeff3&#8243; _builder_version=\u00bb4.16&#8243; global_colors_info=\u00bb{}\u00bb toggle_text_color=\u00bb#59adbb\u00bb toggle_font=\u00bbMontserrat|||on|||||\u00bb open=\u00bboff\u00bb]<\/p>\n<p>(activitat d&#8217;hivern)<\/p>\n<p><a class=\"external-link\" href=\"http:\/\/www.andorra.ad\/ca-ES\/propostes\/Pagines\/fondue_cheese_art_arcalis.aspx\" target=\"_blank\" rel=\"noopener noreferrer\">www.andorra.ad\/ca-ES\/propostes\/Pagines\/fondue_cheese_art_arcalis.aspx<\/a><\/p>\n<p>Experimenteu una nit a la neu tot pujant a les pistes d&#8217;esqu\u00ed d&#8217;Arinsal al Principat d&#8217;Andorra amb raquetes o esqu\u00eds de fons (si ho preferiu us hi pujaran amb vehicle especial motoritzat) i gaudiu d&#8217;una fondue al restaurant Cheese&#8217;art..<\/p>\n<p>[\/et_pb_accordion_item][et_pb_accordion_item title=\u00bb18. El Museo Casa Rull\u00bb open_toggle_text_color=\u00bb#59adbb\u00bb closed_toggle_background_color=\u00bb#dbeff3&#8243; _builder_version=\u00bb4.16&#8243; global_colors_info=\u00bb{}\u00bb toggle_text_color=\u00bb#59adbb\u00bb toggle_font=\u00bbMontserrat|||on|||||\u00bb open=\u00bboff\u00bb]<\/p>\n<p><a class=\"external-link\" href=\"http:\/\/www.andorra.ad\/ca-ES\/recursos\/Pagines\/Museu_Casa_Rull.aspx\" target=\"_blank\" rel=\"noopener noreferrer\">www.andorra.ad\/ca-ES\/recursos\/Pagines\/Museu_Casa_Rull.aspx\u00a0<\/a><\/p>\n<p>Traslladeu-vos a l&#8217;Andorra del s. XIX i principi del s. XX i apropeu-vos a la manera de viure d&#8217;aquella \u00e8poca, en qu\u00e8 el conreu de la terra i l&#8217;explotaci\u00f3 ramadera eren la base econ\u00f2mica de la societat rural andorrana. La Casa Rull va ser una de les cases m\u00e9s importants de la parr\u00f2quia de la Massana. Sota el seu sostre hi van viure hereus i pubilles, cabalers i cabaleres, mossos i criades.<\/p>\n<p>[\/et_pb_accordion_item][et_pb_accordion_item title=\u00bb19. El tren groc\u00bb open_toggle_text_color=\u00bb#59adbb\u00bb closed_toggle_background_color=\u00bb#dbeff3&#8243; _builder_version=\u00bb4.16&#8243; global_colors_info=\u00bb{}\u00bb toggle_text_color=\u00bb#59adbb\u00bb toggle_font=\u00bbMontserrat|||on|||||\u00bb open=\u00bboff\u00bb]<a class=\"external-link\" href=\"http:\/\/www.ter-sncf.com\/languedoc\" target=\"_blank\" rel=\"noopener noreferrer\">www.ter-sncf.com\/languedoc<\/a><\/p>\n<p>El tren groc, es des de fa gaireb\u00e9 ja 90 anys, un veritable s\u00edmbol de la regi\u00f3 catalana a Fran\u00e7a. Uneix les poblacions de La Tour de Carol (1231 mts.) amb Villefranche de Conflent (724 mts.). El trajecte sencer (63km.) t\u00e9 una durada de 3 hores per\u00f2 podeu rec\u00f3rrer nom\u00e9s la meitat de l&#8217;itinerari.<br \/>\n[\/et_pb_accordion_item][et_pb_accordion_item title=\u00bb20. Vuelo en globo\u00bb open_toggle_text_color=\u00bb#59adbb\u00bb closed_toggle_background_color=\u00bb#dbeff3&#8243; _builder_version=\u00bb4.16&#8243; global_colors_info=\u00bb{}\u00bb toggle_text_color=\u00bb#59adbb\u00bb toggle_font=\u00bbMontserrat|||on|||||\u00bb open=\u00bboff\u00bb]<\/p>\n<p><a class=\"external-link\" href=\"http:\/\/www.globubolg.com\/\" target=\"_blank\" rel=\"noopener noreferrer\">www.globubolg.com<\/a><\/p>\n<p>Contempleu des de l&#8217;aire la bellesa de la nostra geografia i gaudiu d&#8217;unes vistes espectaculars de les majestuoses muntanyes que envolten la vall.<\/p>\n<p>[\/et_pb_accordion_item][\/et_pb_accordion][\/et_pb_column][\/et_pb_row][\/et_pb_section][et_pb_section fb_built=\u00bb1&#8243; disabled_on=\u00bbon|on|on\u00bb _builder_version=\u00bb4.27.4&#8243; background_color=\u00bb#9b9b9b\u00bb vertical_offset_tablet=\u00bb0&#8243; horizontal_offset_tablet=\u00bb0&#8243; inner_width_tablet=\u00bb50px\u00bb inner_max_width_tablet=\u00bb50px\u00bb custom_padding=\u00bb10px||16px|\u00bb z_index_tablet=\u00bb500&#8243; box_shadow_horizontal_tablet=\u00bb0px\u00bb box_shadow_vertical_tablet=\u00bb0px\u00bb box_shadow_blur_tablet=\u00bb40px\u00bb box_shadow_spread_tablet=\u00bb0px\u00bb disabled=\u00bbon\u00bb global_colors_info=\u00bb{}\u00bb][et_pb_row column_structure=\u00bb1_4,1_4,1_4,1_4&#8243; use_custom_gutter=\u00bbon\u00bb gutter_width=\u00bb1&#8243; _builder_version=\u00bb4.27.4&#8243; custom_margin=\u00bb|auto|0px|auto|false|false\u00bb custom_padding=\u00bb6px||5px|\u00bb z_index_tablet=\u00bb500&#8243; box_shadow_horizontal_tablet=\u00bb0px\u00bb box_shadow_vertical_tablet=\u00bb0px\u00bb box_shadow_blur_tablet=\u00bb40px\u00bb box_shadow_spread_tablet=\u00bb0px\u00bb global_colors_info=\u00bb{}\u00bb][et_pb_column type=\u00bb1_4&#8243; _builder_version=\u00bb4.16&#8243; custom_padding=\u00bb|||\u00bb global_colors_info=\u00bb{}\u00bb custom_padding__hover=\u00bb|||\u00bb][et_pb_image src=\u00bbhttps:\/\/hotelsantvicenc.com\/wp-content\/uploads\/2019\/06\/peu-telefon.png\u00bb align=\u00bbcenter\u00bb _builder_version=\u00bb4.16&#8243; width=\u00bb15%\u00bb z_index_tablet=\u00bb500&#8243; box_shadow_horizontal_tablet=\u00bb0px\u00bb box_shadow_vertical_tablet=\u00bb0px\u00bb box_shadow_blur_tablet=\u00bb40px\u00bb box_shadow_spread_tablet=\u00bb0px\u00bb global_colors_info=\u00bb{}\u00bb][\/et_pb_image][et_pb_text _builder_version=\u00bb4.16&#8243; text_font=\u00bbMontserrat|300|||||||\u00bb text_text_color=\u00bb#ffffff\u00bb text_font_size=\u00bb17px\u00bb text_orientation=\u00bbcenter\u00bb text_text_align=\u00bbcenter\u00bb global_colors_info=\u00bb{}\u00bb]<\/p>\n<p>973 384 010<br \/> 671 559 585<\/p>\n<p>[\/et_pb_text][\/et_pb_column][et_pb_column type=\u00bb1_4&#8243; _builder_version=\u00bb4.16&#8243; custom_padding=\u00bb|||\u00bb global_colors_info=\u00bb{}\u00bb custom_padding__hover=\u00bb|||\u00bb][et_pb_image src=\u00bbhttps:\/\/hotelsantvicenc.com\/wp-content\/uploads\/2019\/06\/peu-email.png\u00bb align=\u00bbcenter\u00bb _builder_version=\u00bb4.16&#8243; width=\u00bb15%\u00bb z_index_tablet=\u00bb500&#8243; box_shadow_horizontal_tablet=\u00bb0px\u00bb box_shadow_vertical_tablet=\u00bb0px\u00bb box_shadow_blur_tablet=\u00bb40px\u00bb box_shadow_spread_tablet=\u00bb0px\u00bb global_colors_info=\u00bb{}\u00bb][\/et_pb_image][et_pb_text _builder_version=\u00bb4.16&#8243; text_font=\u00bb||||||||\u00bb link_font=\u00bbMontserrat|300|||||||\u00bb link_text_align=\u00bbleft\u00bb link_text_color=\u00bb#ffffff\u00bb link_font_size=\u00bb17px\u00bb text_orientation=\u00bbcenter\u00bb text_text_align=\u00bbcenter\u00bb global_colors_info=\u00bb{}\u00bb]<\/p>\n<p><a href=\"https:\/\/linceo.svt.es:8443\/smb\/email-address\/edit\/id\/49\">reserves@hotelsantvicenc.com<\/a><\/p>\n<p>[\/et_pb_text][\/et_pb_column][et_pb_column type=\u00bb1_4&#8243; _builder_version=\u00bb4.16&#8243; custom_padding=\u00bb|||\u00bb global_colors_info=\u00bb{}\u00bb custom_padding__hover=\u00bb|||\u00bb][et_pb_image src=\u00bbhttps:\/\/hotelsantvicenc.com\/wp-content\/uploads\/2019\/06\/peu-onsom.png\u00bb url=\u00bbhttps:\/\/www.google.com\/maps\/place\/Hotel+Balneari+Sant+Vicen%C3%A7\/@42.3684889,1.5946055,15z\/data=!4m2!3m1!1s0x0:0xef70ee504c88bc29?sa=X&#038;ved=2ahUKEwjX-5Sn5PDiAhVMOBoKHSJrCvYQ_BIwDnoECBAQCA\u00bb align=\u00bbcenter\u00bb _builder_version=\u00bb4.16&#8243; width=\u00bb15%\u00bb z_index_tablet=\u00bb500&#8243; box_shadow_horizontal_tablet=\u00bb0px\u00bb box_shadow_vertical_tablet=\u00bb0px\u00bb box_shadow_blur_tablet=\u00bb40px\u00bb box_shadow_spread_tablet=\u00bb0px\u00bb global_colors_info=\u00bb{}\u00bb][\/et_pb_image][et_pb_text _builder_version=\u00bb4.16&#8243; text_font=\u00bbMontserrat|300|||||||\u00bb text_text_color=\u00bb#ffffff\u00bb text_font_size=\u00bb17px\u00bb text_orientation=\u00bbcenter\u00bb text_text_align=\u00bbcenter\u00bb global_colors_info=\u00bb{}\u00bb]<\/p>\n<p>Encu\u00e9ntranos<\/p>\n<p>[\/et_pb_text][\/et_pb_column][et_pb_column type=\u00bb1_4&#8243; _builder_version=\u00bb4.16&#8243; custom_padding=\u00bb|||\u00bb global_colors_info=\u00bb{}\u00bb custom_padding__hover=\u00bb|||\u00bb][et_pb_text _builder_version=\u00bb4.16&#8243; text_font=\u00bb||||||||\u00bb text_orientation=\u00bbcenter\u00bb z_index_tablet=\u00bb500&#8243; text_text_shadow_horizontal_length_tablet=\u00bb0px\u00bb text_text_shadow_vertical_length_tablet=\u00bb0px\u00bb text_text_shadow_blur_strength_tablet=\u00bb1px\u00bb link_text_shadow_horizontal_length_tablet=\u00bb0px\u00bb link_text_shadow_vertical_length_tablet=\u00bb0px\u00bb link_text_shadow_blur_strength_tablet=\u00bb1px\u00bb ul_text_shadow_horizontal_length_tablet=\u00bb0px\u00bb ul_text_shadow_vertical_length_tablet=\u00bb0px\u00bb ul_text_shadow_blur_strength_tablet=\u00bb1px\u00bb ol_text_shadow_horizontal_length_tablet=\u00bb0px\u00bb ol_text_shadow_vertical_length_tablet=\u00bb0px\u00bb ol_text_shadow_blur_strength_tablet=\u00bb1px\u00bb quote_text_shadow_horizontal_length_tablet=\u00bb0px\u00bb quote_text_shadow_vertical_length_tablet=\u00bb0px\u00bb quote_text_shadow_blur_strength_tablet=\u00bb1px\u00bb header_text_shadow_horizontal_length_tablet=\u00bb0px\u00bb header_text_shadow_vertical_length_tablet=\u00bb0px\u00bb header_text_shadow_blur_strength_tablet=\u00bb1px\u00bb header_2_text_shadow_horizontal_length_tablet=\u00bb0px\u00bb header_2_text_shadow_vertical_length_tablet=\u00bb0px\u00bb header_2_text_shadow_blur_strength_tablet=\u00bb1px\u00bb header_3_text_shadow_horizontal_length_tablet=\u00bb0px\u00bb header_3_text_shadow_vertical_length_tablet=\u00bb0px\u00bb header_3_text_shadow_blur_strength_tablet=\u00bb1px\u00bb header_4_text_shadow_horizontal_length_tablet=\u00bb0px\u00bb header_4_text_shadow_vertical_length_tablet=\u00bb0px\u00bb header_4_text_shadow_blur_strength_tablet=\u00bb1px\u00bb header_5_text_shadow_horizontal_length_tablet=\u00bb0px\u00bb header_5_text_shadow_vertical_length_tablet=\u00bb0px\u00bb header_5_text_shadow_blur_strength_tablet=\u00bb1px\u00bb header_6_text_shadow_horizontal_length_tablet=\u00bb0px\u00bb header_6_text_shadow_vertical_length_tablet=\u00bb0px\u00bb header_6_text_shadow_blur_strength_tablet=\u00bb1px\u00bb box_shadow_horizontal_tablet=\u00bb0px\u00bb box_shadow_vertical_tablet=\u00bb0px\u00bb box_shadow_blur_tablet=\u00bb40px\u00bb box_shadow_spread_tablet=\u00bb0px\u00bb text_text_align=\u00bbcenter\u00bb global_colors_info=\u00bb{}\u00bb]<\/p>\n<p><a href=\"https:\/\/www.facebook.com\/santvicenc\/\" target=\"_blank\" rel=\"noopener noreferrer\"><img loading=\"lazy\" decoding=\"async\" class=\"wp-image-134 alignnone size-medium\" src=\"https:\/\/hotelsantvicenc.com\/wp-content\/uploads\/2019\/06\/peu-facebook-300x300.png\" alt=\"\" width=\"44\" height=\"44\" srcset=\"https:\/\/hotelsantvicenc.com\/wp-content\/uploads\/2019\/06\/peu-facebook-300x300.png 300w, https:\/\/hotelsantvicenc.com\/wp-content\/uploads\/2019\/06\/peu-facebook-150x150.png 150w, https:\/\/hotelsantvicenc.com\/wp-content\/uploads\/2019\/06\/peu-facebook.png 314w\" sizes=\"(max-width: 44px) 100vw, 44px\" \/><\/a>\u00a0 \u00a0 <a href=\"https:\/\/www.pinterest.es\/marta2826\/pins\/\" target=\"_blank\" rel=\"noopener noreferrer\"><img loading=\"lazy\" decoding=\"async\" class=\"wp-image-137 alignnone size-medium\" src=\"https:\/\/hotelsantvicenc.com\/wp-content\/uploads\/2019\/06\/peu-pinterest-300x300.png\" alt=\"\" width=\"44\" height=\"44\" srcset=\"https:\/\/hotelsantvicenc.com\/wp-content\/uploads\/2019\/06\/peu-pinterest-300x300.png 300w, https:\/\/hotelsantvicenc.com\/wp-content\/uploads\/2019\/06\/peu-pinterest-150x150.png 150w, https:\/\/hotelsantvicenc.com\/wp-content\/uploads\/2019\/06\/peu-pinterest.png 314w\" sizes=\"(max-width: 44px) 100vw, 44px\" \/><\/a>\u00a0 \u00a0\u00a0<a href=\"https:\/\/www.instagram.com\/balnearisantvicenc\/\"><img loading=\"lazy\" decoding=\"async\" class=\"wp-image-135 alignnone size-medium\" src=\"https:\/\/hotelsantvicenc.com\/wp-content\/uploads\/2019\/06\/peu-instagram-300x300.png\" alt=\"\" width=\"44\" height=\"44\" srcset=\"https:\/\/hotelsantvicenc.com\/wp-content\/uploads\/2019\/06\/peu-instagram-300x300.png 300w, https:\/\/hotelsantvicenc.com\/wp-content\/uploads\/2019\/06\/peu-instagram-150x150.png 150w, https:\/\/hotelsantvicenc.com\/wp-content\/uploads\/2019\/06\/peu-instagram.png 314w\" sizes=\"(max-width: 44px) 100vw, 44px\" \/><\/a><\/p>\n<p>[\/et_pb_text][et_pb_text _builder_version=\u00bb4.16&#8243; text_font=\u00bbMontserrat|300|||||||\u00bb text_text_color=\u00bb#ffffff\u00bb text_font_size=\u00bb17px\u00bb text_orientation=\u00bbcenter\u00bb text_text_align=\u00bbcenter\u00bb global_colors_info=\u00bb{}\u00bb]<\/p>\n<p>S\u00edguenos<\/p>\n<p>[\/et_pb_text][\/et_pb_column][\/et_pb_row][et_pb_row _builder_version=\u00bb4.27.4&#8243; background_size=\u00bbinitial\u00bb background_position=\u00bbtop_left\u00bb background_repeat=\u00bbrepeat\u00bb custom_margin=\u00bb|auto|0px|auto|false|false\u00bb custom_padding=\u00bb0px|||||\u00bb global_colors_info=\u00bb{}\u00bb][et_pb_column type=\u00bb4_4&#8243; _builder_version=\u00bb4.16&#8243; custom_padding=\u00bb|||\u00bb global_colors_info=\u00bb{}\u00bb custom_padding__hover=\u00bb|||\u00bb][et_pb_text _builder_version=\u00bb4.16&#8243; text_font=\u00bb||||||||\u00bb text_text_color=\u00bb#ffffff\u00bb link_font=\u00bb||||||||\u00bb link_text_align=\u00bbcenter\u00bb link_text_color=\u00bb#ffffff\u00bb text_orientation=\u00bbcenter\u00bb z_index_tablet=\u00bb500&#8243; text_text_shadow_horizontal_length_tablet=\u00bb0px\u00bb text_text_shadow_vertical_length_tablet=\u00bb0px\u00bb text_text_shadow_blur_strength_tablet=\u00bb1px\u00bb link_text_shadow_horizontal_length_tablet=\u00bb0px\u00bb link_text_shadow_vertical_length_tablet=\u00bb0px\u00bb link_text_shadow_blur_strength_tablet=\u00bb1px\u00bb ul_text_shadow_horizontal_length_tablet=\u00bb0px\u00bb ul_text_shadow_vertical_length_tablet=\u00bb0px\u00bb ul_text_shadow_blur_strength_tablet=\u00bb1px\u00bb ol_text_shadow_horizontal_length_tablet=\u00bb0px\u00bb ol_text_shadow_vertical_length_tablet=\u00bb0px\u00bb ol_text_shadow_blur_strength_tablet=\u00bb1px\u00bb quote_text_shadow_horizontal_length_tablet=\u00bb0px\u00bb quote_text_shadow_vertical_length_tablet=\u00bb0px\u00bb quote_text_shadow_blur_strength_tablet=\u00bb1px\u00bb header_text_shadow_horizontal_length_tablet=\u00bb0px\u00bb header_text_shadow_vertical_length_tablet=\u00bb0px\u00bb header_text_shadow_blur_strength_tablet=\u00bb1px\u00bb header_2_text_shadow_horizontal_length_tablet=\u00bb0px\u00bb header_2_text_shadow_vertical_length_tablet=\u00bb0px\u00bb header_2_text_shadow_blur_strength_tablet=\u00bb1px\u00bb header_3_text_shadow_horizontal_length_tablet=\u00bb0px\u00bb header_3_text_shadow_vertical_length_tablet=\u00bb0px\u00bb header_3_text_shadow_blur_strength_tablet=\u00bb1px\u00bb header_4_text_shadow_horizontal_length_tablet=\u00bb0px\u00bb header_4_text_shadow_vertical_length_tablet=\u00bb0px\u00bb header_4_text_shadow_blur_strength_tablet=\u00bb1px\u00bb header_5_text_shadow_horizontal_length_tablet=\u00bb0px\u00bb header_5_text_shadow_vertical_length_tablet=\u00bb0px\u00bb header_5_text_shadow_blur_strength_tablet=\u00bb1px\u00bb header_6_text_shadow_horizontal_length_tablet=\u00bb0px\u00bb header_6_text_shadow_vertical_length_tablet=\u00bb0px\u00bb header_6_text_shadow_blur_strength_tablet=\u00bb1px\u00bb box_shadow_horizontal_tablet=\u00bb0px\u00bb box_shadow_vertical_tablet=\u00bb0px\u00bb box_shadow_blur_tablet=\u00bb40px\u00bb box_shadow_spread_tablet=\u00bb0px\u00bb text_text_align=\u00bbcenter\u00bb global_colors_info=\u00bb{}\u00bb]<\/p>\n<p>HOTEL SANT VICEN\u00c7\u00a9 \/\/<a href=\"https:\/\/hotelsantvicenc.com\/politica-de-privadesa-2\/\"> POL\u00cdTICA DE PRIVACITAT<\/a> \/ <a href=\"https:\/\/hotelsantvicenc.com\/avis-legal\/\">AV\u00cdS LEGAL<\/a> \/ <a href=\"https:\/\/hotelsantvicenc.com\/politica-de-cookies\/\">POL\u00cdTICA DE COOKIES<\/a><\/p>\n<p>[\/et_pb_text][\/et_pb_column][\/et_pb_row][\/et_pb_section]<\/p>\n","protected":false},"excerpt":{"rendered":"<p>20 propuestas m\u00e1gicas para realizar\u00a0 \u00a0 \u00a0en nuestro entorno. Queremos complementar vuestra\u00a0 estancia en el hotel-balneario Sant Vicen\u00e7 con los mejores atractivos del entorno. Por ello deseamos que descubrais los secretos m\u00e1s bien guardados del Alt Urgell, La Cerdanya y el Principado de Andorra. Podeis reservarlas directamente o permitid que nuestro equipo de recepci\u00f3n se [&hellip;]<\/p>\n","protected":false},"author":1,"featured_media":0,"parent":0,"menu_order":0,"comment_status":"closed","ping_status":"closed","template":"","meta":{"_et_pb_use_builder":"on","_et_pb_old_content":"<p>[et_pb_section fb_built=\"1\" _builder_version=\"3.23.3\" min_height=\"840px\" custom_margin=\"||24px|||\" custom_padding=\"16px||0px|||\" custom_margin_last_edited=\"on|desktop\" custom_margin_phone=\"-50px||\"][et_pb_row custom_padding=\"6px||0px|||\" _builder_version=\"3.23.3\" border_width_bottom=\"1px\" border_color_bottom=\"#b7b7b7\"][et_pb_column type=\"4_4\" _builder_version=\"3.0.47\"][et_pb_post_title meta=\"off\" featured_image=\"off\" _builder_version=\"3.23.3\" title_font=\"Montserrat|300|||||||\" title_text_color=\"#59adbb\" title_font_size=\"48px\"][\/et_pb_post_title][\/et_pb_column][\/et_pb_row][et_pb_row _builder_version=\"3.23.3\"][et_pb_column type=\"3_5\" _builder_version=\"3.0.47\"][et_pb_image src=\"http:\/\/hotelsantvicenc.com\/wp-content\/uploads\/2019\/06\/tempslliure.jpg\" _builder_version=\"3.23.3\" z_index_tablet=\"500\" box_shadow_horizontal_tablet=\"0px\" box_shadow_vertical_tablet=\"0px\" box_shadow_blur_tablet=\"40px\" box_shadow_spread_tablet=\"0px\"][\/et_pb_image][\/et_pb_column][et_pb_column type=\"2_5\" _builder_version=\"3.0.47\"][et_pb_text _builder_version=\"3.23.3\" text_font=\"Satisfy||||||||\" text_text_align=\"left\" text_text_color=\"#948878\" text_font_size=\"29px\" text_line_height=\"1.4em\" border_color_top=\"#00bfce\" border_width_bottom=\"1px\" border_color_bottom=\"#00bfce\" custom_padding=\"15px||15px\"]<\/p><p>Us volem descobrir els secrets m\u00e9s ben guardats de l'Alt Urgell, La Cerdanya i el Principal d'Andorra<\/p><p>[\/et_pb_text][et_pb_text _builder_version=\"3.23.3\" text_font=\"||||||||\" text_font_size=\"15px\" text_line_height=\"1.9em\" header_font=\"||||||||\" header_2_font=\"Montserrat|300|||||||\" header_2_text_color=\"#59adbb\"]<\/p><p>Volem complementar la vostra estada a l'hotel-balneari Sant Vicen\u00e7 amb els millors atractius de l'entorn. Per aquest motiu us volem descobrir els secrets m\u00e9s ben guardats de l'Alt Urgell, La Cerdanya i el Principal d'Andorra amb 20 propostes d'activitats. Reserveu-les directament o permeteu que el nostre equip de recepci\u00f3 s\u2019ocupi de tot.<\/p><p>[\/et_pb_text][\/et_pb_column][\/et_pb_row][et_pb_row custom_padding=\"||33px|||\" custom_margin=\"|auto|-27px|auto||\" _builder_version=\"3.23.3\" min_height=\"1063px\"][et_pb_column type=\"1_2\" _builder_version=\"3.0.47\"][et_pb_accordion icon_color=\"#59adbb\" _builder_version=\"3.23.3\"][et_pb_accordion_item title=\"1. Descoberta del paisatge Barid\u00e0\" open=\"on\" open_toggle_text_color=\"#59adbb\" closed_toggle_background_color=\"#dbeff3\" _builder_version=\"3.23.3\" title_text_shadow_horizontal_length=\"0em\" title_text_shadow_vertical_length=\"0em\" title_text_shadow_blur_strength=\"0em\" closed_title_text_shadow_horizontal_length=\"0em\" closed_title_text_shadow_vertical_length=\"0em\" closed_title_text_shadow_blur_strength=\"0em\" toggle_text_color=\"#59adbb\" toggle_font=\"Montserrat|||on|||||\"]Des del mirador ubicat a les runes del castell d'Aristot, admireu el paisatge del Barid\u00e0, la nostra subcomarca. A continuaci\u00f3, aprofiteu per rec\u00f3rrer el laberint de carrers estrets del petit poble i visiteu la seva esgl\u00e9sia rom\u00e0nica del s. XII.[\/et_pb_accordion_item][et_pb_accordion_item title=\"2. Ars\u00e8guel i els acordions\" open=\"off\" open_toggle_text_color=\"#59adbb\" closed_toggle_background_color=\"#dbeff3\" _builder_version=\"3.23.3\" title_text_shadow_horizontal_length=\"0em\" title_text_shadow_vertical_length=\"0em\" title_text_shadow_blur_strength=\"0em\" closed_title_text_shadow_horizontal_length=\"0em\" closed_title_text_shadow_vertical_length=\"0em\" closed_title_text_shadow_blur_strength=\"0em\" toggle_text_color=\"#59adbb\" toggle_font=\"Montserrat|||on|||||\"]<\/p><p>Contempleu la preciosa vista del poblet des de la carretera nacional amb el Cad\u00ed com a tel\u00f3 de fons. Al poble, passegeu pels carrers medievals i visiteu el museu de l'acordi\u00f3, fruit de la popular Trobada d'acordionistes que es celebra cada mes de juliol.<\/p><p><strong>RECOMANACI\u00d3:<\/strong>\u00a0 Si us agrada la cervesa no marxeu d'Ars\u00e8guel sense tastar la cervesa artesana El Gall Negre, elaborada per un mestre cerveser local format a Munich, elaborada amb l'aigua que baixa directament del Cad\u00ed i empeltada de l'autenticitat del Barid\u00e0.<\/p><p>[\/et_pb_accordion_item][et_pb_accordion_item title=\"3. La Seu d'Urgell hist\u00f2rica\" open=\"off\" open_toggle_text_color=\"#59adbb\" closed_toggle_background_color=\"#dbeff3\" _builder_version=\"3.23.3\" title_text_shadow_horizontal_length=\"0em\" title_text_shadow_vertical_length=\"0em\" title_text_shadow_blur_strength=\"0em\" closed_title_text_shadow_horizontal_length=\"0em\" closed_title_text_shadow_vertical_length=\"0em\" closed_title_text_shadow_blur_strength=\"0em\" toggle_text_color=\"#59adbb\" toggle_font=\"Montserrat|||on|||||\"]<\/p><p><a href=\"http:\/\/www.turismeseu.com\">www.turismeseu.com<\/a><\/p><p>La Catedral de Santa Maria d\u2019Urgell, ubicada al centre hist\u00f2ric, \u00e9s l'edifici m\u00e9s emblem\u00e0tic de la ciutat. Constru\u00efda el s. XII \u00e9s la \u00fanica catedral rom\u00e0nica que es conserva a Catalunya. Meravelleu-vos amb el seu claustre, adossat a la fa\u00e7ana sud del temple i fixeu-vos en els capitells, decorats amb una gran varietat de motius.<\/p><p>Al Museu Dioces\u00e0 descobrireu una valuosa col\u00b7lecci\u00f3 d'art religi\u00f3s, procedent de tot el bisbat.<\/p><p>Passegeu pels carrers porticats i descobriu, al carrer dels Canonges, l'edifici que fou residencia de la fam\u00edlia del Papa Luna i al carrer Major, les mesures de la bladeria, dues mesures de gra, gaireb\u00e9 les \u00faniques que es conserven a Catalunya<\/p><p>[\/et_pb_accordion_item][et_pb_accordion_item title=\"4. Mercats tradicionals\" open=\"off\" open_toggle_text_color=\"#59adbb\" closed_toggle_background_color=\"#dbeff3\" _builder_version=\"3.23.3\" title_text_shadow_horizontal_length=\"0em\" title_text_shadow_vertical_length=\"0em\" title_text_shadow_blur_strength=\"0em\" closed_title_text_shadow_horizontal_length=\"0em\" closed_title_text_shadow_vertical_length=\"0em\" closed_title_text_shadow_blur_strength=\"0em\" toggle_text_color=\"#59adbb\" toggle_font=\"Montserrat|||on|||||\"]<\/p><p>Tafanegeu per les parades del Mercat tradicional que es celebra tots els dimarts i dissabtes al centre hist\u00f2ric de La Seu d'Urgell.<\/p><p><strong>Altres mercats locals;<\/strong> dilluns Martinet, dijous Bellver i diumenge Puigcerd\u00e0 i Organy\u00e0.<\/p><p>[\/et_pb_accordion_item][et_pb_accordion_item title=\"5. Esports d'aigua\" open=\"off\" open_toggle_text_color=\"#59adbb\" closed_toggle_background_color=\"#dbeff3\" _builder_version=\"3.23.3\" title_text_shadow_horizontal_length=\"0em\" title_text_shadow_vertical_length=\"0em\" title_text_shadow_blur_strength=\"0em\" closed_title_text_shadow_horizontal_length=\"0em\" closed_title_text_shadow_vertical_length=\"0em\" closed_title_text_shadow_blur_strength=\"0em\" toggle_text_color=\"#59adbb\" toggle_font=\"Montserrat|||on|||||\"]<\/p><p><a class=\"external-link\" href=\"http:\/\/www.parcolimpic.com\/\" target=\"_blank\" rel=\"noopener noreferrer\">www.parcolimpic.com<\/a><\/p><p>Deixeu-vos temptar per l'aigua i atreviu-vos a viure una experi\u00e8ncia rica en sensacions i fortes emocions al Parc Ol\u00edmpic del Segre de La Seu d'Urgell on podreu practicar rafting, hydrospeed i pirag\u00fc\u00edsme.<\/p><p>[\/et_pb_accordion_item][et_pb_accordion_item title=\"6. A cavall pel Barid\u00e0\" open=\"off\" open_toggle_text_color=\"#59adbb\" closed_toggle_background_color=\"#dbeff3\" _builder_version=\"3.23.3\" title_text_shadow_horizontal_length=\"0em\" title_text_shadow_vertical_length=\"0em\" title_text_shadow_blur_strength=\"0em\" closed_title_text_shadow_horizontal_length=\"0em\" closed_title_text_shadow_vertical_length=\"0em\" closed_title_text_shadow_blur_strength=\"0em\" toggle_text_color=\"#59adbb\" toggle_font=\"Montserrat|||on|||||\"]<\/p><p><a class=\"external-link\" href=\"http:\/\/www.lacerdanya4potes.com\/\" target=\"_blank\" rel=\"noopener noreferrer\">www.cavallsbarida.com\u00a0<\/a><br \/><br \/>En Marc Gir\u00f3, guia titulat en activitats f\u00edsico-esportives al medi natural, equitaci\u00f3 i senderisme us descobrir\u00e0 els racons m\u00e9s bonics del Cad\u00ed- Moixer\u00f3 amb les seves excursions a cavall. Us hi atreviu?<\/p><p>[\/et_pb_accordion_item][et_pb_accordion_item title=\"7. Dinar de muntanya\" open=\"off\" open_toggle_text_color=\"#59adbb\" closed_toggle_background_color=\"#dbeff3\" _builder_version=\"3.23.3\" title_text_shadow_horizontal_length=\"0em\" title_text_shadow_vertical_length=\"0em\" title_text_shadow_blur_strength=\"0em\" closed_title_text_shadow_horizontal_length=\"0em\" closed_title_text_shadow_vertical_length=\"0em\" closed_title_text_shadow_blur_strength=\"0em\" toggle_text_color=\"#59adbb\" toggle_font=\"Montserrat|||on|||||\"]<\/p><p><a class=\"external-link\" href=\"http:\/\/www.turismeruralbescaran.com\/\" target=\"_blank\" rel=\"noopener noreferrer\">www.turismeruralbescaran.com<\/a><br \/><br \/>Descobriu els sabors del m\u00f3n rural assaborint un \u00e0pat tradicional de muntanya amb els millors productes aut\u00f2ctons al Restaurant \u201cLa Canal\u201d de Bescaran.<\/p><p>[\/et_pb_accordion_item][et_pb_accordion_item title=\"8. Trekking a Prat de Cad\u00ed\" open=\"off\" open_toggle_text_color=\"#59adbb\" closed_toggle_background_color=\"#dbeff3\" _builder_version=\"3.23.3\" title_text_shadow_horizontal_length=\"0em\" title_text_shadow_vertical_length=\"0em\" title_text_shadow_blur_strength=\"0em\" closed_title_text_shadow_horizontal_length=\"0em\" closed_title_text_shadow_vertical_length=\"0em\" closed_title_text_shadow_blur_strength=\"0em\" toggle_text_color=\"#59adbb\" toggle_font=\"Montserrat|||on|||||\"]<\/p><p>Desplaceu-vos en cotxe fins a Estana i animeu-vos a fer una caminada d'una hora i quaranta minuts per un sender senyalitzat. La vostra recompensa despr\u00e9s de l'esfor\u00e7 seran les millors vistes del Cad\u00ed.<\/p><p>[\/et_pb_accordion_item][et_pb_accordion_item title=\"9. Raquetes de neu\" open=\"off\" open_toggle_text_color=\"#59adbb\" closed_toggle_background_color=\"#dbeff3\" _builder_version=\"3.23.3\" title_text_shadow_horizontal_length=\"0em\" title_text_shadow_vertical_length=\"0em\" title_text_shadow_blur_strength=\"0em\" closed_title_text_shadow_horizontal_length=\"0em\" closed_title_text_shadow_vertical_length=\"0em\" closed_title_text_shadow_blur_strength=\"0em\" toggle_text_color=\"#59adbb\" toggle_font=\"Montserrat|||on|||||\"]<\/p><p>(activitat d'hivern)<br \/><a class=\"external-link\" href=\"http:\/\/www.aransaski.com\/\" target=\"_blank\" rel=\"noopener noreferrer\">www.aransaski.com<\/a>\u00a0\/\u00a0<a class=\"external-link\" href=\"http:\/\/www.lles.net\/\" target=\"_blank\" rel=\"noopener noreferrer\">www.lles.net<\/a>\u00a0\/<a class=\"external-link\" href=\"http:\/\/www.parcaventura.com\/\">\u00a0parcaventura.com<\/a><br \/><br \/>Llogueu unes raquetes de neu i atreviu-vos a fer un circuit per alguna estaci\u00f3 hivernal ve\u00efna.<\/p><p>[\/et_pb_accordion_item][et_pb_accordion_item title=\"10. Esqu\u00ed n\u00f2rdic i alp\u00ed\" open=\"off\" open_toggle_text_color=\"#59adbb\" closed_toggle_background_color=\"#dbeff3\" _builder_version=\"3.23.3\" title_text_shadow_horizontal_length=\"0em\" title_text_shadow_vertical_length=\"0em\" title_text_shadow_blur_strength=\"0em\" closed_title_text_shadow_horizontal_length=\"0em\" closed_title_text_shadow_vertical_length=\"0em\" closed_title_text_shadow_blur_strength=\"0em\" toggle_text_color=\"#59adbb\" toggle_font=\"Montserrat|||on|||||\"]<\/p><p>(activitat d'hivern)<br \/><a class=\"external-link\" href=\"http:\/\/www.cerdanyavirtual.com\/estacions-esqui-cerdanya.htm\" target=\"_blank\" rel=\"noopener noreferrer\">www.cerdanyavirtual.com\/estacions-esqui-cerdanya.htm<\/a>\u00a0\/\u00a0<a class=\"external-link\" href=\"http:\/\/www.skiandorra.ad\/\" target=\"_blank\" rel=\"noopener noreferrer\">www.skiandorra.ad<\/a><br \/><br \/>Gaudiu d'una jornada d'esqu\u00ed a les estacions de l'Alt Urgell, La Cerdanya, Andorra o el Sud de Fran\u00e7a.<\/p><p>[\/et_pb_accordion_item][\/et_pb_accordion][\/et_pb_column][et_pb_column type=\"1_2\" _builder_version=\"3.0.47\"][et_pb_accordion icon_color=\"#59adbb\" _builder_version=\"3.23.3\" toggle_font=\"||||||||\"][et_pb_accordion_item title=\"11. el nostre formatge artes\u00e0 preferit\" open=\"on\" open_toggle_text_color=\"#59adbb\" closed_toggle_background_color=\"#dbeff3\" _builder_version=\"3.23.3\" title_text_shadow_horizontal_length=\"0em\" title_text_shadow_vertical_length=\"0em\" title_text_shadow_blur_strength=\"0em\" closed_title_text_shadow_horizontal_length=\"0em\" closed_title_text_shadow_vertical_length=\"0em\" closed_title_text_shadow_blur_strength=\"0em\" toggle_text_color=\"#59adbb\" toggle_font=\"Montserrat|||on|||||\"]<\/p><p><strong>\u00c9s diu BARID\u00c0 i el trobareu a Bar<\/strong>.<\/p><p>En Francesc Buscall\u00e0 l'elabora amb la llet crua de les 130 cabres alpines que ell mateix cuida. Com que les cabres s'alimenten de les pastures naturals que envolten el poble, la textura i el gust del formatge varia al llarg de l'any com ho fa el tipus de vegetaci\u00f3. A la primavera \u00e9s suau, a l'estiu curat i a la tardor i hivern m\u00e9s potent.<\/p><p><em>Contacteu al Francesc si voleu visitar el seu obrador<strong> 973 384060<\/strong><\/em><\/p><p>\u00a0<\/p><p>Descobriu altres formatgeries de la comarca a <a class=\"external-link\" href=\"http:\/\/www.turismeseu.com\" target=\"_blank\" rel=\"noopener noreferrer\">\u00a0www.turismeseu.com<\/a><\/p><p>[\/et_pb_accordion_item][et_pb_accordion_item title=\"12. Cad\u00ed majestu\u00f3s \" open=\"off\" open_toggle_text_color=\"#59adbb\" closed_toggle_background_color=\"#dbeff3\" _builder_version=\"3.23.3\" title_text_shadow_horizontal_length=\"0em\" title_text_shadow_vertical_length=\"0em\" title_text_shadow_blur_strength=\"0em\" closed_title_text_shadow_horizontal_length=\"0em\" closed_title_text_shadow_vertical_length=\"0em\" closed_title_text_shadow_blur_strength=\"0em\" toggle_text_color=\"#59adbb\" toggle_font=\"Montserrat|||on|||||\"]<\/p><p>Us recomanem aquesta fant\u00e0stica excursi\u00f3 de 3:30 hores a peu des del poble de Montell\u00e0 fins a Prat d'Aguil\u00f3, a la vessant nord del Cad\u00ed (2463m), al bell mig d'impressionants paisatges i prats de muntanya.<\/p><p>Tamb\u00e9 teniu l'opci\u00f3 d'accedir-hi amb un vehicle alt o 4x4 per pista forestal des de Montell\u00e0 (15km.) i quedar-vos a dinar al refugi.<\/p><p>[\/et_pb_accordion_item][et_pb_accordion_item title=\"13. Martinet i els b\u00fanquers secrets\" open=\"off\" open_toggle_text_color=\"#59adbb\" closed_toggle_background_color=\"#dbeff3\" _builder_version=\"3.23.3\" title_text_shadow_horizontal_length=\"0em\" title_text_shadow_vertical_length=\"0em\" title_text_shadow_blur_strength=\"0em\" closed_title_text_shadow_horizontal_length=\"0em\" closed_title_text_shadow_vertical_length=\"0em\" closed_title_text_shadow_blur_strength=\"0em\" toggle_text_color=\"#59adbb\" toggle_font=\"Montserrat|||on|||||\"]<\/p><p><a class=\"external-link\" href=\"http:\/\/www.bunquersmartinet.net\/\" target=\"_blank\" rel=\"noopener noreferrer\">www.bunquersmartinet.net<\/a><br \/><br \/>Durant els anys quaranta als Pirineus es va construir una impressionant l\u00ednia de defensa que durant molt temps ha estat envoltada pel secret militar. Un secret molt ben guardat i despr\u00e9s oblidat. Ara el Parc dels B\u00fanquers de Martinet i Montell\u00e0, posa a l'abast del p\u00fablic algunes d'aquestes fortificacions de ciment armat -veritables fortaleses del segle XX- adequades i preparades per ser visitades en el marc d'una proposta tur\u00ecstica i cultural diferent.<\/p><p>[\/et_pb_accordion_item][et_pb_accordion_item title=\"14. EL MILLOR guia de muntANYA \" open=\"off\" open_toggle_text_color=\"#59adbb\" closed_toggle_background_color=\"#dbeff3\" _builder_version=\"3.23.3\" title_text_shadow_horizontal_length=\"0em\" title_text_shadow_vertical_length=\"0em\" title_text_shadow_blur_strength=\"0em\" closed_title_text_shadow_horizontal_length=\"0em\" closed_title_text_shadow_vertical_length=\"0em\" closed_title_text_shadow_blur_strength=\"0em\" toggle_text_color=\"#59adbb\" toggle_font=\"Montserrat|||on|||||\"]<\/p><p>L'Albert de Gr\u00e0cia \u00e9s meteor\u00f2leg i guia de muntanya de refer\u00e8ncia al Pirineu lleidat\u00e0. Si el contracteu, no us decebr\u00e0, us descobrir\u00e0 els indrets m\u00e9s bells de la regi\u00f3, aprendreu una mica de geologia i depurareu la t\u00e8cnica de la marxa n\u00f2rdica.<\/p><p>Una activitat 100% recomanable si voleu con\u00e8ixer el Barid\u00e0 de la m\u00e0 d'un gran coneixedor del nostre territori.<\/p><p><strong>La nostra sortida preferida<\/strong>: N\u00f2rdic walk d'Ansovell al Boscalt. Informeu-vos!<\/p><p><a href=\"WWW.meteopirineuscatalans.com\">WWW.meteopirineuscatalans.com<\/a><\/p><p>\u00a0<\/p><p>[\/et_pb_accordion_item][et_pb_accordion_item title=\"15. Picnic al llac\" open=\"off\" open_toggle_text_color=\"#59adbb\" closed_toggle_background_color=\"#dbeff3\" _builder_version=\"3.23.3\" title_text_shadow_horizontal_length=\"0em\" title_text_shadow_vertical_length=\"0em\" title_text_shadow_blur_strength=\"0em\" closed_title_text_shadow_horizontal_length=\"0em\" closed_title_text_shadow_vertical_length=\"0em\" closed_title_text_shadow_blur_strength=\"0em\" toggle_text_color=\"#59adbb\" toggle_font=\"Montserrat|||on|||||\"]<\/p><p><em>(activitat de primavera, estiu i tardor)\u00a0<\/em><\/p><p><span style=\"text-decoration: underline;\">Dues excursions senzilles de 30m a peu que podreu fer amb la fam\u00edlia.\u00a0<\/span><\/p><p><strong>Llacs de la Pera<\/strong> (altitud: 2,320 m., dist\u00e0ncia des de l'hotel: 39 km.)<\/p><p><strong>Llacs de Meranges<\/strong> (altitud: 2,250 m., dist\u00e0ncia des de l'hotel: 46 km.)<\/p><p><em>Demaneu-nos el picnic i gaudiu vora el llac d'un dia perfecte!<\/em><\/p><p>[\/et_pb_accordion_item][et_pb_accordion_item title=\"16. Puigcerd\u00e0 senyorial\" open=\"off\" open_toggle_text_color=\"#59adbb\" closed_toggle_background_color=\"#dbeff3\" _builder_version=\"3.23.3\" title_text_shadow_horizontal_length=\"0em\" title_text_shadow_vertical_length=\"0em\" title_text_shadow_blur_strength=\"0em\" closed_title_text_shadow_horizontal_length=\"0em\" closed_title_text_shadow_vertical_length=\"0em\" closed_title_text_shadow_blur_strength=\"0em\" toggle_text_color=\"#59adbb\" toggle_font=\"Montserrat|||on|||||\"]<\/p><p><a class=\"external-link\" href=\"http:\/\/www.puigcerda.cat\/\" target=\"_blank\" rel=\"noopener noreferrer\">www.puigcerda.cat<\/a><br \/><br \/>Aparqueu facilment vora l\u2019estaci\u00f3 de tren i preneu l\u2019ascensor que us deixar\u00e0 a l\u2019animat centre comercial del poble. Feu un passeig per la zona de l\u2019estany on algunes fam\u00edlies benestants\u00a0 de la segona meitat del segle XIX hi constru\u00efren espectaculars torres d\u2019estiueig.<\/p><p>[\/et_pb_accordion_item][et_pb_accordion_item title=\"17. Sopars de neu\" open=\"off\" open_toggle_text_color=\"#59adbb\" closed_toggle_background_color=\"#dbeff3\" _builder_version=\"3.23.3\" title_text_shadow_horizontal_length=\"0em\" title_text_shadow_vertical_length=\"0em\" title_text_shadow_blur_strength=\"0em\" closed_title_text_shadow_horizontal_length=\"0em\" closed_title_text_shadow_vertical_length=\"0em\" closed_title_text_shadow_blur_strength=\"0em\" toggle_text_color=\"#59adbb\" toggle_font=\"Montserrat|||on|||||\"]<\/p><p>(activitat d'hivern)<\/p><p><a class=\"external-link\" href=\"http:\/\/www.andorra.ad\/ca-ES\/propostes\/Pagines\/fondue_cheese_art_arcalis.aspx\" target=\"_blank\" rel=\"noopener noreferrer\">www.andorra.ad\/ca-ES\/propostes\/Pagines\/fondue_cheese_art_arcalis.aspx<\/a><\/p><p>Experimenteu una nit a la neu tot pujant a les pistes d'esqu\u00ed d'Arinsal al Principat d'Andorra amb raquetes o esqu\u00eds de fons (si ho preferiu us hi pujaran amb vehicle especial motoritzat) i gaudiu d'una fondue al restaurant Cheese'art..<\/p><p>[\/et_pb_accordion_item][et_pb_accordion_item title=\"18. El Museu Casa Rull\" open=\"off\" open_toggle_text_color=\"#59adbb\" closed_toggle_background_color=\"#dbeff3\" _builder_version=\"3.23.3\" title_text_shadow_horizontal_length=\"0em\" title_text_shadow_vertical_length=\"0em\" title_text_shadow_blur_strength=\"0em\" closed_title_text_shadow_horizontal_length=\"0em\" closed_title_text_shadow_vertical_length=\"0em\" closed_title_text_shadow_blur_strength=\"0em\" toggle_text_color=\"#59adbb\" toggle_font=\"Montserrat|||on|||||\"]<\/p><p><a class=\"external-link\" href=\"http:\/\/www.andorra.ad\/ca-ES\/recursos\/Pagines\/Museu_Casa_Rull.aspx\" target=\"_blank\" rel=\"noopener noreferrer\">www.andorra.ad\/ca-ES\/recursos\/Pagines\/Museu_Casa_Rull.aspx\u00a0<\/a><br \/><br \/>Traslladeu-vos a l'Andorra del s. XIX i principi del s. XX i apropeu-vos a la manera de viure d'aquella \u00e8poca, en qu\u00e8 el conreu de la terra i l'explotaci\u00f3 ramadera eren la base econ\u00f2mica de la societat rural andorrana. La Casa Rull va ser una de les cases m\u00e9s importants de la parr\u00f2quia de la Massana. Sota el seu sostre hi van viure hereus i pubilles, cabalers i cabaleres, mossos i criades.<\/p><p>[\/et_pb_accordion_item][et_pb_accordion_item title=\"19. El tren groc\" open=\"off\" open_toggle_text_color=\"#59adbb\" closed_toggle_background_color=\"#dbeff3\" _builder_version=\"3.23.3\" title_text_shadow_horizontal_length=\"0em\" title_text_shadow_vertical_length=\"0em\" title_text_shadow_blur_strength=\"0em\" closed_title_text_shadow_horizontal_length=\"0em\" closed_title_text_shadow_vertical_length=\"0em\" closed_title_text_shadow_blur_strength=\"0em\" toggle_text_color=\"#59adbb\" toggle_font=\"Montserrat|||on|||||\"]<\/p><p><a class=\"external-link\" href=\"http:\/\/www.ter-sncf.com\/languedoc\" target=\"_blank\" rel=\"noopener noreferrer\">www.ter-sncf.com\/languedoc<\/a><\/p><p>El tren groc, es des de fa gaireb\u00e9 ja 90 anys, un veritable s\u00edmbol de la regi\u00f3 catalana a Fran\u00e7a. Uneix les poblacions de La Tour de Carol (1231 mts.) amb Villefranche de Conflent (724 mts.). El trajecte sencer (63km.) t\u00e9 una durada de 3 hores per\u00f2 podeu rec\u00f3rrer nom\u00e9s la meitat de l'itinerari.<\/p><p>[\/et_pb_accordion_item][et_pb_accordion_item title=\"20. Vol en globus\" open=\"off\" open_toggle_text_color=\"#59adbb\" closed_toggle_background_color=\"#dbeff3\" _builder_version=\"3.23.3\" title_text_shadow_horizontal_length=\"0em\" title_text_shadow_vertical_length=\"0em\" title_text_shadow_blur_strength=\"0em\" closed_title_text_shadow_horizontal_length=\"0em\" closed_title_text_shadow_vertical_length=\"0em\" closed_title_text_shadow_blur_strength=\"0em\" toggle_text_color=\"#59adbb\" toggle_font=\"Montserrat|||on|||||\"]<\/p><p><a class=\"external-link\" href=\"http:\/\/www.globubolg.com\/\" target=\"_blank\" rel=\"noopener noreferrer\">www.globubolg.com<\/a><br \/><br \/>Contempleu des de l'aire la bellesa de la nostra geografia i gaudiu d'unes vistes espectaculars de les majestuoses muntanyes que envolten la vall.<\/p><p>[\/et_pb_accordion_item][\/et_pb_accordion][\/et_pb_column][\/et_pb_row][\/et_pb_section]<\/p>","_et_gb_content_width":"","_mc_calendar":[],"_joinchat":[],"footnotes":""},"class_list":["post-1651","page","type-page","status-publish","hentry"],"yoast_head":"<!-- This site is optimized with the Yoast SEO plugin v25.3 - https:\/\/yoast.com\/wordpress\/plugins\/seo\/ -->\n<title>Tiempo libre - Hotel Sant Vicen\u00e7<\/title>\n<meta name=\"robots\" content=\"index, follow, max-snippet:-1, max-image-preview:large, max-video-preview:-1\" \/>\n<link rel=\"canonical\" href=\"https:\/\/hotelsantvicenc.com\/es\/tiempo-libre\/\" \/>\n<meta property=\"og:locale\" content=\"es_ES\" \/>\n<meta property=\"og:type\" content=\"article\" \/>\n<meta property=\"og:title\" content=\"Tiempo libre - Hotel Sant Vicen\u00e7\" \/>\n<meta property=\"og:description\" content=\"20 propuestas m\u00e1gicas para realizar\u00a0 \u00a0 \u00a0en nuestro entorno. Queremos complementar vuestra\u00a0 estancia en el hotel-balneario Sant Vicen\u00e7 con los mejores atractivos del entorno. Por ello deseamos que descubrais los secretos m\u00e1s bien guardados del Alt Urgell, La Cerdanya y el Principado de Andorra. Podeis reservarlas directamente o permitid que nuestro equipo de recepci\u00f3n se [&hellip;]\" \/>\n<meta property=\"og:url\" content=\"https:\/\/hotelsantvicenc.com\/es\/tiempo-libre\/\" \/>\n<meta property=\"og:site_name\" content=\"Hotel Sant Vicen\u00e7\" \/>\n<meta property=\"article:modified_time\" content=\"2025-02-01T10:12:57+00:00\" \/>\n<meta property=\"og:image\" content=\"https:\/\/hotelsantvicenc.com\/wp-content\/uploads\/2019\/06\/peu-facebook-300x300.png\" \/>\n<meta name=\"twitter:card\" content=\"summary_large_image\" \/>\n<meta name=\"twitter:label1\" content=\"Tiempo de lectura\" \/>\n\t<meta name=\"twitter:data1\" content=\"9 minutos\" \/>\n<script type=\"application\/ld+json\" class=\"yoast-schema-graph\">{\"@context\":\"https:\/\/schema.org\",\"@graph\":[{\"@type\":\"WebPage\",\"@id\":\"https:\/\/hotelsantvicenc.com\/es\/tiempo-libre\/\",\"url\":\"https:\/\/hotelsantvicenc.com\/es\/tiempo-libre\/\",\"name\":\"Tiempo libre - Hotel Sant Vicen\u00e7\",\"isPartOf\":{\"@id\":\"https:\/\/hotelsantvicenc.com\/es\/#website\"},\"primaryImageOfPage\":{\"@id\":\"https:\/\/hotelsantvicenc.com\/es\/tiempo-libre\/#primaryimage\"},\"image\":{\"@id\":\"https:\/\/hotelsantvicenc.com\/es\/tiempo-libre\/#primaryimage\"},\"thumbnailUrl\":\"https:\/\/hotelsantvicenc.com\/wp-content\/uploads\/2019\/06\/peu-facebook-300x300.png\",\"datePublished\":\"2019-12-16T16:30:02+00:00\",\"dateModified\":\"2025-02-01T10:12:57+00:00\",\"breadcrumb\":{\"@id\":\"https:\/\/hotelsantvicenc.com\/es\/tiempo-libre\/#breadcrumb\"},\"inLanguage\":\"es\",\"potentialAction\":[{\"@type\":\"ReadAction\",\"target\":[\"https:\/\/hotelsantvicenc.com\/es\/tiempo-libre\/\"]}]},{\"@type\":\"ImageObject\",\"inLanguage\":\"es\",\"@id\":\"https:\/\/hotelsantvicenc.com\/es\/tiempo-libre\/#primaryimage\",\"url\":\"https:\/\/hotelsantvicenc.com\/wp-content\/uploads\/2019\/06\/peu-facebook-300x300.png\",\"contentUrl\":\"https:\/\/hotelsantvicenc.com\/wp-content\/uploads\/2019\/06\/peu-facebook-300x300.png\"},{\"@type\":\"BreadcrumbList\",\"@id\":\"https:\/\/hotelsantvicenc.com\/es\/tiempo-libre\/#breadcrumb\",\"itemListElement\":[{\"@type\":\"ListItem\",\"position\":1,\"name\":\"Inici\",\"item\":\"https:\/\/hotelsantvicenc.com\/es\/\"},{\"@type\":\"ListItem\",\"position\":2,\"name\":\"Tiempo libre\"}]},{\"@type\":\"WebSite\",\"@id\":\"https:\/\/hotelsantvicenc.com\/es\/#website\",\"url\":\"https:\/\/hotelsantvicenc.com\/es\/\",\"name\":\"Hotel Balneari Sant Vicen\u00e7\",\"description\":\"HOTEL-BALNEARI\",\"publisher\":{\"@id\":\"https:\/\/hotelsantvicenc.com\/es\/#organization\"},\"potentialAction\":[{\"@type\":\"SearchAction\",\"target\":{\"@type\":\"EntryPoint\",\"urlTemplate\":\"https:\/\/hotelsantvicenc.com\/es\/?s={search_term_string}\"},\"query-input\":{\"@type\":\"PropertyValueSpecification\",\"valueRequired\":true,\"valueName\":\"search_term_string\"}}],\"inLanguage\":\"es\"},{\"@type\":\"Organization\",\"@id\":\"https:\/\/hotelsantvicenc.com\/es\/#organization\",\"name\":\"ELS BANYS DE SANT VICEN\u00c7 SL\",\"url\":\"https:\/\/hotelsantvicenc.com\/es\/\",\"logo\":{\"@type\":\"ImageObject\",\"inLanguage\":\"es\",\"@id\":\"https:\/\/hotelsantvicenc.com\/es\/#\/schema\/logo\/image\/\",\"url\":\"https:\/\/hotelsantvicenc.com\/wp-content\/uploads\/2023\/07\/WhatsApp-Image-2020-07-14-at-5.04.21-PM.jpeg\",\"contentUrl\":\"https:\/\/hotelsantvicenc.com\/wp-content\/uploads\/2023\/07\/WhatsApp-Image-2020-07-14-at-5.04.21-PM.jpeg\",\"width\":472,\"height\":472,\"caption\":\"ELS BANYS DE SANT VICEN\u00c7 SL\"},\"image\":{\"@id\":\"https:\/\/hotelsantvicenc.com\/es\/#\/schema\/logo\/image\/\"},\"sameAs\":[\"https:\/\/www.instagram.com\/balnearisantvicenc\/\"]}]}<\/script>\n<!-- \/ Yoast SEO plugin. -->","yoast_head_json":{"title":"Tiempo libre - Hotel Sant Vicen\u00e7","robots":{"index":"index","follow":"follow","max-snippet":"max-snippet:-1","max-image-preview":"max-image-preview:large","max-video-preview":"max-video-preview:-1"},"canonical":"https:\/\/hotelsantvicenc.com\/es\/tiempo-libre\/","og_locale":"es_ES","og_type":"article","og_title":"Tiempo libre - Hotel Sant Vicen\u00e7","og_description":"20 propuestas m\u00e1gicas para realizar\u00a0 \u00a0 \u00a0en nuestro entorno. Queremos complementar vuestra\u00a0 estancia en el hotel-balneario Sant Vicen\u00e7 con los mejores atractivos del entorno. Por ello deseamos que descubrais los secretos m\u00e1s bien guardados del Alt Urgell, La Cerdanya y el Principado de Andorra. Podeis reservarlas directamente o permitid que nuestro equipo de recepci\u00f3n se [&hellip;]","og_url":"https:\/\/hotelsantvicenc.com\/es\/tiempo-libre\/","og_site_name":"Hotel Sant Vicen\u00e7","article_modified_time":"2025-02-01T10:12:57+00:00","og_image":[{"url":"https:\/\/hotelsantvicenc.com\/wp-content\/uploads\/2019\/06\/peu-facebook-300x300.png","type":"","width":"","height":""}],"twitter_card":"summary_large_image","twitter_misc":{"Tiempo de lectura":"9 minutos"},"schema":{"@context":"https:\/\/schema.org","@graph":[{"@type":"WebPage","@id":"https:\/\/hotelsantvicenc.com\/es\/tiempo-libre\/","url":"https:\/\/hotelsantvicenc.com\/es\/tiempo-libre\/","name":"Tiempo libre - Hotel Sant Vicen\u00e7","isPartOf":{"@id":"https:\/\/hotelsantvicenc.com\/es\/#website"},"primaryImageOfPage":{"@id":"https:\/\/hotelsantvicenc.com\/es\/tiempo-libre\/#primaryimage"},"image":{"@id":"https:\/\/hotelsantvicenc.com\/es\/tiempo-libre\/#primaryimage"},"thumbnailUrl":"https:\/\/hotelsantvicenc.com\/wp-content\/uploads\/2019\/06\/peu-facebook-300x300.png","datePublished":"2019-12-16T16:30:02+00:00","dateModified":"2025-02-01T10:12:57+00:00","breadcrumb":{"@id":"https:\/\/hotelsantvicenc.com\/es\/tiempo-libre\/#breadcrumb"},"inLanguage":"es","potentialAction":[{"@type":"ReadAction","target":["https:\/\/hotelsantvicenc.com\/es\/tiempo-libre\/"]}]},{"@type":"ImageObject","inLanguage":"es","@id":"https:\/\/hotelsantvicenc.com\/es\/tiempo-libre\/#primaryimage","url":"https:\/\/hotelsantvicenc.com\/wp-content\/uploads\/2019\/06\/peu-facebook-300x300.png","contentUrl":"https:\/\/hotelsantvicenc.com\/wp-content\/uploads\/2019\/06\/peu-facebook-300x300.png"},{"@type":"BreadcrumbList","@id":"https:\/\/hotelsantvicenc.com\/es\/tiempo-libre\/#breadcrumb","itemListElement":[{"@type":"ListItem","position":1,"name":"Inici","item":"https:\/\/hotelsantvicenc.com\/es\/"},{"@type":"ListItem","position":2,"name":"Tiempo libre"}]},{"@type":"WebSite","@id":"https:\/\/hotelsantvicenc.com\/es\/#website","url":"https:\/\/hotelsantvicenc.com\/es\/","name":"Hotel Balneari Sant Vicen\u00e7","description":"HOTEL-BALNEARI","publisher":{"@id":"https:\/\/hotelsantvicenc.com\/es\/#organization"},"potentialAction":[{"@type":"SearchAction","target":{"@type":"EntryPoint","urlTemplate":"https:\/\/hotelsantvicenc.com\/es\/?s={search_term_string}"},"query-input":{"@type":"PropertyValueSpecification","valueRequired":true,"valueName":"search_term_string"}}],"inLanguage":"es"},{"@type":"Organization","@id":"https:\/\/hotelsantvicenc.com\/es\/#organization","name":"ELS BANYS DE SANT VICEN\u00c7 SL","url":"https:\/\/hotelsantvicenc.com\/es\/","logo":{"@type":"ImageObject","inLanguage":"es","@id":"https:\/\/hotelsantvicenc.com\/es\/#\/schema\/logo\/image\/","url":"https:\/\/hotelsantvicenc.com\/wp-content\/uploads\/2023\/07\/WhatsApp-Image-2020-07-14-at-5.04.21-PM.jpeg","contentUrl":"https:\/\/hotelsantvicenc.com\/wp-content\/uploads\/2023\/07\/WhatsApp-Image-2020-07-14-at-5.04.21-PM.jpeg","width":472,"height":472,"caption":"ELS BANYS DE SANT VICEN\u00c7 SL"},"image":{"@id":"https:\/\/hotelsantvicenc.com\/es\/#\/schema\/logo\/image\/"},"sameAs":["https:\/\/www.instagram.com\/balnearisantvicenc\/"]}]}},"_links":{"self":[{"href":"https:\/\/hotelsantvicenc.com\/es\/wp-json\/wp\/v2\/pages\/1651","targetHints":{"allow":["GET"]}}],"collection":[{"href":"https:\/\/hotelsantvicenc.com\/es\/wp-json\/wp\/v2\/pages"}],"about":[{"href":"https:\/\/hotelsantvicenc.com\/es\/wp-json\/wp\/v2\/types\/page"}],"author":[{"embeddable":true,"href":"https:\/\/hotelsantvicenc.com\/es\/wp-json\/wp\/v2\/users\/1"}],"replies":[{"embeddable":true,"href":"https:\/\/hotelsantvicenc.com\/es\/wp-json\/wp\/v2\/comments?post=1651"}],"version-history":[{"count":12,"href":"https:\/\/hotelsantvicenc.com\/es\/wp-json\/wp\/v2\/pages\/1651\/revisions"}],"predecessor-version":[{"id":15734,"href":"https:\/\/hotelsantvicenc.com\/es\/wp-json\/wp\/v2\/pages\/1651\/revisions\/15734"}],"wp:attachment":[{"href":"https:\/\/hotelsantvicenc.com\/es\/wp-json\/wp\/v2\/media?parent=1651"}],"curies":[{"name":"wp","href":"https:\/\/api.w.org\/{rel}","templated":true}]}}