{"id":1655,"date":"2019-12-16T18:31:09","date_gmt":"2019-12-16T16:31:09","guid":{"rendered":"http:\/\/hotelsantvicenc.com\/?page_id=1655"},"modified":"2025-01-25T16:00:53","modified_gmt":"2025-01-25T14:00:53","slug":"fechas-para-recordar","status":"publish","type":"page","link":"https:\/\/hotelsantvicenc.com\/es\/fechas-para-recordar\/","title":{"rendered":"Citas anuales"},"content":{"rendered":"<p>[et_pb_section fb_built=\u00bb1&#8243; _builder_version=\u00bb4.16&#8243; min_height=\u00bb840px\u00bb custom_margin_tablet=\u00bb\u00bb custom_margin_phone=\u00bb-50px||\u00bb custom_margin_last_edited=\u00bbon|desktop\u00bb custom_padding=\u00bb16px|||||\u00bb global_colors_info=\u00bb{}\u00bb][et_pb_row _builder_version=\u00bb4.27.4&#8243; custom_padding=\u00bb6px||0px|||\u00bb hover_enabled=\u00bb0&#8243; border_width_bottom=\u00bb1px\u00bb border_color_bottom=\u00bb#b7b7b7&#8243; global_colors_info=\u00bb{}\u00bb custom_margin=\u00bb|auto|0px|auto|false|false\u00bb sticky_enabled=\u00bb0&#8243;][et_pb_column type=\u00bb4_4&#8243; _builder_version=\u00bb4.16&#8243; custom_padding=\u00bb|||\u00bb global_colors_info=\u00bb{}\u00bb custom_padding__hover=\u00bb|||\u00bb][et_pb_post_title meta=\u00bboff\u00bb featured_image=\u00bboff\u00bb _builder_version=\u00bb4.16&#8243; title_font=\u00bbMontserrat|300|||||||\u00bb title_text_color=\u00bb#59adbb\u00bb title_font_size=\u00bb48px\u00bb global_colors_info=\u00bb{}\u00bb][\/et_pb_post_title][\/et_pb_column][\/et_pb_row][et_pb_row _builder_version=\u00bb4.27.4&#8243; hover_enabled=\u00bb0&#8243; global_colors_info=\u00bb{}\u00bb column_structure=\u00bb1_2,1_2&#8243; custom_margin=\u00bb|auto|0px|auto|false|false\u00bb sticky_enabled=\u00bb0&#8243;][et_pb_column type=\u00bb1_2&#8243; _builder_version=\u00bb4.16&#8243; custom_padding=\u00bb|||\u00bb global_colors_info=\u00bb{}\u00bb custom_padding__hover=\u00bb|||\u00bb][et_pb_gallery gallery_ids=\u00bb364,365,366,9090,9093,9096,9099,9102&#8243; fullwidth=\u00bbon\u00bb _builder_version=\u00bb4.16&#8243; animation_style=\u00bbslide\u00bb animation_direction=\u00bbright\u00bb animation_intensity_slide=\u00bb4%\u00bb auto=\u00bbon\u00bb auto_speed=\u00bb4000&#8243; border_color_all=\u00bb#e0e0e0&#8243; global_colors_info=\u00bb{}\u00bb][\/et_pb_gallery][\/et_pb_column][et_pb_column type=\u00bb1_2&#8243; _builder_version=\u00bb4.16&#8243; custom_padding=\u00bb|||\u00bb global_colors_info=\u00bb{}\u00bb custom_padding__hover=\u00bb|||\u00bb][et_pb_text _builder_version=\u00bb4.16&#8243; text_font=\u00bbSatisfy||||||||\u00bb text_text_color=\u00bb#948878&#8243; text_font_size=\u00bb40px\u00bb text_line_height=\u00bb1.4em\u00bb custom_padding=\u00bb15px||15px\u00bb border_color_top=\u00bb#00bfce\u00bb border_width_bottom=\u00bb1px\u00bb border_color_bottom=\u00bb#00bfce\u00bb text_text_align=\u00bbleft\u00bb global_colors_info=\u00bb{}\u00bb]<\/p>\n<p>9 citas imprescindibles<\/p>\n<p>[\/et_pb_text][et_pb_text _builder_version=\u00bb4.27.4&#8243; text_font=\u00bb||||||||\u00bb header_font=\u00bb||||||||\u00bb header_2_font=\u00bbSatisfy||||||||\u00bb header_2_font_size=\u00bb31px\u00bb global_colors_info=\u00bb{}\u00bb sticky_enabled=\u00bb0&#8243; hover_enabled=\u00bb0&#8243;]<\/p>\n<p><strong>Os recordemos las fechas que debeis marcar con un gran circulo rojo en el calendario y no perderos por nada del mundo. El \u00fanico inconveniente de acudir a estas citas, es que pueden crear adicci\u00f3n&#8230; pero no os preocupeis, si avisais con tiempo, siempre podremos reservaros vuestra habitaci\u00f3n favorita.<\/strong><\/p>\n<p>[\/et_pb_text][\/et_pb_column][\/et_pb_row][et_pb_row _builder_version=\u00bb4.27.4&#8243; custom_padding=\u00bb||15px|||\u00bb hover_enabled=\u00bb0&#8243; global_colors_info=\u00bb{}\u00bb column_structure=\u00bb1_2,1_2&#8243; custom_margin=\u00bb|auto|0px|auto|false|false\u00bb sticky_enabled=\u00bb0&#8243;][et_pb_column type=\u00bb1_2&#8243; _builder_version=\u00bb4.16&#8243; custom_padding=\u00bb|||\u00bb global_colors_info=\u00bb{}\u00bb custom_padding__hover=\u00bb|||\u00bb][et_pb_blurb title=\u00bbFira d&#8217;herbes remeieres i productes naturals\u00bb use_icon=\u00bbon\u00bb font_icon=\u00bb&#xe04e;||divi||400&#8243; icon_placement=\u00bbleft\u00bb image_icon_width=\u00bb35px\u00bb _builder_version=\u00bb4.16&#8243; header_font=\u00bbMontserrat|300|||||||\u00bb header_text_color=\u00bb#7ebec5&#8243; header_font_size=\u00bb27px\u00bb body_font=\u00bbMontserrat|300|||||||\u00bb body_font_size=\u00bb15px\u00bb body_link_text_color=\u00bb#7ebec5&#8243; z_index_tablet=\u00bb500&#8243; custom_css_blurb_title=\u00bbpadding-top: 7px;\u00bb header_text_shadow_horizontal_length_tablet=\u00bb0px\u00bb header_text_shadow_vertical_length_tablet=\u00bb0px\u00bb header_text_shadow_blur_strength_tablet=\u00bb1px\u00bb body_text_shadow_horizontal_length_tablet=\u00bb0px\u00bb body_text_shadow_vertical_length_tablet=\u00bb0px\u00bb body_text_shadow_blur_strength_tablet=\u00bb1px\u00bb body_link_text_shadow_horizontal_length_tablet=\u00bb0px\u00bb body_link_text_shadow_vertical_length_tablet=\u00bb0px\u00bb body_link_text_shadow_blur_strength_tablet=\u00bb1px\u00bb body_ul_text_shadow_horizontal_length_tablet=\u00bb0px\u00bb body_ul_text_shadow_vertical_length_tablet=\u00bb0px\u00bb body_ul_text_shadow_blur_strength_tablet=\u00bb1px\u00bb body_ol_text_shadow_horizontal_length_tablet=\u00bb0px\u00bb body_ol_text_shadow_vertical_length_tablet=\u00bb0px\u00bb body_ol_text_shadow_blur_strength_tablet=\u00bb1px\u00bb body_quote_text_shadow_horizontal_length_tablet=\u00bb0px\u00bb body_quote_text_shadow_vertical_length_tablet=\u00bb0px\u00bb body_quote_text_shadow_blur_strength_tablet=\u00bb1px\u00bb box_shadow_horizontal_tablet=\u00bb0px\u00bb box_shadow_vertical_tablet=\u00bb0px\u00bb box_shadow_blur_tablet=\u00bb40px\u00bb box_shadow_spread_tablet=\u00bb0px\u00bb box_shadow_horizontal_image_tablet=\u00bb0px\u00bb box_shadow_vertical_image_tablet=\u00bb0px\u00bb box_shadow_blur_image_tablet=\u00bb40px\u00bb box_shadow_spread_image_tablet=\u00bb0px\u00bb text_shadow_horizontal_length_tablet=\u00bb0px\u00bb text_shadow_vertical_length_tablet=\u00bb0px\u00bb text_shadow_blur_strength_tablet=\u00bb1px\u00bb icon_font_size=\u00bb35px\u00bb saved_tabs=\u00bball\u00bb global_colors_info=\u00bb{}\u00bb]<\/p>\n<p><strong>Tuixent \/ \u00daltim diumenge de maig<\/strong><br \/> Amb aquesta festa, els tuixentins recuperen el tradicional ofici de les trementinaires, que van desenvolupar les dones de la vall de Tuix\u00e9n des de finals del segle XIX fins a la d\u00e8cada dels anys 60 i que consistia a vendre els remeis naturals que elaboraven.<\/p>\n<p>[\/et_pb_blurb][\/et_pb_column][et_pb_column type=\u00bb1_2&#8243; _builder_version=\u00bb4.16&#8243; custom_padding=\u00bb|||\u00bb global_colors_info=\u00bb{}\u00bb custom_padding__hover=\u00bb|||\u00bb][et_pb_blurb title=\u00bbMercat medieval dels canonges\u00bb use_icon=\u00bbon\u00bb font_icon=\u00bb&#xe04e;||divi||400&#8243; icon_placement=\u00bbleft\u00bb image_icon_width=\u00bb35px\u00bb _builder_version=\u00bb4.16&#8243; header_font=\u00bbMontserrat|300|||||||\u00bb header_text_color=\u00bb#7ebec5&#8243; header_font_size=\u00bb27px\u00bb body_font=\u00bbMontserrat|300|||||||\u00bb body_font_size=\u00bb15px\u00bb body_link_text_color=\u00bb#7ebec5&#8243; z_index_tablet=\u00bb500&#8243; custom_css_blurb_title=\u00bbpadding-top: 7px;\u00bb header_text_shadow_horizontal_length_tablet=\u00bb0px\u00bb header_text_shadow_vertical_length_tablet=\u00bb0px\u00bb header_text_shadow_blur_strength_tablet=\u00bb1px\u00bb body_text_shadow_horizontal_length_tablet=\u00bb0px\u00bb body_text_shadow_vertical_length_tablet=\u00bb0px\u00bb body_text_shadow_blur_strength_tablet=\u00bb1px\u00bb body_link_text_shadow_horizontal_length_tablet=\u00bb0px\u00bb body_link_text_shadow_vertical_length_tablet=\u00bb0px\u00bb body_link_text_shadow_blur_strength_tablet=\u00bb1px\u00bb body_ul_text_shadow_horizontal_length_tablet=\u00bb0px\u00bb body_ul_text_shadow_vertical_length_tablet=\u00bb0px\u00bb body_ul_text_shadow_blur_strength_tablet=\u00bb1px\u00bb body_ol_text_shadow_horizontal_length_tablet=\u00bb0px\u00bb body_ol_text_shadow_vertical_length_tablet=\u00bb0px\u00bb body_ol_text_shadow_blur_strength_tablet=\u00bb1px\u00bb body_quote_text_shadow_horizontal_length_tablet=\u00bb0px\u00bb body_quote_text_shadow_vertical_length_tablet=\u00bb0px\u00bb body_quote_text_shadow_blur_strength_tablet=\u00bb1px\u00bb box_shadow_horizontal_tablet=\u00bb0px\u00bb box_shadow_vertical_tablet=\u00bb0px\u00bb box_shadow_blur_tablet=\u00bb40px\u00bb box_shadow_spread_tablet=\u00bb0px\u00bb box_shadow_horizontal_image_tablet=\u00bb0px\u00bb box_shadow_vertical_image_tablet=\u00bb0px\u00bb box_shadow_blur_image_tablet=\u00bb40px\u00bb box_shadow_spread_image_tablet=\u00bb0px\u00bb text_shadow_horizontal_length_tablet=\u00bb0px\u00bb text_shadow_vertical_length_tablet=\u00bb0px\u00bb text_shadow_blur_strength_tablet=\u00bb1px\u00bb icon_font_size=\u00bb35px\u00bb saved_tabs=\u00bball\u00bb global_colors_info=\u00bb{}\u00bb]<strong>La Seu d&#8217;Urgell \/ 1r cap de setmana de Juny<\/strong><br \/>\nEl centre hist\u00f2ric de la ciutat es transforma durant aquests dies en un gran escenari on el temps sembla tornar enrere i on viureu gratificants sensacions de m\u00e0gia i alegria per la m\u00fasica i els espectacles; els colors dels vestits, les teles i les parades; les olors; els sabors i el caliu dels urgellencs i les urgellenques.<br \/>\n[\/et_pb_blurb][\/et_pb_column][\/et_pb_row][et_pb_row _builder_version=\u00bb4.27.4&#8243; custom_padding=\u00bb||15px|||\u00bb hover_enabled=\u00bb0&#8243; global_colors_info=\u00bb{}\u00bb column_structure=\u00bb1_2,1_2&#8243; custom_margin=\u00bb|auto|0px|auto|false|false\u00bb sticky_enabled=\u00bb0&#8243;][et_pb_column type=\u00bb1_2&#8243; _builder_version=\u00bb4.16&#8243; custom_padding=\u00bb|||\u00bb global_colors_info=\u00bb{}\u00bb custom_padding__hover=\u00bb|||\u00bb][et_pb_blurb title=\u00bbNoches de Jazz en el balneario\u00bb use_icon=\u00bbon\u00bb font_icon=\u00bb&#xe04e;||divi||400&#8243; icon_placement=\u00bbleft\u00bb image_icon_width=\u00bb35px\u00bb _builder_version=\u00bb4.16&#8243; header_font=\u00bbMontserrat|300|||||||\u00bb header_text_color=\u00bb#7ebec5&#8243; header_font_size=\u00bb27px\u00bb body_font=\u00bbMontserrat|300|||||||\u00bb body_font_size=\u00bb15px\u00bb body_link_text_color=\u00bb#7ebec5&#8243; z_index_tablet=\u00bb500&#8243; custom_css_blurb_title=\u00bbpadding-top: 7px;\u00bb header_text_shadow_horizontal_length_tablet=\u00bb0px\u00bb header_text_shadow_vertical_length_tablet=\u00bb0px\u00bb header_text_shadow_blur_strength_tablet=\u00bb1px\u00bb body_text_shadow_horizontal_length_tablet=\u00bb0px\u00bb body_text_shadow_vertical_length_tablet=\u00bb0px\u00bb body_text_shadow_blur_strength_tablet=\u00bb1px\u00bb body_link_text_shadow_horizontal_length_tablet=\u00bb0px\u00bb body_link_text_shadow_vertical_length_tablet=\u00bb0px\u00bb body_link_text_shadow_blur_strength_tablet=\u00bb1px\u00bb body_ul_text_shadow_horizontal_length_tablet=\u00bb0px\u00bb body_ul_text_shadow_vertical_length_tablet=\u00bb0px\u00bb body_ul_text_shadow_blur_strength_tablet=\u00bb1px\u00bb body_ol_text_shadow_horizontal_length_tablet=\u00bb0px\u00bb body_ol_text_shadow_vertical_length_tablet=\u00bb0px\u00bb body_ol_text_shadow_blur_strength_tablet=\u00bb1px\u00bb body_quote_text_shadow_horizontal_length_tablet=\u00bb0px\u00bb body_quote_text_shadow_vertical_length_tablet=\u00bb0px\u00bb body_quote_text_shadow_blur_strength_tablet=\u00bb1px\u00bb box_shadow_horizontal_tablet=\u00bb0px\u00bb box_shadow_vertical_tablet=\u00bb0px\u00bb box_shadow_blur_tablet=\u00bb40px\u00bb box_shadow_spread_tablet=\u00bb0px\u00bb box_shadow_horizontal_image_tablet=\u00bb0px\u00bb box_shadow_vertical_image_tablet=\u00bb0px\u00bb box_shadow_blur_image_tablet=\u00bb40px\u00bb box_shadow_spread_image_tablet=\u00bb0px\u00bb text_shadow_horizontal_length_tablet=\u00bb0px\u00bb text_shadow_vertical_length_tablet=\u00bb0px\u00bb text_shadow_blur_strength_tablet=\u00bb1px\u00bb icon_font_size=\u00bb35px\u00bb saved_tabs=\u00bball\u00bb global_colors_info=\u00bb{}\u00bb]<\/p>\n<p><strong>Actuaciones de Jazz en vivo \/ Todos los viernes durante el mes de julio\u00a0<\/strong><br \/> Cada viernes por la noche os ofrecemos un concierto de Jazz en vivo y directo, en la intimidad de nuestra terrazza. Artistas de la talla de Scott Hamilton, Big Mama Montse &amp; Sister Marion, Gemma Abri\u00e9, Toni Sol\u00e0, August Tharrats y muchos m\u00e1s han pasado por nuestro peque\u00f1o festival del que este a\u00f1o celebraremos la tercera edici\u00f3n.<\/p>\n<p>[\/et_pb_blurb][\/et_pb_column][et_pb_column type=\u00bb1_2&#8243; _builder_version=\u00bb4.16&#8243; custom_padding=\u00bb|||\u00bb global_colors_info=\u00bb{}\u00bb custom_padding__hover=\u00bb|||\u00bb][et_pb_blurb title=\u00bbTrobada d&#8217;acordionistes del Pirineu\u00bb use_icon=\u00bbon\u00bb font_icon=\u00bb&#xe04e;||divi||400&#8243; icon_placement=\u00bbleft\u00bb image_icon_width=\u00bb35px\u00bb _builder_version=\u00bb4.16&#8243; header_font=\u00bbMontserrat|300|||||||\u00bb header_text_color=\u00bb#7ebec5&#8243; header_font_size=\u00bb27px\u00bb body_font=\u00bbMontserrat|300|||||||\u00bb body_font_size=\u00bb15px\u00bb body_link_text_color=\u00bb#7ebec5&#8243; z_index_tablet=\u00bb500&#8243; custom_css_blurb_title=\u00bbpadding-top: 7px;\u00bb header_text_shadow_horizontal_length_tablet=\u00bb0px\u00bb header_text_shadow_vertical_length_tablet=\u00bb0px\u00bb header_text_shadow_blur_strength_tablet=\u00bb1px\u00bb body_text_shadow_horizontal_length_tablet=\u00bb0px\u00bb body_text_shadow_vertical_length_tablet=\u00bb0px\u00bb body_text_shadow_blur_strength_tablet=\u00bb1px\u00bb body_link_text_shadow_horizontal_length_tablet=\u00bb0px\u00bb body_link_text_shadow_vertical_length_tablet=\u00bb0px\u00bb body_link_text_shadow_blur_strength_tablet=\u00bb1px\u00bb body_ul_text_shadow_horizontal_length_tablet=\u00bb0px\u00bb body_ul_text_shadow_vertical_length_tablet=\u00bb0px\u00bb body_ul_text_shadow_blur_strength_tablet=\u00bb1px\u00bb body_ol_text_shadow_horizontal_length_tablet=\u00bb0px\u00bb body_ol_text_shadow_vertical_length_tablet=\u00bb0px\u00bb body_ol_text_shadow_blur_strength_tablet=\u00bb1px\u00bb body_quote_text_shadow_horizontal_length_tablet=\u00bb0px\u00bb body_quote_text_shadow_vertical_length_tablet=\u00bb0px\u00bb body_quote_text_shadow_blur_strength_tablet=\u00bb1px\u00bb box_shadow_horizontal_tablet=\u00bb0px\u00bb box_shadow_vertical_tablet=\u00bb0px\u00bb box_shadow_blur_tablet=\u00bb40px\u00bb box_shadow_spread_tablet=\u00bb0px\u00bb box_shadow_horizontal_image_tablet=\u00bb0px\u00bb box_shadow_vertical_image_tablet=\u00bb0px\u00bb box_shadow_blur_image_tablet=\u00bb40px\u00bb box_shadow_spread_image_tablet=\u00bb0px\u00bb text_shadow_horizontal_length_tablet=\u00bb0px\u00bb text_shadow_vertical_length_tablet=\u00bb0px\u00bb text_shadow_blur_strength_tablet=\u00bb1px\u00bb icon_font_size=\u00bb35px\u00bb saved_tabs=\u00bball\u00bb global_colors_info=\u00bb{}\u00bb]<strong>Ars\u00e8guel \/ \u00daltim cap de setmana de Juliol<\/strong><br \/>\nDurant uns dies, les notes que s&#8217;escapen dels acordions emplenen tots els carrers, places i racons del poble d&#8217;Ars\u00e8guel. Situat al peu del Cad\u00ed, el millor festival d&#8217;acordi\u00f3 diat\u00f2nic d&#8217;Europa, aplega acordionistes de les terres pirinenques, d&#8217;Europa i del continent americ\u00e0. Els m\u00e9s grans int\u00e8rprets hi fan cap un any i un altre per tocar, cantar i ballar fins a la matinada.<br \/>\n[\/et_pb_blurb][\/et_pb_column][\/et_pb_row][et_pb_row _builder_version=\u00bb4.27.4&#8243; custom_padding=\u00bb||15px|||\u00bb hover_enabled=\u00bb0&#8243; global_colors_info=\u00bb{}\u00bb column_structure=\u00bb1_2,1_2&#8243; custom_margin=\u00bb|auto|0px|auto|false|false\u00bb sticky_enabled=\u00bb0&#8243;][et_pb_column type=\u00bb1_2&#8243; _builder_version=\u00bb4.16&#8243; custom_padding=\u00bb|||\u00bb global_colors_info=\u00bb{}\u00bb custom_padding__hover=\u00bb|||\u00bb][et_pb_blurb title=\u00bbCursos de la Universitat d&#8217;estiu de Lleida\u00bb use_icon=\u00bbon\u00bb font_icon=\u00bb&#xe04e;||divi||400&#8243; icon_placement=\u00bbleft\u00bb image_icon_width=\u00bb35px\u00bb _builder_version=\u00bb4.16&#8243; header_font=\u00bbMontserrat|300|||||||\u00bb header_text_color=\u00bb#7ebec5&#8243; header_font_size=\u00bb27px\u00bb body_font=\u00bbMontserrat|300|||||||\u00bb body_font_size=\u00bb15px\u00bb body_link_text_color=\u00bb#7ebec5&#8243; z_index_tablet=\u00bb500&#8243; custom_css_blurb_title=\u00bbpadding-top: 7px;\u00bb header_text_shadow_horizontal_length_tablet=\u00bb0px\u00bb header_text_shadow_vertical_length_tablet=\u00bb0px\u00bb header_text_shadow_blur_strength_tablet=\u00bb1px\u00bb body_text_shadow_horizontal_length_tablet=\u00bb0px\u00bb body_text_shadow_vertical_length_tablet=\u00bb0px\u00bb body_text_shadow_blur_strength_tablet=\u00bb1px\u00bb body_link_text_shadow_horizontal_length_tablet=\u00bb0px\u00bb body_link_text_shadow_vertical_length_tablet=\u00bb0px\u00bb body_link_text_shadow_blur_strength_tablet=\u00bb1px\u00bb body_ul_text_shadow_horizontal_length_tablet=\u00bb0px\u00bb body_ul_text_shadow_vertical_length_tablet=\u00bb0px\u00bb body_ul_text_shadow_blur_strength_tablet=\u00bb1px\u00bb body_ol_text_shadow_horizontal_length_tablet=\u00bb0px\u00bb body_ol_text_shadow_vertical_length_tablet=\u00bb0px\u00bb body_ol_text_shadow_blur_strength_tablet=\u00bb1px\u00bb body_quote_text_shadow_horizontal_length_tablet=\u00bb0px\u00bb body_quote_text_shadow_vertical_length_tablet=\u00bb0px\u00bb body_quote_text_shadow_blur_strength_tablet=\u00bb1px\u00bb box_shadow_horizontal_tablet=\u00bb0px\u00bb box_shadow_vertical_tablet=\u00bb0px\u00bb box_shadow_blur_tablet=\u00bb40px\u00bb box_shadow_spread_tablet=\u00bb0px\u00bb box_shadow_horizontal_image_tablet=\u00bb0px\u00bb box_shadow_vertical_image_tablet=\u00bb0px\u00bb box_shadow_blur_image_tablet=\u00bb40px\u00bb box_shadow_spread_image_tablet=\u00bb0px\u00bb text_shadow_horizontal_length_tablet=\u00bb0px\u00bb text_shadow_vertical_length_tablet=\u00bb0px\u00bb text_shadow_blur_strength_tablet=\u00bb1px\u00bb icon_font_size=\u00bb35px\u00bb saved_tabs=\u00bball\u00bb global_colors_info=\u00bb{}\u00bb]<strong>La Seu d&#8217;Urgell \/ Juliol \/ <a href=\"http:\/\/www.laseu.org\/\" target=\"_blank\" rel=\"noopener noreferrer\">www.laseu.org<\/a><\/strong><br \/>\nInscriviu-vos als cursos i tallers de diferent tem\u00e0tica i interessants continguts que any rera any aborden les q\u00fcestions socials m\u00e9s actuals i les noves tendencies del segle XXI.<br \/>\n[\/et_pb_blurb][\/et_pb_column][et_pb_column type=\u00bb1_2&#8243; _builder_version=\u00bb4.16&#8243; custom_padding=\u00bb|||\u00bb global_colors_info=\u00bb{}\u00bb custom_padding__hover=\u00bb|||\u00bb][et_pb_blurb title=\u00bbFestival Internacional de M\u00fasica Joan Brudieu\u00bb use_icon=\u00bbon\u00bb font_icon=\u00bb&#xe04e;||divi||400&#8243; icon_placement=\u00bbleft\u00bb image_icon_width=\u00bb35px\u00bb _builder_version=\u00bb4.16&#8243; header_font=\u00bbMontserrat|300|||||||\u00bb header_text_color=\u00bb#7ebec5&#8243; header_font_size=\u00bb27px\u00bb body_font=\u00bbMontserrat|300|||||||\u00bb body_font_size=\u00bb15px\u00bb body_link_text_color=\u00bb#7ebec5&#8243; z_index_tablet=\u00bb500&#8243; custom_css_blurb_title=\u00bbpadding-top: 7px;\u00bb header_text_shadow_horizontal_length_tablet=\u00bb0px\u00bb header_text_shadow_vertical_length_tablet=\u00bb0px\u00bb header_text_shadow_blur_strength_tablet=\u00bb1px\u00bb body_text_shadow_horizontal_length_tablet=\u00bb0px\u00bb body_text_shadow_vertical_length_tablet=\u00bb0px\u00bb body_text_shadow_blur_strength_tablet=\u00bb1px\u00bb body_link_text_shadow_horizontal_length_tablet=\u00bb0px\u00bb body_link_text_shadow_vertical_length_tablet=\u00bb0px\u00bb body_link_text_shadow_blur_strength_tablet=\u00bb1px\u00bb body_ul_text_shadow_horizontal_length_tablet=\u00bb0px\u00bb body_ul_text_shadow_vertical_length_tablet=\u00bb0px\u00bb body_ul_text_shadow_blur_strength_tablet=\u00bb1px\u00bb body_ol_text_shadow_horizontal_length_tablet=\u00bb0px\u00bb body_ol_text_shadow_vertical_length_tablet=\u00bb0px\u00bb body_ol_text_shadow_blur_strength_tablet=\u00bb1px\u00bb body_quote_text_shadow_horizontal_length_tablet=\u00bb0px\u00bb body_quote_text_shadow_vertical_length_tablet=\u00bb0px\u00bb body_quote_text_shadow_blur_strength_tablet=\u00bb1px\u00bb box_shadow_horizontal_tablet=\u00bb0px\u00bb box_shadow_vertical_tablet=\u00bb0px\u00bb box_shadow_blur_tablet=\u00bb40px\u00bb box_shadow_spread_tablet=\u00bb0px\u00bb box_shadow_horizontal_image_tablet=\u00bb0px\u00bb box_shadow_vertical_image_tablet=\u00bb0px\u00bb box_shadow_blur_image_tablet=\u00bb40px\u00bb box_shadow_spread_image_tablet=\u00bb0px\u00bb text_shadow_horizontal_length_tablet=\u00bb0px\u00bb text_shadow_vertical_length_tablet=\u00bb0px\u00bb text_shadow_blur_strength_tablet=\u00bb1px\u00bb icon_font_size=\u00bb35px\u00bb saved_tabs=\u00bball\u00bb global_colors_info=\u00bb{}\u00bb]<strong>La Seu d&#8217;Urgell \/ Juliol i Agost \/ <a href=\"http:\/\/www.festivalbrudieu.net\/\" target=\"_blank\" rel=\"noopener noreferrer\">www.festivalbrudieu.net<\/a><\/strong><br \/>\nGaudiu durant la vostra estada d&#8217;aquest recomanable cicle de concerts de m\u00fasica cl\u00e0ssica en el marc del patrimoni monumental de la ciutat.<br \/>\n[\/et_pb_blurb][\/et_pb_column][\/et_pb_row][et_pb_row _builder_version=\u00bb4.27.4&#8243; custom_padding=\u00bb||15px|||\u00bb hover_enabled=\u00bb0&#8243; global_colors_info=\u00bb{}\u00bb column_structure=\u00bb1_2,1_2&#8243; custom_margin=\u00bb|auto|0px|auto|false|false\u00bb sticky_enabled=\u00bb0&#8243;][et_pb_column type=\u00bb1_2&#8243; _builder_version=\u00bb4.16&#8243; custom_padding=\u00bb|||\u00bb global_colors_info=\u00bb{}\u00bb custom_padding__hover=\u00bb|||\u00bb][et_pb_blurb title=\u00bbEspectacle Medieval Retaule de Sant Ermengol\u00bb use_icon=\u00bbon\u00bb font_icon=\u00bb&#xe04e;||divi||400&#8243; icon_placement=\u00bbleft\u00bb image_icon_width=\u00bb35px\u00bb _builder_version=\u00bb4.16&#8243; header_font=\u00bbMontserrat|300|||||||\u00bb header_text_color=\u00bb#7ebec5&#8243; header_font_size=\u00bb27px\u00bb body_font=\u00bbMontserrat|300|||||||\u00bb body_font_size=\u00bb15px\u00bb body_link_text_color=\u00bb#7ebec5&#8243; z_index_tablet=\u00bb500&#8243; custom_css_blurb_title=\u00bbpadding-top: 7px;\u00bb header_text_shadow_horizontal_length_tablet=\u00bb0px\u00bb header_text_shadow_vertical_length_tablet=\u00bb0px\u00bb header_text_shadow_blur_strength_tablet=\u00bb1px\u00bb body_text_shadow_horizontal_length_tablet=\u00bb0px\u00bb body_text_shadow_vertical_length_tablet=\u00bb0px\u00bb body_text_shadow_blur_strength_tablet=\u00bb1px\u00bb body_link_text_shadow_horizontal_length_tablet=\u00bb0px\u00bb body_link_text_shadow_vertical_length_tablet=\u00bb0px\u00bb body_link_text_shadow_blur_strength_tablet=\u00bb1px\u00bb body_ul_text_shadow_horizontal_length_tablet=\u00bb0px\u00bb body_ul_text_shadow_vertical_length_tablet=\u00bb0px\u00bb body_ul_text_shadow_blur_strength_tablet=\u00bb1px\u00bb body_ol_text_shadow_horizontal_length_tablet=\u00bb0px\u00bb body_ol_text_shadow_vertical_length_tablet=\u00bb0px\u00bb body_ol_text_shadow_blur_strength_tablet=\u00bb1px\u00bb body_quote_text_shadow_horizontal_length_tablet=\u00bb0px\u00bb body_quote_text_shadow_vertical_length_tablet=\u00bb0px\u00bb body_quote_text_shadow_blur_strength_tablet=\u00bb1px\u00bb box_shadow_horizontal_tablet=\u00bb0px\u00bb box_shadow_vertical_tablet=\u00bb0px\u00bb box_shadow_blur_tablet=\u00bb40px\u00bb box_shadow_spread_tablet=\u00bb0px\u00bb box_shadow_horizontal_image_tablet=\u00bb0px\u00bb box_shadow_vertical_image_tablet=\u00bb0px\u00bb box_shadow_blur_image_tablet=\u00bb40px\u00bb box_shadow_spread_image_tablet=\u00bb0px\u00bb text_shadow_horizontal_length_tablet=\u00bb0px\u00bb text_shadow_vertical_length_tablet=\u00bb0px\u00bb text_shadow_blur_strength_tablet=\u00bb1px\u00bb icon_font_size=\u00bb35px\u00bb saved_tabs=\u00bball\u00bb global_colors_info=\u00bb{}\u00bb]<strong>La Seu d&#8217;Urgell \/ 1a quinzena d&#8217;Agost \/ <a href=\"http:\/\/www.retaulesantermengol.org\/\" target=\"_blank\" rel=\"noopener noreferrer\">www.retaulesantermengol.org<\/a><\/strong><br \/>\nReviviu la grandiositat de l&#8217;Edat Medieval amb aquesta fant\u00e0stica representaci\u00f3 de m\u00fasica i llum que evoca moments de la vida de Sant Ermengol bisbe d&#8217;Urgell a l\u2019incomparable claustre rom\u00e0nic de la Catedral de La Seu d&#8217;Urgell<br \/>\n[\/et_pb_blurb][\/et_pb_column][et_pb_column type=\u00bb1_2&#8243; _builder_version=\u00bb4.16&#8243; custom_padding=\u00bb|||\u00bb global_colors_info=\u00bb{}\u00bb custom_padding__hover=\u00bb|||\u00bb][et_pb_blurb title=\u00bbFira de Sant Ermengol. Fira de formatges i artesania dels pirineus\u00bb use_icon=\u00bbon\u00bb font_icon=\u00bb&#xe04e;||divi||400&#8243; icon_placement=\u00bbleft\u00bb image_icon_width=\u00bb35px\u00bb _builder_version=\u00bb4.16&#8243; header_font=\u00bbMontserrat|300|||||||\u00bb header_text_color=\u00bb#7ebec5&#8243; header_font_size=\u00bb27px\u00bb body_font=\u00bbMontserrat|300|||||||\u00bb body_font_size=\u00bb15px\u00bb body_link_text_color=\u00bb#7ebec5&#8243; z_index_tablet=\u00bb500&#8243; custom_css_blurb_title=\u00bbpadding-top: 7px;\u00bb header_text_shadow_horizontal_length_tablet=\u00bb0px\u00bb header_text_shadow_vertical_length_tablet=\u00bb0px\u00bb header_text_shadow_blur_strength_tablet=\u00bb1px\u00bb body_text_shadow_horizontal_length_tablet=\u00bb0px\u00bb body_text_shadow_vertical_length_tablet=\u00bb0px\u00bb body_text_shadow_blur_strength_tablet=\u00bb1px\u00bb body_link_text_shadow_horizontal_length_tablet=\u00bb0px\u00bb body_link_text_shadow_vertical_length_tablet=\u00bb0px\u00bb body_link_text_shadow_blur_strength_tablet=\u00bb1px\u00bb body_ul_text_shadow_horizontal_length_tablet=\u00bb0px\u00bb body_ul_text_shadow_vertical_length_tablet=\u00bb0px\u00bb body_ul_text_shadow_blur_strength_tablet=\u00bb1px\u00bb body_ol_text_shadow_horizontal_length_tablet=\u00bb0px\u00bb body_ol_text_shadow_vertical_length_tablet=\u00bb0px\u00bb body_ol_text_shadow_blur_strength_tablet=\u00bb1px\u00bb body_quote_text_shadow_horizontal_length_tablet=\u00bb0px\u00bb body_quote_text_shadow_vertical_length_tablet=\u00bb0px\u00bb body_quote_text_shadow_blur_strength_tablet=\u00bb1px\u00bb box_shadow_horizontal_tablet=\u00bb0px\u00bb box_shadow_vertical_tablet=\u00bb0px\u00bb box_shadow_blur_tablet=\u00bb40px\u00bb box_shadow_spread_tablet=\u00bb0px\u00bb box_shadow_horizontal_image_tablet=\u00bb0px\u00bb box_shadow_vertical_image_tablet=\u00bb0px\u00bb box_shadow_blur_image_tablet=\u00bb40px\u00bb box_shadow_spread_image_tablet=\u00bb0px\u00bb text_shadow_horizontal_length_tablet=\u00bb0px\u00bb text_shadow_vertical_length_tablet=\u00bb0px\u00bb text_shadow_blur_strength_tablet=\u00bb1px\u00bb icon_font_size=\u00bb35px\u00bb saved_tabs=\u00bball\u00bb global_colors_info=\u00bb{}\u00bb]<strong>La Seu d&#8217;Urgell \/ 3r cap de setmana d&#8217;octubre<\/strong><br \/>\nLa Fira acull en un espai com\u00fa els millors formatgers artesans provinents de tot l&#8217;arc pirinenc, del Mediterrani a l&#8217;Atl\u00e0ntic i dels vessants nord i sud de la serralada. Els visitants podran trobar formatges elaborats als Pirineus catalans, aragonesos, navarresos, bascos i francesos.<br \/>\n[\/et_pb_blurb][\/et_pb_column][\/et_pb_row][et_pb_row _builder_version=\u00bb4.27.4&#8243; custom_padding=\u00bb||15px|||\u00bb hover_enabled=\u00bb0&#8243; global_colors_info=\u00bb{}\u00bb column_structure=\u00bb1_2,1_2&#8243; custom_margin=\u00bb|auto|0px|auto|false|false\u00bb sticky_enabled=\u00bb0&#8243;][et_pb_column type=\u00bb1_2&#8243; _builder_version=\u00bb4.16&#8243; custom_padding=\u00bb|||\u00bb global_colors_info=\u00bb{}\u00bb custom_padding__hover=\u00bb|||\u00bb][et_pb_blurb title=\u00bbFira del Cavall hisp\u00e0-bret\u00f3\u00bb use_icon=\u00bbon\u00bb font_icon=\u00bb&#xe04e;||divi||400&#8243; icon_placement=\u00bbleft\u00bb image_icon_width=\u00bb35px\u00bb _builder_version=\u00bb4.16&#8243; header_font=\u00bbMontserrat|300|||||||\u00bb header_text_color=\u00bb#7ebec5&#8243; header_font_size=\u00bb27px\u00bb body_font=\u00bbMontserrat|300|||||||\u00bb body_font_size=\u00bb15px\u00bb body_link_text_color=\u00bb#7ebec5&#8243; z_index_tablet=\u00bb500&#8243; custom_css_blurb_title=\u00bbpadding-top: 7px;\u00bb header_text_shadow_horizontal_length_tablet=\u00bb0px\u00bb header_text_shadow_vertical_length_tablet=\u00bb0px\u00bb header_text_shadow_blur_strength_tablet=\u00bb1px\u00bb body_text_shadow_horizontal_length_tablet=\u00bb0px\u00bb body_text_shadow_vertical_length_tablet=\u00bb0px\u00bb body_text_shadow_blur_strength_tablet=\u00bb1px\u00bb body_link_text_shadow_horizontal_length_tablet=\u00bb0px\u00bb body_link_text_shadow_vertical_length_tablet=\u00bb0px\u00bb body_link_text_shadow_blur_strength_tablet=\u00bb1px\u00bb body_ul_text_shadow_horizontal_length_tablet=\u00bb0px\u00bb body_ul_text_shadow_vertical_length_tablet=\u00bb0px\u00bb body_ul_text_shadow_blur_strength_tablet=\u00bb1px\u00bb body_ol_text_shadow_horizontal_length_tablet=\u00bb0px\u00bb body_ol_text_shadow_vertical_length_tablet=\u00bb0px\u00bb body_ol_text_shadow_blur_strength_tablet=\u00bb1px\u00bb body_quote_text_shadow_horizontal_length_tablet=\u00bb0px\u00bb body_quote_text_shadow_vertical_length_tablet=\u00bb0px\u00bb body_quote_text_shadow_blur_strength_tablet=\u00bb1px\u00bb box_shadow_horizontal_tablet=\u00bb0px\u00bb box_shadow_vertical_tablet=\u00bb0px\u00bb box_shadow_blur_tablet=\u00bb40px\u00bb box_shadow_spread_tablet=\u00bb0px\u00bb box_shadow_horizontal_image_tablet=\u00bb0px\u00bb box_shadow_vertical_image_tablet=\u00bb0px\u00bb box_shadow_blur_image_tablet=\u00bb40px\u00bb box_shadow_spread_image_tablet=\u00bb0px\u00bb text_shadow_horizontal_length_tablet=\u00bb0px\u00bb text_shadow_vertical_length_tablet=\u00bb0px\u00bb text_shadow_blur_strength_tablet=\u00bb1px\u00bb icon_font_size=\u00bb35px\u00bb saved_tabs=\u00bball\u00bb global_colors_info=\u00bb{}\u00bb]<strong>Puigcerd\u00e0 \/ 1r cap de setmana de novembre<\/strong><br \/>\nLa capital catalana del cavall hisp\u00e0-bret\u00f3 celebra aquesta fira on es poden trobar els millors exemplars de la comarca. Paral\u00b7lelament tamb\u00e9 es celebra un concurs monogr\u00e0fic d&#8217;aquesta ra\u00e7a equina, que t\u00e9 lloc el dissabte de la fira.<br \/>\n[\/et_pb_blurb][\/et_pb_column][et_pb_column type=\u00bb1_2&#8243; _builder_version=\u00bb4.16&#8243; custom_padding=\u00bb|||\u00bb global_colors_info=\u00bb{}\u00bb custom_padding__hover=\u00bb|||\u00bb][\/et_pb_column][\/et_pb_row][\/et_pb_section]<\/p>\n","protected":false},"excerpt":{"rendered":"<p>9 citas imprescindibles Os recordemos las fechas que debeis marcar con un gran circulo rojo en el calendario y no perderos por nada del mundo. El \u00fanico inconveniente de acudir a estas citas, es que pueden crear adicci\u00f3n&#8230; pero no os preocupeis, si avisais con tiempo, siempre podremos reservaros vuestra habitaci\u00f3n favorita. Tuixent \/ \u00daltim [&hellip;]<\/p>\n","protected":false},"author":1,"featured_media":0,"parent":0,"menu_order":0,"comment_status":"closed","ping_status":"closed","template":"","meta":{"_et_pb_use_builder":"on","_et_pb_old_content":"<p>[et_pb_section fb_built=\"1\" _builder_version=\"3.23.3\" min_height=\"840px\" custom_padding=\"16px|||||\" custom_margin_last_edited=\"on|desktop\" custom_margin_phone=\"-50px||\"][et_pb_row custom_padding=\"6px||0px|||\" _builder_version=\"3.23.3\" border_width_bottom=\"1px\" border_color_bottom=\"#b7b7b7\"][et_pb_column type=\"4_4\" _builder_version=\"3.0.47\"][et_pb_post_title meta=\"off\" featured_image=\"off\" _builder_version=\"3.23.3\" title_font=\"Montserrat|300|||||||\" title_text_color=\"#59adbb\" title_font_size=\"48px\"][\/et_pb_post_title][\/et_pb_column][\/et_pb_row][et_pb_row _builder_version=\"3.23.3\"][et_pb_column type=\"1_2\" _builder_version=\"3.0.47\"][et_pb_gallery gallery_ids=\"364,365,366\" fullwidth=\"on\" db_image_object_fit=\"initial\" hover_icon=\"%%32%%\" _builder_version=\"3.23.3\" border_color_all=\"#e0e0e0\" animation_style=\"slide\" animation_direction=\"right\" animation_intensity_slide=\"4%\" auto=\"on\" auto_speed=\"4000\"][\/et_pb_gallery][\/et_pb_column][et_pb_column type=\"1_2\" _builder_version=\"3.0.47\"][et_pb_text _builder_version=\"3.23.3\" text_font=\"Satisfy||||||||\" text_text_align=\"left\" text_text_color=\"#948878\" text_font_size=\"40px\" text_line_height=\"1.4em\" border_color_top=\"#00bfce\" border_width_bottom=\"1px\" border_color_bottom=\"#00bfce\" custom_padding=\"15px||15px\"]9 events imprescindibles[\/et_pb_text][et_pb_text _builder_version=\"3.23.3\" text_font=\"||||||||\" header_font=\"||||||||\" header_2_font=\"Satisfy||||||||\" header_2_font_size=\"31px\"]Us recordem les dates que us heu de marcar amb un cercle vermell al calendari i no perdre-us per res del m\u00f3n. L'\u00fanic inconvenient d'aquests events, \u00e9s que us poden crear addicci\u00f3... per\u00f2 no us preocupeu per aix\u00f2, nosaltres intentarem guardar-vos sempre la vostra habitaci\u00f3 preferida.[\/et_pb_text][\/et_pb_column][\/et_pb_row][et_pb_row custom_padding=\"||15px|||\" _builder_version=\"3.23.3\"][et_pb_column type=\"1_2\" _builder_version=\"3.0.47\"][et_pb_blurb title=\"Fira d'herbes remeieres i productes naturals\" use_icon=\"on\" font_icon=\"%%198%%\" icon_placement=\"left\" use_icon_font_size=\"on\" icon_font_size=\"35px\" _builder_version=\"3.23.3\" header_font=\"Montserrat|300|||||||\" header_text_color=\"#7ebec5\" header_font_size=\"27px\" body_font=\"Montserrat|300|||||||\" body_font_size=\"15px\" body_link_text_color=\"#7ebec5\" z_index_tablet=\"500\" header_text_shadow_horizontal_length_tablet=\"0px\" header_text_shadow_vertical_length_tablet=\"0px\" header_text_shadow_blur_strength_tablet=\"1px\" body_text_shadow_horizontal_length_tablet=\"0px\" body_text_shadow_vertical_length_tablet=\"0px\" body_text_shadow_blur_strength_tablet=\"1px\" body_link_text_shadow_horizontal_length_tablet=\"0px\" body_link_text_shadow_vertical_length_tablet=\"0px\" body_link_text_shadow_blur_strength_tablet=\"1px\" body_ul_text_shadow_horizontal_length_tablet=\"0px\" body_ul_text_shadow_vertical_length_tablet=\"0px\" body_ul_text_shadow_blur_strength_tablet=\"1px\" body_ol_text_shadow_horizontal_length_tablet=\"0px\" body_ol_text_shadow_vertical_length_tablet=\"0px\" body_ol_text_shadow_blur_strength_tablet=\"1px\" body_quote_text_shadow_horizontal_length_tablet=\"0px\" body_quote_text_shadow_vertical_length_tablet=\"0px\" body_quote_text_shadow_blur_strength_tablet=\"1px\" box_shadow_horizontal_tablet=\"0px\" box_shadow_vertical_tablet=\"0px\" box_shadow_blur_tablet=\"40px\" box_shadow_spread_tablet=\"0px\" box_shadow_horizontal_image_tablet=\"0px\" box_shadow_vertical_image_tablet=\"0px\" box_shadow_blur_image_tablet=\"40px\" box_shadow_spread_image_tablet=\"0px\" text_shadow_horizontal_length_tablet=\"0px\" text_shadow_vertical_length_tablet=\"0px\" text_shadow_blur_strength_tablet=\"1px\" custom_css_blurb_title=\"padding-top: 7px;\" saved_tabs=\"all\"]<\/p><p><strong>Tuixent \/ \u00daltim diumenge de maig<\/strong><br \/>Amb aquesta festa, els tuixentins recuperen el tradicional ofici de les trementinaires, que van desenvolupar les dones de la vall de Tuix\u00e9n des de finals del segle XIX fins a la d\u00e8cada dels anys 60 i que consistia a vendre els remeis naturals que elaboraven.<\/p><p>[\/et_pb_blurb][\/et_pb_column][et_pb_column type=\"1_2\" _builder_version=\"3.0.47\"][et_pb_blurb title=\"Mercat medieval dels canonges\" use_icon=\"on\" font_icon=\"%%198%%\" icon_placement=\"left\" use_icon_font_size=\"on\" icon_font_size=\"35px\" _builder_version=\"3.23.3\" header_font=\"Montserrat|300|||||||\" header_text_color=\"#7ebec5\" header_font_size=\"27px\" body_font=\"Montserrat|300|||||||\" body_font_size=\"15px\" body_link_text_color=\"#7ebec5\" z_index_tablet=\"500\" header_text_shadow_horizontal_length_tablet=\"0px\" header_text_shadow_vertical_length_tablet=\"0px\" header_text_shadow_blur_strength_tablet=\"1px\" body_text_shadow_horizontal_length_tablet=\"0px\" body_text_shadow_vertical_length_tablet=\"0px\" body_text_shadow_blur_strength_tablet=\"1px\" body_link_text_shadow_horizontal_length_tablet=\"0px\" body_link_text_shadow_vertical_length_tablet=\"0px\" body_link_text_shadow_blur_strength_tablet=\"1px\" body_ul_text_shadow_horizontal_length_tablet=\"0px\" body_ul_text_shadow_vertical_length_tablet=\"0px\" body_ul_text_shadow_blur_strength_tablet=\"1px\" body_ol_text_shadow_horizontal_length_tablet=\"0px\" body_ol_text_shadow_vertical_length_tablet=\"0px\" body_ol_text_shadow_blur_strength_tablet=\"1px\" body_quote_text_shadow_horizontal_length_tablet=\"0px\" body_quote_text_shadow_vertical_length_tablet=\"0px\" body_quote_text_shadow_blur_strength_tablet=\"1px\" box_shadow_horizontal_tablet=\"0px\" box_shadow_vertical_tablet=\"0px\" box_shadow_blur_tablet=\"40px\" box_shadow_spread_tablet=\"0px\" box_shadow_horizontal_image_tablet=\"0px\" box_shadow_vertical_image_tablet=\"0px\" box_shadow_blur_image_tablet=\"40px\" box_shadow_spread_image_tablet=\"0px\" text_shadow_horizontal_length_tablet=\"0px\" text_shadow_vertical_length_tablet=\"0px\" text_shadow_blur_strength_tablet=\"1px\" custom_css_blurb_title=\"padding-top: 7px;\" saved_tabs=\"all\"]<\/p><p><strong>La Seu d'Urgell \/ 1r cap de setmana de Juny<\/strong><br \/>El centre hist\u00f2ric de la ciutat es transforma durant aquests dies en un gran escenari on el temps sembla tornar enrere i on viureu gratificants sensacions de m\u00e0gia i alegria per la m\u00fasica i els espectacles; els colors dels vestits, les teles i les parades; les olors; els sabors i el caliu dels urgellencs i les urgellenques.<\/p><p>[\/et_pb_blurb][\/et_pb_column][\/et_pb_row][et_pb_row custom_padding=\"||15px|||\" _builder_version=\"3.23.3\"][et_pb_column type=\"1_2\" _builder_version=\"3.0.47\"][et_pb_blurb title=\"Mostra de Curtmetratges Pirinencs PICURT\" use_icon=\"on\" font_icon=\"%%198%%\" icon_placement=\"left\" use_icon_font_size=\"on\" icon_font_size=\"35px\" _builder_version=\"3.23.3\" header_font=\"Montserrat|300|||||||\" header_text_color=\"#7ebec5\" header_font_size=\"27px\" body_font=\"Montserrat|300|||||||\" body_font_size=\"15px\" body_link_text_color=\"#7ebec5\" z_index_tablet=\"500\" header_text_shadow_horizontal_length_tablet=\"0px\" header_text_shadow_vertical_length_tablet=\"0px\" header_text_shadow_blur_strength_tablet=\"1px\" body_text_shadow_horizontal_length_tablet=\"0px\" body_text_shadow_vertical_length_tablet=\"0px\" body_text_shadow_blur_strength_tablet=\"1px\" body_link_text_shadow_horizontal_length_tablet=\"0px\" body_link_text_shadow_vertical_length_tablet=\"0px\" body_link_text_shadow_blur_strength_tablet=\"1px\" body_ul_text_shadow_horizontal_length_tablet=\"0px\" body_ul_text_shadow_vertical_length_tablet=\"0px\" body_ul_text_shadow_blur_strength_tablet=\"1px\" body_ol_text_shadow_horizontal_length_tablet=\"0px\" body_ol_text_shadow_vertical_length_tablet=\"0px\" body_ol_text_shadow_blur_strength_tablet=\"1px\" body_quote_text_shadow_horizontal_length_tablet=\"0px\" body_quote_text_shadow_vertical_length_tablet=\"0px\" body_quote_text_shadow_blur_strength_tablet=\"1px\" box_shadow_horizontal_tablet=\"0px\" box_shadow_vertical_tablet=\"0px\" box_shadow_blur_tablet=\"40px\" box_shadow_spread_tablet=\"0px\" box_shadow_horizontal_image_tablet=\"0px\" box_shadow_vertical_image_tablet=\"0px\" box_shadow_blur_image_tablet=\"40px\" box_shadow_spread_image_tablet=\"0px\" text_shadow_horizontal_length_tablet=\"0px\" text_shadow_vertical_length_tablet=\"0px\" text_shadow_blur_strength_tablet=\"1px\" custom_css_blurb_title=\"padding-top: 7px;\" saved_tabs=\"all\"]<\/p><p><strong>Arted\u00f3 \/ \u00daltim cap de setmana de Juny \/ <a href=\"http:\/\/www.picurt.org\/\" target=\"_blank\" rel=\"noopener noreferrer\">www.picurt.org<\/a><\/strong><br \/>No deixeu d'assistir a aquest interessant festival de curtmetratges del Pirineu que reivindica la cultura i l'entitat del m\u00f3n rural amb una mostra del millor cinema de muntanya.<\/p><p>[\/et_pb_blurb][\/et_pb_column][et_pb_column type=\"1_2\" _builder_version=\"3.0.47\"][et_pb_blurb title=\"Trobada d'acordionistes del Pirineu\" use_icon=\"on\" font_icon=\"%%198%%\" icon_placement=\"left\" use_icon_font_size=\"on\" icon_font_size=\"35px\" _builder_version=\"3.23.3\" header_font=\"Montserrat|300|||||||\" header_text_color=\"#7ebec5\" header_font_size=\"27px\" body_font=\"Montserrat|300|||||||\" body_font_size=\"15px\" body_link_text_color=\"#7ebec5\" z_index_tablet=\"500\" header_text_shadow_horizontal_length_tablet=\"0px\" header_text_shadow_vertical_length_tablet=\"0px\" header_text_shadow_blur_strength_tablet=\"1px\" body_text_shadow_horizontal_length_tablet=\"0px\" body_text_shadow_vertical_length_tablet=\"0px\" body_text_shadow_blur_strength_tablet=\"1px\" body_link_text_shadow_horizontal_length_tablet=\"0px\" body_link_text_shadow_vertical_length_tablet=\"0px\" body_link_text_shadow_blur_strength_tablet=\"1px\" body_ul_text_shadow_horizontal_length_tablet=\"0px\" body_ul_text_shadow_vertical_length_tablet=\"0px\" body_ul_text_shadow_blur_strength_tablet=\"1px\" body_ol_text_shadow_horizontal_length_tablet=\"0px\" body_ol_text_shadow_vertical_length_tablet=\"0px\" body_ol_text_shadow_blur_strength_tablet=\"1px\" body_quote_text_shadow_horizontal_length_tablet=\"0px\" body_quote_text_shadow_vertical_length_tablet=\"0px\" body_quote_text_shadow_blur_strength_tablet=\"1px\" box_shadow_horizontal_tablet=\"0px\" box_shadow_vertical_tablet=\"0px\" box_shadow_blur_tablet=\"40px\" box_shadow_spread_tablet=\"0px\" box_shadow_horizontal_image_tablet=\"0px\" box_shadow_vertical_image_tablet=\"0px\" box_shadow_blur_image_tablet=\"40px\" box_shadow_spread_image_tablet=\"0px\" text_shadow_horizontal_length_tablet=\"0px\" text_shadow_vertical_length_tablet=\"0px\" text_shadow_blur_strength_tablet=\"1px\" custom_css_blurb_title=\"padding-top: 7px;\" saved_tabs=\"all\"]<\/p><p><strong>Ars\u00e8guel \/ \u00daltim cap de setmana de Juliol<\/strong><br \/>Durant uns dies, les notes que s'escapen dels acordions emplenen tots els carrers, places i racons del poble d'Ars\u00e8guel. Situat al peu del Cad\u00ed, el millor festival d'acordi\u00f3 diat\u00f2nic d'Europa, aplega acordionistes de les terres pirinenques, d'Europa i del continent americ\u00e0. Els m\u00e9s grans int\u00e8rprets hi fan cap un any i un altre per tocar, cantar i ballar fins a la matinada.<\/p><p>[\/et_pb_blurb][\/et_pb_column][\/et_pb_row][et_pb_row custom_padding=\"||15px|||\" _builder_version=\"3.23.3\"][et_pb_column type=\"1_2\" _builder_version=\"3.0.47\"][et_pb_blurb title=\"Cursos de la Universitat d'estiu de Lleida\" use_icon=\"on\" font_icon=\"%%198%%\" icon_placement=\"left\" use_icon_font_size=\"on\" icon_font_size=\"35px\" _builder_version=\"3.23.3\" header_font=\"Montserrat|300|||||||\" header_text_color=\"#7ebec5\" header_font_size=\"27px\" body_font=\"Montserrat|300|||||||\" body_font_size=\"15px\" body_link_text_color=\"#7ebec5\" z_index_tablet=\"500\" header_text_shadow_horizontal_length_tablet=\"0px\" header_text_shadow_vertical_length_tablet=\"0px\" header_text_shadow_blur_strength_tablet=\"1px\" body_text_shadow_horizontal_length_tablet=\"0px\" body_text_shadow_vertical_length_tablet=\"0px\" body_text_shadow_blur_strength_tablet=\"1px\" body_link_text_shadow_horizontal_length_tablet=\"0px\" body_link_text_shadow_vertical_length_tablet=\"0px\" body_link_text_shadow_blur_strength_tablet=\"1px\" body_ul_text_shadow_horizontal_length_tablet=\"0px\" body_ul_text_shadow_vertical_length_tablet=\"0px\" body_ul_text_shadow_blur_strength_tablet=\"1px\" body_ol_text_shadow_horizontal_length_tablet=\"0px\" body_ol_text_shadow_vertical_length_tablet=\"0px\" body_ol_text_shadow_blur_strength_tablet=\"1px\" body_quote_text_shadow_horizontal_length_tablet=\"0px\" body_quote_text_shadow_vertical_length_tablet=\"0px\" body_quote_text_shadow_blur_strength_tablet=\"1px\" box_shadow_horizontal_tablet=\"0px\" box_shadow_vertical_tablet=\"0px\" box_shadow_blur_tablet=\"40px\" box_shadow_spread_tablet=\"0px\" box_shadow_horizontal_image_tablet=\"0px\" box_shadow_vertical_image_tablet=\"0px\" box_shadow_blur_image_tablet=\"40px\" box_shadow_spread_image_tablet=\"0px\" text_shadow_horizontal_length_tablet=\"0px\" text_shadow_vertical_length_tablet=\"0px\" text_shadow_blur_strength_tablet=\"1px\" custom_css_blurb_title=\"padding-top: 7px;\" saved_tabs=\"all\"]<\/p><p><strong>La Seu d'Urgell \/ Juliol \/ <a href=\"http:\/\/www.laseu.org\/\" target=\"_blank\" rel=\"noopener noreferrer\">www.laseu.org<\/a><\/strong><br \/>Inscriviu-vos als cursos i tallers de diferent tem\u00e0tica i interessants continguts que any rera any aborden les q\u00fcestions socials m\u00e9s actuals i les noves tendencies del segle XXI.<\/p><p>[\/et_pb_blurb][\/et_pb_column][et_pb_column type=\"1_2\" _builder_version=\"3.0.47\"][et_pb_blurb title=\"Festival Internacional de M\u00fasica Joan Brudieu\" use_icon=\"on\" font_icon=\"%%198%%\" icon_placement=\"left\" use_icon_font_size=\"on\" icon_font_size=\"35px\" _builder_version=\"3.23.3\" header_font=\"Montserrat|300|||||||\" header_text_color=\"#7ebec5\" header_font_size=\"27px\" body_font=\"Montserrat|300|||||||\" body_font_size=\"15px\" body_link_text_color=\"#7ebec5\" z_index_tablet=\"500\" header_text_shadow_horizontal_length_tablet=\"0px\" header_text_shadow_vertical_length_tablet=\"0px\" header_text_shadow_blur_strength_tablet=\"1px\" body_text_shadow_horizontal_length_tablet=\"0px\" body_text_shadow_vertical_length_tablet=\"0px\" body_text_shadow_blur_strength_tablet=\"1px\" body_link_text_shadow_horizontal_length_tablet=\"0px\" body_link_text_shadow_vertical_length_tablet=\"0px\" body_link_text_shadow_blur_strength_tablet=\"1px\" body_ul_text_shadow_horizontal_length_tablet=\"0px\" body_ul_text_shadow_vertical_length_tablet=\"0px\" body_ul_text_shadow_blur_strength_tablet=\"1px\" body_ol_text_shadow_horizontal_length_tablet=\"0px\" body_ol_text_shadow_vertical_length_tablet=\"0px\" body_ol_text_shadow_blur_strength_tablet=\"1px\" body_quote_text_shadow_horizontal_length_tablet=\"0px\" body_quote_text_shadow_vertical_length_tablet=\"0px\" body_quote_text_shadow_blur_strength_tablet=\"1px\" box_shadow_horizontal_tablet=\"0px\" box_shadow_vertical_tablet=\"0px\" box_shadow_blur_tablet=\"40px\" box_shadow_spread_tablet=\"0px\" box_shadow_horizontal_image_tablet=\"0px\" box_shadow_vertical_image_tablet=\"0px\" box_shadow_blur_image_tablet=\"40px\" box_shadow_spread_image_tablet=\"0px\" text_shadow_horizontal_length_tablet=\"0px\" text_shadow_vertical_length_tablet=\"0px\" text_shadow_blur_strength_tablet=\"1px\" custom_css_blurb_title=\"padding-top: 7px;\" saved_tabs=\"all\"]<\/p><p><strong>La Seu d'Urgell \/ Juliol i Agost \/ <a href=\"http:\/\/www.festivalbrudieu.net\/\" target=\"_blank\" rel=\"noopener noreferrer\">www.festivalbrudieu.net<\/a><\/strong><br \/>Gaudiu durant la vostra estada d'aquest recomanable cicle de concerts de m\u00fasica cl\u00e0ssica en el marc del patrimoni monumental de la ciutat.<\/p><p>[\/et_pb_blurb][\/et_pb_column][\/et_pb_row][et_pb_row custom_padding=\"||15px|||\" _builder_version=\"3.23.3\"][et_pb_column type=\"1_2\" _builder_version=\"3.0.47\"][et_pb_blurb title=\"Espectacle Medieval Retaule de Sant Ermengol\" use_icon=\"on\" font_icon=\"%%198%%\" icon_placement=\"left\" use_icon_font_size=\"on\" icon_font_size=\"35px\" _builder_version=\"3.23.3\" header_font=\"Montserrat|300|||||||\" header_text_color=\"#7ebec5\" header_font_size=\"27px\" body_font=\"Montserrat|300|||||||\" body_font_size=\"15px\" body_link_text_color=\"#7ebec5\" z_index_tablet=\"500\" header_text_shadow_horizontal_length_tablet=\"0px\" header_text_shadow_vertical_length_tablet=\"0px\" header_text_shadow_blur_strength_tablet=\"1px\" body_text_shadow_horizontal_length_tablet=\"0px\" body_text_shadow_vertical_length_tablet=\"0px\" body_text_shadow_blur_strength_tablet=\"1px\" body_link_text_shadow_horizontal_length_tablet=\"0px\" body_link_text_shadow_vertical_length_tablet=\"0px\" body_link_text_shadow_blur_strength_tablet=\"1px\" body_ul_text_shadow_horizontal_length_tablet=\"0px\" body_ul_text_shadow_vertical_length_tablet=\"0px\" body_ul_text_shadow_blur_strength_tablet=\"1px\" body_ol_text_shadow_horizontal_length_tablet=\"0px\" body_ol_text_shadow_vertical_length_tablet=\"0px\" body_ol_text_shadow_blur_strength_tablet=\"1px\" body_quote_text_shadow_horizontal_length_tablet=\"0px\" body_quote_text_shadow_vertical_length_tablet=\"0px\" body_quote_text_shadow_blur_strength_tablet=\"1px\" box_shadow_horizontal_tablet=\"0px\" box_shadow_vertical_tablet=\"0px\" box_shadow_blur_tablet=\"40px\" box_shadow_spread_tablet=\"0px\" box_shadow_horizontal_image_tablet=\"0px\" box_shadow_vertical_image_tablet=\"0px\" box_shadow_blur_image_tablet=\"40px\" box_shadow_spread_image_tablet=\"0px\" text_shadow_horizontal_length_tablet=\"0px\" text_shadow_vertical_length_tablet=\"0px\" text_shadow_blur_strength_tablet=\"1px\" custom_css_blurb_title=\"padding-top: 7px;\" saved_tabs=\"all\"]<\/p><p><strong>La Seu d'Urgell \/ 1a quinzena d'Agost \/ <a href=\"http:\/\/www.retaulesantermengol.org\/\" target=\"_blank\" rel=\"noopener noreferrer\">www.retaulesantermengol.org<\/a><\/strong><br \/>Reviviu la grandiositat de l'Edat Medieval amb aquesta fant\u00e0stica representaci\u00f3 de m\u00fasica i llum que evoca moments de la vida de Sant Ermengol bisbe d'Urgell a l\u2019incomparable claustre rom\u00e0nic de la Catedral de La Seu d'Urgell<\/p><p>[\/et_pb_blurb][\/et_pb_column][et_pb_column type=\"1_2\" _builder_version=\"3.0.47\"][et_pb_blurb title=\"Fira de Sant Ermengol. Fira de formatges i artesania dels pirineus\" use_icon=\"on\" font_icon=\"%%198%%\" icon_placement=\"left\" use_icon_font_size=\"on\" icon_font_size=\"35px\" _builder_version=\"3.23.3\" header_font=\"Montserrat|300|||||||\" header_text_color=\"#7ebec5\" header_font_size=\"27px\" body_font=\"Montserrat|300|||||||\" body_font_size=\"15px\" body_link_text_color=\"#7ebec5\" z_index_tablet=\"500\" header_text_shadow_horizontal_length_tablet=\"0px\" header_text_shadow_vertical_length_tablet=\"0px\" header_text_shadow_blur_strength_tablet=\"1px\" body_text_shadow_horizontal_length_tablet=\"0px\" body_text_shadow_vertical_length_tablet=\"0px\" body_text_shadow_blur_strength_tablet=\"1px\" body_link_text_shadow_horizontal_length_tablet=\"0px\" body_link_text_shadow_vertical_length_tablet=\"0px\" body_link_text_shadow_blur_strength_tablet=\"1px\" body_ul_text_shadow_horizontal_length_tablet=\"0px\" body_ul_text_shadow_vertical_length_tablet=\"0px\" body_ul_text_shadow_blur_strength_tablet=\"1px\" body_ol_text_shadow_horizontal_length_tablet=\"0px\" body_ol_text_shadow_vertical_length_tablet=\"0px\" body_ol_text_shadow_blur_strength_tablet=\"1px\" body_quote_text_shadow_horizontal_length_tablet=\"0px\" body_quote_text_shadow_vertical_length_tablet=\"0px\" body_quote_text_shadow_blur_strength_tablet=\"1px\" box_shadow_horizontal_tablet=\"0px\" box_shadow_vertical_tablet=\"0px\" box_shadow_blur_tablet=\"40px\" box_shadow_spread_tablet=\"0px\" box_shadow_horizontal_image_tablet=\"0px\" box_shadow_vertical_image_tablet=\"0px\" box_shadow_blur_image_tablet=\"40px\" box_shadow_spread_image_tablet=\"0px\" text_shadow_horizontal_length_tablet=\"0px\" text_shadow_vertical_length_tablet=\"0px\" text_shadow_blur_strength_tablet=\"1px\" custom_css_blurb_title=\"padding-top: 7px;\" saved_tabs=\"all\"]<\/p><p><strong>La Seu d'Urgell \/ 3r cap de setmana d'octubre<\/strong><br \/>La Fira acull en un espai com\u00fa els millors formatgers artesans provinents de tot l'arc pirinenc, del Mediterrani a l'Atl\u00e0ntic i dels vessants nord i sud de la serralada. Els visitants podran trobar formatges elaborats als Pirineus catalans, aragonesos, navarresos, bascos i francesos.<\/p><p>[\/et_pb_blurb][\/et_pb_column][\/et_pb_row][et_pb_row custom_padding=\"||15px|||\" _builder_version=\"3.23.3\"][et_pb_column type=\"1_2\" _builder_version=\"3.0.47\"][et_pb_blurb title=\"Fira del Cavall hisp\u00e0-bret\u00f3\" use_icon=\"on\" font_icon=\"%%198%%\" icon_placement=\"left\" use_icon_font_size=\"on\" icon_font_size=\"35px\" _builder_version=\"3.23.3\" header_font=\"Montserrat|300|||||||\" header_text_color=\"#7ebec5\" header_font_size=\"27px\" body_font=\"Montserrat|300|||||||\" body_font_size=\"15px\" body_link_text_color=\"#7ebec5\" z_index_tablet=\"500\" header_text_shadow_horizontal_length_tablet=\"0px\" header_text_shadow_vertical_length_tablet=\"0px\" header_text_shadow_blur_strength_tablet=\"1px\" body_text_shadow_horizontal_length_tablet=\"0px\" body_text_shadow_vertical_length_tablet=\"0px\" body_text_shadow_blur_strength_tablet=\"1px\" body_link_text_shadow_horizontal_length_tablet=\"0px\" body_link_text_shadow_vertical_length_tablet=\"0px\" body_link_text_shadow_blur_strength_tablet=\"1px\" body_ul_text_shadow_horizontal_length_tablet=\"0px\" body_ul_text_shadow_vertical_length_tablet=\"0px\" body_ul_text_shadow_blur_strength_tablet=\"1px\" body_ol_text_shadow_horizontal_length_tablet=\"0px\" body_ol_text_shadow_vertical_length_tablet=\"0px\" body_ol_text_shadow_blur_strength_tablet=\"1px\" body_quote_text_shadow_horizontal_length_tablet=\"0px\" body_quote_text_shadow_vertical_length_tablet=\"0px\" body_quote_text_shadow_blur_strength_tablet=\"1px\" box_shadow_horizontal_tablet=\"0px\" box_shadow_vertical_tablet=\"0px\" box_shadow_blur_tablet=\"40px\" box_shadow_spread_tablet=\"0px\" box_shadow_horizontal_image_tablet=\"0px\" box_shadow_vertical_image_tablet=\"0px\" box_shadow_blur_image_tablet=\"40px\" box_shadow_spread_image_tablet=\"0px\" text_shadow_horizontal_length_tablet=\"0px\" text_shadow_vertical_length_tablet=\"0px\" text_shadow_blur_strength_tablet=\"1px\" custom_css_blurb_title=\"padding-top: 7px;\" saved_tabs=\"all\"]<\/p><p><strong>Puigcerd\u00e0 \/ 1r cap de setmana de novembre<\/strong><br \/>La capital catalana del cavall hisp\u00e0-bret\u00f3 celebra aquesta fira on es poden trobar els millors exemplars de la comarca. Paral\u00b7lelament tamb\u00e9 es celebra un concurs monogr\u00e0fic d'aquesta ra\u00e7a equina, que t\u00e9 lloc el dissabte de la fira.<\/p><p>[\/et_pb_blurb][\/et_pb_column][et_pb_column type=\"1_2\" _builder_version=\"3.0.47\"][\/et_pb_column][\/et_pb_row][\/et_pb_section][et_pb_section fb_built=\"1\" _builder_version=\"3.23.3\" background_color=\"#9b9b9b\" custom_padding=\"10px||16px|||\" global_module=\"192\" saved_tabs=\"all\"][et_pb_row use_custom_gutter=\"on\" gutter_width=\"1\" custom_padding=\"6px||5px|||\" _builder_version=\"3.23.3\"][et_pb_column type=\"1_4\" _builder_version=\"3.0.47\"][et_pb_image src=\"http:\/\/hotelsantvicenc.com\/wp-content\/uploads\/2019\/06\/peu-telefon.png\" align=\"center\" _builder_version=\"3.23.3\" width=\"15%\"][\/et_pb_image][et_pb_text _builder_version=\"3.23.3\" text_font=\"Montserrat|300|||||||\" text_text_align=\"center\" text_text_color=\"#ffffff\" text_font_size=\"17px\" custom_margin=\"||\" custom_padding=\"15px||\"]<\/p><p>973 384 010<br \/>671 559 585<\/p><p>[\/et_pb_text][\/et_pb_column][et_pb_column type=\"1_4\" _builder_version=\"3.0.47\"][et_pb_image src=\"http:\/\/hotelsantvicenc.com\/wp-content\/uploads\/2019\/06\/peu-email.png\" align=\"center\" _builder_version=\"3.23.3\" width=\"15%\"][\/et_pb_image][et_pb_text _builder_version=\"3.23.3\" text_font=\"Montserrat|300|||||||\" text_text_align=\"center\" text_text_color=\"#ffffff\" text_font_size=\"17px\" link_font=\"||||||||\" link_text_color=\"#ffffff\" custom_margin=\"||\" custom_padding=\"15px||\"]<\/p><p><a href=\"https:\/\/linceo.svt.es:8443\/smb\/email-address\/edit\/id\/49\">reserves@hotelsantvicenc.com<\/a><\/p><p>[\/et_pb_text][\/et_pb_column][et_pb_column type=\"1_4\" _builder_version=\"3.0.47\"][et_pb_image src=\"http:\/\/hotelsantvicenc.com\/wp-content\/uploads\/2019\/06\/peu-onsom.png\" url=\"https:\/\/www.google.com\/maps\/place\/Hotel+Balneari+Sant+Vicen%C3%A7\/@42.3684889,1.5946055,15z\/data=!4m2!3m1!1s0x0:0xef70ee504c88bc29?sa=X&ved=2ahUKEwjX-5Sn5PDiAhVMOBoKHSJrCvYQ_BIwDnoECBAQCA\" url_new_window=\"on\" align=\"center\" _builder_version=\"3.23.3\" width=\"15%\"][\/et_pb_image][et_pb_text _builder_version=\"3.23.3\" text_font=\"Montserrat|300|||||||\" text_text_align=\"center\" text_text_color=\"#ffffff\" text_font_size=\"17px\" custom_margin=\"||\" custom_padding=\"15px||\"]<\/p><p>Troba'ns<\/p><p>[\/et_pb_text][\/et_pb_column][et_pb_column type=\"1_4\" _builder_version=\"3.0.47\"][et_pb_text _builder_version=\"3.23.3\" text_font=\"||||||||\" text_text_align=\"center\" width=\"73%\"]<\/p><p><a href=\"https:\/\/www.facebook.com\/santvicenc\/\" target=\"_blank\" rel=\"noopener noreferrer\"><img class=\"wp-image-134 alignnone size-medium\" src=\"http:\/\/hotelsantvicenc.com\/wp-content\/uploads\/2019\/06\/peu-facebook-300x300.png\" alt=\"\" width=\"44\" height=\"44\" \/><\/a>\u00a0 \u00a0 <a href=\"https:\/\/www.pinterest.es\/marta2826\/pins\/\" target=\"_blank\" rel=\"noopener noreferrer\"><img class=\"wp-image-137 alignnone size-medium\" src=\"http:\/\/hotelsantvicenc.com\/wp-content\/uploads\/2019\/06\/peu-pinterest-300x300.png\" alt=\"\" width=\"44\" height=\"44\" \/><\/a>\u00a0 \u00a0\u00a0<a href=\"https:\/\/www.instagram.com\/balnearisantvicenc\/\"><img class=\"wp-image-135 alignnone size-medium\" src=\"http:\/\/hotelsantvicenc.com\/wp-content\/uploads\/2019\/06\/peu-instagram-300x300.png\" alt=\"\" width=\"44\" height=\"44\" \/><\/a><\/p><p>[\/et_pb_text][et_pb_text _builder_version=\"3.23.3\" text_font=\"Montserrat|300|||||||\" text_text_align=\"center\" text_text_color=\"#ffffff\" text_font_size=\"17px\" custom_margin=\"||\" custom_padding=\"37px|||||\"]<\/p><p>Segueix-nos<\/p><p>[\/et_pb_text][\/et_pb_column][\/et_pb_row][et_pb_row custom_padding=\"5px||3px|||\" _builder_version=\"3.23.3\"][et_pb_column type=\"4_4\" _builder_version=\"3.0.47\"][et_pb_text _builder_version=\"3.23.3\" text_text_color=\"#ffffff\" link_text_color=\"#ffffff\" text_orientation=\"center\" z_index_tablet=\"500\" text_text_shadow_horizontal_length_tablet=\"0px\" text_text_shadow_vertical_length_tablet=\"0px\" text_text_shadow_blur_strength_tablet=\"1px\" link_text_shadow_horizontal_length_tablet=\"0px\" link_text_shadow_vertical_length_tablet=\"0px\" link_text_shadow_blur_strength_tablet=\"1px\" ul_text_shadow_horizontal_length_tablet=\"0px\" ul_text_shadow_vertical_length_tablet=\"0px\" ul_text_shadow_blur_strength_tablet=\"1px\" ol_text_shadow_horizontal_length_tablet=\"0px\" ol_text_shadow_vertical_length_tablet=\"0px\" ol_text_shadow_blur_strength_tablet=\"1px\" quote_text_shadow_horizontal_length_tablet=\"0px\" quote_text_shadow_vertical_length_tablet=\"0px\" quote_text_shadow_blur_strength_tablet=\"1px\" header_text_shadow_horizontal_length_tablet=\"0px\" header_text_shadow_vertical_length_tablet=\"0px\" header_text_shadow_blur_strength_tablet=\"1px\" header_2_text_shadow_horizontal_length_tablet=\"0px\" header_2_text_shadow_vertical_length_tablet=\"0px\" header_2_text_shadow_blur_strength_tablet=\"1px\" header_3_text_shadow_horizontal_length_tablet=\"0px\" header_3_text_shadow_vertical_length_tablet=\"0px\" header_3_text_shadow_blur_strength_tablet=\"1px\" header_4_text_shadow_horizontal_length_tablet=\"0px\" header_4_text_shadow_vertical_length_tablet=\"0px\" header_4_text_shadow_blur_strength_tablet=\"1px\" header_5_text_shadow_horizontal_length_tablet=\"0px\" header_5_text_shadow_vertical_length_tablet=\"0px\" header_5_text_shadow_blur_strength_tablet=\"1px\" header_6_text_shadow_horizontal_length_tablet=\"0px\" header_6_text_shadow_vertical_length_tablet=\"0px\" header_6_text_shadow_blur_strength_tablet=\"1px\" box_shadow_horizontal_tablet=\"0px\" box_shadow_vertical_tablet=\"0px\" box_shadow_blur_tablet=\"40px\" box_shadow_spread_tablet=\"0px\"]<\/p><p>HOTEL SANT VICEN\u00c7\u00a9 \/\/<a href=\"http:\/\/hotelsantvicenc.com\/politica-de-privadesa-2\/\"> POL\u00cdTICA DE PRIVACITAT<\/a> \/ <a href=\"http:\/\/hotelsantvicenc.com\/avis-legal\/\">AV\u00cdS LEGAL<\/a> \/ <a href=\"http:\/\/hotelsantvicenc.com\/politica-de-cookies\/\">POL\u00cdTICA DE COOKIES<\/a><\/p><p>[\/et_pb_text][\/et_pb_column][\/et_pb_row][\/et_pb_section]<\/p>","_et_gb_content_width":"","_mc_calendar":[],"_joinchat":[],"footnotes":""},"class_list":["post-1655","page","type-page","status-publish","hentry"],"yoast_head":"<!-- This site is optimized with the Yoast SEO plugin v25.3 - https:\/\/yoast.com\/wordpress\/plugins\/seo\/ -->\n<title>Citas anuales - Hotel Sant Vicen\u00e7<\/title>\n<meta name=\"robots\" content=\"index, follow, max-snippet:-1, max-image-preview:large, max-video-preview:-1\" \/>\n<link rel=\"canonical\" href=\"https:\/\/hotelsantvicenc.com\/es\/fechas-para-recordar\/\" \/>\n<meta property=\"og:locale\" content=\"es_ES\" \/>\n<meta property=\"og:type\" content=\"article\" \/>\n<meta property=\"og:title\" content=\"Citas anuales - Hotel Sant Vicen\u00e7\" \/>\n<meta property=\"og:description\" content=\"9 citas imprescindibles Os recordemos las fechas que debeis marcar con un gran circulo rojo en el calendario y no perderos por nada del mundo. El \u00fanico inconveniente de acudir a estas citas, es que pueden crear adicci\u00f3n... pero no os preocupeis, si avisais con tiempo, siempre podremos reservaros vuestra habitaci\u00f3n favorita. Tuixent \/ \u00daltim [&hellip;]\" \/>\n<meta property=\"og:url\" content=\"https:\/\/hotelsantvicenc.com\/es\/fechas-para-recordar\/\" \/>\n<meta property=\"og:site_name\" content=\"Hotel Sant Vicen\u00e7\" \/>\n<meta property=\"article:modified_time\" content=\"2025-01-25T14:00:53+00:00\" \/>\n<meta name=\"twitter:card\" content=\"summary_large_image\" \/>\n<meta name=\"twitter:label1\" content=\"Tiempo de lectura\" \/>\n\t<meta name=\"twitter:data1\" content=\"6 minutos\" \/>\n<script type=\"application\/ld+json\" class=\"yoast-schema-graph\">{\"@context\":\"https:\/\/schema.org\",\"@graph\":[{\"@type\":\"WebPage\",\"@id\":\"https:\/\/hotelsantvicenc.com\/es\/fechas-para-recordar\/\",\"url\":\"https:\/\/hotelsantvicenc.com\/es\/fechas-para-recordar\/\",\"name\":\"Citas anuales - Hotel Sant Vicen\u00e7\",\"isPartOf\":{\"@id\":\"https:\/\/hotelsantvicenc.com\/es\/#website\"},\"datePublished\":\"2019-12-16T16:31:09+00:00\",\"dateModified\":\"2025-01-25T14:00:53+00:00\",\"breadcrumb\":{\"@id\":\"https:\/\/hotelsantvicenc.com\/es\/fechas-para-recordar\/#breadcrumb\"},\"inLanguage\":\"es\",\"potentialAction\":[{\"@type\":\"ReadAction\",\"target\":[\"https:\/\/hotelsantvicenc.com\/es\/fechas-para-recordar\/\"]}]},{\"@type\":\"BreadcrumbList\",\"@id\":\"https:\/\/hotelsantvicenc.com\/es\/fechas-para-recordar\/#breadcrumb\",\"itemListElement\":[{\"@type\":\"ListItem\",\"position\":1,\"name\":\"Inici\",\"item\":\"https:\/\/hotelsantvicenc.com\/es\/\"},{\"@type\":\"ListItem\",\"position\":2,\"name\":\"Citas anuales\"}]},{\"@type\":\"WebSite\",\"@id\":\"https:\/\/hotelsantvicenc.com\/es\/#website\",\"url\":\"https:\/\/hotelsantvicenc.com\/es\/\",\"name\":\"Hotel Balneari Sant Vicen\u00e7\",\"description\":\"HOTEL-BALNEARI\",\"publisher\":{\"@id\":\"https:\/\/hotelsantvicenc.com\/es\/#organization\"},\"potentialAction\":[{\"@type\":\"SearchAction\",\"target\":{\"@type\":\"EntryPoint\",\"urlTemplate\":\"https:\/\/hotelsantvicenc.com\/es\/?s={search_term_string}\"},\"query-input\":{\"@type\":\"PropertyValueSpecification\",\"valueRequired\":true,\"valueName\":\"search_term_string\"}}],\"inLanguage\":\"es\"},{\"@type\":\"Organization\",\"@id\":\"https:\/\/hotelsantvicenc.com\/es\/#organization\",\"name\":\"ELS BANYS DE SANT VICEN\u00c7 SL\",\"url\":\"https:\/\/hotelsantvicenc.com\/es\/\",\"logo\":{\"@type\":\"ImageObject\",\"inLanguage\":\"es\",\"@id\":\"https:\/\/hotelsantvicenc.com\/es\/#\/schema\/logo\/image\/\",\"url\":\"https:\/\/hotelsantvicenc.com\/wp-content\/uploads\/2023\/07\/WhatsApp-Image-2020-07-14-at-5.04.21-PM.jpeg\",\"contentUrl\":\"https:\/\/hotelsantvicenc.com\/wp-content\/uploads\/2023\/07\/WhatsApp-Image-2020-07-14-at-5.04.21-PM.jpeg\",\"width\":472,\"height\":472,\"caption\":\"ELS BANYS DE SANT VICEN\u00c7 SL\"},\"image\":{\"@id\":\"https:\/\/hotelsantvicenc.com\/es\/#\/schema\/logo\/image\/\"},\"sameAs\":[\"https:\/\/www.instagram.com\/balnearisantvicenc\/\"]}]}<\/script>\n<!-- \/ Yoast SEO plugin. -->","yoast_head_json":{"title":"Citas anuales - Hotel Sant Vicen\u00e7","robots":{"index":"index","follow":"follow","max-snippet":"max-snippet:-1","max-image-preview":"max-image-preview:large","max-video-preview":"max-video-preview:-1"},"canonical":"https:\/\/hotelsantvicenc.com\/es\/fechas-para-recordar\/","og_locale":"es_ES","og_type":"article","og_title":"Citas anuales - Hotel Sant Vicen\u00e7","og_description":"9 citas imprescindibles Os recordemos las fechas que debeis marcar con un gran circulo rojo en el calendario y no perderos por nada del mundo. El \u00fanico inconveniente de acudir a estas citas, es que pueden crear adicci\u00f3n... pero no os preocupeis, si avisais con tiempo, siempre podremos reservaros vuestra habitaci\u00f3n favorita. Tuixent \/ \u00daltim [&hellip;]","og_url":"https:\/\/hotelsantvicenc.com\/es\/fechas-para-recordar\/","og_site_name":"Hotel Sant Vicen\u00e7","article_modified_time":"2025-01-25T14:00:53+00:00","twitter_card":"summary_large_image","twitter_misc":{"Tiempo de lectura":"6 minutos"},"schema":{"@context":"https:\/\/schema.org","@graph":[{"@type":"WebPage","@id":"https:\/\/hotelsantvicenc.com\/es\/fechas-para-recordar\/","url":"https:\/\/hotelsantvicenc.com\/es\/fechas-para-recordar\/","name":"Citas anuales - Hotel Sant Vicen\u00e7","isPartOf":{"@id":"https:\/\/hotelsantvicenc.com\/es\/#website"},"datePublished":"2019-12-16T16:31:09+00:00","dateModified":"2025-01-25T14:00:53+00:00","breadcrumb":{"@id":"https:\/\/hotelsantvicenc.com\/es\/fechas-para-recordar\/#breadcrumb"},"inLanguage":"es","potentialAction":[{"@type":"ReadAction","target":["https:\/\/hotelsantvicenc.com\/es\/fechas-para-recordar\/"]}]},{"@type":"BreadcrumbList","@id":"https:\/\/hotelsantvicenc.com\/es\/fechas-para-recordar\/#breadcrumb","itemListElement":[{"@type":"ListItem","position":1,"name":"Inici","item":"https:\/\/hotelsantvicenc.com\/es\/"},{"@type":"ListItem","position":2,"name":"Citas anuales"}]},{"@type":"WebSite","@id":"https:\/\/hotelsantvicenc.com\/es\/#website","url":"https:\/\/hotelsantvicenc.com\/es\/","name":"Hotel Balneari Sant Vicen\u00e7","description":"HOTEL-BALNEARI","publisher":{"@id":"https:\/\/hotelsantvicenc.com\/es\/#organization"},"potentialAction":[{"@type":"SearchAction","target":{"@type":"EntryPoint","urlTemplate":"https:\/\/hotelsantvicenc.com\/es\/?s={search_term_string}"},"query-input":{"@type":"PropertyValueSpecification","valueRequired":true,"valueName":"search_term_string"}}],"inLanguage":"es"},{"@type":"Organization","@id":"https:\/\/hotelsantvicenc.com\/es\/#organization","name":"ELS BANYS DE SANT VICEN\u00c7 SL","url":"https:\/\/hotelsantvicenc.com\/es\/","logo":{"@type":"ImageObject","inLanguage":"es","@id":"https:\/\/hotelsantvicenc.com\/es\/#\/schema\/logo\/image\/","url":"https:\/\/hotelsantvicenc.com\/wp-content\/uploads\/2023\/07\/WhatsApp-Image-2020-07-14-at-5.04.21-PM.jpeg","contentUrl":"https:\/\/hotelsantvicenc.com\/wp-content\/uploads\/2023\/07\/WhatsApp-Image-2020-07-14-at-5.04.21-PM.jpeg","width":472,"height":472,"caption":"ELS BANYS DE SANT VICEN\u00c7 SL"},"image":{"@id":"https:\/\/hotelsantvicenc.com\/es\/#\/schema\/logo\/image\/"},"sameAs":["https:\/\/www.instagram.com\/balnearisantvicenc\/"]}]}},"_links":{"self":[{"href":"https:\/\/hotelsantvicenc.com\/es\/wp-json\/wp\/v2\/pages\/1655","targetHints":{"allow":["GET"]}}],"collection":[{"href":"https:\/\/hotelsantvicenc.com\/es\/wp-json\/wp\/v2\/pages"}],"about":[{"href":"https:\/\/hotelsantvicenc.com\/es\/wp-json\/wp\/v2\/types\/page"}],"author":[{"embeddable":true,"href":"https:\/\/hotelsantvicenc.com\/es\/wp-json\/wp\/v2\/users\/1"}],"replies":[{"embeddable":true,"href":"https:\/\/hotelsantvicenc.com\/es\/wp-json\/wp\/v2\/comments?post=1655"}],"version-history":[{"count":16,"href":"https:\/\/hotelsantvicenc.com\/es\/wp-json\/wp\/v2\/pages\/1655\/revisions"}],"predecessor-version":[{"id":14797,"href":"https:\/\/hotelsantvicenc.com\/es\/wp-json\/wp\/v2\/pages\/1655\/revisions\/14797"}],"wp:attachment":[{"href":"https:\/\/hotelsantvicenc.com\/es\/wp-json\/wp\/v2\/media?parent=1655"}],"curies":[{"name":"wp","href":"https:\/\/api.w.org\/{rel}","templated":true}]}}