{"id":1670,"date":"2019-12-16T18:49:27","date_gmt":"2019-12-16T16:49:27","guid":{"rendered":"http:\/\/hotelsantvicenc.com\/?page_id=1670"},"modified":"2025-01-25T16:10:20","modified_gmt":"2025-01-25T14:10:20","slug":"agua-termal","status":"publish","type":"page","link":"https:\/\/hotelsantvicenc.com\/es\/agua-termal\/","title":{"rendered":"Agua termal"},"content":{"rendered":"<p>[et_pb_section bb_built=\u00bb1&#8243; _builder_version=\u00bb4.16&#8243; min_height=\u00bb840px\u00bb custom_margin_phone=\u00bb-50px||\u00bb custom_margin_last_edited=\u00bbon|desktop\u00bb custom_padding=\u00bb16px||0px|||\u00bb global_colors_info=\u00bb{}\u00bb next_background_color=\u00bb#000000&#8243;][et_pb_row _builder_version=\u00bb4.27.4&#8243; custom_padding=\u00bb6px||0px|||\u00bb hover_enabled=\u00bb0&#8243; border_width_bottom=\u00bb1px\u00bb border_color_bottom=\u00bb#b7b7b7&#8243; global_colors_info=\u00bb{}\u00bb custom_margin=\u00bb|auto|0px|auto|false|false\u00bb sticky_enabled=\u00bb0&#8243;][et_pb_column type=\u00bb4_4&#8243; _builder_version=\u00bb4.16&#8243; custom_padding=\u00bb|||\u00bb global_colors_info=\u00bb{}\u00bb custom_padding__hover=\u00bb|||\u00bb][et_pb_post_title meta=\u00bboff\u00bb featured_image=\u00bboff\u00bb _builder_version=\u00bb4.16&#8243; title_font=\u00bbMontserrat|300|||||||\u00bb title_text_color=\u00bb#59adbb\u00bb title_font_size=\u00bb48px\u00bb global_colors_info=\u00bb{}\u00bb \/][\/et_pb_column][\/et_pb_row][et_pb_row _builder_version=\u00bb4.27.4&#8243; hover_enabled=\u00bb0&#8243; global_colors_info=\u00bb{}\u00bb column_structure=\u00bb1_2,1_2&#8243; custom_margin=\u00bb|auto|0px|auto|false|false\u00bb sticky_enabled=\u00bb0&#8243;][et_pb_column type=\u00bb1_2&#8243; _builder_version=\u00bb4.16&#8243; custom_padding=\u00bb|||\u00bb global_colors_info=\u00bb{}\u00bb custom_padding__hover=\u00bb|||\u00bb][et_pb_text _builder_version=\u00bb4.16&#8243; header_2_font=\u00bbMontserrat|300|||||||\u00bb header_2_text_color=\u00bb#59adbb\u00bb z_index_tablet=\u00bb500&#8243; text_text_shadow_horizontal_length_tablet=\u00bb0px\u00bb text_text_shadow_vertical_length_tablet=\u00bb0px\u00bb text_text_shadow_blur_strength_tablet=\u00bb1px\u00bb link_text_shadow_horizontal_length_tablet=\u00bb0px\u00bb link_text_shadow_vertical_length_tablet=\u00bb0px\u00bb link_text_shadow_blur_strength_tablet=\u00bb1px\u00bb ul_text_shadow_horizontal_length_tablet=\u00bb0px\u00bb ul_text_shadow_vertical_length_tablet=\u00bb0px\u00bb ul_text_shadow_blur_strength_tablet=\u00bb1px\u00bb ol_text_shadow_horizontal_length_tablet=\u00bb0px\u00bb ol_text_shadow_vertical_length_tablet=\u00bb0px\u00bb ol_text_shadow_blur_strength_tablet=\u00bb1px\u00bb quote_text_shadow_horizontal_length_tablet=\u00bb0px\u00bb quote_text_shadow_vertical_length_tablet=\u00bb0px\u00bb quote_text_shadow_blur_strength_tablet=\u00bb1px\u00bb header_text_shadow_horizontal_length_tablet=\u00bb0px\u00bb header_text_shadow_vertical_length_tablet=\u00bb0px\u00bb header_text_shadow_blur_strength_tablet=\u00bb1px\u00bb header_2_text_shadow_horizontal_length_tablet=\u00bb0px\u00bb header_2_text_shadow_vertical_length_tablet=\u00bb0px\u00bb header_2_text_shadow_blur_strength_tablet=\u00bb1px\u00bb header_3_text_shadow_horizontal_length_tablet=\u00bb0px\u00bb header_3_text_shadow_vertical_length_tablet=\u00bb0px\u00bb header_3_text_shadow_blur_strength_tablet=\u00bb1px\u00bb header_4_text_shadow_horizontal_length_tablet=\u00bb0px\u00bb header_4_text_shadow_vertical_length_tablet=\u00bb0px\u00bb header_4_text_shadow_blur_strength_tablet=\u00bb1px\u00bb header_5_text_shadow_horizontal_length_tablet=\u00bb0px\u00bb header_5_text_shadow_vertical_length_tablet=\u00bb0px\u00bb header_5_text_shadow_blur_strength_tablet=\u00bb1px\u00bb header_6_text_shadow_horizontal_length_tablet=\u00bb0px\u00bb header_6_text_shadow_vertical_length_tablet=\u00bb0px\u00bb header_6_text_shadow_blur_strength_tablet=\u00bb1px\u00bb box_shadow_horizontal_tablet=\u00bb0px\u00bb box_shadow_vertical_tablet=\u00bb0px\u00bb box_shadow_blur_tablet=\u00bb40px\u00bb box_shadow_spread_tablet=\u00bb0px\u00bb global_colors_info=\u00bb{}\u00bb]<\/p>\n<h2>Que es un balneario?<\/h2>\n<p>Un balneario es una instituci\u00f3n terap\u00e9utica en la cual confluyen tres elementos:<\/p>\n<ul>\n<li>Aguas mineromedicinales declaradas de utilidad p\u00fablica<\/li>\n<li>Instalaciones adecuadas para\u00a0 la correcta aplicaci\u00f3n de los tratamientos termales prescritos<\/li>\n<li>Equipo m\u00e9dico y auxiliar que dirija la utilitzaci\u00f3n m\u00e1s adecuada de estos medios en cada paciente.<\/li>\n<\/ul>\n<p>[\/et_pb_text][et_pb_text _builder_version=\u00bb4.16&#8243; text_font=\u00bb||||||||\u00bb header_font=\u00bb||||||||\u00bb header_2_font=\u00bbMontserrat|300|||||||\u00bb header_2_text_color=\u00bb#59adbb\u00bb global_colors_info=\u00bb{}\u00bb]<\/p>\n<h2>Origen de las aguas termales<\/h2>\n<p>El agua de la lluvia se infiltra por un terreno permeable o aprovechando una falla y llega a un acu\u00edfero. Durante su recorrido se pone en contacto con minerales, con lo que s&#8217;enriquece y varia de composici\u00f3n. La descarga del acu\u00edfero que da lugar a la misma fuente o surgencia, est\u00e1 relacionada con la existencia de una falla que conecta el acu\u00edfero termal profundo con la superf\u00edcie, hecho que permite la ascenci\u00f3n de las aguas.<\/p>\n<p>[\/et_pb_text][\/et_pb_column][et_pb_column type=\u00bb1_2&#8243; _builder_version=\u00bb4.16&#8243; custom_padding=\u00bb|||\u00bb global_colors_info=\u00bb{}\u00bb custom_padding__hover=\u00bb|||\u00bb][et_pb_gallery gallery_ids=\u00bb167,168,169,170&#8243; fullwidth=\u00bbon\u00bb _builder_version=\u00bb4.16&#8243; animation_style=\u00bbslide\u00bb animation_direction=\u00bbright\u00bb animation_intensity_slide=\u00bb4%\u00bb border_width_all=\u00bb1px\u00bb border_color_all=\u00bb#e0e0e0&#8243; global_colors_info=\u00bb{}\u00bb \/][\/et_pb_column][\/et_pb_row][et_pb_row _builder_version=\u00bb4.27.4&#8243; custom_padding=\u00bb||11px|||\u00bb hover_enabled=\u00bb0&#8243; border_width_top=\u00bb1px\u00bb border_color_top=\u00bb#59adbb\u00bb border_width_bottom=\u00bb1px\u00bb border_color_bottom=\u00bb#59adbb\u00bb global_colors_info=\u00bb{}\u00bb column_structure=\u00bb1_2,1_2&#8243; custom_margin=\u00bb|auto|0px|auto|false|false\u00bb sticky_enabled=\u00bb0&#8243;][et_pb_column type=\u00bb1_2&#8243; _builder_version=\u00bb4.16&#8243; custom_padding=\u00bb|||\u00bb global_colors_info=\u00bb{}\u00bb custom_padding__hover=\u00bb|||\u00bb][et_pb_text _builder_version=\u00bb4.16&#8243; text_font=\u00bb||||||||\u00bb header_font=\u00bb||||||||\u00bb header_2_font=\u00bbMontserrat|300|||||||\u00bb header_2_text_color=\u00bb#59adbb\u00bb global_colors_info=\u00bb{}\u00bb]<\/p>\n<h2><\/h2>\n<h2><\/h2>\n<h2>Aguas termales mineromedicinales<\/h2>\n<p><span>La temperatura de las rocas aumenta en funci\u00f3n de la profundidad a raz\u00f3n de una media de un grado cada treinta metros. <\/span><\/p>\n<p><span>Cuando estas aguas tienen una temperatura anormalmente alta, toman el nombre de aguas termales.<\/span><\/p>\n<p><span>Cuando tienen propiedades que debidamente aplicadas pueden convertirlas en curativas o paliativas, se denominan\u00a0<\/span><span>mineromedicinales<\/span><span>.<\/span><\/p>\n<p>&nbsp;<\/p>\n<p>[\/et_pb_text][\/et_pb_column][et_pb_column type=\u00bb1_2&#8243; _builder_version=\u00bb4.16&#8243; custom_padding=\u00bb|||\u00bb global_colors_info=\u00bb{}\u00bb custom_padding__hover=\u00bb|||\u00bb][et_pb_text _builder_version=\u00bb4.16&#8243; text_font=\u00bb||||||||\u00bb header_font=\u00bb||||||||\u00bb header_2_font=\u00bbMontserrat|300|||||||\u00bb header_2_text_color=\u00bb#59adbb\u00bb global_colors_info=\u00bb{}\u00bb]<\/p>\n<h2>Aplicaciones terap\u00e9uticas<\/h2>\n<div class=\"traductor-textarea form-group\">\n<div class=\"textarea-desti col-xs-12 col-sm-6\">\n<p>El ba\u00f1o de agua termal aumenta la circulaci\u00f3n de la sangre y abre los poros favoreciendo la expulsi\u00f3n de toxinas y relajando la musculatura.<\/p>\n<p><strong>Indicaciones:<\/strong><\/p>\n<p>la tensi\u00f3n y rigidez muscular,<br \/>la<span>\u00a0<\/span><span>toxificaci\u00f3n<\/span><span>\u00a0<\/span>general,<br \/>los dolores musculares y articulares,<br \/>la fibromialgia,<br \/>la hipertensi\u00f3n arterial,<br \/>la arteriosclerosis,<br \/>la<span>\u00a0<\/span><span>psoriasis<\/span><span>\u00a0<\/span>y los eccemas,<br \/>la ansiedad, el estr\u00e9s y el insomnio.<\/p>\n<\/div>\n<\/div>\n<div class=\"traductor-checkbox form-group\">\n<div class=\"row\">\n<div class=\"col-sm-5\"><label class=\"checkbox-inline\" id=\"formes_valencianes_label\"><\/label><\/div>\n<\/div>\n<\/div>\n<ul><\/ul>\n<p>[\/et_pb_text][\/et_pb_column][\/et_pb_row][et_pb_row _builder_version=\u00bb4.27.4&#8243; min_height=\u00bb240px\u00bb custom_padding=\u00bb||11px|||\u00bb hover_enabled=\u00bb0&#8243; border_color_top=\u00bb#59adbb\u00bb border_width_bottom=\u00bb1px\u00bb border_color_bottom=\u00bb#59adbb\u00bb global_colors_info=\u00bb{}\u00bb column_structure=\u00bb1_3,1_3,1_3&#8243; custom_margin=\u00bb|auto|0px|auto|false|false\u00bb sticky_enabled=\u00bb0&#8243;][et_pb_column type=\u00bb1_3&#8243; _builder_version=\u00bb4.16&#8243; custom_padding=\u00bb|||\u00bb global_colors_info=\u00bb{}\u00bb custom_padding__hover=\u00bb|||\u00bb][et_pb_text _builder_version=\u00bb4.16&#8243; text_font=\u00bb||||||||\u00bb header_font=\u00bb||||||||\u00bb header_2_font=\u00bbMontserrat|300|||||||\u00bb header_2_text_color=\u00bb#59adbb\u00bb global_colors_info=\u00bb{}\u00bb]<\/p>\n<h2>Caracter\u00edsticas del agua termal de Sant Vicen\u00e7<\/h2>\n<p>Se tracta de una agua de mineralitzaci\u00f3n muy d\u00e9bil, termal hipot\u00f3nica, alcalina y sulfurada, que emerge a 40\u00baC.<\/p>\n<p>Sus componentes mayoritarios son (en mg\/l): sodio (52,0), s\u00edlice (50,9), sulfato (28,8) y bicarbonato (25,3).<\/p>\n<p>[\/et_pb_text][\/et_pb_column][et_pb_column type=\u00bb1_3&#8243; _builder_version=\u00bb4.16&#8243; custom_padding=\u00bb|||\u00bb global_colors_info=\u00bb{}\u00bb custom_padding__hover=\u00bb|||\u00bb][et_pb_text _builder_version=\u00bb4.16&#8243; text_font=\u00bb||||||||\u00bb header_font=\u00bb||||||||\u00bb header_2_font=\u00bbMontserrat|300|||||||\u00bb header_2_text_color=\u00bb#59adbb\u00bb global_colors_info=\u00bb{}\u00bb]<\/p>\n<h2>\u00bfA qu\u00e9 de debe el olor del agua termal?<\/h2>\n<p>Su caracter\u00edstico olor a huevos podridos se debe a su composici\u00f3n qu\u00edmica natural que no es tratada para no alterar sus propiedades.<\/p>\n<p>[\/et_pb_text][\/et_pb_column][et_pb_column type=\u00bb1_3&#8243; _builder_version=\u00bb4.16&#8243; custom_padding=\u00bb|||\u00bb global_colors_info=\u00bb{}\u00bb custom_padding__hover=\u00bb|||\u00bb][et_pb_blurb title=\u00bbEmbarazadas y beb\u00e9s \u00bb use_icon=\u00bbon\u00bb font_icon=\u00bb&#xe061;||divi||400&#8243; icon_placement=\u00bbleft\u00bb image_icon_width=\u00bb62px\u00bb _builder_version=\u00bb4.16&#8243; header_font=\u00bbMontserrat|300|||||||\u00bb header_text_color=\u00bb#59adbb\u00bb header_font_size=\u00bb22px\u00bb custom_css_blurb_title=\u00bbpadding-top: 5px\u00bb icon_font_size=\u00bb62px\u00bb global_colors_info=\u00bb{}\u00bb]<\/p>\n<p>Ba\u00f1era termal sin contraindicaciones.<\/p>\n<p>Piscina termal interior: sin contacto con los jets de hidromasage y cuellos de cisne.<\/p>\n<p>[\/et_pb_blurb][\/et_pb_column][\/et_pb_row][et_pb_row _builder_version=\u00bb4.27.4&#8243; custom_padding=\u00bb||24px|||\u00bb hover_enabled=\u00bb0&#8243; border_color_top=\u00bb#59adbb\u00bb border_width_bottom=\u00bb1px\u00bb border_color_bottom=\u00bb#59adbb\u00bb global_colors_info=\u00bb{}\u00bb column_structure=\u00bb1_3,1_3,1_3&#8243; custom_margin=\u00bb|auto|0px|auto|false|false\u00bb sticky_enabled=\u00bb0&#8243;][et_pb_column type=\u00bb1_3&#8243; _builder_version=\u00bb4.16&#8243; custom_padding=\u00bb|||\u00bb global_colors_info=\u00bb{}\u00bb custom_padding__hover=\u00bb|||\u00bb][et_pb_text _builder_version=\u00bb4.16&#8243; text_font=\u00bb||||||||\u00bb header_font=\u00bb||||||||\u00bb header_2_font=\u00bbMontserrat|300|||||||\u00bb header_2_text_color=\u00bb#59adbb\u00bb global_colors_info=\u00bb{}\u00bb]<\/p>\n<h2>\u00bfQu\u00e9 \u00e9s la cura hidrop\u00ednica?<\/h2>\n<p>Es la cura que consiste en la ingesti\u00f3n de agua termal durante un tiempo variable en cantidades precisas y a un ritmo determinado.<\/p>\n<p>[\/et_pb_text][\/et_pb_column][et_pb_column type=\u00bb1_3&#8243; _builder_version=\u00bb4.16&#8243; custom_padding=\u00bb|||\u00bb global_colors_info=\u00bb{}\u00bb custom_padding__hover=\u00bb|||\u00bb][et_pb_text _builder_version=\u00bb4.16&#8243; text_font=\u00bb||||||||\u00bb header_font=\u00bb||||||||\u00bb header_2_font=\u00bbMontserrat|300|||||||\u00bb header_2_text_color=\u00bb#59adbb\u00bb global_colors_info=\u00bb{}\u00bb]<\/p>\n<h2>Reacci\u00f3n del agua sulfurada con la plata<\/h2>\n<p><span>El agua sulfurada ennegrece la plata debido a una reacci\u00f3n provocada por su composici\u00f3n qu\u00edmica. Sacaos las joyas de plata antes de recibir tratamientos, lavaros las manos y ducharos. Recordad que el agua caliente de todo el hotel es agua termal.<\/span><\/p>\n<p><span>El ennegrecimiento de la plata se puede limpiar con un producto espec\u00edfico disponible en recepci\u00f3n.<\/span><\/p>\n<p>&nbsp;<\/p>\n<p>[\/et_pb_text][\/et_pb_column][et_pb_column type=\u00bb1_3&#8243; _builder_version=\u00bb4.16&#8243; custom_padding=\u00bb|||\u00bb global_colors_info=\u00bb{}\u00bb custom_padding__hover=\u00bb|||\u00bb][et_pb_text _builder_version=\u00bb4.16&#8243; text_font=\u00bb||||||||\u00bb header_font=\u00bb||||||||\u00bb header_2_font=\u00bbMontserrat|300|||||||\u00bb header_2_text_color=\u00bb#59adbb\u00bb global_colors_info=\u00bb{}\u00bb]<\/p>\n<h2>Contraindicaciones del agua termal<\/h2>\n<p>La hipotensi\u00f3n arterial, las varices y las enfermedades card\u00edacas con falta de compensaci\u00f3n.<\/p>\n<p>[\/et_pb_text][\/et_pb_column][\/et_pb_row][\/et_pb_section][et_pb_section bb_built=\u00bb1&#8243; _builder_version=\u00bb4.16&#8243; custom_margin=\u00bb13px|||||\u00bb custom_padding=\u00bb10px|||||\u00bb global_colors_info=\u00bb{}\u00bb prev_background_color=\u00bb#000000&#8243;][et_pb_row _builder_version=\u00bb4.27.4&#8243; background_color=\u00bb#dbeff3&#8243; custom_padding=\u00bb5px||0px|||\u00bb hover_enabled=\u00bb0&#8243; border_radii=\u00bb|20px|20px||\u00bb global_colors_info=\u00bb{}\u00bb custom_margin=\u00bb|auto|0px|auto|false|false\u00bb sticky_enabled=\u00bb0&#8243;][et_pb_column type=\u00bb4_4&#8243; _builder_version=\u00bb4.16&#8243; custom_padding=\u00bb20px|20px||20px\u00bb global_colors_info=\u00bb{}\u00bb custom_padding__hover=\u00bb|||\u00bb][et_pb_text _builder_version=\u00bb4.16&#8243; custom_padding=\u00bb||0px|||\u00bb global_colors_info=\u00bb{}\u00bb]<\/p>\n<p><span style=\"color: #59adbb;\"><b>Vicente San Juan Ant\u00f3n<br \/> <\/b><\/span><em>Medecina tradicional Xina<\/em><br \/> <em> FENG sui Consulting<\/em><br \/> <em> Kinesologia Hol\u00edstica<\/em><br \/> <em> Par Biomagn\u00e9tico<\/em><\/p>\n<p>El agua minero-medicinal del Balneari Sant Vicen\u00e7, es una agua que mejora notablemente los niveles de salud. Su\u00a0acci\u00f3n curativa se centra en dos puntos principales:<\/p>\n<p>&nbsp;<\/p>\n<p>[\/et_pb_text][\/et_pb_column][\/et_pb_row][et_pb_row _builder_version=\u00bb4.27.4&#8243; background_color=\u00bb#dbeff3&#8243; custom_margin=\u00bb-20px||0px||false|false\u00bb custom_padding=\u00bb|20px||20px||\u00bb hover_enabled=\u00bb0&#8243; border_radii=\u00bb|||20px|20px\u00bb global_colors_info=\u00bb{}\u00bb column_structure=\u00bb1_2,1_2&#8243; sticky_enabled=\u00bb0&#8243;][et_pb_column type=\u00bb1_2&#8243; _builder_version=\u00bb4.16&#8243; custom_padding=\u00bb|||\u00bb global_colors_info=\u00bb{}\u00bb custom_padding__hover=\u00bb|||\u00bb][et_pb_text _builder_version=\u00bb4.16&#8243; global_colors_info=\u00bb{}\u00bb]<\/p>\n<p><span style=\"color: #59adbb;\"><b>1. Activa la detoxificaci\u00f3n general.<\/b><\/span><\/p>\n<ul>\n<li>Potencia la eliminaci\u00f3n de detritos metab\u00f3licos y ayuda a descongestionar ri\u00f1ones, h\u00edgado, piel, pulm\u00f3n e intestino grueso.<\/li>\n<li>Favorece la evacuaci\u00f3n intestinal y la expulsi\u00f3n de anh\u00eddrido carb\u00f3nico a trav\u00e9s de la respiraci\u00f3n.<\/li>\n<li>Ayuda a la eliminaci\u00f3n de mat\u00e9ria residual en forma de grasa, humedad y flema, c\u00e1lculos, quistes y acumulaciones cristalinas.<\/li>\n<li>Elimina la contaminaci\u00f3n residual en forma de radiaci\u00f3n ionitzante que proviene de campos el\u00e9ctricos, magn\u00e9ticos, RX, poluci\u00f3n ambiental&#8230;<\/li>\n<li>Activa la circulaci\u00f3n sangu\u00ednra por su alcalinidad y disminuye la acidificaci\u00f3n, mejorando todas las funciones celulares: respiraci\u00f3n, evacuaci\u00f3n, motricitat, nutrici\u00f3n, reproducci\u00f3n, etc\u2026<\/li>\n<\/ul>\n<p>[\/et_pb_text][\/et_pb_column][et_pb_column type=\u00bb1_2&#8243; _builder_version=\u00bb4.16&#8243; custom_padding=\u00bb|||\u00bb global_colors_info=\u00bb{}\u00bb custom_padding__hover=\u00bb|||\u00bb][et_pb_text _builder_version=\u00bb4.16&#8243; global_colors_info=\u00bb{}\u00bb]<\/p>\n<p><span style=\"color: #59adbb;\"><b>2. Aporta elementos nutritivos\u00a0<\/b><\/span><\/p>\n<ul>\n<li>El alto nivel energ\u00e9tico del agua proveniente de la falla del subsuelo hace que el cuerpo experimente una gran tonificaci\u00f3n y reconstituci\u00f3n.<\/li>\n<li>Sus diferentes componentes f\u00edsicos ( s\u00edlice, bicarbonato, fluor, calcio, litio, sodio&#8230;) nutren sistemas org\u00e0nicos como los huesos, el sistema nervioso, los dientes, etc&#8230;<\/li>\n<li>Activa los\u00a0diferentes focos constituyentes: el fuego digestivo o metab\u00f2lico, el fuego renal o sexual, y el fuego card\u00edaco o circulatorio.<\/li>\n<li>Mejora la funci\u00f3n mental , favoreciendo el estado de \u00e1nimo, la concentraci\u00f3n y la lucidez de los sentidos.<\/li>\n<\/ul>\n<p>[\/et_pb_text][\/et_pb_column][\/et_pb_row][\/et_pb_section]<\/p>\n","protected":false},"excerpt":{"rendered":"<p>Que es un balneario? Un balneario es una instituci\u00f3n terap\u00e9utica en la cual confluyen tres elementos: Aguas mineromedicinales declaradas de utilidad p\u00fablica Instalaciones adecuadas para\u00a0 la correcta aplicaci\u00f3n de los tratamientos termales prescritos Equipo m\u00e9dico y auxiliar que dirija la utilitzaci\u00f3n m\u00e1s adecuada de estos medios en cada paciente. Origen de las aguas termales El [&hellip;]<\/p>\n","protected":false},"author":1,"featured_media":0,"parent":0,"menu_order":0,"comment_status":"closed","ping_status":"closed","template":"","meta":{"_et_pb_use_builder":"on","_et_pb_old_content":"<p>[et_pb_section fb_built=\"1\" _builder_version=\"3.23.3\" min_height=\"840px\" custom_padding=\"16px||0px|||\" custom_margin_last_edited=\"on|desktop\" custom_margin_phone=\"-50px||\"][et_pb_row custom_padding=\"6px||0px|||\" _builder_version=\"3.23.3\" border_width_bottom=\"1px\" border_color_bottom=\"#b7b7b7\"][et_pb_column type=\"4_4\" _builder_version=\"3.0.47\"][et_pb_post_title meta=\"off\" featured_image=\"off\" _builder_version=\"3.23.3\" title_font=\"Montserrat|300|||||||\" title_text_color=\"#59adbb\" title_font_size=\"48px\"]<br \/>[\/et_pb_post_title][\/et_pb_column][\/et_pb_row][et_pb_row _builder_version=\"3.23.3\"][et_pb_column type=\"1_2\" _builder_version=\"3.0.47\"][et_pb_text _builder_version=\"3.23.3\" text_font=\"||||||||\" header_font=\"||||||||\" header_2_font=\"Montserrat|300|||||||\" header_2_text_color=\"#59adbb\"]<\/p><h2>Qu\u00e8 \u00e9s un balneari?<\/h2><p>Un balneari \u00e9s una instituci\u00f3 terap\u00e8utica en la qual conflueixen tres elements:<\/p><ul><li>Aig\u00fces mineromedicinals declarades d'utilitat p\u00fablica<\/li><li>Instal\u00b7lacions adequades per a la correcta aplicaci\u00f3 dels tractaments termals prescrits<\/li><li>Equip m\u00e8dic i auxiliar que dirigeix la utilitzaci\u00f3 m\u00e9s adient d'aquests mitjans en cada pacient.<\/li><\/ul><p>[\/et_pb_text][et_pb_text _builder_version=\"3.23.3\" text_font=\"||||||||\" header_font=\"||||||||\" header_2_font=\"Montserrat|300|||||||\" header_2_text_color=\"#59adbb\"]<\/p><h2>Origen de les aig\u00fces termals<\/h2><p>L'aigua de la pluja s'infiltra per un terreny permeable o aprofitant una falla i arriba a un aq\u00fc\u00edfer. Durant el seu recorregut es posa en contacte amb minerals, amb la qual cosa s'enriqueix i varia de composici\u00f3. La desc\u00e0rrega de l'aq\u00fc\u00edfer que d\u00f3na lloc a la mateixa deu o surg\u00e8ncia, est\u00e0 relacionada amb l'exist\u00e8ncia d'una falla que connecta l'aq\u00fc\u00edfer termal profund amb la superf\u00edcie, fet que permet l'ascenci\u00f3 de les aig\u00fces.<\/p><p>[\/et_pb_text][\/et_pb_column][et_pb_column type=\"1_2\" _builder_version=\"3.0.47\"][et_pb_gallery gallery_ids=\"167,168,169,170\" fullwidth=\"on\" db_image_object_fit=\"initial\" hover_icon=\"%%32%%\" _builder_version=\"3.23.3\" border_width_all=\"1px\" border_color_all=\"#e0e0e0\" animation_style=\"slide\" animation_direction=\"right\" animation_intensity_slide=\"4%\"]<br \/>[\/et_pb_gallery][\/et_pb_column][\/et_pb_row][et_pb_row custom_padding=\"||11px|||\" _builder_version=\"3.23.3\" border_width_top=\"1px\" border_color_top=\"#59adbb\" border_width_bottom=\"1px\" border_color_bottom=\"#59adbb\"][et_pb_column type=\"1_2\" _builder_version=\"3.0.47\"][et_pb_text _builder_version=\"3.23.3\" text_font=\"||||||||\" header_font=\"||||||||\" header_2_font=\"Montserrat|300|||||||\" header_2_text_color=\"#59adbb\"]<\/p><h2>Aig\u00fces termals mineromedicinals<\/h2><p>La temperatura de les roques augmenta en funci\u00f3 de la profunditat a ra\u00f3 d'una mitjana d'un grau cada trenta metres. Quan aquestes aig\u00fces tenen una temperatura anormalment alta, prenen el nom d'aig\u00fces termals.<\/p><p>Quan tenen propietats que degudament aplicades poden convertir-les en curatives o pal\u00b7liatives, s'anomenen mineromedicinals.<\/p><p>[\/et_pb_text][\/et_pb_column][et_pb_column type=\"1_2\" _builder_version=\"3.0.47\"][et_pb_text _builder_version=\"3.23.3\" text_font=\"||||||||\" header_font=\"||||||||\" header_2_font=\"Montserrat|300|||||||\" header_2_text_color=\"#59adbb\"]<\/p><h2>Aplicacions terap\u00e8utiques<\/h2><p>El bany d'aigua termal augmenta la circulaci\u00f3 de la sang i obre els porus afavorint l'expulsi\u00f3 de toxines i relaxant la musculatura.<\/p><p><strong>Indicacions:<\/strong><\/p><ul><li>la tensi\u00f3 i rigidesa muscular,<\/li><li>la toxificaci\u00f3 general,<\/li><li>els dolors musculars i articulars,<\/li><li>la fibromi\u00e0lgia,<\/li><li>l'hipertensi\u00f3 arterial,<\/li><li>l'arteriosclerosi,<\/li><li>la psoriasis i els \u00e8czemes,<\/li><li>l'ansietat, l'estr\u00e8s i l'insomni.<\/li><\/ul><p>[\/et_pb_text][\/et_pb_column][\/et_pb_row][et_pb_row custom_padding=\"||11px|||\" _builder_version=\"3.23.3\" border_color_top=\"#59adbb\" border_width_bottom=\"1px\" border_color_bottom=\"#59adbb\" min_height=\"240px\"][et_pb_column type=\"1_3\" _builder_version=\"3.0.47\"][et_pb_text _builder_version=\"3.23.3\" text_font=\"||||||||\" header_font=\"||||||||\" header_2_font=\"Montserrat|300|||||||\" header_2_text_color=\"#59adbb\"]<\/p><h2>Caracter\u00edstiques de l\u2019aigua termal de Sant Vicen\u00e7<\/h2><p>Es tracta d'una aigua de mineralitzaci\u00f3 molt d\u00e8bil, termal hipot\u00f2nica, alcalina i sulfurada, que emergeix a 40\u00baC.<\/p><p>Els seus components majoritaris s\u00f3n (en mg\/l): sodi (52,0), s\u00edlice (50,9), sulfat (28,8) i bicarbonat (25,3).<\/p><p>[\/et_pb_text][\/et_pb_column][et_pb_column type=\"1_3\" _builder_version=\"3.0.47\"][et_pb_text _builder_version=\"3.23.3\" text_font=\"||||||||\" header_font=\"||||||||\" header_2_font=\"Montserrat|300|||||||\" header_2_text_color=\"#59adbb\"]<\/p><h2>A qu\u00e8 \u00e9s deguda l'olor de l'aigua termal?<\/h2><p>A la seva composici\u00f3 qu\u00edmica natural que no \u00e9s tractada per tal de no alterar-ne les propietats.<\/p><p>[\/et_pb_text][\/et_pb_column][et_pb_column type=\"1_3\" _builder_version=\"3.0.47\"][et_pb_blurb title=\"Embarassades i beb\u00e8s \" use_icon=\"on\" font_icon=\"%%217%%\" icon_placement=\"left\" use_icon_font_size=\"on\" icon_font_size=\"62px\" _builder_version=\"3.23.3\" header_font=\"Montserrat|300|||||||\" header_text_color=\"#59adbb\" header_font_size=\"22px\" custom_css_blurb_title=\"padding-top: 5px\"]<\/p><p>Banyera termal sense cap contraindicaci\u00f3.<\/p><p>Piscina termal interior: sense contacte amb els jets d'hidromassatge i colls de cigne.<\/p><p>[\/et_pb_blurb][\/et_pb_column][\/et_pb_row][et_pb_row custom_padding=\"||24px|||\" _builder_version=\"3.23.3\" border_color_top=\"#59adbb\" border_width_bottom=\"1px\" border_color_bottom=\"#59adbb\"][et_pb_column type=\"1_3\" _builder_version=\"3.0.47\"][et_pb_text _builder_version=\"3.23.3\" text_font=\"||||||||\" header_font=\"||||||||\" header_2_font=\"Montserrat|300|||||||\" header_2_text_color=\"#59adbb\"]<\/p><h2>Qu\u00e8 \u00e9s la cura hidrop\u00ednica?<\/h2><p>\u00c9s una cura que consisteix en la ingesti\u00f3 d'aigua termal durant un temps variable en quantitats precises i a un ritme determinat.<\/p><p>[\/et_pb_text][\/et_pb_column][et_pb_column type=\"1_3\" _builder_version=\"3.0.47\"][et_pb_text _builder_version=\"3.23.3\" text_font=\"||||||||\" header_font=\"||||||||\" header_2_font=\"Montserrat|300|||||||\" header_2_text_color=\"#59adbb\"]<\/p><h2>Reacci\u00f3 de l\u2019aigua de sofre amb la plata<\/h2><p>L\u2019aigua sulfurada ennegreix la plata degut a una reacci\u00f3 provocada per la seva composici\u00f3 qu\u00edmica. Traieu-vos les joies de plata abans de rebre tractaments, rentar-vos les mans i dutxar-vos. Recordeu que l\u2019aigua calenta de tot l\u2019hotel \u00e9s aigua termal.<\/p><p>L\u2019ennegriment de la plata es pot netejar amb un producte espec\u00edfic disponible a recepci\u00f3.<\/p><p>[\/et_pb_text][\/et_pb_column][et_pb_column type=\"1_3\" _builder_version=\"3.0.47\"][et_pb_text _builder_version=\"3.23.3\" text_font=\"||||||||\" header_font=\"||||||||\" header_2_font=\"Montserrat|300|||||||\" header_2_text_color=\"#59adbb\"]<\/p><h2>Contraindicacions de l'aigua termal<\/h2><p>L'hipotensi\u00f3 arterial, les varius i les malalties card\u00edaques amb falta de compensaci\u00f3<\/p><p>[\/et_pb_text][\/et_pb_column][\/et_pb_row][\/et_pb_section][et_pb_section fb_built=\"1\" _builder_version=\"3.23.3\" custom_margin=\"13px|||||\" custom_padding=\"10px|||||\"][et_pb_row custom_padding=\"5px||0px|||\" padding_top_1=\"20px\" padding_right_1=\"20px\" padding_left_1=\"20px\" _builder_version=\"3.23.3\" background_color=\"#dbeff3\" border_radii=\"|20px|20px||\"][et_pb_column type=\"4_4\" _builder_version=\"3.0.47\"][et_pb_text _builder_version=\"3.23.3\" custom_padding=\"||0px|||\"]<\/p><p><span style=\"color: #59adbb;\"><b>Vicente San Juan Ant\u00f3n<br \/><\/b><\/span><em>Medicina tradicional Xina<\/em><br \/><em> FENG sui Consulting<\/em><br \/><em> Kinesologia Hol\u00edstica<\/em><br \/><em> Par Biomagn\u00e9tico<\/em><\/p><p>L'aigua minero-medicinal del Balneari Sant Vicen\u00e7, \u00e9s una aigua que millora notablement els nivells de salut. La seva acci\u00f3 curativa es centra en dos punts principals:<\/p><p>\u00a0<\/p><p>[\/et_pb_text][\/et_pb_column][\/et_pb_row][et_pb_row custom_padding=\"|20px||20px||\" custom_margin=\"-20px||\" _builder_version=\"3.23.3\" background_color=\"#dbeff3\" border_radii=\"|||20px|20px\"][et_pb_column type=\"1_2\" _builder_version=\"3.0.47\"][et_pb_text _builder_version=\"3.23.3\"]<\/p><p><span style=\"color: #59adbb;\"><b>1. Activa la detoxificaci\u00f3 general.<\/b><\/span><\/p><ul><li>Potencia l'eliminaci\u00f3 de detrits metab\u00f2lics i ajuda a descongestionar ronyons, fetge, pell, pulm\u00f3 i intest\u00ed gruixut.<\/li><li>Afavoreix la evacuaci\u00f3 intestinal i la expulsi\u00f3 de l'anh\u00eddrid carb\u00f2nic a trav\u00e9s de la respiraci\u00f3<\/li><li>Ajuda a l'eliminaci\u00f3 de mat\u00e8ria residual en forma de greix, humitat i flema, c\u00e0lculs, quistes i acumulacions cristal\u00b7lines<\/li><li>Elimina la contaminaci\u00f3 residual en forma de radiaci\u00f3 ionitzant que prov\u00e9 de camps el\u00e8ctrics, magn\u00e8tics, RX, pol\u00b7luci\u00f3 ambiental...<\/li><li>Activa la circulaci\u00f3 sangu\u00ednia per la seva alcalinitat i disminueix la acidificaci\u00f3, millorant totes les funcions cel\u00b7lulars: respiraci\u00f3, evacuaci\u00f3, motricitat, nutrici\u00f3, reproducci\u00f3, etc\u2026<\/li><\/ul><p>[\/et_pb_text][\/et_pb_column][et_pb_column type=\"1_2\" _builder_version=\"3.0.47\"][et_pb_text _builder_version=\"3.23.3\"]<\/p><p><span style=\"color: #59adbb;\"><b>2. Aporta elements nutritius\u00a0<\/b><\/span><\/p><ul><li>L'alt nivell energ\u00e8tic de l'aigua provinent de la falla del subs\u00f2l fa que el cos experimenti una gran tonificaci\u00f3 i reconstituci\u00f3.<\/li><li>Els seus diferents components f\u00edsics ( s\u00edlice, bicarbonat, fluor, calci, liti, sodi...) nodreixen sistemes org\u00e0nics com els ossos, el sistema nervi\u00f3s, les dents, etc...<\/li><li>Activa els diferents focs constituents: el foc digestiu o metab\u00f2lic, el foc renal o sexual, i el foc card\u00edac o circulatori.<\/li><li>Millora la funci\u00f3 mental , afavorint l'estat d'\u00e0nim, la concentraci\u00f3 i la lucidesa dels sentits.<\/li><\/ul><p>[\/et_pb_text][\/et_pb_column][\/et_pb_row][\/et_pb_section][et_pb_section fb_built=\"1\" _builder_version=\"3.23.3\" background_color=\"#9b9b9b\" custom_padding=\"10px||16px|||\" global_module=\"192\" saved_tabs=\"all\"][et_pb_row use_custom_gutter=\"on\" gutter_width=\"1\" custom_padding=\"6px||5px|||\" _builder_version=\"3.23.3\"][et_pb_column type=\"1_4\" _builder_version=\"3.0.47\"][et_pb_image src=\"http:\/\/hotelsantvicenc.com\/wp-content\/uploads\/2019\/06\/peu-telefon.png\" align=\"center\" _builder_version=\"3.23.3\" width=\"15%\"][\/et_pb_image][et_pb_text _builder_version=\"3.23.3\" text_font=\"Montserrat|300|||||||\" text_text_align=\"center\" text_text_color=\"#ffffff\" text_font_size=\"17px\" custom_margin=\"||\" custom_padding=\"15px||\"]<\/p><p>973 384 010<br \/>671 559 585<\/p><p>[\/et_pb_text][\/et_pb_column][et_pb_column type=\"1_4\" _builder_version=\"3.0.47\"][et_pb_image src=\"http:\/\/hotelsantvicenc.com\/wp-content\/uploads\/2019\/06\/peu-email.png\" align=\"center\" _builder_version=\"3.23.3\" width=\"15%\"][\/et_pb_image][et_pb_text _builder_version=\"3.23.3\" text_font=\"Montserrat|300|||||||\" text_text_align=\"center\" text_text_color=\"#ffffff\" text_font_size=\"17px\" link_font=\"||||||||\" link_text_color=\"#ffffff\" custom_margin=\"||\" custom_padding=\"15px||\"]<\/p><p><a href=\"https:\/\/linceo.svt.es:8443\/smb\/email-address\/edit\/id\/49\">reserves@hotelsantvicenc.com<\/a><\/p><p>[\/et_pb_text][\/et_pb_column][et_pb_column type=\"1_4\" _builder_version=\"3.0.47\"][et_pb_image src=\"http:\/\/hotelsantvicenc.com\/wp-content\/uploads\/2019\/06\/peu-onsom.png\" url=\"https:\/\/www.google.com\/maps\/place\/Hotel+Balneari+Sant+Vicen%C3%A7\/@42.3684889,1.5946055,15z\/data=!4m2!3m1!1s0x0:0xef70ee504c88bc29?sa=X&ved=2ahUKEwjX-5Sn5PDiAhVMOBoKHSJrCvYQ_BIwDnoECBAQCA\" url_new_window=\"on\" align=\"center\" _builder_version=\"3.23.3\" width=\"15%\"][\/et_pb_image][et_pb_text _builder_version=\"3.23.3\" text_font=\"Montserrat|300|||||||\" text_text_align=\"center\" text_text_color=\"#ffffff\" text_font_size=\"17px\" custom_margin=\"||\" custom_padding=\"15px||\"]<\/p><p>Troba'ns<\/p><p>[\/et_pb_text][\/et_pb_column][et_pb_column type=\"1_4\" _builder_version=\"3.0.47\"][et_pb_text _builder_version=\"3.23.3\" text_font=\"||||||||\" text_text_align=\"center\" width=\"73%\"]<\/p><p><a href=\"https:\/\/www.facebook.com\/santvicenc\/\" target=\"_blank\" rel=\"noopener noreferrer\"><img class=\"wp-image-134 alignnone size-medium\" src=\"http:\/\/hotelsantvicenc.com\/wp-content\/uploads\/2019\/06\/peu-facebook-300x300.png\" alt=\"\" width=\"44\" height=\"44\" \/><\/a>\u00a0 \u00a0 <a href=\"https:\/\/www.pinterest.es\/marta2826\/pins\/\" target=\"_blank\" rel=\"noopener noreferrer\"><img class=\"wp-image-137 alignnone size-medium\" src=\"http:\/\/hotelsantvicenc.com\/wp-content\/uploads\/2019\/06\/peu-pinterest-300x300.png\" alt=\"\" width=\"44\" height=\"44\" \/><\/a>\u00a0 \u00a0\u00a0<a href=\"https:\/\/www.instagram.com\/balnearisantvicenc\/\"><img class=\"wp-image-135 alignnone size-medium\" src=\"http:\/\/hotelsantvicenc.com\/wp-content\/uploads\/2019\/06\/peu-instagram-300x300.png\" alt=\"\" width=\"44\" height=\"44\" \/><\/a><\/p><p>[\/et_pb_text][et_pb_text _builder_version=\"3.23.3\" text_font=\"Montserrat|300|||||||\" text_text_align=\"center\" text_text_color=\"#ffffff\" text_font_size=\"17px\" custom_margin=\"||\" custom_padding=\"37px|||||\"]<\/p><p>Segueix-nos<\/p><p>[\/et_pb_text][\/et_pb_column][\/et_pb_row][et_pb_row custom_padding=\"5px||3px|||\" _builder_version=\"3.23.3\"][et_pb_column type=\"4_4\" _builder_version=\"3.0.47\"][et_pb_text _builder_version=\"3.23.3\" text_text_color=\"#ffffff\" link_text_color=\"#ffffff\" text_orientation=\"center\" z_index_tablet=\"500\" text_text_shadow_horizontal_length_tablet=\"0px\" text_text_shadow_vertical_length_tablet=\"0px\" text_text_shadow_blur_strength_tablet=\"1px\" link_text_shadow_horizontal_length_tablet=\"0px\" link_text_shadow_vertical_length_tablet=\"0px\" link_text_shadow_blur_strength_tablet=\"1px\" ul_text_shadow_horizontal_length_tablet=\"0px\" ul_text_shadow_vertical_length_tablet=\"0px\" ul_text_shadow_blur_strength_tablet=\"1px\" ol_text_shadow_horizontal_length_tablet=\"0px\" ol_text_shadow_vertical_length_tablet=\"0px\" ol_text_shadow_blur_strength_tablet=\"1px\" quote_text_shadow_horizontal_length_tablet=\"0px\" quote_text_shadow_vertical_length_tablet=\"0px\" quote_text_shadow_blur_strength_tablet=\"1px\" header_text_shadow_horizontal_length_tablet=\"0px\" header_text_shadow_vertical_length_tablet=\"0px\" header_text_shadow_blur_strength_tablet=\"1px\" header_2_text_shadow_horizontal_length_tablet=\"0px\" header_2_text_shadow_vertical_length_tablet=\"0px\" header_2_text_shadow_blur_strength_tablet=\"1px\" header_3_text_shadow_horizontal_length_tablet=\"0px\" header_3_text_shadow_vertical_length_tablet=\"0px\" header_3_text_shadow_blur_strength_tablet=\"1px\" header_4_text_shadow_horizontal_length_tablet=\"0px\" header_4_text_shadow_vertical_length_tablet=\"0px\" header_4_text_shadow_blur_strength_tablet=\"1px\" header_5_text_shadow_horizontal_length_tablet=\"0px\" header_5_text_shadow_vertical_length_tablet=\"0px\" header_5_text_shadow_blur_strength_tablet=\"1px\" header_6_text_shadow_horizontal_length_tablet=\"0px\" header_6_text_shadow_vertical_length_tablet=\"0px\" header_6_text_shadow_blur_strength_tablet=\"1px\" box_shadow_horizontal_tablet=\"0px\" box_shadow_vertical_tablet=\"0px\" box_shadow_blur_tablet=\"40px\" box_shadow_spread_tablet=\"0px\"]<\/p><p>HOTEL SANT VICEN\u00c7\u00a9 \/\/<a href=\"http:\/\/hotelsantvicenc.com\/politica-de-privadesa-2\/\"> POL\u00cdTICA DE PRIVACITAT<\/a> \/ <a href=\"http:\/\/hotelsantvicenc.com\/avis-legal\/\">AV\u00cdS LEGAL<\/a> \/ <a href=\"http:\/\/hotelsantvicenc.com\/politica-de-cookies\/\">POL\u00cdTICA DE COOKIES<\/a><\/p><p>[\/et_pb_text][\/et_pb_column][\/et_pb_row][\/et_pb_section]<\/p>","_et_gb_content_width":"","_mc_calendar":[],"_joinchat":[],"footnotes":""},"class_list":["post-1670","page","type-page","status-publish","hentry"],"yoast_head":"<!-- This site is optimized with the Yoast SEO plugin v25.3 - https:\/\/yoast.com\/wordpress\/plugins\/seo\/ -->\n<title>Agua termal - Hotel Sant Vicen\u00e7<\/title>\n<meta name=\"robots\" content=\"index, follow, max-snippet:-1, max-image-preview:large, max-video-preview:-1\" \/>\n<link rel=\"canonical\" href=\"https:\/\/hotelsantvicenc.com\/es\/agua-termal\/\" \/>\n<meta property=\"og:locale\" content=\"es_ES\" \/>\n<meta property=\"og:type\" content=\"article\" \/>\n<meta property=\"og:title\" content=\"Agua termal - Hotel Sant Vicen\u00e7\" \/>\n<meta property=\"og:description\" content=\"Que es un balneario? Un balneario es una instituci\u00f3n terap\u00e9utica en la cual confluyen tres elementos: Aguas mineromedicinales declaradas de utilidad p\u00fablica Instalaciones adecuadas para\u00a0 la correcta aplicaci\u00f3n de los tratamientos termales prescritos Equipo m\u00e9dico y auxiliar que dirija la utilitzaci\u00f3n m\u00e1s adecuada de estos medios en cada paciente. Origen de las aguas termales El [&hellip;]\" \/>\n<meta property=\"og:url\" content=\"https:\/\/hotelsantvicenc.com\/es\/agua-termal\/\" \/>\n<meta property=\"og:site_name\" content=\"Hotel Sant Vicen\u00e7\" \/>\n<meta property=\"article:modified_time\" content=\"2025-01-25T14:10:20+00:00\" \/>\n<meta name=\"twitter:card\" content=\"summary_large_image\" \/>\n<meta name=\"twitter:label1\" content=\"Tiempo de lectura\" \/>\n\t<meta name=\"twitter:data1\" content=\"5 minutos\" \/>\n<script type=\"application\/ld+json\" class=\"yoast-schema-graph\">{\"@context\":\"https:\/\/schema.org\",\"@graph\":[{\"@type\":\"WebPage\",\"@id\":\"https:\/\/hotelsantvicenc.com\/es\/agua-termal\/\",\"url\":\"https:\/\/hotelsantvicenc.com\/es\/agua-termal\/\",\"name\":\"Agua termal - Hotel Sant Vicen\u00e7\",\"isPartOf\":{\"@id\":\"https:\/\/hotelsantvicenc.com\/es\/#website\"},\"datePublished\":\"2019-12-16T16:49:27+00:00\",\"dateModified\":\"2025-01-25T14:10:20+00:00\",\"breadcrumb\":{\"@id\":\"https:\/\/hotelsantvicenc.com\/es\/agua-termal\/#breadcrumb\"},\"inLanguage\":\"es\",\"potentialAction\":[{\"@type\":\"ReadAction\",\"target\":[\"https:\/\/hotelsantvicenc.com\/es\/agua-termal\/\"]}]},{\"@type\":\"BreadcrumbList\",\"@id\":\"https:\/\/hotelsantvicenc.com\/es\/agua-termal\/#breadcrumb\",\"itemListElement\":[{\"@type\":\"ListItem\",\"position\":1,\"name\":\"Inici\",\"item\":\"https:\/\/hotelsantvicenc.com\/es\/\"},{\"@type\":\"ListItem\",\"position\":2,\"name\":\"Agua termal\"}]},{\"@type\":\"WebSite\",\"@id\":\"https:\/\/hotelsantvicenc.com\/es\/#website\",\"url\":\"https:\/\/hotelsantvicenc.com\/es\/\",\"name\":\"Hotel Balneari Sant Vicen\u00e7\",\"description\":\"HOTEL-BALNEARI\",\"publisher\":{\"@id\":\"https:\/\/hotelsantvicenc.com\/es\/#organization\"},\"potentialAction\":[{\"@type\":\"SearchAction\",\"target\":{\"@type\":\"EntryPoint\",\"urlTemplate\":\"https:\/\/hotelsantvicenc.com\/es\/?s={search_term_string}\"},\"query-input\":{\"@type\":\"PropertyValueSpecification\",\"valueRequired\":true,\"valueName\":\"search_term_string\"}}],\"inLanguage\":\"es\"},{\"@type\":\"Organization\",\"@id\":\"https:\/\/hotelsantvicenc.com\/es\/#organization\",\"name\":\"ELS BANYS DE SANT VICEN\u00c7 SL\",\"url\":\"https:\/\/hotelsantvicenc.com\/es\/\",\"logo\":{\"@type\":\"ImageObject\",\"inLanguage\":\"es\",\"@id\":\"https:\/\/hotelsantvicenc.com\/es\/#\/schema\/logo\/image\/\",\"url\":\"https:\/\/hotelsantvicenc.com\/wp-content\/uploads\/2023\/07\/WhatsApp-Image-2020-07-14-at-5.04.21-PM.jpeg\",\"contentUrl\":\"https:\/\/hotelsantvicenc.com\/wp-content\/uploads\/2023\/07\/WhatsApp-Image-2020-07-14-at-5.04.21-PM.jpeg\",\"width\":472,\"height\":472,\"caption\":\"ELS BANYS DE SANT VICEN\u00c7 SL\"},\"image\":{\"@id\":\"https:\/\/hotelsantvicenc.com\/es\/#\/schema\/logo\/image\/\"},\"sameAs\":[\"https:\/\/www.instagram.com\/balnearisantvicenc\/\"]}]}<\/script>\n<!-- \/ Yoast SEO plugin. -->","yoast_head_json":{"title":"Agua termal - Hotel Sant Vicen\u00e7","robots":{"index":"index","follow":"follow","max-snippet":"max-snippet:-1","max-image-preview":"max-image-preview:large","max-video-preview":"max-video-preview:-1"},"canonical":"https:\/\/hotelsantvicenc.com\/es\/agua-termal\/","og_locale":"es_ES","og_type":"article","og_title":"Agua termal - Hotel Sant Vicen\u00e7","og_description":"Que es un balneario? Un balneario es una instituci\u00f3n terap\u00e9utica en la cual confluyen tres elementos: Aguas mineromedicinales declaradas de utilidad p\u00fablica Instalaciones adecuadas para\u00a0 la correcta aplicaci\u00f3n de los tratamientos termales prescritos Equipo m\u00e9dico y auxiliar que dirija la utilitzaci\u00f3n m\u00e1s adecuada de estos medios en cada paciente. Origen de las aguas termales El [&hellip;]","og_url":"https:\/\/hotelsantvicenc.com\/es\/agua-termal\/","og_site_name":"Hotel Sant Vicen\u00e7","article_modified_time":"2025-01-25T14:10:20+00:00","twitter_card":"summary_large_image","twitter_misc":{"Tiempo de lectura":"5 minutos"},"schema":{"@context":"https:\/\/schema.org","@graph":[{"@type":"WebPage","@id":"https:\/\/hotelsantvicenc.com\/es\/agua-termal\/","url":"https:\/\/hotelsantvicenc.com\/es\/agua-termal\/","name":"Agua termal - Hotel Sant Vicen\u00e7","isPartOf":{"@id":"https:\/\/hotelsantvicenc.com\/es\/#website"},"datePublished":"2019-12-16T16:49:27+00:00","dateModified":"2025-01-25T14:10:20+00:00","breadcrumb":{"@id":"https:\/\/hotelsantvicenc.com\/es\/agua-termal\/#breadcrumb"},"inLanguage":"es","potentialAction":[{"@type":"ReadAction","target":["https:\/\/hotelsantvicenc.com\/es\/agua-termal\/"]}]},{"@type":"BreadcrumbList","@id":"https:\/\/hotelsantvicenc.com\/es\/agua-termal\/#breadcrumb","itemListElement":[{"@type":"ListItem","position":1,"name":"Inici","item":"https:\/\/hotelsantvicenc.com\/es\/"},{"@type":"ListItem","position":2,"name":"Agua termal"}]},{"@type":"WebSite","@id":"https:\/\/hotelsantvicenc.com\/es\/#website","url":"https:\/\/hotelsantvicenc.com\/es\/","name":"Hotel Balneari Sant Vicen\u00e7","description":"HOTEL-BALNEARI","publisher":{"@id":"https:\/\/hotelsantvicenc.com\/es\/#organization"},"potentialAction":[{"@type":"SearchAction","target":{"@type":"EntryPoint","urlTemplate":"https:\/\/hotelsantvicenc.com\/es\/?s={search_term_string}"},"query-input":{"@type":"PropertyValueSpecification","valueRequired":true,"valueName":"search_term_string"}}],"inLanguage":"es"},{"@type":"Organization","@id":"https:\/\/hotelsantvicenc.com\/es\/#organization","name":"ELS BANYS DE SANT VICEN\u00c7 SL","url":"https:\/\/hotelsantvicenc.com\/es\/","logo":{"@type":"ImageObject","inLanguage":"es","@id":"https:\/\/hotelsantvicenc.com\/es\/#\/schema\/logo\/image\/","url":"https:\/\/hotelsantvicenc.com\/wp-content\/uploads\/2023\/07\/WhatsApp-Image-2020-07-14-at-5.04.21-PM.jpeg","contentUrl":"https:\/\/hotelsantvicenc.com\/wp-content\/uploads\/2023\/07\/WhatsApp-Image-2020-07-14-at-5.04.21-PM.jpeg","width":472,"height":472,"caption":"ELS BANYS DE SANT VICEN\u00c7 SL"},"image":{"@id":"https:\/\/hotelsantvicenc.com\/es\/#\/schema\/logo\/image\/"},"sameAs":["https:\/\/www.instagram.com\/balnearisantvicenc\/"]}]}},"_links":{"self":[{"href":"https:\/\/hotelsantvicenc.com\/es\/wp-json\/wp\/v2\/pages\/1670","targetHints":{"allow":["GET"]}}],"collection":[{"href":"https:\/\/hotelsantvicenc.com\/es\/wp-json\/wp\/v2\/pages"}],"about":[{"href":"https:\/\/hotelsantvicenc.com\/es\/wp-json\/wp\/v2\/types\/page"}],"author":[{"embeddable":true,"href":"https:\/\/hotelsantvicenc.com\/es\/wp-json\/wp\/v2\/users\/1"}],"replies":[{"embeddable":true,"href":"https:\/\/hotelsantvicenc.com\/es\/wp-json\/wp\/v2\/comments?post=1670"}],"version-history":[{"count":15,"href":"https:\/\/hotelsantvicenc.com\/es\/wp-json\/wp\/v2\/pages\/1670\/revisions"}],"predecessor-version":[{"id":14806,"href":"https:\/\/hotelsantvicenc.com\/es\/wp-json\/wp\/v2\/pages\/1670\/revisions\/14806"}],"wp:attachment":[{"href":"https:\/\/hotelsantvicenc.com\/es\/wp-json\/wp\/v2\/media?parent=1670"}],"curies":[{"name":"wp","href":"https:\/\/api.w.org\/{rel}","templated":true}]}}