{"id":1689,"date":"2019-09-10T12:14:53","date_gmt":"2019-09-10T10:14:53","guid":{"rendered":"http:\/\/hotelsantvicenc.com\/?page_id=1689"},"modified":"2025-01-25T16:43:29","modified_gmt":"2025-01-25T14:43:29","slug":"retiros-de-salud","status":"publish","type":"page","link":"https:\/\/hotelsantvicenc.com\/es\/retiros-de-salud\/","title":{"rendered":"Retiros de salud"},"content":{"rendered":"<p>[et_pb_section fb_built=\u00bb1&#8243; _builder_version=\u00bb4.16&#8243; custom_margin_tablet=\u00bb\u00bb custom_margin_phone=\u00bb-50px|||\u00bb custom_margin_last_edited=\u00bbon|phone\u00bb custom_padding=\u00bb16px||0px|||\u00bb global_colors_info=\u00bb{}\u00bb][et_pb_row _builder_version=\u00bb4.27.4&#8243; custom_padding=\u00bb6px||0px|||\u00bb hover_enabled=\u00bb0&#8243; border_width_bottom=\u00bb1px\u00bb border_color_bottom=\u00bb#b7b7b7&#8243; global_colors_info=\u00bb{}\u00bb custom_margin=\u00bb|auto|0px|auto|false|false\u00bb sticky_enabled=\u00bb0&#8243;][et_pb_column type=\u00bb4_4&#8243; _builder_version=\u00bb4.16&#8243; global_colors_info=\u00bb{}\u00bb custom_padding__hover=\u00bb|||\u00bb][et_pb_post_title meta=\u00bboff\u00bb featured_image=\u00bboff\u00bb _builder_version=\u00bb4.16&#8243; title_font=\u00bbMontserrat|300|||||||\u00bb title_text_color=\u00bb#59adbb\u00bb title_font_size=\u00bb48px\u00bb global_colors_info=\u00bb{}\u00bb][\/et_pb_post_title][\/et_pb_column][\/et_pb_row][et_pb_row _builder_version=\u00bb4.27.4&#8243; hover_enabled=\u00bb0&#8243; global_colors_info=\u00bb{}\u00bb column_structure=\u00bb1_2,1_2&#8243; custom_margin=\u00bb|auto|0px|auto|false|false\u00bb sticky_enabled=\u00bb0&#8243;][et_pb_column type=\u00bb1_2&#8243; _builder_version=\u00bb4.16&#8243; global_colors_info=\u00bb{}\u00bb custom_padding__hover=\u00bb|||\u00bb][et_pb_text _builder_version=\u00bb4.16&#8243; text_font=\u00bbSatisfy||||||||\u00bb text_text_color=\u00bb#948878&#8243; text_font_size=\u00bb29px\u00bb text_line_height=\u00bb1.4em\u00bb custom_padding=\u00bb15px||15px\u00bb border_color_top=\u00bb#00bfce\u00bb border_width_bottom=\u00bb1px\u00bb border_color_bottom=\u00bb#00bfce\u00bb text_text_align=\u00bbleft\u00bb global_colors_info=\u00bb{}\u00bb]<\/p>\n<p>Nuestras estancias m\u00e1s saludables y exclusivas<\/p>\n<p>[\/et_pb_text][et_pb_text _builder_version=\u00bb4.16&#8243; text_font=\u00bb||||||||\u00bb header_font=\u00bb||||||||\u00bb header_2_font=\u00bbMontserrat|300|||||||\u00bb header_2_text_color=\u00bb#59adbb\u00bb header_3_font=\u00bbSatisfy|300|||||||\u00bb header_3_text_color=\u00bb#948878&#8243; header_3_font_size=\u00bb25px\u00bb custom_margin=\u00bb19px||13px|||\u00bb custom_padding=\u00bb0px|||||\u00bb global_colors_info=\u00bb{}\u00bb]<\/p>\n<p>Retiros para desconectar y cuidarse, con tratamientos, dieta, yoga y naturaleza.<br \/> Todo bajo supervisi\u00f3n m\u00e9dica.<br \/> <span style=\"color: #ffffff;\">.<\/span><\/p>\n<h3>Prueba y repetir\u00e1s!<\/h3>\n<p>[\/et_pb_text][et_pb_text _builder_version=\u00bb4.16&#8243; text_font=\u00bbMontserrat|300|||||||\u00bb text_text_color=\u00bb#59adbb\u00bb text_font_size=\u00bb22px\u00bb text_line_height=\u00bb1.2em\u00bb width=\u00bb99.9%\u00bb global_colors_info=\u00bb{}\u00bb]<\/p>\n<p>Consulta nuestras fechas para la programaci\u00f3n de retiros 2024.<\/p>\n<p>[\/et_pb_text][\/et_pb_column][et_pb_column type=\u00bb1_2&#8243; _builder_version=\u00bb4.16&#8243; global_colors_info=\u00bb{}\u00bb custom_padding__hover=\u00bb|||\u00bb][et_pb_gallery gallery_ids=\u00bb7341&#8243; fullwidth=\u00bbon\u00bb _builder_version=\u00bb4.16&#8243; animation_style=\u00bbslide\u00bb animation_direction=\u00bbright\u00bb animation_intensity_slide=\u00bb4%\u00bb border_width_all=\u00bb1px\u00bb border_color_all=\u00bb#e0e0e0&#8243; global_colors_info=\u00bb{}\u00bb][\/et_pb_gallery][\/et_pb_column][\/et_pb_row][\/et_pb_section][et_pb_section fb_built=\u00bb1&#8243; _builder_version=\u00bb4.16&#8243; custom_padding=\u00bb13px|||||\u00bb z_index_tablet=\u00bb500&#8243; box_shadow_horizontal_tablet=\u00bb0px\u00bb box_shadow_vertical_tablet=\u00bb0px\u00bb box_shadow_blur_tablet=\u00bb40px\u00bb box_shadow_spread_tablet=\u00bb0px\u00bb global_colors_info=\u00bb{}\u00bb][et_pb_row module_id=\u00bbdetox\u00bb _builder_version=\u00bb4.27.4&#8243; background_size=\u00bbinitial\u00bb background_position=\u00bbtop_left\u00bb background_repeat=\u00bbrepeat\u00bb hover_enabled=\u00bb0&#8243; border_width_top=\u00bb1px\u00bb border_color_top=\u00bb#59adbb\u00bb global_colors_info=\u00bb{}\u00bb column_structure=\u00bb1_2,1_2&#8243; custom_margin=\u00bb|auto|0px|auto|false|false\u00bb sticky_enabled=\u00bb0&#8243;][et_pb_column type=\u00bb1_2&#8243; _builder_version=\u00bb4.16&#8243; global_colors_info=\u00bb{}\u00bb custom_padding__hover=\u00bb|||\u00bb][et_pb_accordion _builder_version=\u00bb4.16&#8243; global_colors_info=\u00bb{}\u00bb][et_pb_accordion_item open=\u00bbon\u00bb _builder_version=\u00bb4.16&#8243; global_colors_info=\u00bb{}\u00bb]<\/p>\n<p><span class=\"discreet\"><span><strong>RETIRO DE SALUD 4 NOCHES<\/strong><\/span><\/span><\/p>\n<p><span color=\"#59adbb\">Cu\u00e1ndo necesites parar, conectar contigo, disfrutar de unos d\u00edas de calma y mimar tu cuerpo por dentro y por fuera.<\/span><\/p>\n<p><span color=\"#59adbb\"><b>Programa<\/b><\/span><\/p>\n<p><span color=\"#59adbb\">Entrada jueves por la ma\u00f1ana y salida lunes tras el desayuno y tratamientos \u00fanicamente en las fechas programadas disponibles abajo.\u00a0 \u00a0 \u00a0 \u00a0 \u00a0 \u00a0 \u00a0 \u00a0 \u00a0 \u00a0\u00a0<\/span><\/p>\n<ul>\n<li><span color=\"#59adbb\">4 noches de alojamiento\u00a0 \u00a0<\/span><span color=\"#59adbb\">\u00a0 \u00a0 \u00a0 \u00a0 \u00a0 \u00a0 \u00a0<\/span><\/li>\n<li><span color=\"#59adbb\">Pensi\u00f3n completa con dieta dirigida a base de fruta, zumos naturales, verduras y proteina vegetal.\u00a0<\/span><\/li>\n<li><span color=\"#59adbb\">2 sesiones de pilates<\/span><\/li>\n<li><span color=\"#59adbb\">1 salida a la monta\u00f1a<\/span><\/li>\n<li><span color=\"#59adbb\">3 ba\u00f1eras termales<\/span><\/li>\n<li><span color=\"#59adbb\">1 p\u00edling corporal<\/span><\/li>\n<li><span><span color=\"#59adbb\">2 circuitos termales<\/span><span color=\"#59adbb\"><\/span><\/span><\/li>\n<li><span><span color=\"#59adbb\">1 envoltura de fango<\/span><\/span><\/li>\n<li><span color=\"#59adbb\">1 masage antiestr\u00e9s<\/span><\/li>\n<li><span color=\"#59adbb\">1 tratamiento facial efecto flash 20&#8242;<\/span><\/li>\n<\/ul>\n<p>&nbsp;<\/p>\n<p>&nbsp;<\/p>\n<p>&nbsp;<\/p>\n<p><span class=\"discreet\"><strong><span class=\"discreet\" style=\"color: #59adbb;\">Fechas programadas RETIRO DE SALUD 4 NOCHES\u00a0<\/span><\/strong><\/span><\/p>\n<p><span class=\"discreet\"><strong>Marzo <\/strong>&#8211; 14-18 \/ 21-25<\/span><br \/> <span class=\"discreet\"><strong>Abril &#8211;\u00a0 <\/strong>11-15 \/ 18-22 \/25-29<\/span><br \/> <span class=\"discreet\"><strong>Mayo<\/strong>\u00a0&#8211; 16-20<br \/> <strong>Junio<\/strong>\u00a0&#8211; 6-10<\/span><br \/> <span> <span class=\"discreet\"><strong>Julio<\/strong>\u00a0&#8211; 17-21<\/span><\/span><br \/> <span class=\"discreet\"><strong>Septiembre<\/strong> &#8211; 19-23 \/ 26-30<\/span><br \/> <span class=\"discreet\"><strong> Octubre<\/strong> &#8211; 3\/7 \/ 24-28<\/span><br \/> <span color=\"#000000\"><strong> Noviembre<\/strong> &#8211; 14-18 \/21-25 \/28-2<\/span><br \/> <span color=\"#000000\"><strong>Diciembre<\/strong> &#8211; 11-16 \/18-23<\/span><\/p>\n<p><span class=\"discreet\"><span><strong><span style=\"color: #59adbb;\">Tarifas<\/span><br \/> <\/strong><\/span><\/span><span color=\"#808080\"><strong><\/strong><\/span><\/p>\n<p><span color=\"#808080\"><strong>850\u20ac <\/strong>Una persona en habitaci\u00f3n individual\/carretera<strong><br \/> 1050\u20ac <\/strong>Una persona en habitaci\u00f3n doble uso individual\/rio<strong><br \/> <span color=\"&quot;#59adbb\">1290\u20ac <\/span><\/strong><span color=\"&quot;#59adbb\">Dos personas en habitaci\u00f3n doble\/carretera<\/span><strong><br \/> 1490\u20ac <\/strong>Dos personas en habitaci\u00f3n doble\/rio\u00a0 \u00a0 \u00a0 \u00a0<\/span><\/p>\n<p><em><span color=\"#808080\">Tasa tur\u00edstica no inclu\u00edda<\/span><\/em><\/p>\n<p>[\/et_pb_accordion_item][\/et_pb_accordion][\/et_pb_column][et_pb_column type=\u00bb1_2&#8243; _builder_version=\u00bb4.16&#8243; global_colors_info=\u00bb{}\u00bb custom_padding__hover=\u00bb|||\u00bb][et_pb_accordion _builder_version=\u00bb4.16&#8243; global_colors_info=\u00bb{}\u00bb][et_pb_accordion_item open=\u00bbon\u00bb _builder_version=\u00bb4.16&#8243; global_colors_info=\u00bb{}\u00bb]<\/p>\n<p><span class=\"discreet\"><span><strong>RETIRO DE SALUD 8 NOCHES<\/strong><\/span><\/span><\/p>\n<p><span color=\"#59adbb\">Toda una semana dedicada a ti. Dieta saludable, tratamientos y tiempo para relajarte.<\/span><\/p>\n<p><span color=\"#59adbb\">No te dejar\u00e1 indiferente!<\/span><\/p>\n<p><strong>Programa<\/strong><\/p>\n<p><span color=\"#59adbb\">Entrada jueves o viernes a las 12,00 h y salida el noveno dia<\/span><span color=\"#59adbb\">\u00a0antes de comer. \u00danicamente en las fechas programadas disponibles debajo.\u00a0 \u00a0 \u00a0 \u00a0 \u00a0 \u00a0 \u00a0 \u00a0 \u00a0 \u00a0\u00a0<\/span><\/p>\n<ul>\n<li><span color=\"#59adbb\">8 noches de alojamiento\u00a0 \u00a0\u00a0<\/span><\/li>\n<li><span color=\"#59adbb\">Visita m\u00e9dica pre-retiro.\u00a0 \u00a0 \u00a0 \u00a0 \u00a0 \u00a0 \u00a0 \u00a0\u00a0<\/span><\/li>\n<li><span color=\"#59adbb\">Pensi\u00f3n completa con dieta dirigida a base de fruta, zumos naturales, verduras y proteina vegetal.<\/span><\/li>\n<li><span color=\"#59adbb\">4 sesiones de pilates<\/span><\/li>\n<li><span color=\"#59adbb\">2 sesiones de aquagym<\/span><\/li>\n<li><span color=\"#59adbb\">1 salida a la monta\u00f1a<\/span><\/li>\n<li><span color=\"#59adbb\">Flores de Bach<\/span><\/li>\n<li><span color=\"#59adbb\">Ba\u00f1era o piscina termal diaria<\/span><\/li>\n<li><span color=\"#59adbb\">1 peeling corporal<\/span><\/li>\n<li><span><span color=\"#59adbb\">1 envoltura de fango<\/span><\/span><\/li>\n<li><span><span color=\"#59adbb\">1 masage antiestr\u00e8s 60&#8242;<\/span><\/span><\/li>\n<li><span><span color=\"#59adbb\">1 masaje detox 60&#8242;<\/span><\/span><\/li>\n<li><span color=\"#59adbb\">1 tractament facial efecto flash 20&#8242;<\/span><\/li>\n<\/ul>\n<p><span class=\"discreet\" style=\"color: #59adbb;\"><strong><\/strong><\/span><\/p>\n<p><span class=\"discreet\" style=\"color: #59adbb;\"><strong>Fechas programadas RETIRO DE SALUD 8 NOCHES\u00a0<\/strong><\/span><br \/> <span class=\"discreet\"><span class=\"&quot;Octubre&lt;\/b\"><strong><\/strong><\/span><\/span><br \/> <span class=\"&quot;Octubre&lt;\/b\"><strong>Marzo\u00a0<\/strong>&#8211; Del d\u00eda 21\/03 al d\u00eda 30\/03.<\/span><br \/> <span class=\"&quot;Octubre&lt;\/b\"><strong>Abril\u00a0<\/strong>&#8211; Del d\u00eda 25\/04 al d\u00eda 04\/05.<\/span><br \/> <span class=\"&quot;Octubre&lt;\/b\"><b>Mayo<\/b>\u00a0&#8211; Del d\u00eda 23\/05 al 01\/06.<strong>\u00a0<\/strong><\/span><br \/> <span class=\"&quot;Octubre&lt;\/b\"><strong>Junio\u00a0<\/strong>&#8211;<strong>\u00a0<\/strong>Del 13\/06 al 22\/06.<\/span><br \/> <span class=\"&quot;Octubre&lt;\/b\"><strong>Julio\u00a0<\/strong>&#8211;<strong>\u00a0<\/strong>Del 18\/07 al 26\/07<\/span><br \/> <span class=\"&quot;Octubre&lt;\/b\"><strong>Septiembre <\/strong>&#8211; Del d\u00eda 06\/09 al 15\/09.<\/span><span class=\"discreet\"><br \/> <\/span><br \/> <span class=\"discreet\"><span><strong><\/strong><\/span><\/span><\/p>\n<p><span class=\"discreet\"><span><strong><\/strong><\/span><\/span><\/p>\n<p><span class=\"discreet\"><\/span><\/p>\n<p><span class=\"discreet\"><span><strong><\/strong><\/span><\/span><\/p>\n<p><span class=\"discreet\"><strong><span style=\"color: #59adbb;\">Tarifas<\/span><\/strong><span><strong><br \/> <\/strong><\/span><\/span><span color=\"#808080\"><strong><\/strong><\/span><\/p>\n<p><span color=\"#808080\"><strong>1400\u20ac<\/strong> Una persona en habitaci\u00f3n individual\/carretera\u00a0 \u00a0 \u00a0 \u00a0 <\/span><br \/> <span color=\"#808080\"><strong>1800\u20ac<\/strong> Una persona en habitaci\u00f3n doble de uso individual\/rio\u00a0<\/span><br \/> <span color=\"#808080\"><strong>2550\u20ac<\/strong> Dos personas en habitaci\u00f3n doble\/carretera<\/span><br \/> <span color=\"#808080\"><strong>2700\u20ac<\/strong> Dos personas en habitaci\u00f3n doble\/rio o sup carretera<\/span><\/p>\n<p><em><span color=\"#808080\">Tasa tur\u00edstica no inclu\u00edda.<\/span><\/em><\/p>\n<p>[\/et_pb_accordion_item][\/et_pb_accordion][\/et_pb_column][\/et_pb_row][\/et_pb_section]<\/p>\n","protected":false},"excerpt":{"rendered":"<p>Nuestras estancias m\u00e1s saludables y exclusivas Retiros para desconectar y cuidarse, con tratamientos, dieta, yoga y naturaleza. Todo bajo supervisi\u00f3n m\u00e9dica. . Prueba y repetir\u00e1s! Consulta nuestras fechas para la programaci\u00f3n de retiros 2024. RETIRO DE SALUD 4 NOCHES Cu\u00e1ndo necesites parar, conectar contigo, disfrutar de unos d\u00edas de calma y mimar tu cuerpo por [&hellip;]<\/p>\n","protected":false},"author":1,"featured_media":0,"parent":0,"menu_order":0,"comment_status":"closed","ping_status":"closed","template":"","meta":{"_et_pb_use_builder":"on","_et_pb_old_content":"<p>[et_pb_section fb_built=\"1\" _builder_version=\"3.23.3\" custom_padding=\"16px||0px|||\" hover_enabled=\"0\" custom_margin_last_edited=\"on|phone\" custom_margin_phone=\"-50px|||\"][et_pb_row custom_padding=\"6px||0px|||\" _builder_version=\"3.23.3\" border_width_bottom=\"1px\" border_color_bottom=\"#b7b7b7\"][et_pb_column type=\"4_4\" _builder_version=\"3.0.47\"][et_pb_post_title meta=\"off\" featured_image=\"off\" _builder_version=\"3.23.3\" title_font=\"Montserrat|300|||||||\" title_text_color=\"#59adbb\" title_font_size=\"48px\"]<br \/>[\/et_pb_post_title][\/et_pb_column][\/et_pb_row][et_pb_row _builder_version=\"3.23.3\"][et_pb_column type=\"1_2\" _builder_version=\"3.0.47\"][et_pb_text _builder_version=\"3.23.3\" text_font=\"Satisfy||||||||\" text_text_align=\"left\" text_text_color=\"#948878\" text_font_size=\"29px\" text_line_height=\"1.4em\" border_color_top=\"#00bfce\" border_width_bottom=\"1px\" border_color_bottom=\"#00bfce\" custom_padding=\"15px||15px\"]L\u2019estada m\u00e9s saludable i exclusiva[\/et_pb_text][et_pb_text _builder_version=\"3.23.3\" text_font=\"||||||||\" header_font=\"||||||||\" header_2_font=\"Montserrat|300|||||||\" header_2_text_color=\"#59adbb\" header_3_font=\"Satisfy|300|||||||\" header_3_text_color=\"#948878\" header_3_font_size=\"25px\" custom_margin=\"19px||13px|||\" custom_padding=\"0px|||||\"]<\/p><p>Una cura detox per desconnectar i fer salut, amb tractaments i \u00e0pats personalitzats, sota supervisi\u00f3 m\u00e8dica.<br \/><span style=\"color: #ffffff;\">.<\/span><\/p><h3>Prova-la i repetir\u00e0s!<\/h3><p>[\/et_pb_text][et_pb_text _builder_version=\"3.23.3\" text_font=\"Montserrat|300|||||||\" text_text_color=\"#59adbb\" text_font_size=\"22px\" text_line_height=\"1.2em\"]Disponible del 15 de mar\u00e7 al 15 de novembre[\/et_pb_text][\/et_pb_column][et_pb_column type=\"1_2\" _builder_version=\"3.0.47\"][et_pb_gallery gallery_ids=\"899\" fullwidth=\"on\" db_image_object_fit=\"initial\" hover_icon=\"%%32%%\" _builder_version=\"3.23.3\" border_width_all=\"1px\" border_color_all=\"#e0e0e0\" animation_style=\"slide\" animation_direction=\"right\" animation_intensity_slide=\"4%\"]<br \/>[\/et_pb_gallery][\/et_pb_column][\/et_pb_row][\/et_pb_section][et_pb_section fb_built=\"1\" _builder_version=\"3.23.3\" custom_padding=\"13px|||||\" z_index_tablet=\"500\" box_shadow_horizontal_tablet=\"0px\" box_shadow_vertical_tablet=\"0px\" box_shadow_blur_tablet=\"40px\" box_shadow_spread_tablet=\"0px\" global_module=\"749\"][et_pb_row module_id=\"detox\" _builder_version=\"3.23.3\" background_size=\"initial\" background_position=\"top_left\" background_repeat=\"repeat\" border_width_top=\"1px\" border_color_top=\"#59adbb\"][et_pb_column type=\"1_2\" _builder_version=\"3.0.47\"][et_pb_text _builder_version=\"3.23.3\" text_font=\"Montserrat|300|||||||\" text_text_align=\"center\" text_font_size=\"23px\" background_color=\"#dbeff3\" custom_margin=\"||-2px|||\" custom_padding=\"10px|10px|10px|10px\"]<\/p><p>5 nits cura detox<\/p><p>[\/et_pb_text][et_pb_text _builder_version=\"3.23.3\" border_width_all=\"1px\" border_color_all=\"#ccdfe2\" border_width_top=\"0px\" custom_margin=\"0px||0px|||\" custom_padding=\"20px|20px|0px|20px||\"]<\/p><p style=\"text-align: center;\"><strong>(de diumenge a divendres)<\/strong><\/p><ul><li>5 nits en hab. doble\/riu<\/li><li>Pensi\u00f3 Completa (dieta dirigida)<\/li><li>Tractaments de dg. a dj.<\/li><li>Entrada dg. a sopar<\/li><li>Sortida div. despr\u00e9s dinar<\/li><li>Visita m\u00e8dica i seguiment<\/li><li>1 tractament m\u00e8dic a escollir<br \/><i><span class=\"discreet\">(serum expres \/ acupuntura\u00a0<\/span><\/i><i><span class=\"discreet\">\/ mesoter\u00e0pia \/ hidrocolonterpia)<\/span><\/i><\/li><li><i><\/i>3 accessos al circuit termal 2h<\/li><li>2 banyeres termals 30'<\/li><li>3 petits tractaments 30'<\/li><li>3 grans tractaments 50'<\/li><li>3 t\u00e8cniques balne\u00e0ries<\/li><li>1 sessi\u00f3 d'entrenament personal<\/li><li>1 sortida a la muntanya amb guia<\/li><\/ul><p>[\/et_pb_text][et_pb_text _builder_version=\"3.23.3\" text_font=\"||||||||\" text_font_size=\"12px\" text_line_height=\"1.5em\" border_width_all=\"1px\" border_color_all=\"#ccdfe2\" border_width_top=\"0px\" custom_margin=\"0px||\" custom_padding=\"20px|20px|20px|20px||\"]<\/p><p><span class=\"discreet\"><strong><span style=\"color: #59adbb;\">Temporada de mar\u00e7 a novembre<\/span><br \/><\/strong><\/span><span class=\"discreet\">952 \u20ac\/persona en hab. doble riu<br \/>1165 \u20ac\/persona en hab. doble riu \u00fas individual<\/span><\/p><p><strong><span style=\"color: #59adbb;\">Mes d'agost<\/span><br \/><\/strong><span class=\"discreet\">100 \u20ac de suplemement per persona<\/span><\/p><p>[\/et_pb_text][\/et_pb_column][et_pb_column type=\"1_2\" _builder_version=\"3.0.47\"][et_pb_text _builder_version=\"3.23.3\" text_font=\"Montserrat|300|||||||\" text_text_align=\"center\" text_font_size=\"23px\" background_color=\"#dbeff3\" custom_margin=\"||-2px|||\" custom_padding=\"10px|10px|10px|10px\"]<\/p><p>8 nits cura detox<\/p><p>[\/et_pb_text][et_pb_text _builder_version=\"3.23.3\" border_width_all=\"1px\" border_color_all=\"#ccdfe2\" border_width_top=\"0px\" custom_margin=\"0px||0px|||\" custom_padding=\"20px|20px|0px|20px||\"]<\/p><p style=\"text-align: center;\"><strong>(de diumenge a divendres)<\/strong><\/p><ul><li><p>8 nits en hab doble\/riu<\/p><\/li><li><p>Pensi\u00f3 Completa (dieta dirigida)<\/p><\/li><li><p>Novena de tractaments de dg-dll<\/p><\/li><li><p>Entrada dg a sopar<\/p><\/li><li><p>Sortida dill despr\u00e9s dinar<\/p><\/li><li><p>Visita m\u00e8dia i seguiment<\/p><\/li><li><p>2 tractaments m\u00e8dics a escollir<br \/><i><span class=\"discreet\">(serum expres \/ acupuntura \/ meso-<\/span><\/i><i><span class=\"discreet\">ter\u00e0pia \/ hidrocolontar\u00e0pia<\/span><\/i><i><span class=\"discreet\">)<\/span><\/i><\/p><\/li><li><p><i><\/i>4 accessos nou circuit termal 2h<\/p><\/li><li><p>3 banyeres termals 30'<\/p><\/li><li><p>3 petits tractaments 30'<\/p><\/li><li><p>3 grans tractaments 50'<\/p><\/li><li><p>6 t\u00e8cniques balne\u00e0ries<\/p><\/li><li><p>2 sesions d'entrenament personal<\/p><\/li><li><p>1 sortida a la muntanya amb guia<\/p><\/li><li>egegertgret<\/li><\/ul><p>[\/et_pb_text][et_pb_text _builder_version=\"3.23.3\" text_font=\"||||||||\" text_font_size=\"12px\" text_line_height=\"1.5em\" border_width_all=\"1px\" border_color_all=\"#ccdfe2\" border_width_top=\"0px\" custom_margin=\"0px||\" custom_padding=\"20px|20px|20px|20px||\"]<\/p><p><span class=\"discreet\"><strong><span style=\"color: #59adbb;\">Temporada de mar\u00e7 a novembre<\/span><br \/><\/strong><\/span><span class=\"discreet\">1255 \u20ac\/persona en hab. doble riu<br \/>1680 \u20ac\/persona en hab. doble riu \u00fas individual<\/span><\/p><p><strong><span style=\"color: #59adbb;\">Mes d'agost<\/span><br \/><\/strong><span class=\"discreet\">100 \u20ac de suplemement per persona<\/span><\/p><p>[\/et_pb_text][\/et_pb_column][\/et_pb_row][\/et_pb_section][et_pb_section fb_built=\"1\" _builder_version=\"3.23.3\" background_color=\"#9b9b9b\" custom_padding=\"10px||16px|||\" global_module=\"192\" saved_tabs=\"all\"][et_pb_row use_custom_gutter=\"on\" gutter_width=\"1\" custom_padding=\"6px||5px|||\" _builder_version=\"3.23.3\"][et_pb_column type=\"1_4\" _builder_version=\"3.0.47\"][et_pb_image src=\"http:\/\/hotelsantvicenc.com\/wp-content\/uploads\/2019\/06\/peu-telefon.png\" align=\"center\" _builder_version=\"3.23.3\" width=\"15%\"][\/et_pb_image][et_pb_text _builder_version=\"3.23.3\" text_font=\"Montserrat|300|||||||\" text_text_align=\"center\" text_text_color=\"#ffffff\" text_font_size=\"17px\" custom_margin=\"||\" custom_padding=\"15px||\"]<\/p><p>973 384 010<br \/>671 559 585<\/p><p>[\/et_pb_text][\/et_pb_column][et_pb_column type=\"1_4\" _builder_version=\"3.0.47\"][et_pb_image src=\"http:\/\/hotelsantvicenc.com\/wp-content\/uploads\/2019\/06\/peu-email.png\" align=\"center\" _builder_version=\"3.23.3\" width=\"15%\"][\/et_pb_image][et_pb_text _builder_version=\"3.23.3\" text_font=\"Montserrat|300|||||||\" text_text_align=\"center\" text_text_color=\"#ffffff\" text_font_size=\"17px\" link_font=\"||||||||\" link_text_color=\"#ffffff\" custom_margin=\"||\" custom_padding=\"15px||\"]<\/p><p><a href=\"https:\/\/linceo.svt.es:8443\/smb\/email-address\/edit\/id\/49\">reserves@hotelsantvicenc.com<\/a><\/p><p>[\/et_pb_text][\/et_pb_column][et_pb_column type=\"1_4\" _builder_version=\"3.0.47\"][et_pb_image src=\"http:\/\/hotelsantvicenc.com\/wp-content\/uploads\/2019\/06\/peu-onsom.png\" url=\"https:\/\/www.google.com\/maps\/place\/Hotel+Balneari+Sant+Vicen%C3%A7\/@42.3684889,1.5946055,15z\/data=!4m2!3m1!1s0x0:0xef70ee504c88bc29?sa=X&ved=2ahUKEwjX-5Sn5PDiAhVMOBoKHSJrCvYQ_BIwDnoECBAQCA\" url_new_window=\"on\" align=\"center\" _builder_version=\"3.23.3\" width=\"15%\"][\/et_pb_image][et_pb_text _builder_version=\"3.23.3\" text_font=\"Montserrat|300|||||||\" text_text_align=\"center\" text_text_color=\"#ffffff\" text_font_size=\"17px\" custom_margin=\"||\" custom_padding=\"15px||\"]<\/p><p>Troba'ns<\/p><p>[\/et_pb_text][\/et_pb_column][et_pb_column type=\"1_4\" _builder_version=\"3.0.47\"][et_pb_text _builder_version=\"3.23.3\" text_font=\"||||||||\" text_text_align=\"center\" width=\"100%\"]<\/p><p><a href=\"https:\/\/www.facebook.com\/santvicenc\/\" target=\"_blank\" rel=\"noopener noreferrer\"><img class=\"wp-image-134 alignnone size-medium\" src=\"http:\/\/hotelsantvicenc.com\/wp-content\/uploads\/2019\/06\/peu-facebook-300x300.png\" alt=\"\" width=\"44\" height=\"44\" \/><\/a>\u00a0 \u00a0 <a href=\"https:\/\/www.pinterest.es\/marta2826\/pins\/\" target=\"_blank\" rel=\"noopener noreferrer\"><img class=\"wp-image-137 alignnone size-medium\" src=\"http:\/\/hotelsantvicenc.com\/wp-content\/uploads\/2019\/06\/peu-pinterest-300x300.png\" alt=\"\" width=\"44\" height=\"44\" \/><\/a>\u00a0 \u00a0\u00a0<a href=\"https:\/\/www.instagram.com\/balnearisantvicenc\/\"><img class=\"wp-image-135 alignnone size-medium\" src=\"http:\/\/hotelsantvicenc.com\/wp-content\/uploads\/2019\/06\/peu-instagram-300x300.png\" alt=\"\" width=\"44\" height=\"44\" \/><\/a><\/p><p>[\/et_pb_text][et_pb_text _builder_version=\"3.23.3\" text_font=\"Montserrat|300|||||||\" text_text_align=\"center\" text_text_color=\"#ffffff\" text_font_size=\"17px\" custom_margin=\"||\" custom_padding=\"8px|||||\"]<\/p><p>Segueix-nos<\/p><p>[\/et_pb_text][\/et_pb_column][\/et_pb_row][et_pb_row custom_padding=\"5px||3px|||\" _builder_version=\"3.23.3\"][et_pb_column type=\"4_4\" _builder_version=\"3.0.47\"][et_pb_text _builder_version=\"3.23.3\" text_text_color=\"#ffffff\" link_text_color=\"#ffffff\" text_orientation=\"center\" z_index_tablet=\"500\" text_text_shadow_horizontal_length_tablet=\"0px\" text_text_shadow_vertical_length_tablet=\"0px\" text_text_shadow_blur_strength_tablet=\"1px\" link_text_shadow_horizontal_length_tablet=\"0px\" link_text_shadow_vertical_length_tablet=\"0px\" link_text_shadow_blur_strength_tablet=\"1px\" ul_text_shadow_horizontal_length_tablet=\"0px\" ul_text_shadow_vertical_length_tablet=\"0px\" ul_text_shadow_blur_strength_tablet=\"1px\" ol_text_shadow_horizontal_length_tablet=\"0px\" ol_text_shadow_vertical_length_tablet=\"0px\" ol_text_shadow_blur_strength_tablet=\"1px\" quote_text_shadow_horizontal_length_tablet=\"0px\" quote_text_shadow_vertical_length_tablet=\"0px\" quote_text_shadow_blur_strength_tablet=\"1px\" header_text_shadow_horizontal_length_tablet=\"0px\" header_text_shadow_vertical_length_tablet=\"0px\" header_text_shadow_blur_strength_tablet=\"1px\" header_2_text_shadow_horizontal_length_tablet=\"0px\" header_2_text_shadow_vertical_length_tablet=\"0px\" header_2_text_shadow_blur_strength_tablet=\"1px\" header_3_text_shadow_horizontal_length_tablet=\"0px\" header_3_text_shadow_vertical_length_tablet=\"0px\" header_3_text_shadow_blur_strength_tablet=\"1px\" header_4_text_shadow_horizontal_length_tablet=\"0px\" header_4_text_shadow_vertical_length_tablet=\"0px\" header_4_text_shadow_blur_strength_tablet=\"1px\" header_5_text_shadow_horizontal_length_tablet=\"0px\" header_5_text_shadow_vertical_length_tablet=\"0px\" header_5_text_shadow_blur_strength_tablet=\"1px\" header_6_text_shadow_horizontal_length_tablet=\"0px\" header_6_text_shadow_vertical_length_tablet=\"0px\" header_6_text_shadow_blur_strength_tablet=\"1px\" box_shadow_horizontal_tablet=\"0px\" box_shadow_vertical_tablet=\"0px\" box_shadow_blur_tablet=\"40px\" box_shadow_spread_tablet=\"0px\"]<\/p><p>HOTEL SANT VICEN\u00c7\u00a9 \/\/<a href=\"http:\/\/hotelsantvicenc.com\/politica-de-privadesa-2\/\"> POL\u00cdTICA DE PRIVACITAT<\/a> \/ <a href=\"http:\/\/hotelsantvicenc.com\/avis-legal\/\">AV\u00cdS LEGAL<\/a> \/ <a href=\"http:\/\/hotelsantvicenc.com\/politica-de-cookies\/\">POL\u00cdTICA DE COOKIES<\/a><\/p><p>[\/et_pb_text][\/et_pb_column][\/et_pb_row][\/et_pb_section]<\/p>","_et_gb_content_width":"","_mc_calendar":[],"_joinchat":[],"footnotes":""},"class_list":["post-1689","page","type-page","status-publish","hentry"],"yoast_head":"<!-- This site is optimized with the Yoast SEO plugin v25.3 - https:\/\/yoast.com\/wordpress\/plugins\/seo\/ -->\n<title>Retiros de salud - Hotel Sant Vicen\u00e7<\/title>\n<meta name=\"robots\" content=\"index, follow, max-snippet:-1, max-image-preview:large, max-video-preview:-1\" \/>\n<link rel=\"canonical\" href=\"https:\/\/hotelsantvicenc.com\/es\/retiros-de-salud\/\" \/>\n<meta property=\"og:locale\" content=\"es_ES\" \/>\n<meta property=\"og:type\" content=\"article\" \/>\n<meta property=\"og:title\" content=\"Retiros de salud - Hotel Sant Vicen\u00e7\" \/>\n<meta property=\"og:description\" content=\"Nuestras estancias m\u00e1s saludables y exclusivas Retiros para desconectar y cuidarse, con tratamientos, dieta, yoga y naturaleza. Todo bajo supervisi\u00f3n m\u00e9dica. . Prueba y repetir\u00e1s! Consulta nuestras fechas para la programaci\u00f3n de retiros 2024. RETIRO DE SALUD 4 NOCHES Cu\u00e1ndo necesites parar, conectar contigo, disfrutar de unos d\u00edas de calma y mimar tu cuerpo por [&hellip;]\" \/>\n<meta property=\"og:url\" content=\"https:\/\/hotelsantvicenc.com\/es\/retiros-de-salud\/\" \/>\n<meta property=\"og:site_name\" content=\"Hotel Sant Vicen\u00e7\" \/>\n<meta property=\"article:modified_time\" content=\"2025-01-25T14:43:29+00:00\" \/>\n<meta name=\"twitter:card\" content=\"summary_large_image\" \/>\n<meta name=\"twitter:label1\" content=\"Tiempo de lectura\" \/>\n\t<meta name=\"twitter:data1\" content=\"4 minutos\" \/>\n<script type=\"application\/ld+json\" class=\"yoast-schema-graph\">{\"@context\":\"https:\/\/schema.org\",\"@graph\":[{\"@type\":\"WebPage\",\"@id\":\"https:\/\/hotelsantvicenc.com\/es\/retiros-de-salud\/\",\"url\":\"https:\/\/hotelsantvicenc.com\/es\/retiros-de-salud\/\",\"name\":\"Retiros de salud - Hotel Sant Vicen\u00e7\",\"isPartOf\":{\"@id\":\"https:\/\/hotelsantvicenc.com\/es\/#website\"},\"datePublished\":\"2019-09-10T10:14:53+00:00\",\"dateModified\":\"2025-01-25T14:43:29+00:00\",\"breadcrumb\":{\"@id\":\"https:\/\/hotelsantvicenc.com\/es\/retiros-de-salud\/#breadcrumb\"},\"inLanguage\":\"es\",\"potentialAction\":[{\"@type\":\"ReadAction\",\"target\":[\"https:\/\/hotelsantvicenc.com\/es\/retiros-de-salud\/\"]}]},{\"@type\":\"BreadcrumbList\",\"@id\":\"https:\/\/hotelsantvicenc.com\/es\/retiros-de-salud\/#breadcrumb\",\"itemListElement\":[{\"@type\":\"ListItem\",\"position\":1,\"name\":\"Inici\",\"item\":\"https:\/\/hotelsantvicenc.com\/es\/\"},{\"@type\":\"ListItem\",\"position\":2,\"name\":\"Retiros de salud\"}]},{\"@type\":\"WebSite\",\"@id\":\"https:\/\/hotelsantvicenc.com\/es\/#website\",\"url\":\"https:\/\/hotelsantvicenc.com\/es\/\",\"name\":\"Hotel Balneari Sant Vicen\u00e7\",\"description\":\"HOTEL-BALNEARI\",\"publisher\":{\"@id\":\"https:\/\/hotelsantvicenc.com\/es\/#organization\"},\"potentialAction\":[{\"@type\":\"SearchAction\",\"target\":{\"@type\":\"EntryPoint\",\"urlTemplate\":\"https:\/\/hotelsantvicenc.com\/es\/?s={search_term_string}\"},\"query-input\":{\"@type\":\"PropertyValueSpecification\",\"valueRequired\":true,\"valueName\":\"search_term_string\"}}],\"inLanguage\":\"es\"},{\"@type\":\"Organization\",\"@id\":\"https:\/\/hotelsantvicenc.com\/es\/#organization\",\"name\":\"ELS BANYS DE SANT VICEN\u00c7 SL\",\"url\":\"https:\/\/hotelsantvicenc.com\/es\/\",\"logo\":{\"@type\":\"ImageObject\",\"inLanguage\":\"es\",\"@id\":\"https:\/\/hotelsantvicenc.com\/es\/#\/schema\/logo\/image\/\",\"url\":\"https:\/\/hotelsantvicenc.com\/wp-content\/uploads\/2023\/07\/WhatsApp-Image-2020-07-14-at-5.04.21-PM.jpeg\",\"contentUrl\":\"https:\/\/hotelsantvicenc.com\/wp-content\/uploads\/2023\/07\/WhatsApp-Image-2020-07-14-at-5.04.21-PM.jpeg\",\"width\":472,\"height\":472,\"caption\":\"ELS BANYS DE SANT VICEN\u00c7 SL\"},\"image\":{\"@id\":\"https:\/\/hotelsantvicenc.com\/es\/#\/schema\/logo\/image\/\"},\"sameAs\":[\"https:\/\/www.instagram.com\/balnearisantvicenc\/\"]}]}<\/script>\n<!-- \/ Yoast SEO plugin. -->","yoast_head_json":{"title":"Retiros de salud - Hotel Sant Vicen\u00e7","robots":{"index":"index","follow":"follow","max-snippet":"max-snippet:-1","max-image-preview":"max-image-preview:large","max-video-preview":"max-video-preview:-1"},"canonical":"https:\/\/hotelsantvicenc.com\/es\/retiros-de-salud\/","og_locale":"es_ES","og_type":"article","og_title":"Retiros de salud - Hotel Sant Vicen\u00e7","og_description":"Nuestras estancias m\u00e1s saludables y exclusivas Retiros para desconectar y cuidarse, con tratamientos, dieta, yoga y naturaleza. Todo bajo supervisi\u00f3n m\u00e9dica. . Prueba y repetir\u00e1s! Consulta nuestras fechas para la programaci\u00f3n de retiros 2024. RETIRO DE SALUD 4 NOCHES Cu\u00e1ndo necesites parar, conectar contigo, disfrutar de unos d\u00edas de calma y mimar tu cuerpo por [&hellip;]","og_url":"https:\/\/hotelsantvicenc.com\/es\/retiros-de-salud\/","og_site_name":"Hotel Sant Vicen\u00e7","article_modified_time":"2025-01-25T14:43:29+00:00","twitter_card":"summary_large_image","twitter_misc":{"Tiempo de lectura":"4 minutos"},"schema":{"@context":"https:\/\/schema.org","@graph":[{"@type":"WebPage","@id":"https:\/\/hotelsantvicenc.com\/es\/retiros-de-salud\/","url":"https:\/\/hotelsantvicenc.com\/es\/retiros-de-salud\/","name":"Retiros de salud - Hotel Sant Vicen\u00e7","isPartOf":{"@id":"https:\/\/hotelsantvicenc.com\/es\/#website"},"datePublished":"2019-09-10T10:14:53+00:00","dateModified":"2025-01-25T14:43:29+00:00","breadcrumb":{"@id":"https:\/\/hotelsantvicenc.com\/es\/retiros-de-salud\/#breadcrumb"},"inLanguage":"es","potentialAction":[{"@type":"ReadAction","target":["https:\/\/hotelsantvicenc.com\/es\/retiros-de-salud\/"]}]},{"@type":"BreadcrumbList","@id":"https:\/\/hotelsantvicenc.com\/es\/retiros-de-salud\/#breadcrumb","itemListElement":[{"@type":"ListItem","position":1,"name":"Inici","item":"https:\/\/hotelsantvicenc.com\/es\/"},{"@type":"ListItem","position":2,"name":"Retiros de salud"}]},{"@type":"WebSite","@id":"https:\/\/hotelsantvicenc.com\/es\/#website","url":"https:\/\/hotelsantvicenc.com\/es\/","name":"Hotel Balneari Sant Vicen\u00e7","description":"HOTEL-BALNEARI","publisher":{"@id":"https:\/\/hotelsantvicenc.com\/es\/#organization"},"potentialAction":[{"@type":"SearchAction","target":{"@type":"EntryPoint","urlTemplate":"https:\/\/hotelsantvicenc.com\/es\/?s={search_term_string}"},"query-input":{"@type":"PropertyValueSpecification","valueRequired":true,"valueName":"search_term_string"}}],"inLanguage":"es"},{"@type":"Organization","@id":"https:\/\/hotelsantvicenc.com\/es\/#organization","name":"ELS BANYS DE SANT VICEN\u00c7 SL","url":"https:\/\/hotelsantvicenc.com\/es\/","logo":{"@type":"ImageObject","inLanguage":"es","@id":"https:\/\/hotelsantvicenc.com\/es\/#\/schema\/logo\/image\/","url":"https:\/\/hotelsantvicenc.com\/wp-content\/uploads\/2023\/07\/WhatsApp-Image-2020-07-14-at-5.04.21-PM.jpeg","contentUrl":"https:\/\/hotelsantvicenc.com\/wp-content\/uploads\/2023\/07\/WhatsApp-Image-2020-07-14-at-5.04.21-PM.jpeg","width":472,"height":472,"caption":"ELS BANYS DE SANT VICEN\u00c7 SL"},"image":{"@id":"https:\/\/hotelsantvicenc.com\/es\/#\/schema\/logo\/image\/"},"sameAs":["https:\/\/www.instagram.com\/balnearisantvicenc\/"]}]}},"_links":{"self":[{"href":"https:\/\/hotelsantvicenc.com\/es\/wp-json\/wp\/v2\/pages\/1689","targetHints":{"allow":["GET"]}}],"collection":[{"href":"https:\/\/hotelsantvicenc.com\/es\/wp-json\/wp\/v2\/pages"}],"about":[{"href":"https:\/\/hotelsantvicenc.com\/es\/wp-json\/wp\/v2\/types\/page"}],"author":[{"embeddable":true,"href":"https:\/\/hotelsantvicenc.com\/es\/wp-json\/wp\/v2\/users\/1"}],"replies":[{"embeddable":true,"href":"https:\/\/hotelsantvicenc.com\/es\/wp-json\/wp\/v2\/comments?post=1689"}],"version-history":[{"count":73,"href":"https:\/\/hotelsantvicenc.com\/es\/wp-json\/wp\/v2\/pages\/1689\/revisions"}],"predecessor-version":[{"id":14821,"href":"https:\/\/hotelsantvicenc.com\/es\/wp-json\/wp\/v2\/pages\/1689\/revisions\/14821"}],"wp:attachment":[{"href":"https:\/\/hotelsantvicenc.com\/es\/wp-json\/wp\/v2\/media?parent=1689"}],"curies":[{"name":"wp","href":"https:\/\/api.w.org\/{rel}","templated":true}]}}