{"id":1710,"date":"2019-12-16T19:19:48","date_gmt":"2019-12-16T17:19:48","guid":{"rendered":"http:\/\/hotelsantvicenc.com\/?page_id=1710"},"modified":"2026-02-02T19:50:32","modified_gmt":"2026-02-02T17:50:32","slug":"venir-con-ninos","status":"publish","type":"page","link":"https:\/\/hotelsantvicenc.com\/es\/venir-con-ninos\/","title":{"rendered":"Venir con ni\u00f1os"},"content":{"rendered":"<p>[et_pb_section fb_built=\u00bb1&#8243; _builder_version=\u00bb4.16&#8243; min_height=\u00bb840px\u00bb custom_margin_tablet=\u00bb\u00bb custom_margin_phone=\u00bb-50px||\u00bb custom_margin_last_edited=\u00bbon|desktop\u00bb custom_padding=\u00bb16px||0px|||\u00bb global_colors_info=\u00bb{}\u00bb][et_pb_row _builder_version=\u00bb4.27.4&#8243; custom_margin=\u00bb|auto|0px|auto|false|false\u00bb custom_padding=\u00bb6px||0px|||\u00bb border_width_bottom=\u00bb1px\u00bb border_color_bottom=\u00bb#b7b7b7&#8243; global_colors_info=\u00bb{}\u00bb][et_pb_column type=\u00bb4_4&#8243; _builder_version=\u00bb4.16&#8243; custom_padding=\u00bb|||\u00bb global_colors_info=\u00bb{}\u00bb custom_padding__hover=\u00bb|||\u00bb][et_pb_post_title meta=\u00bboff\u00bb featured_image=\u00bboff\u00bb _builder_version=\u00bb4.16&#8243; title_font=\u00bbMontserrat|300|||||||\u00bb title_text_color=\u00bb#59adbb\u00bb title_font_size=\u00bb48px\u00bb title_font_size_tablet=\u00bb\u00bb title_font_size_phone=\u00bb36px\u00bb title_font_size_last_edited=\u00bbon|desktop\u00bb global_colors_info=\u00bb{}\u00bb][\/et_pb_post_title][\/et_pb_column][\/et_pb_row][et_pb_row column_structure=\u00bb1_2,1_2&#8243; _builder_version=\u00bb4.27.4&#8243; custom_margin=\u00bb|auto|0px|auto|false|false\u00bb custom_padding=\u00bb62px||50px||false|false\u00bb global_colors_info=\u00bb{}\u00bb][et_pb_column type=\u00bb1_2&#8243; _builder_version=\u00bb4.16&#8243; custom_padding=\u00bb|||\u00bb global_colors_info=\u00bb{}\u00bb custom_padding__hover=\u00bb|||\u00bb][et_pb_image src=\u00bbhttps:\/\/hotelsantvicenc.com\/wp-content\/uploads\/2020\/03\/nens.jpg\u00bb _builder_version=\u00bb4.16&#8243; global_colors_info=\u00bb{}\u00bb][\/et_pb_image][et_pb_blurb title=\u00bbPiscina termal interior\u00bb use_icon=\u00bbon\u00bb font_icon=\u00bb&#xe08a;||divi||400&#8243; icon_color=\u00bb#ffffff\u00bb image_icon_background_color=\u00bb#2ea3f2&#8243; icon_placement=\u00bbleft\u00bb image_icon_width=\u00bb28px\u00bb _builder_version=\u00bb4.27.4&#8243; header_font=\u00bbMontserrat|300|||||||\u00bb header_text_color=\u00bb#877a6f\u00bb header_font_size=\u00bb26px\u00bb body_font=\u00bbMontserrat|300|||||||\u00bb body_font_size=\u00bb17px\u00bb image_icon_custom_padding=\u00bb8px|8px|8px|8px|false|false\u00bb custom_padding=\u00bb||0px|||\u00bb hover_enabled=\u00bb0&#8243; border_radii_image=\u00bbon|100%|100%|100%|100%\u00bb icon_font_size=\u00bb28px\u00bb use_circle=\u00bbon\u00bb global_colors_info=\u00bb{}\u00bb image_icon_background_color__sticky_enabled=\u00bb#2ea3f2&#8243; image_icon_background_color__sticky=\u00bb#2ea3f2&#8243; sticky_enabled=\u00bb0&#8243;]<\/p>\n<p>Solamente disponible de 13,00h a 14,00h y de 20,00h a 21,00h<\/p>\n<p><span style=\"color: #59adbb;\"><strong>NO ALOJADOS:<\/strong><\/span><br \/>0-3 a\u00f1os &#8211; <span color=\"#59adbb\" style=\"color: #59adbb;\">Gratis<\/span><strong><br \/><\/strong>4-12 a\u00f1os &#8211; <span style=\"color: #59adbb;\">12\u20ac<\/span><strong><br \/><\/strong>Adultos &#8211; <span style=\"color: #59adbb;\">18\u20ac<\/span><\/p>\n<p><span style=\"color: #59adbb;\"><strong>ALO<\/strong><\/span><span style=\"color: #59adbb;\"><strong>JADOS:<\/strong><\/span><br \/>0-3 a\u00f1os- <span color=\"#59adbb\" style=\"color: #59adbb;\">Gratis<\/span><br \/>4-12 a\u00f1os &#8211;<span style=\"color: #59adbb;\"> 10\u20ac<\/span><br \/>Adultos &#8211; <span style=\"color: #59adbb;\">12\u20ac<\/span><\/p>\n<p>[\/et_pb_blurb][et_pb_blurb title=\u00bbCircuito termal\u00bb use_icon=\u00bbon\u00bb font_icon=\u00bb&#xe08a;||divi||400&#8243; icon_color=\u00bb#ffffff\u00bb image_icon_background_color=\u00bb#2ea3f2&#8243; icon_placement=\u00bbleft\u00bb image_icon_width=\u00bb28px\u00bb _builder_version=\u00bb4.16&#8243; header_font=\u00bbMontserrat|300|||||||\u00bb header_text_color=\u00bb#877a6f\u00bb header_font_size=\u00bb26px\u00bb body_font=\u00bbMontserrat|300|||||||\u00bb body_font_size=\u00bb17px\u00bb image_icon_custom_padding=\u00bb8px|8px|8px|8px|false|false\u00bb custom_padding=\u00bb||0px|||\u00bb border_radii_image=\u00bbon|100%|100%|100%|100%\u00bb icon_font_size=\u00bb28px\u00bb use_circle=\u00bbon\u00bb global_colors_info=\u00bb{}\u00bb image_icon_background_color__sticky_enabled=\u00bb#2ea3f2&#8243; image_icon_background_color__sticky=\u00bb#2ea3f2&#8243;]<\/p>\n<p>No accesible para menores de 14 a\u00f1os<\/p>\n<p>[\/et_pb_blurb][\/et_pb_column][et_pb_column type=\u00bb1_2&#8243; _builder_version=\u00bb4.16&#8243; custom_padding=\u00bb|||\u00bb global_colors_info=\u00bb{}\u00bb custom_padding__hover=\u00bb|||\u00bb][et_pb_text _builder_version=\u00bb4.16&#8243; text_font=\u00bbSatisfy||||||||\u00bb text_text_color=\u00bb#948878&#8243; text_font_size=\u00bb29px\u00bb text_line_height=\u00bb1.4em\u00bb custom_padding=\u00bb15px||15px\u00bb border_color_top=\u00bb#00bfce\u00bb border_width_bottom=\u00bb1px\u00bb border_color_bottom=\u00bb#00bfce\u00bb text_text_align=\u00bbleft\u00bb global_colors_info=\u00bb{}\u00bb]<\/p>\n<p>En el hotel disponemos de algunas habitaciones espaciosas que permiten una cama o dos camas supletorias. En el restaurante ofrecemos un men\u00fa infantil tanto para comer como para cenar. En el centro termal los ni\u00f1os tienen las restricciones de acceso que detallamos a continuaci\u00f3n.<\/p>\n<p>[\/et_pb_text][et_pb_blurb title=\u00bbPiscina termal exterior\u00bb use_icon=\u00bbon\u00bb font_icon=\u00bb&#xe08a;||divi||400&#8243; icon_color=\u00bb#ffffff\u00bb image_icon_background_color=\u00bb#2ea3f2&#8243; icon_placement=\u00bbleft\u00bb image_icon_width=\u00bb28px\u00bb _builder_version=\u00bb4.27.4&#8243; header_font=\u00bbMontserrat|300|||||||\u00bb header_text_color=\u00bb#877a6f\u00bb header_font_size=\u00bb26px\u00bb body_font=\u00bbMontserrat|300|||||||\u00bb body_font_size=\u00bb17px\u00bb image_icon_custom_padding=\u00bb8px|8px|8px|8px|false|false\u00bb custom_margin=\u00bb||||false|false\u00bb custom_padding=\u00bb59px||0px||false|false\u00bb hover_enabled=\u00bb0&#8243; border_radii_image=\u00bbon|100%|100%|100%|100%\u00bb icon_font_size=\u00bb28px\u00bb use_circle=\u00bbon\u00bb global_colors_info=\u00bb{}\u00bb image_icon_background_color__sticky_enabled=\u00bb#2ea3f2&#8243; image_icon_background_color__sticky=\u00bb#2ea3f2&#8243; sticky_enabled=\u00bb0&#8243;]<\/p>\n<p>(solo temporada de verano)<br \/>De 10,00h a 19,00h<\/p>\n<p><span style=\"color: #59adbb;\"><strong>NO ALOJADOS:<br \/><\/strong><\/span>0-3\u00a0 a\u00f1os &#8211; <span color=\"#59adbb\" style=\"color: #59adbb;\">Gratis<\/span><strong><br \/><\/strong>4-12 a\u00f1os &#8211; <span style=\"color: #59adbb;\">6\u20ac<\/span><strong><br \/><\/strong>Adultos &#8211;\u00a0<span style=\"color: #59adbb;\">12\u20ac<\/span><\/p>\n<p><span style=\"color: #59adbb;\"><strong>ALOJADOS:<\/strong><\/span><br \/><span style=\"color: #59adbb;\">Sin coste<\/span><\/p>\n<p>[\/et_pb_blurb][et_pb_blurb title=\u00bbBa\u00f1era familiar\u00bb use_icon=\u00bbon\u00bb font_icon=\u00bb&#xe08a;||divi||400&#8243; icon_color=\u00bb#ffffff\u00bb image_icon_background_color=\u00bb#2ea3f2&#8243; icon_placement=\u00bbleft\u00bb image_icon_width=\u00bb28px\u00bb _builder_version=\u00bb4.27.4&#8243; header_font=\u00bbMontserrat|300|||||||\u00bb header_text_color=\u00bb#877a6f\u00bb header_font_size=\u00bb26px\u00bb body_font=\u00bbMontserrat|300|||||||\u00bb body_font_size=\u00bb17px\u00bb image_icon_custom_padding=\u00bb8px|8px|8px|8px|false|false\u00bb custom_padding=\u00bb||0px|||\u00bb hover_enabled=\u00bb0&#8243; border_radii_image=\u00bbon|100%|100%|100%|100%\u00bb icon_font_size=\u00bb28px\u00bb use_circle=\u00bbon\u00bb global_colors_info=\u00bb{}\u00bb image_icon_background_color__sticky_enabled=\u00bb#2ea3f2&#8243; image_icon_background_color__sticky=\u00bb#2ea3f2&#8243; sticky_enabled=\u00bb0&#8243;]<\/p>\n<p>De 9,00h a 14,00h y de 16,00h a 20,00h<\/p>\n<p><span style=\"color: #59adbb;\"><strong>NO ALOJADOS:<br \/><\/strong><\/span><span style=\"color: #59adbb;\">50\u20ac<\/span><\/p>\n<p><span style=\"color: #59adbb;\"><strong>ALOJADOS:<\/strong><\/span><br \/><span style=\"color: #59adbb;\">50\u20ac<\/span><\/p>\n<p>[\/et_pb_blurb][\/et_pb_column][\/et_pb_row][\/et_pb_section]<\/p>\n","protected":false},"excerpt":{"rendered":"<p>Solamente disponible de 13,00h a 14,00h y de 20,00h a 21,00h NO ALOJADOS:0-3 a\u00f1os &#8211; Gratis4-12 a\u00f1os &#8211; 12\u20acAdultos &#8211; 18\u20ac ALOJADOS:0-3 a\u00f1os- Gratis4-12 a\u00f1os &#8211; 10\u20acAdultos &#8211; 12\u20acNo accesible para menores de 14 a\u00f1os En el hotel disponemos de algunas habitaciones espaciosas que permiten una cama o dos camas supletorias. En el restaurante ofrecemos [&hellip;]<\/p>\n","protected":false},"author":1,"featured_media":0,"parent":0,"menu_order":0,"comment_status":"closed","ping_status":"closed","template":"","meta":{"_et_pb_use_builder":"on","_et_pb_old_content":"<p>[et_pb_section fb_built=\"1\" _builder_version=\"3.23.3\" min_height=\"840px\" custom_padding=\"16px||0px|||\" custom_margin_last_edited=\"on|desktop\" custom_margin_phone=\"-50px||\"][et_pb_row custom_padding=\"6px||0px|||\" _builder_version=\"3.23.3\" border_width_bottom=\"1px\" border_color_bottom=\"#b7b7b7\"][et_pb_column type=\"4_4\" _builder_version=\"3.0.47\"][et_pb_post_title meta=\"off\" featured_image=\"off\" _builder_version=\"3.23.3\" title_font=\"Montserrat|300|||||||\" title_text_color=\"#59adbb\" title_font_size=\"48px\" hover_enabled=\"0\" title_font_size_last_edited=\"on|desktop\" title_font_size_phone=\"36px\"][\/et_pb_post_title][\/et_pb_column][\/et_pb_row][et_pb_row _builder_version=\"3.23.3\"][et_pb_column type=\"1_2\" _builder_version=\"3.0.47\"][et_pb_image src=\"http:\/\/hotelsantvicenc.com\/wp-content\/uploads\/2019\/07\/nens.jpg\" _builder_version=\"3.23.3\"][\/et_pb_image][\/et_pb_column][et_pb_column type=\"1_2\" _builder_version=\"3.0.47\"][et_pb_text _builder_version=\"3.23.3\" text_font=\"Satisfy||||||||\" text_text_align=\"left\" text_text_color=\"#948878\" text_font_size=\"29px\" text_line_height=\"1.4em\" border_color_top=\"#00bfce\" border_width_bottom=\"1px\" border_color_bottom=\"#00bfce\" custom_padding=\"15px||15px\"]<\/p><p>Tot seguit us indiquem els serveis i horaris aptes per accedir al centre termal del balneari amb nens.<\/p><p>[\/et_pb_text][et_pb_blurb title=\"Piscina termal interior\" use_icon=\"on\" font_icon=\"%%258%%\" icon_color=\"#ffffff\" use_circle=\"on\" icon_placement=\"left\" use_icon_font_size=\"on\" icon_font_size=\"28px\" _builder_version=\"3.23.3\" header_font=\"Montserrat|300|||||||\" header_text_color=\"#877a6f\" header_font_size=\"26px\" body_font=\"Montserrat|300|||||||\" body_font_size=\"17px\" custom_padding=\"||0px|||\"]<\/p><p>De 13,00h a 14,00h i de 20,00h a 21,00h<\/p><p><span style=\"color: #59adbb;\"><strong>NO ALLOTJATS:<\/strong><\/span><br \/>1-4 anys - <span style=\"color: #59adbb;\">4\u20ac<\/span><strong><br \/><\/strong>5-13any - <span style=\"color: #59adbb;\">8\u20ac<\/span><strong><br \/><\/strong>Adults - <span style=\"color: #59adbb;\">15\u20ac<\/span><\/p><p><span style=\"color: #59adbb;\"><strong>ALLOTJATS:<\/strong><\/span><br \/>1-4 anys - <span style=\"color: #59adbb;\">4\u20ac<\/span><br \/>5-13anys -<span style=\"color: #59adbb;\"> 8\u20ac<\/span><br \/>Adults - <span style=\"color: #59adbb;\">10\u20ac<\/span><\/p><p>[\/et_pb_blurb][et_pb_blurb title=\"Nou circuit termal\" use_icon=\"on\" font_icon=\"%%258%%\" icon_color=\"#ffffff\" use_circle=\"on\" icon_placement=\"left\" use_icon_font_size=\"on\" icon_font_size=\"28px\" _builder_version=\"3.23.3\" header_font=\"Montserrat|300|||||||\" header_text_color=\"#877a6f\" header_font_size=\"26px\" body_font=\"Montserrat|300|||||||\" body_font_size=\"17px\" custom_padding=\"||0px|||\"]No accessible per menors de 14 anys[\/et_pb_blurb][et_pb_blurb title=\"Piscina termal exterior\" use_icon=\"on\" font_icon=\"%%258%%\" icon_color=\"#ffffff\" use_circle=\"on\" icon_placement=\"left\" use_icon_font_size=\"on\" icon_font_size=\"28px\" _builder_version=\"3.23.3\" header_font=\"Montserrat|300|||||||\" header_text_color=\"#877a6f\" header_font_size=\"26px\" body_font=\"Montserrat|300|||||||\" body_font_size=\"17px\" custom_padding=\"||0px|||\"]<\/p><p>(nom\u00e9s temporada d'estiu)<br \/>De 10,00h a 19,00h<\/p><p><span style=\"color: #59adbb;\"><strong>NO ALLOTJATS:<br \/><\/strong><\/span>1-4 anys -\u00a0<span style=\"color: #59adbb;\">3\u20ac<\/span><strong><br \/><\/strong>5-13anys -\u00a0<span style=\"color: #59adbb;\">5\u20ac<\/span><strong><br \/><\/strong>Adults -\u00a0<span style=\"color: #59adbb;\">10\u20ac<\/span><\/p><p><span style=\"color: #59adbb;\"><strong>ALLOTJATS:<\/strong><\/span><br \/><span style=\"color: #59adbb;\">Sense cost<\/span><\/p><p>[\/et_pb_blurb][et_pb_blurb title=\"Banyera familiar\" use_icon=\"on\" font_icon=\"%%258%%\" icon_color=\"#ffffff\" use_circle=\"on\" icon_placement=\"left\" use_icon_font_size=\"on\" icon_font_size=\"28px\" _builder_version=\"3.23.3\" header_font=\"Montserrat|300|||||||\" header_text_color=\"#877a6f\" header_font_size=\"26px\" body_font=\"Montserrat|300|||||||\" body_font_size=\"17px\" custom_padding=\"||0px|||\"]De 9,00h a 14,00h i de 16,00h a 20,00h<\/p><p><span style=\"color: #59adbb;\"><strong>NO ALLOTJATS:<br \/><\/strong><\/span><span style=\"color: #59adbb;\">35\u20ac<\/span><\/p><p><span style=\"color: #59adbb;\"><strong>ALLOTJATS:<\/strong><\/span><br \/><span style=\"color: #59adbb;\">35\u20ac<\/span>[\/et_pb_blurb][\/et_pb_column][\/et_pb_row][\/et_pb_section][et_pb_section fb_built=\"1\" _builder_version=\"3.23.3\" background_color=\"#9b9b9b\" custom_padding=\"10px||16px|||\" global_module=\"192\" saved_tabs=\"all\"][et_pb_row use_custom_gutter=\"on\" gutter_width=\"1\" custom_padding=\"6px||5px|||\" _builder_version=\"3.23.3\"][et_pb_column type=\"1_4\" _builder_version=\"3.0.47\"][et_pb_image src=\"http:\/\/hotelsantvicenc.com\/wp-content\/uploads\/2019\/06\/peu-telefon.png\" align=\"center\" _builder_version=\"3.23.3\" width=\"15%\"][\/et_pb_image][et_pb_text _builder_version=\"3.23.3\" text_font=\"Montserrat|300|||||||\" text_text_align=\"center\" text_text_color=\"#ffffff\" text_font_size=\"17px\" custom_margin=\"||\" custom_padding=\"15px||\"]<\/p><p>973 384 010<br \/>671 559 585<\/p><p>[\/et_pb_text][\/et_pb_column][et_pb_column type=\"1_4\" _builder_version=\"3.0.47\"][et_pb_image src=\"http:\/\/hotelsantvicenc.com\/wp-content\/uploads\/2019\/06\/peu-email.png\" align=\"center\" _builder_version=\"3.23.3\" width=\"15%\"][\/et_pb_image][et_pb_text _builder_version=\"3.23.3\" text_font=\"Montserrat|300|||||||\" text_text_align=\"center\" text_text_color=\"#ffffff\" text_font_size=\"17px\" link_font=\"||||||||\" link_text_color=\"#ffffff\" custom_margin=\"||\" custom_padding=\"15px||\"]<\/p><p><a href=\"https:\/\/linceo.svt.es:8443\/smb\/email-address\/edit\/id\/49\">reserves@hotelsantvicenc.com<\/a><\/p><p>[\/et_pb_text][\/et_pb_column][et_pb_column type=\"1_4\" _builder_version=\"3.0.47\"][et_pb_image src=\"http:\/\/hotelsantvicenc.com\/wp-content\/uploads\/2019\/06\/peu-onsom.png\" url=\"https:\/\/www.google.com\/maps\/place\/Hotel+Balneari+Sant+Vicen%C3%A7\/@42.3684889,1.5946055,15z\/data=!4m2!3m1!1s0x0:0xef70ee504c88bc29?sa=X&ved=2ahUKEwjX-5Sn5PDiAhVMOBoKHSJrCvYQ_BIwDnoECBAQCA\" url_new_window=\"on\" align=\"center\" _builder_version=\"3.23.3\" width=\"15%\"][\/et_pb_image][et_pb_text _builder_version=\"3.23.3\" text_font=\"Montserrat|300|||||||\" text_text_align=\"center\" text_text_color=\"#ffffff\" text_font_size=\"17px\" custom_margin=\"||\" custom_padding=\"15px||\"]<\/p><p>Troba'ns<\/p><p>[\/et_pb_text][\/et_pb_column][et_pb_column type=\"1_4\" _builder_version=\"3.0.47\"][et_pb_text _builder_version=\"3.23.3\" text_font=\"||||||||\" text_text_align=\"center\" width=\"100%\"]<\/p><p><a href=\"https:\/\/www.facebook.com\/santvicenc\/\" target=\"_blank\" rel=\"noopener noreferrer\"><img class=\"wp-image-134 alignnone size-medium\" src=\"https:\/\/hotelsantvicenc.com\/wp-content\/uploads\/2019\/06\/peu-facebook-300x300.png\" alt=\"\" width=\"44\" height=\"44\" \/><\/a>\u00a0 \u00a0 <a href=\"https:\/\/www.pinterest.es\/marta2826\/pins\/\" target=\"_blank\" rel=\"noopener noreferrer\"><img class=\"wp-image-137 alignnone size-medium\" src=\"https:\/\/hotelsantvicenc.com\/wp-content\/uploads\/2019\/06\/peu-pinterest-300x300.png\" alt=\"\" width=\"44\" height=\"44\" \/><\/a>\u00a0 \u00a0\u00a0<a href=\"https:\/\/www.instagram.com\/balnearisantvicenc\/\"><img class=\"wp-image-135 alignnone size-medium\" src=\"https:\/\/hotelsantvicenc.com\/wp-content\/uploads\/2019\/06\/peu-instagram-300x300.png\" alt=\"\" width=\"44\" height=\"44\" \/><\/a><\/p><p>[\/et_pb_text][et_pb_text _builder_version=\"3.23.3\" text_font=\"Montserrat|300|||||||\" text_text_align=\"center\" text_text_color=\"#ffffff\" text_font_size=\"17px\" custom_margin=\"||\" custom_padding=\"8px|||||\"]<\/p><p>Segueix-nos<\/p><p>[\/et_pb_text][\/et_pb_column][\/et_pb_row][et_pb_row custom_padding=\"5px||3px|||\" _builder_version=\"3.23.3\"][et_pb_column type=\"4_4\" _builder_version=\"3.0.47\"][et_pb_text _builder_version=\"3.23.3\" text_text_color=\"#ffffff\" link_text_color=\"#ffffff\" text_orientation=\"center\" z_index_tablet=\"500\" text_text_shadow_horizontal_length_tablet=\"0px\" text_text_shadow_vertical_length_tablet=\"0px\" text_text_shadow_blur_strength_tablet=\"1px\" link_text_shadow_horizontal_length_tablet=\"0px\" link_text_shadow_vertical_length_tablet=\"0px\" link_text_shadow_blur_strength_tablet=\"1px\" ul_text_shadow_horizontal_length_tablet=\"0px\" ul_text_shadow_vertical_length_tablet=\"0px\" ul_text_shadow_blur_strength_tablet=\"1px\" ol_text_shadow_horizontal_length_tablet=\"0px\" ol_text_shadow_vertical_length_tablet=\"0px\" ol_text_shadow_blur_strength_tablet=\"1px\" quote_text_shadow_horizontal_length_tablet=\"0px\" quote_text_shadow_vertical_length_tablet=\"0px\" quote_text_shadow_blur_strength_tablet=\"1px\" header_text_shadow_horizontal_length_tablet=\"0px\" header_text_shadow_vertical_length_tablet=\"0px\" header_text_shadow_blur_strength_tablet=\"1px\" header_2_text_shadow_horizontal_length_tablet=\"0px\" header_2_text_shadow_vertical_length_tablet=\"0px\" header_2_text_shadow_blur_strength_tablet=\"1px\" header_3_text_shadow_horizontal_length_tablet=\"0px\" header_3_text_shadow_vertical_length_tablet=\"0px\" header_3_text_shadow_blur_strength_tablet=\"1px\" header_4_text_shadow_horizontal_length_tablet=\"0px\" header_4_text_shadow_vertical_length_tablet=\"0px\" header_4_text_shadow_blur_strength_tablet=\"1px\" header_5_text_shadow_horizontal_length_tablet=\"0px\" header_5_text_shadow_vertical_length_tablet=\"0px\" header_5_text_shadow_blur_strength_tablet=\"1px\" header_6_text_shadow_horizontal_length_tablet=\"0px\" header_6_text_shadow_vertical_length_tablet=\"0px\" header_6_text_shadow_blur_strength_tablet=\"1px\" box_shadow_horizontal_tablet=\"0px\" box_shadow_vertical_tablet=\"0px\" box_shadow_blur_tablet=\"40px\" box_shadow_spread_tablet=\"0px\"]<\/p><p>HOTEL SANT VICEN\u00c7\u00a9 \/\/<a href=\"http:\/\/hotelsantvicenc.com\/politica-de-privadesa-2\/\"> POL\u00cdTICA DE PRIVACITAT<\/a> \/ <a href=\"http:\/\/hotelsantvicenc.com\/avis-legal\/\">AV\u00cdS LEGAL<\/a> \/ <a href=\"http:\/\/hotelsantvicenc.com\/politica-de-cookies\/\">POL\u00cdTICA DE COOKIES<\/a><\/p><p>[\/et_pb_text][\/et_pb_column][\/et_pb_row][\/et_pb_section]<\/p>","_et_gb_content_width":"","_mc_calendar":[],"_joinchat":[],"footnotes":""},"class_list":["post-1710","page","type-page","status-publish","hentry"],"yoast_head":"<!-- This site is optimized with the Yoast SEO plugin v25.3 - https:\/\/yoast.com\/wordpress\/plugins\/seo\/ -->\n<title>Venir con ni\u00f1os - Hotel Sant Vicen\u00e7<\/title>\n<meta name=\"robots\" content=\"index, follow, max-snippet:-1, max-image-preview:large, max-video-preview:-1\" \/>\n<link rel=\"canonical\" href=\"https:\/\/hotelsantvicenc.com\/es\/venir-con-ninos\/\" \/>\n<meta property=\"og:locale\" content=\"es_ES\" \/>\n<meta property=\"og:type\" content=\"article\" \/>\n<meta property=\"og:title\" content=\"Venir con ni\u00f1os - Hotel Sant Vicen\u00e7\" \/>\n<meta property=\"og:description\" content=\"Solamente disponible de 13,00h a 14,00h y de 20,00h a 21,00h NO ALOJADOS:0-3 a\u00f1os - Gratis4-12 a\u00f1os - 12\u20acAdultos - 18\u20ac ALOJADOS:0-3 a\u00f1os- Gratis4-12 a\u00f1os - 10\u20acAdultos - 12\u20acNo accesible para menores de 14 a\u00f1os En el hotel disponemos de algunas habitaciones espaciosas que permiten una cama o dos camas supletorias. En el restaurante ofrecemos [&hellip;]\" \/>\n<meta property=\"og:url\" content=\"https:\/\/hotelsantvicenc.com\/es\/venir-con-ninos\/\" \/>\n<meta property=\"og:site_name\" content=\"Hotel Sant Vicen\u00e7\" \/>\n<meta property=\"article:modified_time\" content=\"2026-02-02T17:50:32+00:00\" \/>\n<meta name=\"twitter:card\" content=\"summary_large_image\" \/>\n<meta name=\"twitter:label1\" content=\"Tiempo de lectura\" \/>\n\t<meta name=\"twitter:data1\" content=\"3 minutos\" \/>\n<script type=\"application\/ld+json\" class=\"yoast-schema-graph\">{\"@context\":\"https:\/\/schema.org\",\"@graph\":[{\"@type\":\"WebPage\",\"@id\":\"https:\/\/hotelsantvicenc.com\/es\/venir-con-ninos\/\",\"url\":\"https:\/\/hotelsantvicenc.com\/es\/venir-con-ninos\/\",\"name\":\"Venir con ni\u00f1os - Hotel Sant Vicen\u00e7\",\"isPartOf\":{\"@id\":\"https:\/\/hotelsantvicenc.com\/es\/#website\"},\"datePublished\":\"2019-12-16T17:19:48+00:00\",\"dateModified\":\"2026-02-02T17:50:32+00:00\",\"breadcrumb\":{\"@id\":\"https:\/\/hotelsantvicenc.com\/es\/venir-con-ninos\/#breadcrumb\"},\"inLanguage\":\"es\",\"potentialAction\":[{\"@type\":\"ReadAction\",\"target\":[\"https:\/\/hotelsantvicenc.com\/es\/venir-con-ninos\/\"]}]},{\"@type\":\"BreadcrumbList\",\"@id\":\"https:\/\/hotelsantvicenc.com\/es\/venir-con-ninos\/#breadcrumb\",\"itemListElement\":[{\"@type\":\"ListItem\",\"position\":1,\"name\":\"Inici\",\"item\":\"https:\/\/hotelsantvicenc.com\/es\/\"},{\"@type\":\"ListItem\",\"position\":2,\"name\":\"Venir con ni\u00f1os\"}]},{\"@type\":\"WebSite\",\"@id\":\"https:\/\/hotelsantvicenc.com\/es\/#website\",\"url\":\"https:\/\/hotelsantvicenc.com\/es\/\",\"name\":\"Hotel Balneari Sant Vicen\u00e7\",\"description\":\"HOTEL-BALNEARI\",\"publisher\":{\"@id\":\"https:\/\/hotelsantvicenc.com\/es\/#organization\"},\"potentialAction\":[{\"@type\":\"SearchAction\",\"target\":{\"@type\":\"EntryPoint\",\"urlTemplate\":\"https:\/\/hotelsantvicenc.com\/es\/?s={search_term_string}\"},\"query-input\":{\"@type\":\"PropertyValueSpecification\",\"valueRequired\":true,\"valueName\":\"search_term_string\"}}],\"inLanguage\":\"es\"},{\"@type\":\"Organization\",\"@id\":\"https:\/\/hotelsantvicenc.com\/es\/#organization\",\"name\":\"ELS BANYS DE SANT VICEN\u00c7 SL\",\"url\":\"https:\/\/hotelsantvicenc.com\/es\/\",\"logo\":{\"@type\":\"ImageObject\",\"inLanguage\":\"es\",\"@id\":\"https:\/\/hotelsantvicenc.com\/es\/#\/schema\/logo\/image\/\",\"url\":\"https:\/\/hotelsantvicenc.com\/wp-content\/uploads\/2023\/07\/WhatsApp-Image-2020-07-14-at-5.04.21-PM.jpeg\",\"contentUrl\":\"https:\/\/hotelsantvicenc.com\/wp-content\/uploads\/2023\/07\/WhatsApp-Image-2020-07-14-at-5.04.21-PM.jpeg\",\"width\":472,\"height\":472,\"caption\":\"ELS BANYS DE SANT VICEN\u00c7 SL\"},\"image\":{\"@id\":\"https:\/\/hotelsantvicenc.com\/es\/#\/schema\/logo\/image\/\"},\"sameAs\":[\"https:\/\/www.instagram.com\/balnearisantvicenc\/\"]}]}<\/script>\n<!-- \/ Yoast SEO plugin. -->","yoast_head_json":{"title":"Venir con ni\u00f1os - Hotel Sant Vicen\u00e7","robots":{"index":"index","follow":"follow","max-snippet":"max-snippet:-1","max-image-preview":"max-image-preview:large","max-video-preview":"max-video-preview:-1"},"canonical":"https:\/\/hotelsantvicenc.com\/es\/venir-con-ninos\/","og_locale":"es_ES","og_type":"article","og_title":"Venir con ni\u00f1os - Hotel Sant Vicen\u00e7","og_description":"Solamente disponible de 13,00h a 14,00h y de 20,00h a 21,00h NO ALOJADOS:0-3 a\u00f1os - Gratis4-12 a\u00f1os - 12\u20acAdultos - 18\u20ac ALOJADOS:0-3 a\u00f1os- Gratis4-12 a\u00f1os - 10\u20acAdultos - 12\u20acNo accesible para menores de 14 a\u00f1os En el hotel disponemos de algunas habitaciones espaciosas que permiten una cama o dos camas supletorias. En el restaurante ofrecemos [&hellip;]","og_url":"https:\/\/hotelsantvicenc.com\/es\/venir-con-ninos\/","og_site_name":"Hotel Sant Vicen\u00e7","article_modified_time":"2026-02-02T17:50:32+00:00","twitter_card":"summary_large_image","twitter_misc":{"Tiempo de lectura":"3 minutos"},"schema":{"@context":"https:\/\/schema.org","@graph":[{"@type":"WebPage","@id":"https:\/\/hotelsantvicenc.com\/es\/venir-con-ninos\/","url":"https:\/\/hotelsantvicenc.com\/es\/venir-con-ninos\/","name":"Venir con ni\u00f1os - Hotel Sant Vicen\u00e7","isPartOf":{"@id":"https:\/\/hotelsantvicenc.com\/es\/#website"},"datePublished":"2019-12-16T17:19:48+00:00","dateModified":"2026-02-02T17:50:32+00:00","breadcrumb":{"@id":"https:\/\/hotelsantvicenc.com\/es\/venir-con-ninos\/#breadcrumb"},"inLanguage":"es","potentialAction":[{"@type":"ReadAction","target":["https:\/\/hotelsantvicenc.com\/es\/venir-con-ninos\/"]}]},{"@type":"BreadcrumbList","@id":"https:\/\/hotelsantvicenc.com\/es\/venir-con-ninos\/#breadcrumb","itemListElement":[{"@type":"ListItem","position":1,"name":"Inici","item":"https:\/\/hotelsantvicenc.com\/es\/"},{"@type":"ListItem","position":2,"name":"Venir con ni\u00f1os"}]},{"@type":"WebSite","@id":"https:\/\/hotelsantvicenc.com\/es\/#website","url":"https:\/\/hotelsantvicenc.com\/es\/","name":"Hotel Balneari Sant Vicen\u00e7","description":"HOTEL-BALNEARI","publisher":{"@id":"https:\/\/hotelsantvicenc.com\/es\/#organization"},"potentialAction":[{"@type":"SearchAction","target":{"@type":"EntryPoint","urlTemplate":"https:\/\/hotelsantvicenc.com\/es\/?s={search_term_string}"},"query-input":{"@type":"PropertyValueSpecification","valueRequired":true,"valueName":"search_term_string"}}],"inLanguage":"es"},{"@type":"Organization","@id":"https:\/\/hotelsantvicenc.com\/es\/#organization","name":"ELS BANYS DE SANT VICEN\u00c7 SL","url":"https:\/\/hotelsantvicenc.com\/es\/","logo":{"@type":"ImageObject","inLanguage":"es","@id":"https:\/\/hotelsantvicenc.com\/es\/#\/schema\/logo\/image\/","url":"https:\/\/hotelsantvicenc.com\/wp-content\/uploads\/2023\/07\/WhatsApp-Image-2020-07-14-at-5.04.21-PM.jpeg","contentUrl":"https:\/\/hotelsantvicenc.com\/wp-content\/uploads\/2023\/07\/WhatsApp-Image-2020-07-14-at-5.04.21-PM.jpeg","width":472,"height":472,"caption":"ELS BANYS DE SANT VICEN\u00c7 SL"},"image":{"@id":"https:\/\/hotelsantvicenc.com\/es\/#\/schema\/logo\/image\/"},"sameAs":["https:\/\/www.instagram.com\/balnearisantvicenc\/"]}]}},"_links":{"self":[{"href":"https:\/\/hotelsantvicenc.com\/es\/wp-json\/wp\/v2\/pages\/1710","targetHints":{"allow":["GET"]}}],"collection":[{"href":"https:\/\/hotelsantvicenc.com\/es\/wp-json\/wp\/v2\/pages"}],"about":[{"href":"https:\/\/hotelsantvicenc.com\/es\/wp-json\/wp\/v2\/types\/page"}],"author":[{"embeddable":true,"href":"https:\/\/hotelsantvicenc.com\/es\/wp-json\/wp\/v2\/users\/1"}],"replies":[{"embeddable":true,"href":"https:\/\/hotelsantvicenc.com\/es\/wp-json\/wp\/v2\/comments?post=1710"}],"version-history":[{"count":15,"href":"https:\/\/hotelsantvicenc.com\/es\/wp-json\/wp\/v2\/pages\/1710\/revisions"}],"predecessor-version":[{"id":17066,"href":"https:\/\/hotelsantvicenc.com\/es\/wp-json\/wp\/v2\/pages\/1710\/revisions\/17066"}],"wp:attachment":[{"href":"https:\/\/hotelsantvicenc.com\/es\/wp-json\/wp\/v2\/media?parent=1710"}],"curies":[{"name":"wp","href":"https:\/\/api.w.org\/{rel}","templated":true}]}}