{"id":1732,"date":"2019-12-16T19:27:25","date_gmt":"2019-12-16T17:27:25","guid":{"rendered":"http:\/\/hotelsantvicenc.com\/?page_id=1732"},"modified":"2025-01-30T21:50:17","modified_gmt":"2025-01-30T19:50:17","slug":"opcion-rural","status":"publish","type":"page","link":"https:\/\/hotelsantvicenc.com\/es\/opcion-rural\/","title":{"rendered":"Opci\u00f3n Rural"},"content":{"rendered":"<p>[et_pb_section bb_built=\u00bb1&#8243; _builder_version=\u00bb4.16&#8243; custom_margin_phone=\u00bb-50px||\u00bb custom_margin_last_edited=\u00bbon|desktop\u00bb custom_padding=\u00bb0px|||||\u00bb global_colors_info=\u00bb{}\u00bb][et_pb_row _builder_version=\u00bb4.27.4&#8243; custom_padding=\u00bb7px|||||\u00bb hover_enabled=\u00bb0&#8243; border_width_bottom=\u00bb1px\u00bb border_color_bottom=\u00bb#948878&#8243; global_colors_info=\u00bb{}\u00bb column_structure=\u00bb1_2,1_2&#8243; custom_margin=\u00bb|auto|0px|auto|false|false\u00bb sticky_enabled=\u00bb0&#8243;][et_pb_column type=\u00bb1_2&#8243; _builder_version=\u00bb4.16&#8243; custom_css_main_element=\u00bbborder: solid 1px #59ADBB;||padding: 25px;\u00bb global_colors_info=\u00bb{}\u00bb custom_padding__hover=\u00bb|||\u00bb][et_pb_text _builder_version=\u00bb4.16&#8243; text_font=\u00bb||||||||\u00bb text_text_color=\u00bb#59adbb\u00bb header_font=\u00bb||||||||\u00bb header_2_font=\u00bbMontserrat|300|||||||\u00bb header_2_text_color=\u00bb#59adbb\u00bb header_3_font=\u00bbMontserrat|300|||||||\u00bb header_3_font_size=\u00bb17px\u00bb header_3_line_height=\u00bb1.3em\u00bb custom_margin=\u00bb||9px|||\u00bb custom_padding=\u00bb||0px|||\u00bb global_colors_info=\u00bb{}\u00bb]<\/p>\n<h2>Conoceis el Mas de Sant Vicen\u00e7?<\/h2>\n<h3>La historia de esta mas\u00eda es la nuestra.<\/h3>\n<p>[\/et_pb_text][et_pb_image src=\u00bbhttps:\/\/hotelsantvicenc.com\/wp-content\/uploads\/2023\/01\/rural-mas.jpg\u00bb title_text=\u00bbrural-mas\u00bb _builder_version=\u00bb4.16&#8243; global_colors_info=\u00bb{}\u00bb \/][et_pb_text _builder_version=\u00bb4.16&#8243; text_font=\u00bb||||||||\u00bb header_font=\u00bb||||||||\u00bb header_2_font=\u00bbMontserrat|300|||||||\u00bb header_2_text_color=\u00bb#59adbb\u00bb header_3_font=\u00bbMontserrat|300|||||||\u00bb header_3_font_size=\u00bb17px\u00bb header_3_line_height=\u00bb1.3em\u00bb global_colors_info=\u00bb{}\u00bb]<\/p>\n<p style=\"text-align: justify;\"><span>Situada a\u00a0<\/span><span>900m<\/span><span>. del Balneario, nuestros antepasados se establecieron en ella a mediados del siglo XVI.<\/span><\/p>\n<p><span>A lo largo del tiempo muchos hombres y mujeres de dentro y fuera de la familia han vivido y trabajado en esta mas\u00eda, pero ahora una nueva generaci\u00f3n vivimos, haciendo real el sue\u00f1o de compartir la historia de quien nos ha precedido. Con esta ilusi\u00f3n hemos convertido las viejas cuadras y pajares en alojamientos rurales devolviendo, as\u00ed, la vida a la casa.<\/span><\/p>\n<p><span>Todo lo hemos hecho pensando en ellas, las mujeres del Mas, mujeres que en su d\u00eda vivieron y fueron pilares en la historia de nuestra familia, mujeres valientes, emprendedoras y muy queridas. Es por eso que no queremos que caigan en el olvido y nuestro deseo es que formen parte de este proyecto para recordarlas siempre.<\/span><\/p>\n<p><strong>\u00bfOs apetece alojaros en el Mas?<\/strong><br \/> <span>Disfrutareis de acceso al circuito termal del Balneario a precio de alojado,<\/span><\/p>\n<p><span>En la reserva del circuito termal mencionad codigo:\u00a0<strong>Masbanys.<\/strong><\/span><\/p>\n<p><span>Animales de compa\u00f1\u00eda bienvenidos.<\/span><\/p>\n<p style=\"text-align: justify;\"><a href=\"http:\/\/www.elmasrural.com\/\" target=\"_blank\" rel=\"noopener noreferrer\">http:\/\/www.elmasrural.com<\/a><\/p>\n<p>[\/et_pb_text][\/et_pb_column][et_pb_column type=\u00bb1_2&#8243; _builder_version=\u00bb4.16&#8243; custom_css_main_element=\u00bbborder: solid 1px #59ADBB;||padding: 25px;\u00bb global_colors_info=\u00bb{}\u00bb custom_padding__hover=\u00bb|||\u00bb][et_pb_text _builder_version=\u00bb4.16&#8243; text_font=\u00bb||||||||\u00bb text_text_color=\u00bb#59adbb\u00bb header_font=\u00bb||||||||\u00bb header_2_font=\u00bbMontserrat|300|||||||\u00bb header_2_text_color=\u00bb#59adbb\u00bb header_3_font=\u00bbMontserrat|300|||||||\u00bb header_3_font_size=\u00bb17px\u00bb header_3_line_height=\u00bb1.3em\u00bb custom_margin=\u00bb||9px\u00bb global_colors_info=\u00bb{}\u00bb]<\/p>\n<h2>Bescaran<\/h2>\n<h3>un pueblecito de monta\u00f1a con caracter.<\/h3>\n<p>[\/et_pb_text][et_pb_image src=\u00bbhttps:\/\/hotelsantvicenc.com\/wp-content\/uploads\/2023\/01\/rural-bescaran.jpg\u00bb title_text=\u00bbrural-bescaran\u00bb _builder_version=\u00bb4.16&#8243; global_colors_info=\u00bb{}\u00bb \/][et_pb_text _builder_version=\u00bb4.16&#8243; text_font=\u00bb||||||||\u00bb header_font=\u00bb||||||||\u00bb header_2_font=\u00bbMontserrat|300|||||||\u00bb header_2_text_color=\u00bb#59adbb\u00bb header_3_font=\u00bbMontserrat|300|||||||\u00bb header_3_font_size=\u00bb17px\u00bb header_3_line_height=\u00bb1.3em\u00bb global_colors_info=\u00bb{}\u00bb]<\/p>\n<p><span><\/span><\/p>\n<p><span>Si nos pregunt\u00e1is cu\u00e1l es nuestro pueblo preferido del entorno, os diremos que es Bescaran<\/span><span>, situado a 21 km del Balneario y a 1400 m de altitud.<\/span><\/p>\n<p><span>Si\u00a0<\/span><span>quer\u00e9is<\/span><span>\u00a0saber el\u00a0<\/span><span>porqu\u00e9<\/span><span>, os explicaremos es un pueblo que respira autenticidad y de estos ya van quedando poquitos.<\/span><\/p>\n<p>Que all\u00e1 los veranos son frescos y los inviernos a menudo nevados, a pesar de que la carretera siempre est\u00e1 limpia gracias a las m\u00e1quinas quitanieves.<\/p>\n<p><span>Y adem\u00e1s, que nuestra familia era originar\u00eda de all\u00ed y que en la actualidad vuelve a tener v\u00ednculos familiares con el pueblo.<\/span><\/p>\n<p><span>As\u00ed que si busc\u00e1is tranquilidad, silencio y volver a los or\u00edgenes, os encantar\u00e1 desconectar unos d\u00edas en nuestros apartamentos rurales.<\/span><\/p>\n<p><span><strong>Os apetece alojaros en Bescaran?<\/strong>\u00a0<\/span><span>Disfrutareis de acceso al circuito termal del Balneario a precio de alojado. <\/span><\/p>\n<p><span>En la reserva del circuito termal mencionad c\u00f3digo: <strong>Bescbanys<\/strong><\/span><\/p>\n<p><span>Animales de compa\u00f1\u00eda bienvenidos<\/span><\/p>\n<p><a href=\"https:\/\/www.ruralbescaran.cat\/\" target=\"_blank\" rel=\"noopener noreferrer\">https:\/\/www.ruralbescaran.cat<\/a><\/p>\n<p>[\/et_pb_text][\/et_pb_column][\/et_pb_row][\/et_pb_section]<\/p>\n","protected":false},"excerpt":{"rendered":"<p>Conoceis el Mas de Sant Vicen\u00e7? La historia de esta mas\u00eda es la nuestra. Situada a\u00a0900m. del Balneario, nuestros antepasados se establecieron en ella a mediados del siglo XVI. A lo largo del tiempo muchos hombres y mujeres de dentro y fuera de la familia han vivido y trabajado en esta mas\u00eda, pero ahora una [&hellip;]<\/p>\n","protected":false},"author":1,"featured_media":0,"parent":0,"menu_order":0,"comment_status":"closed","ping_status":"closed","template":"","meta":{"_et_pb_use_builder":"on","_et_pb_old_content":"<p>[et_pb_section fb_built=\"1\" _builder_version=\"3.23.3\" custom_padding=\"0px|||||\" custom_margin_last_edited=\"on|desktop\" custom_margin_phone=\"-50px||\"][et_pb_row custom_padding=\"7px|||||\" custom_css_main_1=\"border: solid 1px #59ADBB;||padding: 25px;\" custom_css_main_2=\"border: solid 1px #59ADBB;||padding: 25px;\" _builder_version=\"3.23.3\" border_width_bottom=\"1px\" border_color_bottom=\"#948878\"][et_pb_column type=\"1_2\" _builder_version=\"3.0.47\"][et_pb_text _builder_version=\"3.23.3\" text_font=\"||||||||\" text_text_color=\"#59adbb\" header_font=\"||||||||\" header_2_font=\"Montserrat|300|||||||\" header_2_text_color=\"#59adbb\" header_3_font=\"Montserrat|300|||||||\" header_3_font_size=\"17px\" header_3_line_height=\"1.3em\" custom_margin=\"||9px|||\" custom_padding=\"||0px|||\"]<\/p><h2>Coneixeu el Mas de Sant Vicen\u00e7?<\/h2><h3>La hist\u00f2ria d\u00b4aquest Mas \u00e9s la nostra.<\/h3><p>[\/et_pb_text][et_pb_image src=\"http:\/\/hotelsantvicenc.com\/wp-content\/uploads\/2019\/10\/mas.jpg\" _builder_version=\"3.23.3\"]<br \/>[\/et_pb_image][et_pb_text _builder_version=\"3.23.3\" text_font=\"||||||||\" header_font=\"||||||||\" header_2_font=\"Montserrat|300|||||||\" header_2_text_color=\"#59adbb\" header_3_font=\"Montserrat|300|||||||\" header_3_font_size=\"17px\" header_3_line_height=\"1.3em\"]<\/p><p style=\"text-align: justify;\">Situat a 900m. del Balneari, els nostres avantpassats s'hi van establir a mitjans del segle XVI.<\/p><p style=\"text-align: justify;\">Al llarg del temps molts homes i dones de dins i fora de la nostra fam\u00edlia hi han viscut i treballat, per\u00f2 ara una nova generaci\u00f3 hi vivim, fent real el somni de compartir la hist\u00f2ria de qui ens ha precedit. Amb aquesta il\u00b7lusi\u00f3 hem convertit les velles quadres i pallers en allotjaments rurals retornant, aix\u00ed, la vida a la casa.<\/p><p style=\"text-align: justify;\">Tot ho hem fet pensant en elles, les dones del Mas, dones que en el seu dia hi van viure i van ser pilars en la hist\u00f2ria de la nostra fam\u00edlia, dones valentes, emprenedores i molt estimades. \u00c9s per aix\u00f2 que no volem que caiguin en l'oblit i el nostre desig \u00e9s que siguin presents en aquest projecte per recordar-les sempre.<\/p><p style=\"text-align: justify;\">Esteu temptats d'allotjar-vos-hi?<br \/>Animals de companyia benvinguts<\/p><p style=\"text-align: justify;\"><a href=\"http:\/\/www.elmasrural.com\/\" target=\"_blank\" rel=\"noopener noreferrer\">http:\/\/www.elmasrural.com<\/a><\/p><p>[\/et_pb_text][\/et_pb_column][et_pb_column type=\"1_2\" _builder_version=\"3.0.47\"][et_pb_text _builder_version=\"3.23.3\" text_font=\"||||||||\" text_text_color=\"#59adbb\" header_font=\"||||||||\" header_2_font=\"Montserrat|300|||||||\" header_2_text_color=\"#59adbb\" header_3_font=\"Montserrat|300|||||||\" header_3_font_size=\"17px\" header_3_line_height=\"1.3em\" custom_margin=\"||9px\"]<\/p><h2>Bescaran<\/h2><h3>un poblet de muntanya amb car\u00e0cter.<\/h3><p>[\/et_pb_text][et_pb_image src=\"http:\/\/hotelsantvicenc.com\/wp-content\/uploads\/2019\/10\/bescaran.jpg\" _builder_version=\"3.23.3\"]<br \/>[\/et_pb_image][et_pb_text _builder_version=\"3.23.3\" text_font=\"||||||||\" header_font=\"||||||||\" header_2_font=\"Montserrat|300|||||||\" header_2_text_color=\"#59adbb\" header_3_font=\"Montserrat|300|||||||\" header_3_font_size=\"17px\" header_3_line_height=\"1.3em\"]<\/p><p>Si ens demaneu quin \u00e9s el nostre poble preferit de l'entorn, us direm que \u00e9s Bescaran, situat a 21 km del Balneari i a 1400 m d'altitud.<\/p><p>Si ens pregunteu perqu\u00e8, us explicarem \u00e9s un poble que respira autenticitat i d'aquests ja en van quedant poquets.<\/p><p>Que all\u00e0 els estius s\u00f3n frescos i els hiverns sovint nevats, tot i que la carretera sempre est\u00e0 neta gr\u00e0cies a la llevaneus.<\/p><p>I a m\u00e9s a m\u00e9s, que la nostra fam\u00edlia n'era originaria i que en l'actualitat hi torna a tenir vincles familiars.<\/p><p>\u00a0Aix\u00ed que si el que busqueu \u00e9s calma, silenci i tornar als or\u00edgens, us encantar\u00e0 desconnectar uns dies als nostres apartaments rurals.<\/p><p>Animals de companyia benvinguts<\/p><p><a href=\"https:\/\/www.ruralbescaran.cat\/\" target=\"_blank\" rel=\"noopener noreferrer\">https:\/\/www.ruralbescaran.cat<\/a><\/p><p>[\/et_pb_text][\/et_pb_column][\/et_pb_row][\/et_pb_section][et_pb_section fb_built=\"1\" _builder_version=\"3.23.3\" background_color=\"#9b9b9b\" custom_padding=\"10px||16px|||\" global_module=\"192\" saved_tabs=\"all\"][et_pb_row use_custom_gutter=\"on\" gutter_width=\"1\" custom_padding=\"6px||5px|||\" _builder_version=\"3.23.3\"][et_pb_column type=\"1_4\" _builder_version=\"3.0.47\"][et_pb_image src=\"http:\/\/hotelsantvicenc.com\/wp-content\/uploads\/2019\/06\/peu-telefon.png\" align=\"center\" _builder_version=\"3.23.3\" width=\"15%\"][\/et_pb_image][et_pb_text _builder_version=\"3.23.3\" text_font=\"Montserrat|300|||||||\" text_text_align=\"center\" text_text_color=\"#ffffff\" text_font_size=\"17px\" custom_margin=\"||\" custom_padding=\"15px||\"]<\/p><p>973 384 010<br \/>671 559 585<\/p><p>[\/et_pb_text][\/et_pb_column][et_pb_column type=\"1_4\" _builder_version=\"3.0.47\"][et_pb_image src=\"http:\/\/hotelsantvicenc.com\/wp-content\/uploads\/2019\/06\/peu-email.png\" align=\"center\" _builder_version=\"3.23.3\" width=\"15%\"][\/et_pb_image][et_pb_text _builder_version=\"3.23.3\" text_font=\"Montserrat|300|||||||\" text_text_align=\"center\" text_text_color=\"#ffffff\" text_font_size=\"17px\" link_font=\"||||||||\" link_text_color=\"#ffffff\" custom_margin=\"||\" custom_padding=\"15px||\"]<\/p><p><a href=\"https:\/\/linceo.svt.es:8443\/smb\/email-address\/edit\/id\/49\">reserves@hotelsantvicenc.com<\/a><\/p><p>[\/et_pb_text][\/et_pb_column][et_pb_column type=\"1_4\" _builder_version=\"3.0.47\"][et_pb_image src=\"http:\/\/hotelsantvicenc.com\/wp-content\/uploads\/2019\/06\/peu-onsom.png\" url=\"https:\/\/www.google.com\/maps\/place\/Hotel+Balneari+Sant+Vicen%C3%A7\/@42.3684889,1.5946055,15z\/data=!4m2!3m1!1s0x0:0xef70ee504c88bc29?sa=X&ved=2ahUKEwjX-5Sn5PDiAhVMOBoKHSJrCvYQ_BIwDnoECBAQCA\" url_new_window=\"on\" align=\"center\" _builder_version=\"3.23.3\" width=\"15%\"][\/et_pb_image][et_pb_text _builder_version=\"3.23.3\" text_font=\"Montserrat|300|||||||\" text_text_align=\"center\" text_text_color=\"#ffffff\" text_font_size=\"17px\" custom_margin=\"||\" custom_padding=\"15px||\"]<\/p><p>Troba'ns<\/p><p>[\/et_pb_text][\/et_pb_column][et_pb_column type=\"1_4\" _builder_version=\"3.0.47\"][et_pb_text _builder_version=\"3.23.3\" text_font=\"||||||||\" text_text_align=\"center\" width=\"100%\"]<\/p><p><a href=\"https:\/\/www.facebook.com\/santvicenc\/\" target=\"_blank\" rel=\"noopener noreferrer\"><img class=\"wp-image-134 alignnone size-medium\" src=\"https:\/\/hotelsantvicenc.com\/wp-content\/uploads\/2019\/06\/peu-facebook-300x300.png\" alt=\"\" width=\"44\" height=\"44\" \/><\/a>\u00a0 \u00a0 <a href=\"https:\/\/www.pinterest.es\/marta2826\/pins\/\" target=\"_blank\" rel=\"noopener noreferrer\"><img class=\"wp-image-137 alignnone size-medium\" src=\"https:\/\/hotelsantvicenc.com\/wp-content\/uploads\/2019\/06\/peu-pinterest-300x300.png\" alt=\"\" width=\"44\" height=\"44\" \/><\/a>\u00a0 \u00a0\u00a0<a href=\"https:\/\/www.instagram.com\/balnearisantvicenc\/\"><img class=\"wp-image-135 alignnone size-medium\" src=\"https:\/\/hotelsantvicenc.com\/wp-content\/uploads\/2019\/06\/peu-instagram-300x300.png\" alt=\"\" width=\"44\" height=\"44\" \/><\/a><\/p><p>[\/et_pb_text][et_pb_text _builder_version=\"3.23.3\" text_font=\"Montserrat|300|||||||\" text_text_align=\"center\" text_text_color=\"#ffffff\" text_font_size=\"17px\" custom_margin=\"||\" custom_padding=\"8px|||||\"]<\/p><p>Segueix-nos<\/p><p>[\/et_pb_text][\/et_pb_column][\/et_pb_row][et_pb_row custom_padding=\"5px||3px|||\" _builder_version=\"3.23.3\"][et_pb_column type=\"4_4\" _builder_version=\"3.0.47\"][et_pb_text _builder_version=\"3.23.3\" text_text_color=\"#ffffff\" link_text_color=\"#ffffff\" text_orientation=\"center\" z_index_tablet=\"500\" text_text_shadow_horizontal_length_tablet=\"0px\" text_text_shadow_vertical_length_tablet=\"0px\" text_text_shadow_blur_strength_tablet=\"1px\" link_text_shadow_horizontal_length_tablet=\"0px\" link_text_shadow_vertical_length_tablet=\"0px\" link_text_shadow_blur_strength_tablet=\"1px\" ul_text_shadow_horizontal_length_tablet=\"0px\" ul_text_shadow_vertical_length_tablet=\"0px\" ul_text_shadow_blur_strength_tablet=\"1px\" ol_text_shadow_horizontal_length_tablet=\"0px\" ol_text_shadow_vertical_length_tablet=\"0px\" ol_text_shadow_blur_strength_tablet=\"1px\" quote_text_shadow_horizontal_length_tablet=\"0px\" quote_text_shadow_vertical_length_tablet=\"0px\" quote_text_shadow_blur_strength_tablet=\"1px\" header_text_shadow_horizontal_length_tablet=\"0px\" header_text_shadow_vertical_length_tablet=\"0px\" header_text_shadow_blur_strength_tablet=\"1px\" header_2_text_shadow_horizontal_length_tablet=\"0px\" header_2_text_shadow_vertical_length_tablet=\"0px\" header_2_text_shadow_blur_strength_tablet=\"1px\" header_3_text_shadow_horizontal_length_tablet=\"0px\" header_3_text_shadow_vertical_length_tablet=\"0px\" header_3_text_shadow_blur_strength_tablet=\"1px\" header_4_text_shadow_horizontal_length_tablet=\"0px\" header_4_text_shadow_vertical_length_tablet=\"0px\" header_4_text_shadow_blur_strength_tablet=\"1px\" header_5_text_shadow_horizontal_length_tablet=\"0px\" header_5_text_shadow_vertical_length_tablet=\"0px\" header_5_text_shadow_blur_strength_tablet=\"1px\" header_6_text_shadow_horizontal_length_tablet=\"0px\" header_6_text_shadow_vertical_length_tablet=\"0px\" header_6_text_shadow_blur_strength_tablet=\"1px\" box_shadow_horizontal_tablet=\"0px\" box_shadow_vertical_tablet=\"0px\" box_shadow_blur_tablet=\"40px\" box_shadow_spread_tablet=\"0px\"]<\/p><p>HOTEL SANT VICEN\u00c7\u00a9 \/\/<a href=\"http:\/\/hotelsantvicenc.com\/politica-de-privadesa-2\/\"> POL\u00cdTICA DE PRIVACITAT<\/a> \/ <a href=\"http:\/\/hotelsantvicenc.com\/avis-legal\/\">AV\u00cdS LEGAL<\/a> \/ <a href=\"http:\/\/hotelsantvicenc.com\/politica-de-cookies\/\">POL\u00cdTICA DE COOKIES<\/a><\/p><p>[\/et_pb_text][\/et_pb_column][\/et_pb_row][\/et_pb_section]<\/p>","_et_gb_content_width":"","_mc_calendar":[],"_joinchat":[],"footnotes":""},"class_list":["post-1732","page","type-page","status-publish","hentry"],"yoast_head":"<!-- This site is optimized with the Yoast SEO plugin v25.3 - https:\/\/yoast.com\/wordpress\/plugins\/seo\/ -->\n<title>Opci\u00f3n Rural - Hotel Sant Vicen\u00e7<\/title>\n<meta name=\"robots\" content=\"index, follow, max-snippet:-1, max-image-preview:large, max-video-preview:-1\" \/>\n<link rel=\"canonical\" href=\"https:\/\/hotelsantvicenc.com\/es\/opcion-rural\/\" \/>\n<meta property=\"og:locale\" content=\"es_ES\" \/>\n<meta property=\"og:type\" content=\"article\" \/>\n<meta property=\"og:title\" content=\"Opci\u00f3n Rural - Hotel Sant Vicen\u00e7\" \/>\n<meta property=\"og:description\" content=\"Conoceis el Mas de Sant Vicen\u00e7? La historia de esta mas\u00eda es la nuestra. Situada a\u00a0900m. del Balneario, nuestros antepasados se establecieron en ella a mediados del siglo XVI. A lo largo del tiempo muchos hombres y mujeres de dentro y fuera de la familia han vivido y trabajado en esta mas\u00eda, pero ahora una [&hellip;]\" \/>\n<meta property=\"og:url\" content=\"https:\/\/hotelsantvicenc.com\/es\/opcion-rural\/\" \/>\n<meta property=\"og:site_name\" content=\"Hotel Sant Vicen\u00e7\" \/>\n<meta property=\"article:modified_time\" content=\"2025-01-30T19:50:17+00:00\" \/>\n<meta name=\"twitter:card\" content=\"summary_large_image\" \/>\n<meta name=\"twitter:label1\" content=\"Tiempo de lectura\" \/>\n\t<meta name=\"twitter:data1\" content=\"4 minutos\" \/>\n<script type=\"application\/ld+json\" class=\"yoast-schema-graph\">{\"@context\":\"https:\/\/schema.org\",\"@graph\":[{\"@type\":\"WebPage\",\"@id\":\"https:\/\/hotelsantvicenc.com\/es\/opcion-rural\/\",\"url\":\"https:\/\/hotelsantvicenc.com\/es\/opcion-rural\/\",\"name\":\"Opci\u00f3n Rural - Hotel Sant Vicen\u00e7\",\"isPartOf\":{\"@id\":\"https:\/\/hotelsantvicenc.com\/es\/#website\"},\"datePublished\":\"2019-12-16T17:27:25+00:00\",\"dateModified\":\"2025-01-30T19:50:17+00:00\",\"breadcrumb\":{\"@id\":\"https:\/\/hotelsantvicenc.com\/es\/opcion-rural\/#breadcrumb\"},\"inLanguage\":\"es\",\"potentialAction\":[{\"@type\":\"ReadAction\",\"target\":[\"https:\/\/hotelsantvicenc.com\/es\/opcion-rural\/\"]}]},{\"@type\":\"BreadcrumbList\",\"@id\":\"https:\/\/hotelsantvicenc.com\/es\/opcion-rural\/#breadcrumb\",\"itemListElement\":[{\"@type\":\"ListItem\",\"position\":1,\"name\":\"Inici\",\"item\":\"https:\/\/hotelsantvicenc.com\/es\/\"},{\"@type\":\"ListItem\",\"position\":2,\"name\":\"Opci\u00f3n Rural\"}]},{\"@type\":\"WebSite\",\"@id\":\"https:\/\/hotelsantvicenc.com\/es\/#website\",\"url\":\"https:\/\/hotelsantvicenc.com\/es\/\",\"name\":\"Hotel Balneari Sant Vicen\u00e7\",\"description\":\"HOTEL-BALNEARI\",\"publisher\":{\"@id\":\"https:\/\/hotelsantvicenc.com\/es\/#organization\"},\"potentialAction\":[{\"@type\":\"SearchAction\",\"target\":{\"@type\":\"EntryPoint\",\"urlTemplate\":\"https:\/\/hotelsantvicenc.com\/es\/?s={search_term_string}\"},\"query-input\":{\"@type\":\"PropertyValueSpecification\",\"valueRequired\":true,\"valueName\":\"search_term_string\"}}],\"inLanguage\":\"es\"},{\"@type\":\"Organization\",\"@id\":\"https:\/\/hotelsantvicenc.com\/es\/#organization\",\"name\":\"ELS BANYS DE SANT VICEN\u00c7 SL\",\"url\":\"https:\/\/hotelsantvicenc.com\/es\/\",\"logo\":{\"@type\":\"ImageObject\",\"inLanguage\":\"es\",\"@id\":\"https:\/\/hotelsantvicenc.com\/es\/#\/schema\/logo\/image\/\",\"url\":\"https:\/\/hotelsantvicenc.com\/wp-content\/uploads\/2023\/07\/WhatsApp-Image-2020-07-14-at-5.04.21-PM.jpeg\",\"contentUrl\":\"https:\/\/hotelsantvicenc.com\/wp-content\/uploads\/2023\/07\/WhatsApp-Image-2020-07-14-at-5.04.21-PM.jpeg\",\"width\":472,\"height\":472,\"caption\":\"ELS BANYS DE SANT VICEN\u00c7 SL\"},\"image\":{\"@id\":\"https:\/\/hotelsantvicenc.com\/es\/#\/schema\/logo\/image\/\"},\"sameAs\":[\"https:\/\/www.instagram.com\/balnearisantvicenc\/\"]}]}<\/script>\n<!-- \/ Yoast SEO plugin. -->","yoast_head_json":{"title":"Opci\u00f3n Rural - Hotel Sant Vicen\u00e7","robots":{"index":"index","follow":"follow","max-snippet":"max-snippet:-1","max-image-preview":"max-image-preview:large","max-video-preview":"max-video-preview:-1"},"canonical":"https:\/\/hotelsantvicenc.com\/es\/opcion-rural\/","og_locale":"es_ES","og_type":"article","og_title":"Opci\u00f3n Rural - Hotel Sant Vicen\u00e7","og_description":"Conoceis el Mas de Sant Vicen\u00e7? La historia de esta mas\u00eda es la nuestra. Situada a\u00a0900m. del Balneario, nuestros antepasados se establecieron en ella a mediados del siglo XVI. A lo largo del tiempo muchos hombres y mujeres de dentro y fuera de la familia han vivido y trabajado en esta mas\u00eda, pero ahora una [&hellip;]","og_url":"https:\/\/hotelsantvicenc.com\/es\/opcion-rural\/","og_site_name":"Hotel Sant Vicen\u00e7","article_modified_time":"2025-01-30T19:50:17+00:00","twitter_card":"summary_large_image","twitter_misc":{"Tiempo de lectura":"4 minutos"},"schema":{"@context":"https:\/\/schema.org","@graph":[{"@type":"WebPage","@id":"https:\/\/hotelsantvicenc.com\/es\/opcion-rural\/","url":"https:\/\/hotelsantvicenc.com\/es\/opcion-rural\/","name":"Opci\u00f3n Rural - Hotel Sant Vicen\u00e7","isPartOf":{"@id":"https:\/\/hotelsantvicenc.com\/es\/#website"},"datePublished":"2019-12-16T17:27:25+00:00","dateModified":"2025-01-30T19:50:17+00:00","breadcrumb":{"@id":"https:\/\/hotelsantvicenc.com\/es\/opcion-rural\/#breadcrumb"},"inLanguage":"es","potentialAction":[{"@type":"ReadAction","target":["https:\/\/hotelsantvicenc.com\/es\/opcion-rural\/"]}]},{"@type":"BreadcrumbList","@id":"https:\/\/hotelsantvicenc.com\/es\/opcion-rural\/#breadcrumb","itemListElement":[{"@type":"ListItem","position":1,"name":"Inici","item":"https:\/\/hotelsantvicenc.com\/es\/"},{"@type":"ListItem","position":2,"name":"Opci\u00f3n Rural"}]},{"@type":"WebSite","@id":"https:\/\/hotelsantvicenc.com\/es\/#website","url":"https:\/\/hotelsantvicenc.com\/es\/","name":"Hotel Balneari Sant Vicen\u00e7","description":"HOTEL-BALNEARI","publisher":{"@id":"https:\/\/hotelsantvicenc.com\/es\/#organization"},"potentialAction":[{"@type":"SearchAction","target":{"@type":"EntryPoint","urlTemplate":"https:\/\/hotelsantvicenc.com\/es\/?s={search_term_string}"},"query-input":{"@type":"PropertyValueSpecification","valueRequired":true,"valueName":"search_term_string"}}],"inLanguage":"es"},{"@type":"Organization","@id":"https:\/\/hotelsantvicenc.com\/es\/#organization","name":"ELS BANYS DE SANT VICEN\u00c7 SL","url":"https:\/\/hotelsantvicenc.com\/es\/","logo":{"@type":"ImageObject","inLanguage":"es","@id":"https:\/\/hotelsantvicenc.com\/es\/#\/schema\/logo\/image\/","url":"https:\/\/hotelsantvicenc.com\/wp-content\/uploads\/2023\/07\/WhatsApp-Image-2020-07-14-at-5.04.21-PM.jpeg","contentUrl":"https:\/\/hotelsantvicenc.com\/wp-content\/uploads\/2023\/07\/WhatsApp-Image-2020-07-14-at-5.04.21-PM.jpeg","width":472,"height":472,"caption":"ELS BANYS DE SANT VICEN\u00c7 SL"},"image":{"@id":"https:\/\/hotelsantvicenc.com\/es\/#\/schema\/logo\/image\/"},"sameAs":["https:\/\/www.instagram.com\/balnearisantvicenc\/"]}]}},"_links":{"self":[{"href":"https:\/\/hotelsantvicenc.com\/es\/wp-json\/wp\/v2\/pages\/1732","targetHints":{"allow":["GET"]}}],"collection":[{"href":"https:\/\/hotelsantvicenc.com\/es\/wp-json\/wp\/v2\/pages"}],"about":[{"href":"https:\/\/hotelsantvicenc.com\/es\/wp-json\/wp\/v2\/types\/page"}],"author":[{"embeddable":true,"href":"https:\/\/hotelsantvicenc.com\/es\/wp-json\/wp\/v2\/users\/1"}],"replies":[{"embeddable":true,"href":"https:\/\/hotelsantvicenc.com\/es\/wp-json\/wp\/v2\/comments?post=1732"}],"version-history":[{"count":11,"href":"https:\/\/hotelsantvicenc.com\/es\/wp-json\/wp\/v2\/pages\/1732\/revisions"}],"predecessor-version":[{"id":15611,"href":"https:\/\/hotelsantvicenc.com\/es\/wp-json\/wp\/v2\/pages\/1732\/revisions\/15611"}],"wp:attachment":[{"href":"https:\/\/hotelsantvicenc.com\/es\/wp-json\/wp\/v2\/media?parent=1732"}],"curies":[{"name":"wp","href":"https:\/\/api.w.org\/{rel}","templated":true}]}}